{"id":53239,"date":"2024-11-21T11:21:33","date_gmt":"2024-11-21T08:21:33","guid":{"rendered":"https:\/\/ccisv.ro\/content\/?page_id=53239"},"modified":"2024-11-21T11:31:14","modified_gmt":"2024-11-21T08:31:14","slug":"topul-firmelor-2023-gala-excelentei-in-afaceri-2024","status":"publish","type":"page","link":"https:\/\/ccisv.ro\/content\/topul-firmelor-2023-gala-excelentei-in-afaceri-2024\/","title":{"rendered":"Topul Firmelor 2023 &#8211; Gala Excelen\u0163ei \u00een Afaceri 2024"},"content":{"rendered":"<p><div class=\"fusion-fullwidth fullwidth-box fusion-builder-row-1 hundred-percent-fullwidth non-hundred-percent-height-scrolling\" style=\"--awb-background-position:left top;--awb-border-sizes-top:0px;--awb-border-sizes-bottom:0px;--awb-border-sizes-left:0px;--awb-border-sizes-right:0px;--awb-border-radius-top-left:0px;--awb-border-radius-top-right:0px;--awb-border-radius-bottom-right:0px;--awb-border-radius-bottom-left:0px;--awb-padding-top:50px;--awb-padding-right:20px;--awb-padding-bottom:50px;--awb-padding-left:20px;--awb-flex-wrap:wrap;\" id=\"top-banner\" ><div class=\"fusion-builder-row fusion-row\"><div class=\"fusion-layout-column fusion_builder_column fusion-builder-column-0 fusion_builder_column_1_1 1_1 fusion-one-full fusion-column-first fusion-column-last fusion-column-no-min-height\" style=\"--awb-bg-size:cover;--awb-margin-bottom:0px;\"><div class=\"fusion-column-wrapper fusion-flex-column-wrapper-legacy\"><div class=\"fusion-image-element fusion-image-align-center in-legacy-container\" style=\"text-align:center;--awb-caption-title-font-family:var(--h2_typography-font-family);--awb-caption-title-font-weight:var(--h2_typography-font-weight);--awb-caption-title-font-style:var(--h2_typography-font-style);--awb-caption-title-size:var(--h2_typography-font-size);--awb-caption-title-transform:var(--h2_typography-text-transform);--awb-caption-title-line-height:var(--h2_typography-line-height);--awb-caption-title-letter-spacing:var(--h2_typography-letter-spacing);\"><div class=\"imageframe-align-center\"><span class=\" fusion-imageframe imageframe-none imageframe-1 hover-type-none\" id=\"top-banner\"><img decoding=\"async\" width=\"800\" height=\"400\" title=\"banner-gala-excelentei-2024-800&#215;400\" src=\"https:\/\/ccisv.ro\/content\/wp-content\/uploads\/2024\/11\/banner-gala-excelentei-2024-800x400-1.png\" alt class=\"img-responsive wp-image-53256\" srcset=\"https:\/\/ccisv.ro\/content\/wp-content\/uploads\/2024\/11\/banner-gala-excelentei-2024-800x400-1-200x100.png 200w, https:\/\/ccisv.ro\/content\/wp-content\/uploads\/2024\/11\/banner-gala-excelentei-2024-800x400-1-400x200.png 400w, https:\/\/ccisv.ro\/content\/wp-content\/uploads\/2024\/11\/banner-gala-excelentei-2024-800x400-1-600x300.png 600w, https:\/\/ccisv.ro\/content\/wp-content\/uploads\/2024\/11\/banner-gala-excelentei-2024-800x400-1.png 800w\" sizes=\"(max-width: 800px) 100vw, 800px\" \/><\/span><\/div><\/div><div class=\"fusion-clearfix\"><\/div><\/div><\/div><\/div><\/div><div class=\"fusion-fullwidth fullwidth-box fusion-builder-row-2 hundred-percent-fullwidth non-hundred-percent-height-scrolling\" style=\"--awb-background-position:left top;--awb-border-sizes-top:0px;--awb-border-sizes-bottom:0px;--awb-border-sizes-left:0px;--awb-border-sizes-right:0px;--awb-border-radius-top-left:0px;--awb-border-radius-top-right:0px;--awb-border-radius-bottom-right:0px;--awb-border-radius-bottom-left:0px;--awb-padding-top:100px;--awb-padding-right:100px;--awb-padding-bottom:100px;--awb-padding-left:100px;--awb-background-color:#f7f7f7;--awb-flex-wrap:wrap;\" id=\"top-descriere\" ><div class=\"fusion-builder-row fusion-row\"><div class=\"fusion-layout-column fusion_builder_column fusion-builder-column-1 fusion_builder_column_1_1 1_1 fusion-one-full fusion-column-first fusion-column-last fusion-column-no-min-height\" style=\"--awb-bg-size:cover;--awb-margin-bottom:0px;\"><div class=\"fusion-column-wrapper fusion-flex-column-wrapper-legacy\"><div class=\"fusion-title title fusion-title-1 sep-underline sep-dotted fusion-title-center fusion-title-text fusion-title-size-one\"><h1 class=\"fusion-title-heading title-heading-center\" style=\"margin:0;\"><span style=\"color: #808080;\">DESPRE EVENIMENT<br \/>\n<\/span><\/h1><\/div><div class=\"fusion-text fusion-text-1\"><p><span style=\"font-size: 14pt;\">Camera de Comer\u021b \u0219i Industrie Suceava a organizat pe 8 noiembrie, GALA EXCELEN\u021aEI \u00ceN AFACERI 2024 &#8211; unul dintre cele mai importante evenimente la nivel local \u0219i regional dedicat mediului de afaceri.<\/span><\/p>\n<p><span style=\"font-size: 14pt;\">Conform tradi\u021biei sale \u00eendelungate, aflat la cea de a 34-a edi\u021bie, Gala Excelen\u021bei \u00een Afaceri reprezint\u0103 o recunoa\u0219tere a meritelor antreprenorilor suceveni pentru perseveren\u021ba \u0219i rezultatele deosebite pe care le-au ob\u021binut.<\/span><\/p>\n<\/div><div class=\"fusion-clearfix\"><\/div><\/div><\/div><\/div><\/div><div class=\"fusion-fullwidth fullwidth-box fusion-builder-row-3 hundred-percent-fullwidth non-hundred-percent-height-scrolling\" style=\"--awb-background-position:left top;--awb-border-sizes-top:0px;--awb-border-sizes-bottom:0px;--awb-border-sizes-left:0px;--awb-border-sizes-right:0px;--awb-border-radius-top-left:0px;--awb-border-radius-top-right:0px;--awb-border-radius-bottom-right:0px;--awb-border-radius-bottom-left:0px;--awb-padding-top:100px;--awb-padding-right:100px;--awb-padding-bottom:100px;--awb-padding-left:100px;--awb-background-color:#ffffff;--awb-flex-wrap:wrap;\" ><div class=\"fusion-builder-row fusion-row\"><div class=\"fusion-layout-column fusion_builder_column fusion-builder-column-2 fusion_builder_column_1_1 1_1 fusion-one-full fusion-column-first fusion-column-last fusion-column-no-min-height\" style=\"--awb-bg-size:cover;--awb-margin-bottom:0px;\"><div class=\"fusion-column-wrapper fusion-flex-column-wrapper-legacy\"><div class=\"fusion-image-carousel fusion-image-carousel-auto fusion-image-carousel-1 lightbox-enabled fusion-carousel-border\"><div class=\"awb-carousel awb-swiper awb-swiper-carousel awb-carousel--carousel awb-swiper-dots-position-bottom\" data-layout=\"carousel\" data-autoplay=\"yes\" data-autoplayspeed=\"2500\" data-autoplaypause=\"no\" data-columns=\"5\" data-columnsmedium=\"1\" data-columnssmall=\"1\" data-itemmargin=\"13\" data-itemwidth=\"180\" data-touchscroll=\"no\" data-freemode=\"no\" data-imagesize=\"auto\" data-scrollitems=\"0\" data-centeredslides=\"no\" data-rotationangle=\"50\" data-depth=\"100\" data-speed=\"500\" data-shadow=\"no\" data-pagination=\"bullets\" style=\"--awb-border-width:1px;--awb-border-color:#e9eaee;\"><div class=\"swiper-wrapper awb-image-carousel-wrapper fusion-flex-align-items-center\"><div class=\"swiper-slide\"><div class=\"fusion-carousel-item-wrapper\"><div class=\"fusion-image-wrapper hover-type-zoomin\"><a data-rel=\"iLightbox[image_carousel_1]\" data-title=\"gala excelentei in afaceri 2024 (1)\" aria-label=\"gala excelentei in afaceri 2024 (1)\" href=\"https:\/\/ccisv.ro\/content\/wp-content\/uploads\/2024\/11\/gala-excelentei-in-afaceri-2024-1.jpg\" target=\"_self\"><img decoding=\"async\" width=\"1920\" height=\"1281\" src=\"https:\/\/ccisv.ro\/content\/wp-content\/uploads\/2024\/11\/gala-excelentei-in-afaceri-2024-1.jpg\" class=\"attachment-full size-full\" alt=\"\" srcset=\"https:\/\/ccisv.ro\/content\/wp-content\/uploads\/2024\/11\/gala-excelentei-in-afaceri-2024-1-200x133.jpg 200w, https:\/\/ccisv.ro\/content\/wp-content\/uploads\/2024\/11\/gala-excelentei-in-afaceri-2024-1-400x267.jpg 400w, https:\/\/ccisv.ro\/content\/wp-content\/uploads\/2024\/11\/gala-excelentei-in-afaceri-2024-1-600x400.jpg 600w, https:\/\/ccisv.ro\/content\/wp-content\/uploads\/2024\/11\/gala-excelentei-in-afaceri-2024-1-800x534.jpg 800w, https:\/\/ccisv.ro\/content\/wp-content\/uploads\/2024\/11\/gala-excelentei-in-afaceri-2024-1-1200x801.jpg 1200w, https:\/\/ccisv.ro\/content\/wp-content\/uploads\/2024\/11\/gala-excelentei-in-afaceri-2024-1.jpg 1920w\" sizes=\"(min-width: 2200px) 100vw, (min-width: 1007px) 210px, (min-width: 915px) 262px, (min-width: 824px) 349px, (min-width: 732px) 524px, (min-width: 640px) 732px, \" \/><\/a><\/div><\/div><\/div><div class=\"swiper-slide\"><div class=\"fusion-carousel-item-wrapper\"><div class=\"fusion-image-wrapper hover-type-zoomin\"><a data-rel=\"iLightbox[image_carousel_1]\" data-title=\"gala excelentei in afaceri 2024 (2)\" aria-label=\"gala excelentei in afaceri 2024 (2)\" href=\"https:\/\/ccisv.ro\/content\/wp-content\/uploads\/2024\/11\/gala-excelentei-in-afaceri-2024-2.jpg\" target=\"_self\"><img decoding=\"async\" width=\"1920\" height=\"1281\" src=\"https:\/\/ccisv.ro\/content\/wp-content\/uploads\/2024\/11\/gala-excelentei-in-afaceri-2024-2.jpg\" class=\"attachment-full size-full\" alt=\"\" srcset=\"https:\/\/ccisv.ro\/content\/wp-content\/uploads\/2024\/11\/gala-excelentei-in-afaceri-2024-2-200x133.jpg 200w, https:\/\/ccisv.ro\/content\/wp-content\/uploads\/2024\/11\/gala-excelentei-in-afaceri-2024-2-400x267.jpg 400w, https:\/\/ccisv.ro\/content\/wp-content\/uploads\/2024\/11\/gala-excelentei-in-afaceri-2024-2-600x400.jpg 600w, https:\/\/ccisv.ro\/content\/wp-content\/uploads\/2024\/11\/gala-excelentei-in-afaceri-2024-2-800x534.jpg 800w, https:\/\/ccisv.ro\/content\/wp-content\/uploads\/2024\/11\/gala-excelentei-in-afaceri-2024-2-1200x801.jpg 1200w, https:\/\/ccisv.ro\/content\/wp-content\/uploads\/2024\/11\/gala-excelentei-in-afaceri-2024-2.jpg 1920w\" sizes=\"(min-width: 2200px) 100vw, (min-width: 1007px) 210px, (min-width: 915px) 262px, (min-width: 824px) 349px, (min-width: 732px) 524px, (min-width: 640px) 732px, \" \/><\/a><\/div><\/div><\/div><div class=\"swiper-slide\"><div class=\"fusion-carousel-item-wrapper\"><div class=\"fusion-image-wrapper hover-type-zoomin\"><a data-rel=\"iLightbox[image_carousel_1]\" data-title=\"gala excelentei in afaceri 2024 (3)\" aria-label=\"gala excelentei in afaceri 2024 (3)\" href=\"https:\/\/ccisv.ro\/content\/wp-content\/uploads\/2024\/11\/gala-excelentei-in-afaceri-2024-3.jpg\" target=\"_self\"><img decoding=\"async\" width=\"1920\" height=\"1281\" src=\"https:\/\/ccisv.ro\/content\/wp-content\/uploads\/2024\/11\/gala-excelentei-in-afaceri-2024-3.jpg\" class=\"attachment-full size-full\" alt=\"\" srcset=\"https:\/\/ccisv.ro\/content\/wp-content\/uploads\/2024\/11\/gala-excelentei-in-afaceri-2024-3-200x133.jpg 200w, https:\/\/ccisv.ro\/content\/wp-content\/uploads\/2024\/11\/gala-excelentei-in-afaceri-2024-3-400x267.jpg 400w, https:\/\/ccisv.ro\/content\/wp-content\/uploads\/2024\/11\/gala-excelentei-in-afaceri-2024-3-600x400.jpg 600w, https:\/\/ccisv.ro\/content\/wp-content\/uploads\/2024\/11\/gala-excelentei-in-afaceri-2024-3-800x534.jpg 800w, https:\/\/ccisv.ro\/content\/wp-content\/uploads\/2024\/11\/gala-excelentei-in-afaceri-2024-3-1200x801.jpg 1200w, https:\/\/ccisv.ro\/content\/wp-content\/uploads\/2024\/11\/gala-excelentei-in-afaceri-2024-3.jpg 1920w\" sizes=\"(min-width: 2200px) 100vw, (min-width: 1007px) 210px, (min-width: 915px) 262px, (min-width: 824px) 349px, (min-width: 732px) 524px, (min-width: 640px) 732px, \" \/><\/a><\/div><\/div><\/div><div class=\"swiper-slide\"><div class=\"fusion-carousel-item-wrapper\"><div class=\"fusion-image-wrapper hover-type-zoomin\"><a data-rel=\"iLightbox[image_carousel_1]\" data-title=\"gala excelentei in afaceri 2024 (5)\" aria-label=\"gala excelentei in afaceri 2024 (5)\" href=\"https:\/\/ccisv.ro\/content\/wp-content\/uploads\/2024\/11\/gala-excelentei-in-afaceri-2024-5.jpg\" target=\"_self\"><img decoding=\"async\" width=\"1920\" height=\"1281\" src=\"https:\/\/ccisv.ro\/content\/wp-content\/uploads\/2024\/11\/gala-excelentei-in-afaceri-2024-5.jpg\" class=\"attachment-full size-full\" alt=\"\" srcset=\"https:\/\/ccisv.ro\/content\/wp-content\/uploads\/2024\/11\/gala-excelentei-in-afaceri-2024-5-200x133.jpg 200w, https:\/\/ccisv.ro\/content\/wp-content\/uploads\/2024\/11\/gala-excelentei-in-afaceri-2024-5-400x267.jpg 400w, https:\/\/ccisv.ro\/content\/wp-content\/uploads\/2024\/11\/gala-excelentei-in-afaceri-2024-5-600x400.jpg 600w, https:\/\/ccisv.ro\/content\/wp-content\/uploads\/2024\/11\/gala-excelentei-in-afaceri-2024-5-800x534.jpg 800w, https:\/\/ccisv.ro\/content\/wp-content\/uploads\/2024\/11\/gala-excelentei-in-afaceri-2024-5-1200x801.jpg 1200w, https:\/\/ccisv.ro\/content\/wp-content\/uploads\/2024\/11\/gala-excelentei-in-afaceri-2024-5.jpg 1920w\" sizes=\"(min-width: 2200px) 100vw, (min-width: 1007px) 210px, (min-width: 915px) 262px, (min-width: 824px) 349px, (min-width: 732px) 524px, (min-width: 640px) 732px, \" \/><\/a><\/div><\/div><\/div><div class=\"swiper-slide\"><div class=\"fusion-carousel-item-wrapper\"><div class=\"fusion-image-wrapper hover-type-zoomin\"><a data-rel=\"iLightbox[image_carousel_1]\" data-title=\"gala excelentei in afaceri 2024 (6)\" aria-label=\"gala excelentei in afaceri 2024 (6)\" href=\"https:\/\/ccisv.ro\/content\/wp-content\/uploads\/2024\/11\/gala-excelentei-in-afaceri-2024-6.jpg\" target=\"_self\"><img decoding=\"async\" width=\"1920\" height=\"1281\" src=\"https:\/\/ccisv.ro\/content\/wp-content\/uploads\/2024\/11\/gala-excelentei-in-afaceri-2024-6.jpg\" class=\"attachment-full size-full\" alt=\"\" srcset=\"https:\/\/ccisv.ro\/content\/wp-content\/uploads\/2024\/11\/gala-excelentei-in-afaceri-2024-6-200x133.jpg 200w, https:\/\/ccisv.ro\/content\/wp-content\/uploads\/2024\/11\/gala-excelentei-in-afaceri-2024-6-400x267.jpg 400w, https:\/\/ccisv.ro\/content\/wp-content\/uploads\/2024\/11\/gala-excelentei-in-afaceri-2024-6-600x400.jpg 600w, https:\/\/ccisv.ro\/content\/wp-content\/uploads\/2024\/11\/gala-excelentei-in-afaceri-2024-6-800x534.jpg 800w, https:\/\/ccisv.ro\/content\/wp-content\/uploads\/2024\/11\/gala-excelentei-in-afaceri-2024-6-1200x801.jpg 1200w, https:\/\/ccisv.ro\/content\/wp-content\/uploads\/2024\/11\/gala-excelentei-in-afaceri-2024-6.jpg 1920w\" sizes=\"(min-width: 2200px) 100vw, (min-width: 1007px) 210px, (min-width: 915px) 262px, (min-width: 824px) 349px, (min-width: 732px) 524px, (min-width: 640px) 732px, \" \/><\/a><\/div><\/div><\/div><div class=\"swiper-slide\"><div class=\"fusion-carousel-item-wrapper\"><div class=\"fusion-image-wrapper hover-type-zoomin\"><a data-rel=\"iLightbox[image_carousel_1]\" data-title=\"gala excelentei in afaceri 2024 (7)\" aria-label=\"gala excelentei in afaceri 2024 (7)\" href=\"https:\/\/ccisv.ro\/content\/wp-content\/uploads\/2024\/11\/gala-excelentei-in-afaceri-2024-7.jpg\" target=\"_self\"><img decoding=\"async\" width=\"1920\" height=\"1281\" src=\"https:\/\/ccisv.ro\/content\/wp-content\/uploads\/2024\/11\/gala-excelentei-in-afaceri-2024-7.jpg\" class=\"attachment-full size-full\" alt=\"\" srcset=\"https:\/\/ccisv.ro\/content\/wp-content\/uploads\/2024\/11\/gala-excelentei-in-afaceri-2024-7-200x133.jpg 200w, https:\/\/ccisv.ro\/content\/wp-content\/uploads\/2024\/11\/gala-excelentei-in-afaceri-2024-7-400x267.jpg 400w, https:\/\/ccisv.ro\/content\/wp-content\/uploads\/2024\/11\/gala-excelentei-in-afaceri-2024-7-600x400.jpg 600w, https:\/\/ccisv.ro\/content\/wp-content\/uploads\/2024\/11\/gala-excelentei-in-afaceri-2024-7-800x534.jpg 800w, https:\/\/ccisv.ro\/content\/wp-content\/uploads\/2024\/11\/gala-excelentei-in-afaceri-2024-7-1200x801.jpg 1200w, https:\/\/ccisv.ro\/content\/wp-content\/uploads\/2024\/11\/gala-excelentei-in-afaceri-2024-7.jpg 1920w\" sizes=\"(min-width: 2200px) 100vw, (min-width: 1007px) 210px, (min-width: 915px) 262px, (min-width: 824px) 349px, (min-width: 732px) 524px, (min-width: 640px) 732px, \" \/><\/a><\/div><\/div><\/div><div class=\"swiper-slide\"><div class=\"fusion-carousel-item-wrapper\"><div class=\"fusion-image-wrapper hover-type-zoomin\"><a data-rel=\"iLightbox[image_carousel_1]\" data-title=\"gala excelentei in afaceri 2024 (8)\" aria-label=\"gala excelentei in afaceri 2024 (8)\" href=\"https:\/\/ccisv.ro\/content\/wp-content\/uploads\/2024\/11\/gala-excelentei-in-afaceri-2024-8.jpg\" target=\"_self\"><img decoding=\"async\" width=\"1920\" height=\"1281\" src=\"https:\/\/ccisv.ro\/content\/wp-content\/uploads\/2024\/11\/gala-excelentei-in-afaceri-2024-8.jpg\" class=\"attachment-full size-full\" alt=\"\" srcset=\"https:\/\/ccisv.ro\/content\/wp-content\/uploads\/2024\/11\/gala-excelentei-in-afaceri-2024-8-200x133.jpg 200w, https:\/\/ccisv.ro\/content\/wp-content\/uploads\/2024\/11\/gala-excelentei-in-afaceri-2024-8-400x267.jpg 400w, https:\/\/ccisv.ro\/content\/wp-content\/uploads\/2024\/11\/gala-excelentei-in-afaceri-2024-8-600x400.jpg 600w, https:\/\/ccisv.ro\/content\/wp-content\/uploads\/2024\/11\/gala-excelentei-in-afaceri-2024-8-800x534.jpg 800w, https:\/\/ccisv.ro\/content\/wp-content\/uploads\/2024\/11\/gala-excelentei-in-afaceri-2024-8-1200x801.jpg 1200w, https:\/\/ccisv.ro\/content\/wp-content\/uploads\/2024\/11\/gala-excelentei-in-afaceri-2024-8.jpg 1920w\" sizes=\"(min-width: 2200px) 100vw, (min-width: 1007px) 210px, (min-width: 915px) 262px, (min-width: 824px) 349px, (min-width: 732px) 524px, (min-width: 640px) 732px, \" \/><\/a><\/div><\/div><\/div><div class=\"swiper-slide\"><div class=\"fusion-carousel-item-wrapper\"><div class=\"fusion-image-wrapper hover-type-zoomin\"><a data-rel=\"iLightbox[image_carousel_1]\" data-title=\"gala excelentei in afaceri 2024 (10)\" aria-label=\"gala excelentei in afaceri 2024 (10)\" href=\"https:\/\/ccisv.ro\/content\/wp-content\/uploads\/2024\/11\/gala-excelentei-in-afaceri-2024-10.jpg\" target=\"_self\"><img decoding=\"async\" width=\"1920\" height=\"1281\" src=\"https:\/\/ccisv.ro\/content\/wp-content\/uploads\/2024\/11\/gala-excelentei-in-afaceri-2024-10.jpg\" class=\"attachment-full size-full\" alt=\"\" srcset=\"https:\/\/ccisv.ro\/content\/wp-content\/uploads\/2024\/11\/gala-excelentei-in-afaceri-2024-10-200x133.jpg 200w, https:\/\/ccisv.ro\/content\/wp-content\/uploads\/2024\/11\/gala-excelentei-in-afaceri-2024-10-400x267.jpg 400w, https:\/\/ccisv.ro\/content\/wp-content\/uploads\/2024\/11\/gala-excelentei-in-afaceri-2024-10-600x400.jpg 600w, https:\/\/ccisv.ro\/content\/wp-content\/uploads\/2024\/11\/gala-excelentei-in-afaceri-2024-10-800x534.jpg 800w, https:\/\/ccisv.ro\/content\/wp-content\/uploads\/2024\/11\/gala-excelentei-in-afaceri-2024-10-1200x801.jpg 1200w, https:\/\/ccisv.ro\/content\/wp-content\/uploads\/2024\/11\/gala-excelentei-in-afaceri-2024-10.jpg 1920w\" sizes=\"(min-width: 2200px) 100vw, (min-width: 1007px) 210px, (min-width: 915px) 262px, (min-width: 824px) 349px, (min-width: 732px) 524px, (min-width: 640px) 732px, \" \/><\/a><\/div><\/div><\/div><div class=\"swiper-slide\"><div class=\"fusion-carousel-item-wrapper\"><div class=\"fusion-image-wrapper hover-type-zoomin\"><a data-rel=\"iLightbox[image_carousel_1]\" data-title=\"gala excelentei in afaceri 2024 (11)\" aria-label=\"gala excelentei in afaceri 2024 (11)\" href=\"https:\/\/ccisv.ro\/content\/wp-content\/uploads\/2024\/11\/gala-excelentei-in-afaceri-2024-11.jpg\" target=\"_self\"><img decoding=\"async\" width=\"1600\" height=\"1200\" src=\"https:\/\/ccisv.ro\/content\/wp-content\/uploads\/2024\/11\/gala-excelentei-in-afaceri-2024-11.jpg\" class=\"attachment-full size-full\" alt=\"\" srcset=\"https:\/\/ccisv.ro\/content\/wp-content\/uploads\/2024\/11\/gala-excelentei-in-afaceri-2024-11-200x150.jpg 200w, https:\/\/ccisv.ro\/content\/wp-content\/uploads\/2024\/11\/gala-excelentei-in-afaceri-2024-11-400x300.jpg 400w, https:\/\/ccisv.ro\/content\/wp-content\/uploads\/2024\/11\/gala-excelentei-in-afaceri-2024-11-600x450.jpg 600w, https:\/\/ccisv.ro\/content\/wp-content\/uploads\/2024\/11\/gala-excelentei-in-afaceri-2024-11-800x600.jpg 800w, https:\/\/ccisv.ro\/content\/wp-content\/uploads\/2024\/11\/gala-excelentei-in-afaceri-2024-11-1200x900.jpg 1200w, https:\/\/ccisv.ro\/content\/wp-content\/uploads\/2024\/11\/gala-excelentei-in-afaceri-2024-11.jpg 1600w\" sizes=\"(min-width: 2200px) 100vw, (min-width: 1007px) 210px, (min-width: 915px) 262px, (min-width: 824px) 349px, (min-width: 732px) 524px, (min-width: 640px) 732px, \" \/><\/a><\/div><\/div><\/div><div class=\"swiper-slide\"><div class=\"fusion-carousel-item-wrapper\"><div class=\"fusion-image-wrapper hover-type-zoomin\"><a data-rel=\"iLightbox[image_carousel_1]\" data-title=\"gala excelentei in afaceri 2024 (12)\" aria-label=\"gala excelentei in afaceri 2024 (12)\" href=\"https:\/\/ccisv.ro\/content\/wp-content\/uploads\/2024\/11\/gala-excelentei-in-afaceri-2024-12.jpg\" target=\"_self\"><img decoding=\"async\" width=\"1600\" height=\"1200\" src=\"https:\/\/ccisv.ro\/content\/wp-content\/uploads\/2024\/11\/gala-excelentei-in-afaceri-2024-12.jpg\" class=\"attachment-full size-full\" alt=\"\" srcset=\"https:\/\/ccisv.ro\/content\/wp-content\/uploads\/2024\/11\/gala-excelentei-in-afaceri-2024-12-200x150.jpg 200w, https:\/\/ccisv.ro\/content\/wp-content\/uploads\/2024\/11\/gala-excelentei-in-afaceri-2024-12-400x300.jpg 400w, https:\/\/ccisv.ro\/content\/wp-content\/uploads\/2024\/11\/gala-excelentei-in-afaceri-2024-12-600x450.jpg 600w, https:\/\/ccisv.ro\/content\/wp-content\/uploads\/2024\/11\/gala-excelentei-in-afaceri-2024-12-800x600.jpg 800w, https:\/\/ccisv.ro\/content\/wp-content\/uploads\/2024\/11\/gala-excelentei-in-afaceri-2024-12-1200x900.jpg 1200w, https:\/\/ccisv.ro\/content\/wp-content\/uploads\/2024\/11\/gala-excelentei-in-afaceri-2024-12.jpg 1600w\" sizes=\"(min-width: 2200px) 100vw, (min-width: 1007px) 210px, (min-width: 915px) 262px, (min-width: 824px) 349px, (min-width: 732px) 524px, (min-width: 640px) 732px, \" \/><\/a><\/div><\/div><\/div><div class=\"swiper-slide\"><div class=\"fusion-carousel-item-wrapper\"><div class=\"fusion-image-wrapper hover-type-zoomin\"><a data-rel=\"iLightbox[image_carousel_1]\" data-title=\"gala excelentei in afaceri 2024 (13)\" aria-label=\"gala excelentei in afaceri 2024 (13)\" href=\"https:\/\/ccisv.ro\/content\/wp-content\/uploads\/2024\/11\/gala-excelentei-in-afaceri-2024-13.jpg\" target=\"_self\"><img decoding=\"async\" width=\"1600\" height=\"1200\" src=\"https:\/\/ccisv.ro\/content\/wp-content\/uploads\/2024\/11\/gala-excelentei-in-afaceri-2024-13.jpg\" class=\"attachment-full size-full\" alt=\"\" srcset=\"https:\/\/ccisv.ro\/content\/wp-content\/uploads\/2024\/11\/gala-excelentei-in-afaceri-2024-13-200x150.jpg 200w, https:\/\/ccisv.ro\/content\/wp-content\/uploads\/2024\/11\/gala-excelentei-in-afaceri-2024-13-400x300.jpg 400w, https:\/\/ccisv.ro\/content\/wp-content\/uploads\/2024\/11\/gala-excelentei-in-afaceri-2024-13-600x450.jpg 600w, https:\/\/ccisv.ro\/content\/wp-content\/uploads\/2024\/11\/gala-excelentei-in-afaceri-2024-13-800x600.jpg 800w, https:\/\/ccisv.ro\/content\/wp-content\/uploads\/2024\/11\/gala-excelentei-in-afaceri-2024-13-1200x900.jpg 1200w, https:\/\/ccisv.ro\/content\/wp-content\/uploads\/2024\/11\/gala-excelentei-in-afaceri-2024-13.jpg 1600w\" sizes=\"(min-width: 2200px) 100vw, (min-width: 1007px) 210px, (min-width: 915px) 262px, (min-width: 824px) 349px, (min-width: 732px) 524px, (min-width: 640px) 732px, \" \/><\/a><\/div><\/div><\/div><div class=\"swiper-slide\"><div class=\"fusion-carousel-item-wrapper\"><div class=\"fusion-image-wrapper hover-type-zoomin\"><a data-rel=\"iLightbox[image_carousel_1]\" data-title=\"gala excelentei in afaceri 2024 (14)\" aria-label=\"gala excelentei in afaceri 2024 (14)\" href=\"https:\/\/ccisv.ro\/content\/wp-content\/uploads\/2024\/11\/gala-excelentei-in-afaceri-2024-14.jpg\" target=\"_self\"><img decoding=\"async\" width=\"1600\" height=\"1200\" src=\"https:\/\/ccisv.ro\/content\/wp-content\/uploads\/2024\/11\/gala-excelentei-in-afaceri-2024-14.jpg\" class=\"attachment-full size-full\" alt=\"\" srcset=\"https:\/\/ccisv.ro\/content\/wp-content\/uploads\/2024\/11\/gala-excelentei-in-afaceri-2024-14-200x150.jpg 200w, https:\/\/ccisv.ro\/content\/wp-content\/uploads\/2024\/11\/gala-excelentei-in-afaceri-2024-14-400x300.jpg 400w, https:\/\/ccisv.ro\/content\/wp-content\/uploads\/2024\/11\/gala-excelentei-in-afaceri-2024-14-600x450.jpg 600w, https:\/\/ccisv.ro\/content\/wp-content\/uploads\/2024\/11\/gala-excelentei-in-afaceri-2024-14-800x600.jpg 800w, https:\/\/ccisv.ro\/content\/wp-content\/uploads\/2024\/11\/gala-excelentei-in-afaceri-2024-14-1200x900.jpg 1200w, https:\/\/ccisv.ro\/content\/wp-content\/uploads\/2024\/11\/gala-excelentei-in-afaceri-2024-14.jpg 1600w\" sizes=\"(min-width: 2200px) 100vw, (min-width: 1007px) 210px, (min-width: 915px) 262px, (min-width: 824px) 349px, (min-width: 732px) 524px, (min-width: 640px) 732px, \" \/><\/a><\/div><\/div><\/div><div class=\"swiper-slide\"><div class=\"fusion-carousel-item-wrapper\"><div class=\"fusion-image-wrapper hover-type-zoomin\"><a data-rel=\"iLightbox[image_carousel_1]\" data-title=\"gala excelentei in afaceri 2024 (15)\" aria-label=\"gala excelentei in afaceri 2024 (15)\" href=\"https:\/\/ccisv.ro\/content\/wp-content\/uploads\/2024\/11\/gala-excelentei-in-afaceri-2024-15.jpg\" target=\"_self\"><img decoding=\"async\" width=\"1600\" height=\"1200\" src=\"https:\/\/ccisv.ro\/content\/wp-content\/uploads\/2024\/11\/gala-excelentei-in-afaceri-2024-15.jpg\" class=\"attachment-full size-full\" alt=\"\" srcset=\"https:\/\/ccisv.ro\/content\/wp-content\/uploads\/2024\/11\/gala-excelentei-in-afaceri-2024-15-200x150.jpg 200w, https:\/\/ccisv.ro\/content\/wp-content\/uploads\/2024\/11\/gala-excelentei-in-afaceri-2024-15-400x300.jpg 400w, https:\/\/ccisv.ro\/content\/wp-content\/uploads\/2024\/11\/gala-excelentei-in-afaceri-2024-15-600x450.jpg 600w, https:\/\/ccisv.ro\/content\/wp-content\/uploads\/2024\/11\/gala-excelentei-in-afaceri-2024-15-800x600.jpg 800w, https:\/\/ccisv.ro\/content\/wp-content\/uploads\/2024\/11\/gala-excelentei-in-afaceri-2024-15-1200x900.jpg 1200w, https:\/\/ccisv.ro\/content\/wp-content\/uploads\/2024\/11\/gala-excelentei-in-afaceri-2024-15.jpg 1600w\" sizes=\"(min-width: 2200px) 100vw, (min-width: 1007px) 210px, (min-width: 915px) 262px, (min-width: 824px) 349px, (min-width: 732px) 524px, (min-width: 640px) 732px, \" \/><\/a><\/div><\/div><\/div><div class=\"swiper-slide\"><div class=\"fusion-carousel-item-wrapper\"><div class=\"fusion-image-wrapper hover-type-zoomin\"><a data-rel=\"iLightbox[image_carousel_1]\" data-title=\"gala excelentei in afaceri 2024 (16)\" aria-label=\"gala excelentei in afaceri 2024 (16)\" href=\"https:\/\/ccisv.ro\/content\/wp-content\/uploads\/2024\/11\/gala-excelentei-in-afaceri-2024-16.jpg\" target=\"_self\"><img decoding=\"async\" width=\"1600\" height=\"1200\" src=\"https:\/\/ccisv.ro\/content\/wp-content\/uploads\/2024\/11\/gala-excelentei-in-afaceri-2024-16.jpg\" class=\"attachment-full size-full\" alt=\"\" srcset=\"https:\/\/ccisv.ro\/content\/wp-content\/uploads\/2024\/11\/gala-excelentei-in-afaceri-2024-16-200x150.jpg 200w, https:\/\/ccisv.ro\/content\/wp-content\/uploads\/2024\/11\/gala-excelentei-in-afaceri-2024-16-400x300.jpg 400w, https:\/\/ccisv.ro\/content\/wp-content\/uploads\/2024\/11\/gala-excelentei-in-afaceri-2024-16-600x450.jpg 600w, https:\/\/ccisv.ro\/content\/wp-content\/uploads\/2024\/11\/gala-excelentei-in-afaceri-2024-16-800x600.jpg 800w, https:\/\/ccisv.ro\/content\/wp-content\/uploads\/2024\/11\/gala-excelentei-in-afaceri-2024-16-1200x900.jpg 1200w, https:\/\/ccisv.ro\/content\/wp-content\/uploads\/2024\/11\/gala-excelentei-in-afaceri-2024-16.jpg 1600w\" sizes=\"(min-width: 2200px) 100vw, (min-width: 1007px) 210px, (min-width: 915px) 262px, (min-width: 824px) 349px, (min-width: 732px) 524px, (min-width: 640px) 732px, \" \/><\/a><\/div><\/div><\/div><\/div><div class=\"awb-swiper-button awb-swiper-button-prev\"><i class=\"awb-icon-angle-left\" aria-hidden=\"true\"><\/i><\/div><div class=\"awb-swiper-button awb-swiper-button-next\"><i class=\"awb-icon-angle-right\" aria-hidden=\"true\"><\/i><\/div><\/div><\/div><div class=\"fusion-clearfix\"><\/div><\/div><\/div><\/div><\/div><div class=\"fusion-fullwidth fullwidth-box fusion-builder-row-4 hundred-percent-fullwidth non-hundred-percent-height-scrolling\" style=\"--awb-background-position:left top;--awb-border-sizes-top:0px;--awb-border-sizes-bottom:0px;--awb-border-sizes-left:0px;--awb-border-sizes-right:0px;--awb-border-radius-top-left:0px;--awb-border-radius-top-right:0px;--awb-border-radius-bottom-right:0px;--awb-border-radius-bottom-left:0px;--awb-padding-top:100px;--awb-padding-right:100px;--awb-padding-bottom:100px;--awb-padding-left:100px;--awb-background-color:#f7f7f7;--awb-flex-wrap:wrap;\" id=\"top-descriere\" ><div class=\"fusion-builder-row fusion-row\"><div class=\"fusion-layout-column fusion_builder_column fusion-builder-column-3 fusion_builder_column_1_1 1_1 fusion-one-full fusion-column-first fusion-column-last fusion-column-no-min-height\" style=\"--awb-bg-size:cover;--awb-margin-bottom:0px;\"><div class=\"fusion-column-wrapper fusion-flex-column-wrapper-legacy\"><div class=\"fusion-text fusion-text-2\"><p style=\"text-align: justify;\"><span style=\"font-size: 14pt;\">Edi\u0163ia din acest an a avut loc vineri, 8 noiembrie la Prestige Ballroom Suceava \u0219i a fost organizat\u0103 cu sponsorilor Regina Maria, Banca Comercial\u0103 Rom\u00e2n\u0103, Banca Transilvania, Groupama Asigur\u0103ri, GENERALI Asigur\u0103ri, Cozonac Bujor, Killer, Bucovina, Maspex Rom\u00e2nia, Darex Auto, Autodel, Yasen CMF, Bohemia Construct, Sidem, Reko Packaging, Aqua Carpatica, Cramele Cotnari, Expert Music, precum \u0219i a partenerilor media principali Viva FM, Monitorul de Suceava, NewsBucovina, Bucovina TV, precum \u0219i Radio 100.4 FM, Crai Nou, Orion FM, Suceava News, Radio Dorna, Radio AS \u0219i Suceava Live.<\/span><\/p>\n<p style=\"text-align: justify;\"><span style=\"font-size: 14pt;\">Gala Excelen\u021bei \u00een afaceri 2024 a oferit distinc\u021bii celor mai performante companii sucevene, pentru a r\u0103spl\u0103ti elementele cheie de diferen\u0163iere pe pia\u0163\u0103, continuitatea \u00een activitate, eficien\u0163a \u015fi competitivitatea, \u201e<em>abilitatea de a genera idei<\/em>\u201d \u015fi creativitatea.<\/span><\/p>\n<p style=\"text-align: justify;\"><span style=\"font-size: 14pt;\">\u00cen cadrul evenimentului au fost acordate Premii \u0219i Trofee Speciale:<\/span><\/p>\n<p style=\"text-align: center;\"><span style=\"font-size: 14pt;\"><strong>TROFEUL DE EXCELEN\u021a\u0102 PENTRU 30 ANI DE ACTIVITATE<\/strong><\/span><\/p>\n<p style=\"text-align: center;\"><span style=\"font-size: 14pt;\">BETTY ICE<br \/>\n<\/span><\/p>\n<p style=\"text-align: center;\"><span style=\"font-size: 14pt;\">BUCOVRAD<\/span><\/p>\n<p style=\"text-align: center;\"><span style=\"font-size: 14pt;\">DENIS<\/span><\/p>\n<p style=\"text-align: center;\"><span style=\"font-size: 14pt;\">GAMES<\/span><\/p>\n<p style=\"text-align: center;\"><span style=\"font-size: 14pt;\">GENERAL CONSTRUCT<br \/>\n<\/span><\/p>\n<p style=\"text-align: center;\"><span style=\"font-size: 14pt;\">INTER MEDIA<br \/>\n<\/span><\/p>\n<p style=\"text-align: center;\"><span style=\"font-size: 14pt;\">HERALD \/ DOCUMENT X<br \/>\n<\/span><\/p>\n<p style=\"text-align: center;\"><span style=\"font-size: 14pt;\">MARELBO PROD-COM<br \/>\n<\/span><\/p>\n<p style=\"text-align: center;\"><span style=\"font-size: 14pt;\">M\u0102R\u0162I\u015eORUL COM<br \/>\n<\/span><\/p>\n<p style=\"text-align: center;\"><span style=\"font-size: 14pt;\">MASICO EXIM<\/span><\/p>\n<p style=\"text-align: center;\"><span style=\"font-size: 14pt;\">STINOR PROD-COM<\/span><\/p>\n<p style=\"text-align: center;\"><span style=\"font-size: 14pt;\">SYMMETRICA<\/span><\/p>\n<p style=\"text-align: center;\"><span style=\"font-size: 14pt;\">TREC\u0102TORUL COM<\/span><\/p>\n<p style=\"text-align: center;\"><span style=\"font-size: 14pt;\"><br \/><\/span><\/p>\n<p style=\"text-align: center;\"><span style=\"font-size: 14pt;\"><strong>TROFEUL DE EXCELEN\u021a\u0102 PENTRU 25 ANI DE ACTIVITATE<\/strong><\/span><\/p>\n<p style=\"text-align: center;\"><span style=\"font-size: 14pt;\">CATYRAL<\/span><\/p>\n<p style=\"text-align: center;\"><span style=\"font-size: 14pt;\">TUDIA<\/span><\/p>\n<p style=\"text-align: center;\"><span style=\"font-size: 14pt;\"><br \/><\/span><\/p>\n<p style=\"text-align: center;\"><span style=\"font-size: 14pt;\"><strong>TROFEUL DE EXCELEN\u021a\u0102 PENTRU 20 ANI DE ACTIVITATE<\/strong><\/span><\/p>\n<p style=\"text-align: center;\"><span style=\"font-size: 14pt;\">B.G. MEDIA<\/span><\/p>\n<p style=\"text-align: center;\"><span style=\"font-size: 14pt;\">BAXCOM<\/span><\/p>\n<p style=\"text-align: center;\"><span style=\"font-size: 14pt;\">CID TURISM<\/span><\/p>\n<p style=\"text-align: center;\"><span style=\"font-size: 14pt;\">EVAL COM<\/span><\/p>\n<p style=\"text-align: center;\"><span style=\"font-size: 14pt;\">GAITANO COMPANY<\/span><\/p>\n<p style=\"text-align: center;\"><span style=\"font-size: 14pt;\">STRUGACOR<\/span><\/p>\n<p style=\"text-align: center;\"><span style=\"font-size: 14pt;\"><br \/><\/span><\/p>\n<p style=\"text-align: center;\"><span style=\"font-size: 14pt;\"><strong>TROFEELE SPECIALE PENTRU PARTENERIAT DINAMIC \u0218I DURABIL CU CAMERA DE COMER\u021a \u0218I INDUSTRIE SUCEAVA<\/strong><\/span><\/p>\n<p style=\"text-align: center;\"><span style=\"font-size: 14pt;\">CORPUL EXPER\u0162ILOR CONTABILI \u015eI CONTABILILOR AUTORIZA\u0162I DIN ROM\u00c2NIA<\/span><\/p>\n<p style=\"text-align: center;\"><span style=\"font-size: 14pt;\">ACCEPT SOFTWARE<\/span><\/p>\n<p style=\"text-align: center;\"><span style=\"font-size: 14pt;\">AUTOSERVICE<\/span><\/p>\n<p style=\"text-align: center;\"><span style=\"font-size: 14pt;\">CONFANA<\/span><\/p>\n<p style=\"text-align: center;\"><span style=\"font-size: 14pt;\">DORNA MEDICAL<\/span><\/p>\n<p style=\"text-align: center;\"><span style=\"font-size: 14pt;\">ECUATOR<\/span><\/p>\n<p style=\"text-align: center;\"><span style=\"font-size: 14pt;\">RAITAR<\/span><\/p>\n<p style=\"text-align: center;\"><span style=\"font-size: 14pt;\">ROMSERV<\/span><\/p>\n<p style=\"text-align: center;\"><span style=\"font-size: 14pt;\"><br \/><\/span><\/p>\n<p style=\"text-align: center;\"><span style=\"font-size: 14pt;\"><b>TROFEE SPECIALE PENTRU PARTENERIAT CU CAMERA DE COMER<\/b><b>\u0162<\/b> <b>\u015e<\/b><b>I INDUSTRIE SUCEAVA<\/b><strong> <br \/><\/strong><\/span><\/p>\n<p style=\"text-align: center;\"><span style=\"font-size: 14pt;\">AQUA CARPATICA<\/span><\/p>\n<p style=\"text-align: center;\"><span style=\"font-size: 14pt;\">AUTODEL<\/span><\/p>\n<p style=\"text-align: center;\"><span style=\"font-size: 14pt;\">BANCA TRANSILVANIA<\/span><\/p>\n<p style=\"text-align: center;\"><span style=\"font-size: 14pt;\">BANCA COMERCIAL\u0102 ROM\u00c2N\u0102<\/span><\/p>\n<p style=\"text-align: center;\"><span style=\"font-size: 14pt;\">BOHEMIA CONSTRUCT<\/span><\/p>\n<p style=\"text-align: center;\"><span style=\"font-size: 14pt;\">COZONAC BUJOR<\/span><\/p>\n<p style=\"text-align: center;\"><span style=\"font-size: 14pt;\">CRAMELE COTNARI<\/span><\/p>\n<p style=\"text-align: center;\"><span style=\"font-size: 14pt;\">DAREX AUTO<\/span><\/p>\n<p style=\"text-align: center;\"><span style=\"font-size: 14pt;\">EXPERT MUSIC<\/span><\/p>\n<p style=\"text-align: center;\"><span style=\"font-size: 14pt;\">GENERALI ROM\u00c2NIA<\/span><\/p>\n<p style=\"text-align: center;\"><span style=\"font-size: 14pt;\">GROUPAMA ROM\u00c2NIA<\/span><\/p>\n<p style=\"text-align: center;\"><span style=\"font-size: 14pt;\">KILLER<\/span><\/p>\n<p style=\"text-align: center;\"><span style=\"font-size: 14pt;\">MASPEX ROM\u00c2NIA<\/span><\/p>\n<p style=\"text-align: center;\"><span style=\"font-size: 14pt;\">MOBILA YASEN CMF<\/span><\/p>\n<p style=\"text-align: center;\"><span style=\"font-size: 14pt;\">REGINA MARIA \u2013 CENTRUL MEDICAL UNIREA<\/span><\/p>\n<p style=\"text-align: center;\"><span style=\"font-size: 14pt;\">REKO PACKAGING<\/span><\/p>\n<p style=\"text-align: center;\"><span style=\"font-size: 14pt;\">SIDEM<\/span><\/p>\n<p style=\"text-align: justify;\"><span style=\"font-size: 14pt;\">\u00cen fiecare an, evenimentul GALA EXCELEN\u021aEI \u00ceN AFACERI 2024 este completat de Topul Firmelor Bucovina, care reprezint\u0103 un prilej de analiz\u0103 a mediului de business local \u0219i un moment de rememorare \u015fi evaluare a timpului care a trecut \u015fi a muncii depuse cu greut\u0103\u0163ile \u015fi \u00eemplinirile ei. Topul Firmelor este, de altfel, un barometru al realit\u0103\u0163ii economice jude\u0163ene \u015fi o recunoa\u015ftere a reu\u015fitelor pe care managerii companiilor locale le-au ob\u0163inut \u00een anul \u00een care s-a scurs.<\/span><\/p>\n<p style=\"text-align: justify;\"><span style=\"font-size: 14pt;\">Pentru comunitatea de afaceri din jude\u021bul Suceava acest eveniment a devenit unul de referin\u0163\u0103, constituind cartea de vizit\u0103 a succesului \u015fi a performan\u0163ei \u00een afaceri. Clasamentul \u0219i evenimentul \u00een sine, reprezint\u0103 finalitatea aplic\u0103rii unei metodologii unice, complexe \u0219i unitare la nivelul sistemului cameral din Rom\u00e2nia \u0219i urm\u0103re\u0219te s\u0103 identifice \u015fi s\u0103 promoveze societ\u0103\u0163ile capabile s\u0103 func\u0163ioneze la \u00eenal\u0163i parametri de eficien\u0163\u0103 \u015fi care au ob\u0163inut constant performan\u0163e de-a lungul anilor.<\/span><\/p>\n<p style=\"text-align: justify;\"><span style=\"font-size: 14pt;\">\u00cen ciuda dificult\u0103\u021bilor \u0219i a provoc\u0103rilor cu care antreprenorii suceveni se confrunt\u0103, evolu\u021bia indicatorilor \u00eenregistra\u021bi demonstreaz\u0103 faptul c\u0103 ace\u0219tia reu\u0219esc s\u0103 fac\u0103 fa\u021ba provoc\u0103rilor din mediul de afaceri, s\u0103 se adapteze \u0219i s\u0103 \u00eenregistreze progrese.<\/span><\/p>\n<p style=\"text-align: justify;\"><span style=\"font-size: 14pt;\">Topul Firmelor Bucovina este un barometru al realit\u0103\u0163ii economice jude\u0163ene \u015fi o recunoa\u015ftere a reu\u015fitelor pe care managerii companiilor locale le-au ob\u0163inut \u00een anul \u00een care s-a scurs, iar pentru comunitatea de afaceri din jude\u021bul Suceava acest eveniment a devenit unul de referin\u0163\u0103, constituind cartea de vizit\u0103 a succesului \u015fi a performan\u0163ei \u00een afaceri.<\/span><\/p>\n<p style=\"text-align: justify;\"><span style=\"font-size: 14pt;\">GALA EXCELEN\u021aEI \u00ceN AFACERI 2024 \u2013 Topul Firmelor Bucovina 2023 a fost, este \u0219i r\u0103m\u00e2ne unul dintre cele mai importante evenimente la nivel local \u0219i regional dedicat mediului de afaceri, care recunoa\u0219te \u0219i celebreaz\u0103 an de an, perseveren\u021ba antreprenorilor suceveni \u0219i rezultatele deosebite pe care le-au ob\u021binut.<\/span><\/p>\n<p style=\"text-align: justify;\"><span style=\"font-size: 14pt;\">Camera de Comer\u0163 \u015fi Industrie Suceava adreseaz\u0103 felicit\u0103ri tuturor socie\u021b\u0103\u021bilor comerciale nominalizate anul acesta \u00een Clasamentul Topul Firmelor, consider\u00e2nd c\u0103 acestea sunt cele care fac cinste \u015fi dau m\u0103sura dezvolt\u0103rii economice a jude\u0163ului prin profesionalism, munc\u0103 \u0219i tenacitate \u0219i sper\u0103 s\u0103 ne fie al\u0103turi \u00een continuare, ca membri activi ai celei mai vechi \u015fi mai importante organiza\u0163ii patronale jude\u021bene la \u00eemplinirea a 33 de ani de existen\u021b\u0103 \u0219i activitate \u00een sprijinul mediului de afaceri.<\/span><\/p>\n<\/div><div class=\"fusion-clearfix\"><\/div><\/div><\/div><\/div><\/div><\/p>\n","protected":false},"excerpt":{"rendered":"","protected":false},"author":5,"featured_media":0,"parent":0,"menu_order":0,"comment_status":"closed","ping_status":"closed","template":"100-width.php","meta":{"footnotes":""},"class_list":["post-53239","page","type-page","status-publish","hentry"],"_links":{"self":[{"href":"https:\/\/ccisv.ro\/content\/wp-json\/wp\/v2\/pages\/53239","targetHints":{"allow":["GET"]}}],"collection":[{"href":"https:\/\/ccisv.ro\/content\/wp-json\/wp\/v2\/pages"}],"about":[{"href":"https:\/\/ccisv.ro\/content\/wp-json\/wp\/v2\/types\/page"}],"author":[{"embeddable":true,"href":"https:\/\/ccisv.ro\/content\/wp-json\/wp\/v2\/users\/5"}],"replies":[{"embeddable":true,"href":"https:\/\/ccisv.ro\/content\/wp-json\/wp\/v2\/comments?post=53239"}],"version-history":[{"count":4,"href":"https:\/\/ccisv.ro\/content\/wp-json\/wp\/v2\/pages\/53239\/revisions"}],"predecessor-version":[{"id":53261,"href":"https:\/\/ccisv.ro\/content\/wp-json\/wp\/v2\/pages\/53239\/revisions\/53261"}],"wp:attachment":[{"href":"https:\/\/ccisv.ro\/content\/wp-json\/wp\/v2\/media?parent=53239"}],"curies":[{"name":"wp","href":"https:\/\/api.w.org\/{rel}","templated":true}]}}