{"id":52886,"date":"2024-09-17T12:43:21","date_gmt":"2024-09-17T09:43:21","guid":{"rendered":"https:\/\/ccisv.ro\/content\/?page_id=52886"},"modified":"2025-12-03T13:07:57","modified_gmt":"2025-12-03T10:07:57","slug":"misiuni-de-afaceri","status":"publish","type":"page","link":"https:\/\/ccisv.ro\/content\/misiuni-de-afaceri\/","title":{"rendered":"Misiuni de afaceri"},"content":{"rendered":"<p><div class=\"fusion-fullwidth fullwidth-box fusion-builder-row-1 hundred-percent-fullwidth non-hundred-percent-height-scrolling cursuri-info noprint\" style=\"--awb-background-position:left top;--awb-border-sizes-top:0px;--awb-border-sizes-bottom:0px;--awb-border-sizes-left:0px;--awb-border-sizes-right:0px;--awb-border-radius-top-left:0px;--awb-border-radius-top-right:0px;--awb-border-radius-bottom-right:0px;--awb-border-radius-bottom-left:0px;--awb-padding-top:40px;--awb-padding-right:5%;--awb-padding-bottom:40px;--awb-padding-left:5%;--awb-background-color:#f7f7f7;--awb-flex-wrap:wrap;\" ><div class=\"fusion-builder-row fusion-row\"><div class=\"fusion-layout-column fusion_builder_column fusion-builder-column-0 fusion_builder_column_1_1 1_1 fusion-one-full fusion-column-first fusion-column-last fusion-column-no-min-height\" style=\"--awb-bg-blend:overlay;--awb-bg-size:cover;--awb-margin-bottom:0px;\"><div class=\"fusion-column-wrapper fusion-flex-column-wrapper-legacy\"><div class=\"fusion-title title fusion-title-1 fusion-sep-none fusion-title-center fusion-title-text fusion-title-size-one\"><h1 class=\"fusion-title-heading title-heading-center\" style=\"margin:0;\"><h1>MISIUNI DE AFACERI<\/h1>\n<h1><strong>Oportunit\u0103\u021bi \u0219i servicii gratuite acordate companiilor<\/strong> <strong>sucevene, membre ale Camerei de Comer\u021b \u0219i Industrie Suceava<\/strong><\/h1><\/h1><\/div><div class=\"fusion-clearfix\"><\/div><\/div><\/div><\/div><\/div><div class=\"fusion-fullwidth fullwidth-box fusion-builder-row-2 has-pattern-background has-mask-background hundred-percent-fullwidth non-hundred-percent-height-scrolling hidden\" style=\"--awb-background-position:left top;--awb-border-sizes-top:0px;--awb-border-sizes-bottom:0px;--awb-border-sizes-left:0px;--awb-border-sizes-right:0px;--awb-border-radius-top-left:0px;--awb-border-radius-top-right:0px;--awb-border-radius-bottom-right:0px;--awb-border-radius-bottom-left:0px;--awb-padding-top:100px;--awb-padding-right:5%;--awb-padding-bottom:100px;--awb-padding-left:5%;--awb-flex-wrap:wrap;\" ><div class=\"fusion-builder-row fusion-row\"><div class=\"fusion-layout-column fusion_builder_column fusion-builder-column-1 fusion_builder_column_1_1 1_1 fusion-one-full fusion-column-first fusion-column-last\" style=\"--awb-bg-size:cover;\"><div class=\"fusion-column-wrapper fusion-column-has-shadow fusion-flex-column-wrapper-legacy\"><div class=\"fusion-title title fusion-title-2 fusion-title-center fusion-title-text fusion-title-size-one\"><div class=\"title-sep-container title-sep-container-left\"><div class=\"title-sep sep- sep-solid\" style=\"border-color:#e0dede;\"><\/div><\/div><span class=\"awb-title-spacer\"><\/span><h1 class=\"fusion-title-heading title-heading-center\" style=\"margin:0;\">EVENIMENTE VIITOARE<\/h1><span class=\"awb-title-spacer\"><\/span><div class=\"title-sep-container title-sep-container-right\"><div class=\"title-sep sep- sep-solid\" style=\"border-color:#e0dede;\"><\/div><\/div><\/div><div class=\"fusion-clearfix\"><\/div><\/div><\/div><\/div><\/div><div class=\"fusion-fullwidth fullwidth-box fusion-builder-row-3 fusion-flex-container has-pattern-background has-mask-background nonhundred-percent-fullwidth non-hundred-percent-height-scrolling\" style=\"--awb-border-radius-top-left:0px;--awb-border-radius-top-right:0px;--awb-border-radius-bottom-right:0px;--awb-border-radius-bottom-left:0px;--awb-flex-wrap:wrap;\" ><div class=\"fusion-builder-row fusion-row fusion-flex-align-items-flex-start fusion-flex-content-wrap\" style=\"max-width:1144px;margin-left: calc(-4% \/ 2 );margin-right: calc(-4% \/ 2 );\"><div class=\"fusion-layout-column fusion_builder_column fusion-builder-column-2 fusion_builder_column_1_1 1_1 fusion-flex-column\" style=\"--awb-bg-size:cover;--awb-width-large:100%;--awb-margin-top-large:0px;--awb-spacing-right-large:1.92%;--awb-margin-bottom-large:20px;--awb-spacing-left-large:1.92%;--awb-width-medium:100%;--awb-order-medium:0;--awb-spacing-right-medium:1.92%;--awb-spacing-left-medium:1.92%;--awb-width-small:100%;--awb-order-small:0;--awb-spacing-right-small:1.92%;--awb-spacing-left-small:1.92%;\"><div class=\"fusion-column-wrapper fusion-column-has-shadow fusion-flex-justify-content-flex-start fusion-content-layout-column\"><div class=\"fusion-separator fusion-full-width-sep\" style=\"align-self: center;margin-left: auto;margin-right: auto;width:100%;\"><div class=\"fusion-separator-border sep-shadow\" style=\"--awb-height:20px;--awb-amount:20px;background:radial-gradient(ellipse at 50% -50% , #e0dede 0px, rgba(255, 255, 255, 0) 80%) repeat scroll 0 0 rgba(0, 0, 0, 0);background:-webkit-radial-gradient(ellipse at 50% -50% , #e0dede 0px, rgba(255, 255, 255, 0) 80%) repeat scroll 0 0 rgba(0, 0, 0, 0);background:-moz-radial-gradient(ellipse at 50% -50% , #e0dede 0px, rgba(255, 255, 255, 0) 80%) repeat scroll 0 0 rgba(0, 0, 0, 0);background:-o-radial-gradient(ellipse at 50% -50% , #e0dede 0px, rgba(255, 255, 255, 0) 80%) repeat scroll 0 0 rgba(0, 0, 0, 0);\"><\/div><\/div><\/div><\/div><\/div><\/div><div class=\"fusion-fullwidth fullwidth-box fusion-builder-row-4 hundred-percent-fullwidth non-hundred-percent-height-scrolling\" style=\"--awb-background-position:left top;--awb-border-sizes-top:0px;--awb-border-sizes-bottom:0px;--awb-border-sizes-left:0px;--awb-border-sizes-right:0px;--awb-border-radius-top-left:0px;--awb-border-radius-top-right:0px;--awb-border-radius-bottom-right:0px;--awb-border-radius-bottom-left:0px;--awb-padding-top:100px;--awb-padding-right:5%;--awb-padding-bottom:100px;--awb-padding-left:5%;--awb-flex-wrap:wrap;\" ><div class=\"fusion-builder-row fusion-row\"><div class=\"fusion-layout-column fusion_builder_column fusion-builder-column-3 fusion_builder_column_1_1 1_1 fusion-one-full fusion-column-first fusion-column-last\" style=\"--awb-bg-size:cover;\"><div class=\"fusion-column-wrapper fusion-column-has-shadow fusion-flex-column-wrapper-legacy\"><div class=\"fusion-title title fusion-title-3 fusion-title-center fusion-title-text fusion-title-size-one\"><div class=\"title-sep-container title-sep-container-left\"><div class=\"title-sep sep- sep-solid\" style=\"border-color:#e0dede;\"><\/div><\/div><span class=\"awb-title-spacer\"><\/span><h1 class=\"fusion-title-heading title-heading-center\" style=\"margin:0;\">ARHIVA EVENIMENTELOR<\/h1><span class=\"awb-title-spacer\"><\/span><div class=\"title-sep-container title-sep-container-right\"><div class=\"title-sep sep- sep-solid\" style=\"border-color:#e0dede;\"><\/div><\/div><\/div><div class=\"fusion-clearfix\"><\/div><\/div><\/div><div class=\"fusion-layout-column fusion_builder_column fusion-builder-column-4 fusion_builder_column_1_4 1_4 fusion-one-fourth fusion-column-first misiuni-block\" style=\"--awb-padding-top:25px;--awb-padding-right:25px;--awb-padding-bottom:25px;--awb-padding-left:25px;--awb-bg-color:#ffffff;--awb-bg-color-hover:#ffffff;--awb-bg-size:cover;--awb-border-color:#dddddd;--awb-border-top:1px;--awb-border-right:1px;--awb-border-bottom:1px;--awb-border-left:1px;--awb-border-style:solid;width:22%; margin-right: 4%;\" data-scroll-devices=\"small-visibility,medium-visibility,large-visibility\"><div class=\"fusion-column-wrapper fusion-column-has-shadow fusion-flex-column-wrapper-legacy\"><div class=\"fusion-column-content-centered\"><div class=\"fusion-column-content\"><div class=\"fusion-content-boxes content-boxes columns row fusion-columns-1 fusion-columns-total-1 fusion-content-boxes-1 content-boxes-icon-on-top content-left\" style=\"--awb-margin-bottom:0px;--awb-hover-accent-color:var(--awb-color4);--awb-circle-hover-accent-color:var(--awb-color4);--awb-item-margin-bottom:40px;\" data-animationOffset=\"top-into-view\"><div style=\"--awb-backgroundcolor:transparent;\" class=\"fusion-column content-box-column content-box-column content-box-column-1 col-lg-12 col-md-12 col-sm-12 fusion-content-box-hover content-box-column-last content-box-column-last-in-row\"><div class=\"col content-box-wrapper content-wrapper link-area-box icon-hover-animation-fade\" data-animationOffset=\"top-into-view\"><div class=\"fusion-clearfix\"><\/div><div class=\"content-container\">\n<a class=\"fusion-modal-text-link\" data-toggle=\"modal\" data-target=\".fusion-modal.m4i-2025\" href=\"#\">\n<p><img decoding=\"async\" class=\"alignnone size-full wp-image-53987\" src=\"https:\/\/ccisv.ro\/content\/wp-content\/uploads\/2025\/08\/m4i.png\" alt=\"\" width=\"350\" height=\"350\" srcset=\"https:\/\/ccisv.ro\/content\/wp-content\/uploads\/2025\/08\/m4i-66x66.png 66w, https:\/\/ccisv.ro\/content\/wp-content\/uploads\/2025\/08\/m4i-150x150.png 150w, https:\/\/ccisv.ro\/content\/wp-content\/uploads\/2025\/08\/m4i-200x200.png 200w, https:\/\/ccisv.ro\/content\/wp-content\/uploads\/2025\/08\/m4i-300x300.png 300w, https:\/\/ccisv.ro\/content\/wp-content\/uploads\/2025\/08\/m4i.png 350w\" sizes=\"(max-width: 350px) 100vw, 350px\" \/><\/p>\n<\/a>\n<\/div><\/div><\/div><div class=\"fusion-clearfix\"><\/div><\/div><div class=\"fusion-modal modal fade modal-1 m4i-2025 cursuri-mod\" tabindex=\"-1\" role=\"dialog\" aria-labelledby=\"modal-heading-1\" aria-hidden=\"true\" style=\"--awb-border-color:#ffffff;--awb-background:#ffffff;\"><div class=\"modal-dialog modal-lg\" role=\"document\"><div class=\"modal-content fusion-modal-content\"><div class=\"modal-header\"><button class=\"close\" type=\"button\" data-dismiss=\"modal\" aria-hidden=\"true\" aria-label=\"Close\">&times;<\/button><h3 class=\"modal-title\" id=\"modal-heading-1\" data-dismiss=\"modal\" aria-hidden=\"true\"><\/h3><\/div><div class=\"modal-body fusion-clearfix\">\n<div class=\"fusion-title title fusion-title-4 fusion-title-center fusion-title-text fusion-title-size-two\"><div class=\"title-sep-container title-sep-container-left\"><div class=\"title-sep sep- sep-solid\" style=\"border-color:#e0dede;\"><\/div><\/div><span class=\"awb-title-spacer\"><\/span><h2 class=\"fusion-title-heading title-heading-center\" style=\"margin:0;\"><p style=\"text-align: center;\"><a href=\"https:\/\/www.b2match.com\/e\/match4industry2025\"><strong>Match4Industry Business Matchmaking Event<\/strong><\/a><\/p>\n<p style=\"text-align: center;\"><strong>Kocaeli, Turcia, 19\u201320 noiembrie 2025<\/strong><\/p>\n<p style=\"text-align: center;\"><strong>\u00a0<\/strong><\/p>\n<p style=\"text-align: center;\"><\/h2><span class=\"awb-title-spacer\"><\/span><div class=\"title-sep-container title-sep-container-right\"><div class=\"title-sep sep- sep-solid\" style=\"border-color:#e0dede;\"><\/div><\/div><\/div>\n<div class=\"fusion-sep-clear\"><\/div><div class=\"fusion-separator fusion-has-icon fusion-full-width-sep\" style=\"margin-left: auto;margin-right: auto;margin-top:20px;margin-bottom:20px;width:100%;\"><div class=\"fusion-separator-border sep-shadow\" style=\"--awb-height:20px;--awb-amount:20px;background:radial-gradient(ellipse at 50% -50% , #e0dede 0px, rgba(255, 255, 255, 0) 80%) repeat scroll 0 0 rgba(0, 0, 0, 0);background:-webkit-radial-gradient(ellipse at 50% -50% , #e0dede 0px, rgba(255, 255, 255, 0) 80%) repeat scroll 0 0 rgba(0, 0, 0, 0);background:-moz-radial-gradient(ellipse at 50% -50% , #e0dede 0px, rgba(255, 255, 255, 0) 80%) repeat scroll 0 0 rgba(0, 0, 0, 0);background:-o-radial-gradient(ellipse at 50% -50% , #e0dede 0px, rgba(255, 255, 255, 0) 80%) repeat scroll 0 0 rgba(0, 0, 0, 0);\"><\/div><span class=\"icon-wrapper\" style=\"border-color:#e0dede;background-color:rgba(255,255,255,0);font-size:16px;width: 1.75em; height: 1.75em;border-width:1px;padding:1px;\"><i class=\" fa fa-comment-o\" style=\"font-size: inherit;color:#e0dede;\" aria-hidden=\"true\"><\/i><\/span><div class=\"fusion-separator-border sep-shadow\" style=\"--awb-height:20px;--awb-amount:20px;background:radial-gradient(ellipse at 50% -50% , #e0dede 0px, rgba(255, 255, 255, 0) 80%) repeat scroll 0 0 rgba(0, 0, 0, 0);background:-webkit-radial-gradient(ellipse at 50% -50% , #e0dede 0px, rgba(255, 255, 255, 0) 80%) repeat scroll 0 0 rgba(0, 0, 0, 0);background:-moz-radial-gradient(ellipse at 50% -50% , #e0dede 0px, rgba(255, 255, 255, 0) 80%) repeat scroll 0 0 rgba(0, 0, 0, 0);background:-o-radial-gradient(ellipse at 50% -50% , #e0dede 0px, rgba(255, 255, 255, 0) 80%) repeat scroll 0 0 rgba(0, 0, 0, 0);\"><\/div><\/div><div class=\"fusion-sep-clear\"><\/div>\nCamera de Comer\u021b \u0219i Industrie Suceava, invit\u0103 companiile \u0219i persoanele interesate s\u0103 participe la evenimentul <strong>Match4Industry Business Matchmaking 2025<\/strong>, care va avea loc \u00een perioada <strong>19\u201320 noiembrie,<\/strong> la Camera de Industrie Kocaeli, \u00een centrul unuia dintre cele mai dinamice \u0219i inovatoare hub-uri industriale ale Turciei.<\/p>\n<p>Match4Industry 2025 este un eveniment de referin\u021b\u0103\u00a0organizat anual de <strong>Camera de Industrie Kocaeli <\/strong>\u0219i <strong>AB\u0130GEM East Marmara,<\/strong> \u00een str\u00e2ns\u0103 colaborare cu partenerii re\u021belei <strong>\u00a0<\/strong><a href=\"https:\/\/een.ec.europa.eu\/\"><strong>Enterprise Europe Network<\/strong><\/a> \u0219i reune\u0219te cu fiecare edi\u021bie, lideri \u0219i furnizori din sectoarele-cheie ale industriei, oferind acces direct la pie\u021be noi, parteneriate durabile \u0219i solu\u021bii inovatoare recunoscute pe plan mondial.<\/p>\n<p style=\"text-align: center;\"><strong>Match4Industry ofer\u0103 dou\u0103 zile de \u00eent\u00e2lniri de afaceri exclusive cu participan\u021bi din \u00eentreaga lume, din domenii de interes precum:<\/strong><strong>\u00a0<\/strong><\/p>\n<p style=\"text-align: center;\">Furnizori pentru industria auto \u2013 Metal \u0219i utilaje \u2013 Materiale plastice \u0219i cauciuc \u2013 Anvelope<\/p>\n<p style=\"text-align: center;\">Produse chimice, vopsele \u0219i acoperiri auto, produse pentru \u00eentre\u021binere auto \u2013 Electrice \u0219i electronice<\/p>\n<p style=\"text-align: center;\">Construc\u021bii \u0219i materiale de construc\u021bie \u2013 Energie \u2013 Mediu \u2013 Tehnologia informa\u021biei \u0219i comunica\u021biilor (TIC)<\/p>\n<p style=\"text-align: center;\">Aceast\u0103 expozi\u021bie este una dintre cele mai mari \u0219i importante expozi\u021bii interna\u021bionale de \u00eembr\u0103c\u0103minte \u0219i mod\u0103 din Europa.<\/p>\n<p style=\"text-align: center;\"><strong>De ce s\u0103 participa\u021bi?<\/strong><\/p>\n<p style=\"text-align: center;\">\u00cent\u00e2lni\u021bi parteneri de afaceri din \u00eentreaga lume, \u00eentr-un cadru dedicat colabor\u0103rii economice;<\/p>\n<p style=\"text-align: center;\">Accesa\u021bi o re\u021bea global\u0103 de sprijin \u0219i consultan\u021b\u0103 \u00eenainte, \u00een timpul \u0219i dup\u0103 eveniment;<\/p>\n<p style=\"text-align: center;\">Descoperi\u021bi noi pie\u021be \u0219i oportunit\u0103\u021bi \u00een Turcia \u0219i la nivel interna\u021bional;<\/p>\n<p style=\"text-align: center;\">Descoperi\u021bi idei inovatoare pentru dezvoltarea de produse \u0219i solu\u021bii noi;<\/p>\n<p style=\"text-align: center;\">Vizita\u021bi companii de top pentru a vedea direct capacit\u0103\u021bile industriale \u0219i tehnologice ale regiunii.<\/p>\n<p style=\"text-align: center;\"><strong>Data limit\u0103 pentru \u00eenregistrare:<\/strong> 10 noiembrie 2025<br \/>\n<span style=\"color: #ff0000;\"><strong>Participarea este gratuit\u0103<\/strong><\/span><\/p>\n<p style=\"text-align: center;\">Inten\u021bia de participare \u00een cadrul evenimentelor se poate exprima prin completarea<\/p>\n<p style=\"text-align: center;\"><a href=\"https:\/\/docs.google.com\/forms\/d\/1ENOaiFaCVWcmH8rnSg--RtOQHDgrUr2ZLBeBiRy3-Gk\"><strong><span style=\"color: #ff0000;\">formularului de \u00eenscriere<\/span><\/strong><\/a>.<\/p>\n<p><strong>Membrii Camerei de Comer\u021b \u0219i Industrie Suceava pot beneficia, \u00een contextul parteneriatului stabilit \u00eentre organiza\u021bia noastr\u0103 \u0219i organizatorii t\u00e2rgului, de urm\u0103toarele servicii gratuite:<\/strong><strong>\u00a0<\/strong><\/p>\n<ul>\n<li><strong>Transport local:<\/strong> transfer gratuit de la ambele aeroporturi din Istanbul la hotel \u0219i retur, plus transport la locul evenimentului \u0219i la vizitele programate.<\/li>\n<li><strong>Traducere:<\/strong> asisten\u021b\u0103 profesional\u0103 englez\u0103\u2013turc\u0103 pe durata evenimentului.<\/li>\n<li><strong>Catering:<\/strong> pr\u00e2nzuri, gust\u0103ri \u0219i o cin\u0103 de bun-venit incluse.<\/li>\n<li><strong>3 nop\u021bi de cazare gratuit\u0103 <\/strong>pentru un reprezentant al fiec\u0103rei companii participante, \u00een perioada 18\u201321 noiembrie 2025. Pentru a beneficia de cazare gratuit\u0103, este necesar\u0103 participarea integral\u0103 \u00een ambele zile ale evenimentului.<\/li>\n<\/ul>\n<p style=\"text-align: center;\"><span style=\"color: #ff0000;\"><strong>Vrei s\u0103 devii membru?<\/strong><\/span><\/p>\n<p style=\"text-align: center;\">Afl\u0103 mai multe detalii \u00een<strong>\u00a0<\/strong><a href=\"https:\/\/ccisv.ro\/content\/membru-cci\/\"><strong>sec\u021biunea dedicat\u0103<\/strong><\/a><strong>, <\/strong>completeaz\u0103 \u0219i transmite-ne <a href=\"https:\/\/ccisv.ro\/content\/wp-content\/uploads\/2024\/02\/Adeziune-Membru.pdf\"><strong>Adeziunea<\/strong><\/a>!<\/p>\n<p><em>*Calitatea de membru al Camerei de Comer\u021b \u0219i Industrie Suceava reiese din completarea \u0219i transmiterea adeziunii de membru \u0219i dovada pl\u0103\u021bii cotiza\u021biei anuale conform pachetului de servicii selectat.<\/em><\/p>\n<p>Detalii suplimentare pute\u021bi ob\u021bine la:<\/p>\n<p>CENTRUL ENTERPRISE EUROPE NETWORK \u2013 CAMERA DE COMER\u021a \u0218I INDUSTRIE SUCEAVA<\/p>\n<p>Adresa: Str. Universit\u0103\u021bii nr. 15 \u2013 17, Suceava, etaj 1, camera 10<\/p>\n<p>Tel: 0230 521 506<\/p>\n<p>Email:\u00a0<a href=\"mailto:een@ccisuceava.ro\">een@ccisuceava.ro<\/a><\/p>\n<p>Persoan\u0103 de contact: Elena ZAMCU \u2013 Coordonator local<\/p>\n<\/div><\/div><\/div><\/div><\/div><\/div><div class=\"fusion-clearfix\"><\/div><\/div><\/div><div class=\"fusion-layout-column fusion_builder_column fusion-builder-column-5 fusion_builder_column_1_4 1_4 fusion-one-fourth misiuni-block\" style=\"--awb-padding-top:25px;--awb-padding-right:25px;--awb-padding-bottom:25px;--awb-padding-left:25px;--awb-bg-color:#ffffff;--awb-bg-color-hover:#ffffff;--awb-bg-size:cover;--awb-border-color:#dddddd;--awb-border-top:1px;--awb-border-right:1px;--awb-border-bottom:1px;--awb-border-left:1px;--awb-border-style:solid;width:22%; margin-right: 4%;\" data-scroll-devices=\"small-visibility,medium-visibility,large-visibility\"><div class=\"fusion-column-wrapper fusion-column-has-shadow fusion-flex-column-wrapper-legacy\"><div class=\"fusion-column-content-centered\"><div class=\"fusion-column-content\"><div class=\"fusion-content-boxes content-boxes columns row fusion-columns-1 fusion-columns-total-1 fusion-content-boxes-2 content-boxes-icon-on-top content-left\" style=\"--awb-margin-bottom:0px;--awb-hover-accent-color:var(--awb-color4);--awb-circle-hover-accent-color:var(--awb-color4);--awb-item-margin-bottom:40px;\" data-animationOffset=\"top-into-view\"><div style=\"--awb-backgroundcolor:transparent;\" class=\"fusion-column content-box-column content-box-column content-box-column-1 col-lg-12 col-md-12 col-sm-12 fusion-content-box-hover content-box-column-last content-box-column-last-in-row\"><div class=\"col content-box-wrapper content-wrapper link-area-box icon-hover-animation-fade\" data-animationOffset=\"top-into-view\"><div class=\"fusion-clearfix\"><\/div><div class=\"content-container\">\n<a class=\"fusion-modal-text-link\" data-toggle=\"modal\" data-target=\".fusion-modal.ifco-2025\" href=\"#\">\n<p><img decoding=\"async\" class=\"alignnone size-large wp-image-53683\" src=\"https:\/\/ccisv.ro\/content\/wp-content\/uploads\/2025\/05\/IFCO-2025-\u2013-Istanbul-Fashion-Connection-International-Ready-to-Wear-Clothing-Fair--1024x1024.jpg\" alt=\"\" width=\"1024\" height=\"1024\" srcset=\"https:\/\/ccisv.ro\/content\/wp-content\/uploads\/2025\/05\/IFCO-2025-\u2013-Istanbul-Fashion-Connection-International-Ready-to-Wear-Clothing-Fair--66x66.jpg 66w, https:\/\/ccisv.ro\/content\/wp-content\/uploads\/2025\/05\/IFCO-2025-\u2013-Istanbul-Fashion-Connection-International-Ready-to-Wear-Clothing-Fair--150x150.jpg 150w, https:\/\/ccisv.ro\/content\/wp-content\/uploads\/2025\/05\/IFCO-2025-\u2013-Istanbul-Fashion-Connection-International-Ready-to-Wear-Clothing-Fair--200x200.jpg 200w, https:\/\/ccisv.ro\/content\/wp-content\/uploads\/2025\/05\/IFCO-2025-\u2013-Istanbul-Fashion-Connection-International-Ready-to-Wear-Clothing-Fair--300x300.jpg 300w, https:\/\/ccisv.ro\/content\/wp-content\/uploads\/2025\/05\/IFCO-2025-\u2013-Istanbul-Fashion-Connection-International-Ready-to-Wear-Clothing-Fair--400x400.jpg 400w, https:\/\/ccisv.ro\/content\/wp-content\/uploads\/2025\/05\/IFCO-2025-\u2013-Istanbul-Fashion-Connection-International-Ready-to-Wear-Clothing-Fair--500x500.jpg 500w, https:\/\/ccisv.ro\/content\/wp-content\/uploads\/2025\/05\/IFCO-2025-\u2013-Istanbul-Fashion-Connection-International-Ready-to-Wear-Clothing-Fair--600x600.jpg 600w, https:\/\/ccisv.ro\/content\/wp-content\/uploads\/2025\/05\/IFCO-2025-\u2013-Istanbul-Fashion-Connection-International-Ready-to-Wear-Clothing-Fair--700x700.jpg 700w, https:\/\/ccisv.ro\/content\/wp-content\/uploads\/2025\/05\/IFCO-2025-\u2013-Istanbul-Fashion-Connection-International-Ready-to-Wear-Clothing-Fair--768x768.jpg 768w, https:\/\/ccisv.ro\/content\/wp-content\/uploads\/2025\/05\/IFCO-2025-\u2013-Istanbul-Fashion-Connection-International-Ready-to-Wear-Clothing-Fair--800x800.jpg 800w, https:\/\/ccisv.ro\/content\/wp-content\/uploads\/2025\/05\/IFCO-2025-\u2013-Istanbul-Fashion-Connection-International-Ready-to-Wear-Clothing-Fair--1024x1024.jpg 1024w, https:\/\/ccisv.ro\/content\/wp-content\/uploads\/2025\/05\/IFCO-2025-\u2013-Istanbul-Fashion-Connection-International-Ready-to-Wear-Clothing-Fair-.jpg 1081w\" sizes=\"(max-width: 1024px) 100vw, 1024px\" \/><\/p>\n<\/a>\n<\/div><\/div><\/div><div class=\"fusion-clearfix\"><\/div><\/div><div class=\"fusion-modal modal fade modal-2 ifco-2025 cursuri-mod\" tabindex=\"-1\" role=\"dialog\" aria-labelledby=\"modal-heading-2\" aria-hidden=\"true\" style=\"--awb-border-color:#ffffff;--awb-background:#ffffff;\"><div class=\"modal-dialog modal-lg\" role=\"document\"><div class=\"modal-content fusion-modal-content\"><div class=\"modal-header\"><button class=\"close\" type=\"button\" data-dismiss=\"modal\" aria-hidden=\"true\" aria-label=\"Close\">&times;<\/button><h3 class=\"modal-title\" id=\"modal-heading-2\" data-dismiss=\"modal\" aria-hidden=\"true\"><\/h3><\/div><div class=\"modal-body fusion-clearfix\">\n<div class=\"fusion-title title fusion-title-5 fusion-title-center fusion-title-text fusion-title-size-two\"><div class=\"title-sep-container title-sep-container-left\"><div class=\"title-sep sep- sep-solid\" style=\"border-color:#e0dede;\"><\/div><\/div><span class=\"awb-title-spacer\"><\/span><h2 class=\"fusion-title-heading title-heading-center\" style=\"margin:0;\"><p style=\"text-align: center;\"><a href=\"https:\/\/www.ifco.com.tr\/fair\" target=\"_blank\" rel=\"noopener\"><strong>IFCO 2025 \u2013 Istanbul Fashion Connection International Ready-to-Wear Clothing Fair<\/strong><\/a><\/p>\n<p style=\"text-align: center;\">T\u00e2rg de \u021bes\u0103turi, fire \u0219i accesorii textile<\/p>\n<p style=\"text-align: center;\"><strong>20 &#8211; 22 august 2025<\/strong><\/p>\n<p style=\"text-align: center;\"><\/h2><span class=\"awb-title-spacer\"><\/span><div class=\"title-sep-container title-sep-container-right\"><div class=\"title-sep sep- sep-solid\" style=\"border-color:#e0dede;\"><\/div><\/div><\/div>\n<div class=\"fusion-sep-clear\"><\/div><div class=\"fusion-separator fusion-has-icon fusion-full-width-sep\" style=\"margin-left: auto;margin-right: auto;margin-top:20px;margin-bottom:20px;width:100%;\"><div class=\"fusion-separator-border sep-shadow\" style=\"--awb-height:20px;--awb-amount:20px;background:radial-gradient(ellipse at 50% -50% , #e0dede 0px, rgba(255, 255, 255, 0) 80%) repeat scroll 0 0 rgba(0, 0, 0, 0);background:-webkit-radial-gradient(ellipse at 50% -50% , #e0dede 0px, rgba(255, 255, 255, 0) 80%) repeat scroll 0 0 rgba(0, 0, 0, 0);background:-moz-radial-gradient(ellipse at 50% -50% , #e0dede 0px, rgba(255, 255, 255, 0) 80%) repeat scroll 0 0 rgba(0, 0, 0, 0);background:-o-radial-gradient(ellipse at 50% -50% , #e0dede 0px, rgba(255, 255, 255, 0) 80%) repeat scroll 0 0 rgba(0, 0, 0, 0);\"><\/div><span class=\"icon-wrapper\" style=\"border-color:#e0dede;background-color:rgba(255,255,255,0);font-size:16px;width: 1.75em; height: 1.75em;border-width:1px;padding:1px;\"><i class=\" fa fa-comment-o\" style=\"font-size: inherit;color:#e0dede;\" aria-hidden=\"true\"><\/i><\/span><div class=\"fusion-separator-border sep-shadow\" style=\"--awb-height:20px;--awb-amount:20px;background:radial-gradient(ellipse at 50% -50% , #e0dede 0px, rgba(255, 255, 255, 0) 80%) repeat scroll 0 0 rgba(0, 0, 0, 0);background:-webkit-radial-gradient(ellipse at 50% -50% , #e0dede 0px, rgba(255, 255, 255, 0) 80%) repeat scroll 0 0 rgba(0, 0, 0, 0);background:-moz-radial-gradient(ellipse at 50% -50% , #e0dede 0px, rgba(255, 255, 255, 0) 80%) repeat scroll 0 0 rgba(0, 0, 0, 0);background:-o-radial-gradient(ellipse at 50% -50% , #e0dede 0px, rgba(255, 255, 255, 0) 80%) repeat scroll 0 0 rgba(0, 0, 0, 0);\"><\/div><\/div><div class=\"fusion-sep-clear\"><\/div>\nCamera de Comer\u021b \u0219i Industrie Suceava, \u00een calitate de partener \u00een cadrul proiectului Eastern Romanian Business Support Network (Re\u021beaua pentru sprijinirea afacerilor din estul Rom\u00e2niei) \u2013 ERBSN 2022 \u2013 2025, parte a re\u021belei\u00a0<a href=\"https:\/\/een.ec.europa.eu\/\">Enterprise Europe Network<\/a>, al\u0103turi de partenerul\u00a0<span style=\"color: #1e73be;\"><a style=\"color: #1e73be;\" href=\"https:\/\/beamexpo.com\/latest-exhibitions\/\">BEAMEXPO<\/a><\/span>, are pl\u0103cerea de a v\u0103 invita s\u0103 participa\u021bi la\u00a0T\u00e2rgul interna\u021bional de \u00eembr\u0103c\u0103minte\u00a0\u2013 <a href=\"https:\/\/www.ifco.com.tr\/fair\"><span style=\"color: #1e73be;\"><strong>ISTANBUL FASHION CONNECTION<\/strong><\/span><\/a> ,\u00a0\u00een perioada\u00a020-22 august 2025.<\/p>\n<p>Aceast\u0103 expozi\u021bie este una dintre cele mai mari \u0219i importante expozi\u021bii interna\u021bionale de \u00eembr\u0103c\u0103minte \u0219i mod\u0103 din Europa.<\/p>\n<p><strong>DE CE S\u0102 PARTICIPI? <\/strong><\/p>\n<ul>\n<li><strong>Brandurile prind via\u021b\u0103 prin colabor\u0103ri:<\/strong> Descoper\u0103 sinergii valoroase \u0219i parteneriate strategice care \u00ee\u021bi vor propulsa brandul pe noi culmi.<\/li>\n<li><strong>Afacerile \u00ee\u0219i extind orizonturile:<\/strong> Identific\u0103 \u0219i stabile\u0219te contacte cu noi parteneri de afaceri, deschiz\u00e2nd u\u0219i c\u0103tre pie\u021be \u0219i oportunit\u0103\u021bi neexplorate.<\/li>\n<li><strong>Sustenabilitatea se \u00eemplete\u0219te cu excelen\u021ba:<\/strong> Exploreaz\u0103 tendin\u021bele eco-friendly \u0219i descoper\u0103 parteneri care pun accent pe calitate \u0219i practici responsabile.<\/li>\n<li><strong>Culorile dicteaz\u0103 tendin\u021bele viitoare:<\/strong> Fii \u00een avangarda modei, inspir\u0103-te din paletele cromatice inovatoare \u0219i anticipeaz\u0103 preferin\u021bele consumatorilor.<\/li>\n<li><strong>Moda pulseaz\u0103 de pasiune:<\/strong> Impregneaz\u0103-te de energia vibrant\u0103 a evenimentului, conecteaz\u0103-te cu profesioni\u0219ti dedica\u021bi \u0219i las\u0103-te inspirat de creativitatea industriei.<\/li>\n<\/ul>\n<p><strong>Nu rata \u0219ansa de a fi parte din acest eveniment esen\u021bial pentru viitorul afacerii tale \u00een lumea modei!<\/strong><\/p>\n<p>Membrii Camerei de Comer\u021b \u0219i Industrie Suceava\u00a0pot beneficia, \u00een contextul parteneriatului stabilit \u00eentre organiza\u021bia noastr\u0103 \u0219i organizatorii t\u00e2rgului, de urm\u0103toarele\u00a0servicii gratuite:<\/p>\n<ul>\n<li>Preluare de la aeroport (Istanbul sau Sabiha) pe 19 august 2025<\/li>\n<li>3 nop\u021bi \/ 4 zile de cazare (19-22 august) la un hotel de 5 stele cu mic dejun tip bufet zilnic<\/li>\n<li>Serviciu de transfer gratuit zilnic \u00eentre hotel \u0219i expozi\u021bie<\/li>\n<li>Transfer dus-\u00eentors la aeroport dup\u0103 eveniment<em><br \/>\n<\/em><\/li>\n<\/ul>\n<p>Participarea \u00een cadrul t\u00e2rgului este gratuit\u0103.<\/p>\n<p>Inten\u021bia de participare\u00a0se poate exprima prin completarea formularului\u00a0disponibil\u00a0<span style=\"color: #ff0000;\"><strong><a style=\"color: #ff0000;\" href=\"https:\/\/docs.google.com\/forms\/d\/1KMoN9uSW1Q9R62um7cdZPp5XWTO5Dnl8cBda4kwb2xs\">aici<\/a>: <a style=\"color: #ff0000;\" href=\"https:\/\/docs.google.com\/forms\/d\/1KMoN9uSW1Q9R62um7cdZPp5XWTO5Dnl8cBda4kwb2xs\">https:\/\/docs.google.com\/forms\/d\/1KMoN9uSW1Q9R62um7cdZPp5XWTO5Dnl8cBda4kwb2xs<\/a><\/strong><\/span><\/p>\n<p><span style=\"color: #ff0000;\"><em>\u26a0<\/em><em>\u00a0Aten\u021bie!\u00a0Informa\u021biile trebuie completate \u00een\u00a0limba englez\u0103.<\/em><\/span><\/p>\n<p>Termen limit\u0103 pentru \u00eenscriere:\u00a004 august 2025<\/p>\n<p>Devino membru acum desc\u0103rc\u00e2nd \u0219i complet\u00e2nd\u00a0<a href=\"https:\/\/ccisv.ro\/content\/wp-content\/uploads\/2024\/02\/Adeziune-Membru.pdf\"><span style=\"color: #ff0000;\"><strong>Adeziunea de Membru<\/strong><\/span><\/a><span style=\"color: #ff0000;\"><strong>!<\/strong><\/span><\/p>\n<p><em>*Calitatea de membru al Camerei de Comer\u021b \u0219i Industrie Suceava reiese din completarea \u0219i transmiterea adeziunii de membru \u0219i dovada pl\u0103\u021bii cotiza\u021biei anuale conform pachetului de servicii selectat.<\/em><\/p>\n<p>Detalii suplimentare pute\u021bi ob\u021bine la:<\/p>\n<p>CENTRUL ENTERPRISE EUROPE NETWORK \u2013 CAMERA DE COMER\u021a \u0218I INDUSTRIE SUCEAVA<\/p>\n<p>Adresa: Str. Universit\u0103\u021bii nr. 15 \u2013 17, Suceava, etaj 1, camera 10<\/p>\n<p>Tel: 0230 521 506<\/p>\n<p>Email:\u00a0<a href=\"mailto:een@ccisuceava.ro\">een@ccisuceava.ro<\/a><\/p>\n<p>Persoan\u0103 de contact: Elena ZAMCU \u2013 Coordonator local<\/p>\n<\/div><\/div><\/div><\/div><\/div><\/div><div class=\"fusion-clearfix\"><\/div><\/div><\/div><div class=\"fusion-layout-column fusion_builder_column fusion-builder-column-6 fusion_builder_column_1_4 1_4 fusion-one-fourth misiuni-block\" style=\"--awb-padding-top:25px;--awb-padding-right:25px;--awb-padding-bottom:25px;--awb-padding-left:25px;--awb-bg-color:#ffffff;--awb-bg-color-hover:#ffffff;--awb-bg-size:cover;--awb-border-color:#dddddd;--awb-border-top:1px;--awb-border-right:1px;--awb-border-bottom:1px;--awb-border-left:1px;--awb-border-style:solid;width:22%; margin-right: 4%;\" data-scroll-devices=\"small-visibility,medium-visibility,large-visibility\"><div class=\"fusion-column-wrapper fusion-column-has-shadow fusion-flex-column-wrapper-legacy\"><div class=\"fusion-column-content-centered\"><div class=\"fusion-column-content\"><div class=\"fusion-content-boxes content-boxes columns row fusion-columns-1 fusion-columns-total-1 fusion-content-boxes-3 content-boxes-icon-on-top content-left\" style=\"--awb-margin-bottom:0px;--awb-hover-accent-color:var(--awb-color4);--awb-circle-hover-accent-color:var(--awb-color4);--awb-item-margin-bottom:40px;\" data-animationOffset=\"top-into-view\"><div style=\"--awb-backgroundcolor:transparent;\" class=\"fusion-column content-box-column content-box-column content-box-column-1 col-lg-12 col-md-12 col-sm-12 fusion-content-box-hover content-box-column-last content-box-column-last-in-row\"><div class=\"col content-box-wrapper content-wrapper link-area-box icon-hover-animation-fade\" data-animationOffset=\"top-into-view\"><div class=\"fusion-clearfix\"><\/div><div class=\"content-container\">\n<a class=\"fusion-modal-text-link\" data-toggle=\"modal\" data-target=\".fusion-modal.texhibition-2025\" href=\"#\">\n<p><img decoding=\"async\" class=\"alignnone size-large wp-image-53468\" src=\"https:\/\/ccisv.ro\/content\/wp-content\/uploads\/2025\/01\/TEXIBITION-martie-2025--1024x1024.jpg\" alt=\"\" width=\"1024\" height=\"1024\" srcset=\"https:\/\/ccisv.ro\/content\/wp-content\/uploads\/2025\/01\/TEXIBITION-martie-2025--66x66.jpg 66w, https:\/\/ccisv.ro\/content\/wp-content\/uploads\/2025\/01\/TEXIBITION-martie-2025--150x150.jpg 150w, https:\/\/ccisv.ro\/content\/wp-content\/uploads\/2025\/01\/TEXIBITION-martie-2025--200x200.jpg 200w, https:\/\/ccisv.ro\/content\/wp-content\/uploads\/2025\/01\/TEXIBITION-martie-2025--300x300.jpg 300w, https:\/\/ccisv.ro\/content\/wp-content\/uploads\/2025\/01\/TEXIBITION-martie-2025--400x400.jpg 400w, https:\/\/ccisv.ro\/content\/wp-content\/uploads\/2025\/01\/TEXIBITION-martie-2025--500x500.jpg 500w, https:\/\/ccisv.ro\/content\/wp-content\/uploads\/2025\/01\/TEXIBITION-martie-2025--600x600.jpg 600w, https:\/\/ccisv.ro\/content\/wp-content\/uploads\/2025\/01\/TEXIBITION-martie-2025--700x700.jpg 700w, https:\/\/ccisv.ro\/content\/wp-content\/uploads\/2025\/01\/TEXIBITION-martie-2025--768x768.jpg 768w, https:\/\/ccisv.ro\/content\/wp-content\/uploads\/2025\/01\/TEXIBITION-martie-2025--800x800.jpg 800w, https:\/\/ccisv.ro\/content\/wp-content\/uploads\/2025\/01\/TEXIBITION-martie-2025--1024x1024.jpg 1024w, https:\/\/ccisv.ro\/content\/wp-content\/uploads\/2025\/01\/TEXIBITION-martie-2025-.jpg 1081w\" sizes=\"(max-width: 1024px) 100vw, 1024px\" \/><\/p>\n<\/a>\n<\/div><\/div><\/div><div class=\"fusion-clearfix\"><\/div><\/div><div class=\"fusion-modal modal fade modal-3 texhibition-2025 cursuri-mod\" tabindex=\"-1\" role=\"dialog\" aria-labelledby=\"modal-heading-3\" aria-hidden=\"true\" style=\"--awb-border-color:#ffffff;--awb-background:#ffffff;\"><div class=\"modal-dialog modal-lg\" role=\"document\"><div class=\"modal-content fusion-modal-content\"><div class=\"modal-header\"><button class=\"close\" type=\"button\" data-dismiss=\"modal\" aria-hidden=\"true\" aria-label=\"Close\">&times;<\/button><h3 class=\"modal-title\" id=\"modal-heading-3\" data-dismiss=\"modal\" aria-hidden=\"true\"><\/h3><\/div><div class=\"modal-body fusion-clearfix\">\n<div class=\"fusion-title title fusion-title-6 fusion-title-center fusion-title-text fusion-title-size-two\"><div class=\"title-sep-container title-sep-container-left\"><div class=\"title-sep sep- sep-solid\" style=\"border-color:#e0dede;\"><\/div><\/div><span class=\"awb-title-spacer\"><\/span><h2 class=\"fusion-title-heading title-heading-center\" style=\"margin:0;\"><p style=\"text-align: center;\"><a href=\"https:\/\/www.texhibitionist.com\/en\"><strong>TEXHIBITION ISTANBUL<\/strong><\/a><\/p>\n<p style=\"text-align: center;\">T\u00e2rg de \u021bes\u0103turi, fire \u0219i accesorii textile<\/p>\n<p style=\"text-align: center;\"><strong>05 &#8211; 07 martie 2025<\/strong><\/p>\n<p style=\"text-align: center;\"><\/h2><span class=\"awb-title-spacer\"><\/span><div class=\"title-sep-container title-sep-container-right\"><div class=\"title-sep sep- sep-solid\" style=\"border-color:#e0dede;\"><\/div><\/div><\/div>\n<div class=\"fusion-sep-clear\"><\/div><div class=\"fusion-separator fusion-has-icon fusion-full-width-sep\" style=\"margin-left: auto;margin-right: auto;margin-top:20px;margin-bottom:20px;width:100%;\"><div class=\"fusion-separator-border sep-shadow\" style=\"--awb-height:20px;--awb-amount:20px;background:radial-gradient(ellipse at 50% -50% , #e0dede 0px, rgba(255, 255, 255, 0) 80%) repeat scroll 0 0 rgba(0, 0, 0, 0);background:-webkit-radial-gradient(ellipse at 50% -50% , #e0dede 0px, rgba(255, 255, 255, 0) 80%) repeat scroll 0 0 rgba(0, 0, 0, 0);background:-moz-radial-gradient(ellipse at 50% -50% , #e0dede 0px, rgba(255, 255, 255, 0) 80%) repeat scroll 0 0 rgba(0, 0, 0, 0);background:-o-radial-gradient(ellipse at 50% -50% , #e0dede 0px, rgba(255, 255, 255, 0) 80%) repeat scroll 0 0 rgba(0, 0, 0, 0);\"><\/div><span class=\"icon-wrapper\" style=\"border-color:#e0dede;background-color:rgba(255,255,255,0);font-size:16px;width: 1.75em; height: 1.75em;border-width:1px;padding:1px;\"><i class=\" fa fa-comment-o\" style=\"font-size: inherit;color:#e0dede;\" aria-hidden=\"true\"><\/i><\/span><div class=\"fusion-separator-border sep-shadow\" style=\"--awb-height:20px;--awb-amount:20px;background:radial-gradient(ellipse at 50% -50% , #e0dede 0px, rgba(255, 255, 255, 0) 80%) repeat scroll 0 0 rgba(0, 0, 0, 0);background:-webkit-radial-gradient(ellipse at 50% -50% , #e0dede 0px, rgba(255, 255, 255, 0) 80%) repeat scroll 0 0 rgba(0, 0, 0, 0);background:-moz-radial-gradient(ellipse at 50% -50% , #e0dede 0px, rgba(255, 255, 255, 0) 80%) repeat scroll 0 0 rgba(0, 0, 0, 0);background:-o-radial-gradient(ellipse at 50% -50% , #e0dede 0px, rgba(255, 255, 255, 0) 80%) repeat scroll 0 0 rgba(0, 0, 0, 0);\"><\/div><\/div><div class=\"fusion-sep-clear\"><\/div>\n<p style=\"text-align: left;\">Camera de Comer\u021b \u0219i Industrie Suceava, \u00een calitate de partener \u00een cadrul proiectului Eastern Romanian Business Support Network (Re\u021beaua pentru sprijinirea afacerilor din estul Rom\u00e2niei) \u2013 ERBSN 2022 \u2013 2025, parte a re\u021belei <a href=\"https:\/\/een.ec.europa.eu\/\">Enterprise Europe Network<\/a>, al\u0103turi de partenerul <a href=\"https:\/\/beamexpo.com\/latest-exhibitions\/\">BEAMEXPO<\/a>, are pl\u0103cerea de a v\u0103 invita s\u0103 participa\u021bi la <strong>T\u00e2rgul de \u021bes\u0103turi, fire \u0219i accesorii textile<\/strong>\u00a0&#8211; <a href=\"https:\/\/www.texhibitionist.com\/en\"><strong>TEXHIBITION ISTANBUL<\/strong><\/a><strong>,\u00a0<\/strong>\u00een perioada\u00a0<strong>05- 07 martie 2025<\/strong><\/p>\n<p>Aceast\u0103 expozi\u021bie este una dintre cele mai mari \u0219i importante expozi\u021bii interna\u021bionale dedicate \u021bes\u0103turilor pentru \u00eembr\u0103c\u0103minte, firelor \u0219i accesoriilor textile.<\/p>\n<p><strong>\u00a0<\/strong><\/p>\n<p><strong>DE CE S\u0102 PARTICIPI?<\/strong><\/p>\n<p>\u2714Ai ocazia s\u0103 intri \u00een contact cu <strong>peste 25.000 de profesioni\u0219ti<\/strong> din \u00eentreaga lume, mari produc\u0103tori, retaileri interna\u021bionali, manageri de branduri, designeri \u0219i distribuitori din domeniul indisutriei textile.<\/p>\n<p>\u2714 Fiecare edi\u021bie a t\u00e2rgului reune\u0219te <strong>mii de cump\u0103r\u0103tori califica\u021bi<\/strong> din peste <strong>112 \u021b\u0103ri<\/strong><\/p>\n<p>\u2714 Vei g\u0103si <strong>550+ expozan\u021bi<\/strong> pe o suprafa\u021b\u0103 de <strong>15.000 mp<\/strong><\/p>\n<p>\u2714 <strong>Turcia este un lider global<\/strong> \u00een sectorul textilelor \u0219i materiilor prime, clasat\u0103 \u00een top 3 furnizori mondiali din industrie.<\/p>\n<p><strong>Ce ve\u021bi descoperi?<\/strong><br \/>\n\u2714 \u021aes\u0103turi din bumbac, l\u00e2n\u0103, m\u0103tase, denim<br \/>\n\u2714 Fire textile, poliester, dantel\u0103<br \/>\n\u2714 Accesorii: nasturi, fermoare, c\u0103ptu\u0219eli, broderii<strong>\u00a0<\/strong><\/p>\n<p><strong>Membrii Camerei de Comer\u021b \u0219i Industrie Suceava<\/strong>\u00a0pot beneficia, \u00een contextul parteneriatului stabilit \u00eentre organiza\u021bia noastr\u0103 \u0219i organizatorii t\u00e2rgului, de urm\u0103toarele<strong>\u00a0servicii gratuite:<\/strong><\/p>\n<p>\u2705 Transfer de la aeroport (Istanbul\/ Sabiha) \u2013 4 martie 2025<br \/>\n\u2705 3 nop\u021bi de cazare la hotel de 5 stele &#8211; 4, 5, \u0219i 6 martie 2025<br \/>\n\u2705 Mic dejun tip bufet<br \/>\n\u2705 Transport hotel \u2013 expozi\u021bie \u2013 hotel (perioada t\u00e2rgului)<br \/>\n\u2705 Bilet de acces la expozi\u021bie (perioada t\u00e2rgului)<br \/>\n\u2705 Transfer retur la aeroport &#8211; 7 martie 2025<strong><br \/>\n<\/strong><\/p>\n<p><em>*Reducerile \u0219i facilit\u0103\u021bie sunt valabile doar pentru perioadele men\u021bionate.<\/em><\/p>\n<p><strong>Participarea \u00een cadrul t\u00e2rgului este gratuit\u0103. <\/strong><strong>\u00a0<\/strong><\/p>\n<p><strong>Inten\u021bia de participare<\/strong> se poate exprima prin completarea formularului <strong>disponibil\u00a0<\/strong><a href=\"https:\/\/docs.google.com\/forms\/d\/e\/1FAIpQLSdQIbHy6OY6Klf0AExuFGki8ff9vJ5Iq0ltgQ2wG8W1wGDWZQ\/viewform\"><strong>aici<\/strong><\/a><strong>:<\/strong><\/p>\n<p><em>\u26a0<\/em><em> <strong>Aten\u021bie!<\/strong> Informa\u021biile trebuie completate \u00een <strong>limba englez\u0103<\/strong>.<\/em><\/p>\n<p><strong>Termen limit\u0103 pentru \u00eenscriere:<\/strong> <span style=\"color: #ff0000;\"><strong>15 februarie 2025<\/strong><\/span><\/p>\n<p><strong>Devino membru acum desc\u0103rc\u00e2nd \u0219i complet\u00e2nd\u00a0<\/strong><a href=\"https:\/\/ccisv.ro\/content\/wp-content\/uploads\/2024\/02\/Adeziune-Membru.pdf\"><strong><span style=\"color: #ff0000;\">Adeziunea de Membru<\/span><\/strong><\/a><strong>!<\/strong><\/p>\n<p><em>*Calitatea de membru al Camerei de Comer\u021b \u0219i Idustrie Suceava reiese din completarea \u0219i transmiterea adeziunii de membru \u0219i dovada pl\u0103\u021bii cotiza\u021biei anuale conform pachetului de servicii selectat. <\/em><\/p>\n<p><strong> Nu rata ocazia de a explora cele mai noi inova\u021bii din industria textil\u0103 \u0219i de a crea conexiuni valoroase pentru afacerea ta!<\/strong><\/p>\n<p>Detalii suplimentare pute\u021bi ob\u021bine la:<\/p>\n<p><strong>CENTRUL ENTERPRISE EUROPE NETWORK \u2013 CAMERA DE COMER\u021a \u0218I INDUSTRIE SUCEAVA<\/strong><\/p>\n<p>Adresa: Str. Universit\u0103\u021bii nr. 15 \u2013 17, Suceava, etaj 1, camera 10<\/p>\n<p>Tel: 0230 521 506<\/p>\n<p>Email: <a href=\"mailto:een@ccisuceava.ro\"><strong>een@ccisuceava.ro<\/strong><\/a><\/p>\n<p>Persoan\u0103 de contact: Elena ZAMCU \u2013 Coordonator local<\/p>\n<\/div><\/div><\/div><\/div><\/div><\/div><div class=\"fusion-clearfix\"><\/div><\/div><\/div><div class=\"fusion-layout-column fusion_builder_column fusion-builder-column-7 fusion_builder_column_1_4 1_4 fusion-one-fourth fusion-column-last misiuni-block\" style=\"--awb-padding-top:25px;--awb-padding-right:25px;--awb-padding-bottom:25px;--awb-padding-left:25px;--awb-bg-color:#ffffff;--awb-bg-color-hover:#ffffff;--awb-bg-size:cover;--awb-border-color:#dddddd;--awb-border-top:1px;--awb-border-right:1px;--awb-border-bottom:1px;--awb-border-left:1px;--awb-border-style:solid;width:22%;\" data-scroll-devices=\"small-visibility,medium-visibility,large-visibility\"><div class=\"fusion-column-wrapper fusion-column-has-shadow fusion-flex-column-wrapper-legacy\"><div class=\"fusion-column-content-centered\"><div class=\"fusion-column-content\"><div class=\"fusion-content-boxes content-boxes columns row fusion-columns-1 fusion-columns-total-1 fusion-content-boxes-4 content-boxes-icon-on-top content-left\" style=\"--awb-margin-bottom:0px;--awb-hover-accent-color:var(--awb-color4);--awb-circle-hover-accent-color:var(--awb-color4);--awb-item-margin-bottom:40px;\" data-animationOffset=\"top-into-view\"><div style=\"--awb-backgroundcolor:transparent;\" class=\"fusion-column content-box-column content-box-column content-box-column-1 col-lg-12 col-md-12 col-sm-12 fusion-content-box-hover content-box-column-last content-box-column-last-in-row\"><div class=\"col content-box-wrapper content-wrapper link-area-box icon-hover-animation-fade\" data-animationOffset=\"top-into-view\"><div class=\"fusion-clearfix\"><\/div><div class=\"content-container\">\n<a class=\"fusion-modal-text-link\" data-toggle=\"modal\" data-target=\".fusion-modal.diflex\" href=\"#\">\n<p><img decoding=\"async\" class=\"alignnone size-fusion-600 wp-image-52894\" src=\"https:\/\/ccisv.ro\/content\/wp-content\/uploads\/2024\/09\/image006-600x600.jpg\" alt=\"\" width=\"600\" height=\"600\" srcset=\"https:\/\/ccisv.ro\/content\/wp-content\/uploads\/2024\/09\/image006-66x66.jpg 66w, https:\/\/ccisv.ro\/content\/wp-content\/uploads\/2024\/09\/image006-150x150.jpg 150w, https:\/\/ccisv.ro\/content\/wp-content\/uploads\/2024\/09\/image006-200x200.jpg 200w, https:\/\/ccisv.ro\/content\/wp-content\/uploads\/2024\/09\/image006-300x300.jpg 300w, https:\/\/ccisv.ro\/content\/wp-content\/uploads\/2024\/09\/image006-400x400.jpg 400w, https:\/\/ccisv.ro\/content\/wp-content\/uploads\/2024\/09\/image006-500x500.jpg 500w, https:\/\/ccisv.ro\/content\/wp-content\/uploads\/2024\/09\/image006-600x600.jpg 600w, https:\/\/ccisv.ro\/content\/wp-content\/uploads\/2024\/09\/image006.jpg 615w\" sizes=\"(max-width: 600px) 100vw, 600px\" \/><\/p>\n<\/a>\n<\/div><\/div><\/div><div class=\"fusion-clearfix\"><\/div><\/div><div class=\"fusion-modal modal fade modal-4 diflex cursuri-mod\" tabindex=\"-1\" role=\"dialog\" aria-labelledby=\"modal-heading-4\" aria-hidden=\"true\" style=\"--awb-border-color:#ffffff;--awb-background:#ffffff;\"><div class=\"modal-dialog modal-lg\" role=\"document\"><div class=\"modal-content fusion-modal-content\"><div class=\"modal-header\"><button class=\"close\" type=\"button\" data-dismiss=\"modal\" aria-hidden=\"true\" aria-label=\"Close\">&times;<\/button><h3 class=\"modal-title\" id=\"modal-heading-4\" data-dismiss=\"modal\" aria-hidden=\"true\"><\/h3><\/div><div class=\"modal-body fusion-clearfix\">\n<div class=\"fusion-title title fusion-title-7 fusion-title-center fusion-title-text fusion-title-size-two\"><div class=\"title-sep-container title-sep-container-left\"><div class=\"title-sep sep- sep-solid\" style=\"border-color:#e0dede;\"><\/div><\/div><span class=\"awb-title-spacer\"><\/span><h2 class=\"fusion-title-heading title-heading-center\" style=\"margin:0;\"><p style=\"text-align: center;\"><a href=\"https:\/\/diflexonline.com\/\" target=\"_blank\" rel=\"noopener\"><strong>DIFLEX 2024<\/strong><\/a><\/p>\n<p style=\"text-align: center;\">A IV-a edi\u021bie a Expozi\u021biei interna\u021bionale de \u00eenc\u0103l\u021b\u0103minte, mod\u0103 \u0219i piele, produse \u0219i accesorii<\/p>\n<p style=\"text-align: center;\"><strong>10 &#8211; 12 decembrie 2024, Dubai<\/strong><\/p>\n<p style=\"text-align: center;\"><\/h2><span class=\"awb-title-spacer\"><\/span><div class=\"title-sep-container title-sep-container-right\"><div class=\"title-sep sep- sep-solid\" style=\"border-color:#e0dede;\"><\/div><\/div><\/div>\n<div class=\"fusion-sep-clear\"><\/div><div class=\"fusion-separator fusion-has-icon fusion-full-width-sep\" style=\"margin-left: auto;margin-right: auto;margin-top:20px;margin-bottom:20px;width:100%;\"><div class=\"fusion-separator-border sep-shadow\" style=\"--awb-height:20px;--awb-amount:20px;background:radial-gradient(ellipse at 50% -50% , #e0dede 0px, rgba(255, 255, 255, 0) 80%) repeat scroll 0 0 rgba(0, 0, 0, 0);background:-webkit-radial-gradient(ellipse at 50% -50% , #e0dede 0px, rgba(255, 255, 255, 0) 80%) repeat scroll 0 0 rgba(0, 0, 0, 0);background:-moz-radial-gradient(ellipse at 50% -50% , #e0dede 0px, rgba(255, 255, 255, 0) 80%) repeat scroll 0 0 rgba(0, 0, 0, 0);background:-o-radial-gradient(ellipse at 50% -50% , #e0dede 0px, rgba(255, 255, 255, 0) 80%) repeat scroll 0 0 rgba(0, 0, 0, 0);\"><\/div><span class=\"icon-wrapper\" style=\"border-color:#e0dede;background-color:rgba(255,255,255,0);font-size:16px;width: 1.75em; height: 1.75em;border-width:1px;padding:1px;\"><i class=\" fa fa-comment-o\" style=\"font-size: inherit;color:#e0dede;\" aria-hidden=\"true\"><\/i><\/span><div class=\"fusion-separator-border sep-shadow\" style=\"--awb-height:20px;--awb-amount:20px;background:radial-gradient(ellipse at 50% -50% , #e0dede 0px, rgba(255, 255, 255, 0) 80%) repeat scroll 0 0 rgba(0, 0, 0, 0);background:-webkit-radial-gradient(ellipse at 50% -50% , #e0dede 0px, rgba(255, 255, 255, 0) 80%) repeat scroll 0 0 rgba(0, 0, 0, 0);background:-moz-radial-gradient(ellipse at 50% -50% , #e0dede 0px, rgba(255, 255, 255, 0) 80%) repeat scroll 0 0 rgba(0, 0, 0, 0);background:-o-radial-gradient(ellipse at 50% -50% , #e0dede 0px, rgba(255, 255, 255, 0) 80%) repeat scroll 0 0 rgba(0, 0, 0, 0);\"><\/div><\/div><div class=\"fusion-sep-clear\"><\/div>\n<strong>DIFLEX 2024<\/strong> este unul dintre cele mai mari evenimente de profil din regiune, dedicat industriei de \u00eenc\u0103l\u021b\u0103minte \u0219i piele, care ofer\u0103 o platform\u0103 unic\u0103 pentru m\u0103rci de top din Dubai \u0219i Orientul Mijlociu, m\u0103rcile globale, produc\u0103torii \u0219i exportatorii de \u00eenc\u0103l\u021b\u0103minte, produse din piele \u0219i accesorii.<\/p>\n<p>Evenimentul reprezint\u0103 o oportunitate excelent\u0103 de a crea rela\u021bii cu lideri din industrie: designeri, produc\u0103tori \u0219i exportatori din industria \u00eenc\u0103l\u021b\u0103mintei \u0219i a pielii, oferind cadrul necesar pentru a discuta despre tendin\u021bele contemporane, pentru a crea noi conexiuni \u0219i parteneriate de lung\u0103 durat\u0103.<\/p>\n<p>Expozi\u021bia se va concentra pe prezentarea de \u00eenc\u0103l\u021b\u0103minte, piele \u0219i produse finite, componente pentru \u00eenc\u0103l\u021b\u0103minte, articole de \u00eembr\u0103c\u0103minte din piele, articole din piele \u0219i accesorii etc, iar expozantii vor expune o gam\u0103 de ni\u0219\u0103 \u0219i exclusiv\u0103 de produse sustenabile.<\/p>\n<p>Totodat\u0103, \u00een cadrul expozi\u021biei, vor fi amplasate pavilioane de \u021bar\u0103: Turcia \u2013 India \u2013 Egipt \u2013 Sri Lanka \u2013 Bangladesh \u2013 China.<\/p>\n<p><strong>Dat\u0103: <\/strong>10 &#8211; 12 decembrie 2024,<\/p>\n<p><strong>Loca\u021bie:<\/strong> Festival Arena, Festival City, Dubai<\/p>\n<p>Expozi\u021bia va avea loc la cele mai importante hoteluri Intercontinental din <strong>Dubai Festival City, Dubai, UAE<\/strong>.<\/p>\n<p>Situate \u00een destina\u021bia vibrant\u0103 de cump\u0103r\u0103turi, culinare \u0219i divertisment din Dubai, Hotelurile InterContinental din Dubai Festival City ofer\u0103 o gam\u0103 de experien\u021be rafinate la trei m\u0103rci distincte, \u00eenso\u021bite de locuri de luat masa premiate, facilit\u0103\u021bi de ultim\u0103 genera\u021bie pentru \u00eent\u00e2lniri \u0219i conferin\u021be, o gam\u0103 larg\u0103 de experien\u021be, op\u021biuni de petrecere a timpului liber \u0219i acces la Dubai Festival City Mall care g\u0103zduie\u0219te spectacolul IMAGINE cu ap\u0103, laser \u0219i foc. Afl\u0103 mai multe: <a href=\"http:\/\/www.dubaifestivalcityhotels.com\" target=\"_blank\" rel=\"noopener\">www.dubaifestivalcityhotels.com<\/a>.<\/p>\n<p><strong>Profilul expozi\u021biei: <\/strong><\/p>\n<ul>\n<li>\u00cenc\u0103l\u021b\u0103minte din piele: <em>Pantofi, Sandale, Papuci -Doamne, Barbati, Copii<\/em><\/li>\n<li>\u00cenc\u0103l\u021b\u0103minte f\u0103r\u0103 piele: <em>Pantofi, sandale, papuci \u2013 doamne, barbati, copii.<\/em><\/li>\n<li>Articole din piele \u0219i accesorii: <em>Gen\u021bi de m\u00e2n\u0103, posete, curele, pungi, m\u0103nu\u0219i, articole din piele, etc.<\/em><\/li>\n<li>\u00cembr\u0103c\u0103minte din piele: <em>Jachete, pantaloni, jachete pentru motociclete etc<\/em><\/li>\n<li>\u00cembr\u0103c\u0103minte din piele: <em>Jachete, pantaloni, jachete pentru motociclete etc<\/em><\/li>\n<li>Piele finisata: <em>Vaca, bivol, oaie, crocodil etc.<\/em><\/li>\n<li>Componentele produselor din piele \u0219i \u00eenc\u0103l\u021b\u0103mintei: <em>bucl\u0103, nasturi, petice, \u0219ireturi, t\u0103lpi etc<\/em><\/li>\n<li>Produse chimice: <em>acizi, coloran\u021bi etc<\/em><\/li>\n<li>Utilaje: <em>Ma\u0219in\u0103 de t\u0103b\u0103cit piele, ma\u0219in\u0103 de cusut, ma\u0219in\u0103 de finisat etc<\/em><em><br \/>\n<\/em><\/li>\n<\/ul>\n<p><strong>Profilul vizitatorului:<\/strong><\/p>\n<ul>\n<li>Branduri, Cumparare Case: Zara, Mango, Adidas etc,<\/li>\n<li>Lan\u021buri de v\u00e2nzare cu am\u0103nuntul \u0219i case de cump\u0103rare: <em>Grupul de \u00eembr\u0103c\u0103minte, Grupul Landmark etc,<\/em><\/li>\n<li>Magazine departamentale: Al Madina, Lulu, Carrefour etc,<\/li>\n<li>Angrosisti si distribuitori: <em>Gulab Group, Disha Impex etc.<\/em><\/li>\n<\/ul>\n<p><strong>Servicii \u0219i gratuit\u0103\u021bi acordate companiilor membre ale CCI Suceava, \u00een contextul parteneriatului cu <\/strong><strong>Beamexpo<\/strong><strong>, pentru participarea la t\u00e2rguri \u0219i expozi\u021bii <\/strong>interna\u021bionale<strong>:<\/strong><\/p>\n<ul>\n<li><span style=\"color: #ff0000;\"><strong>2 nop\u021bi (3 zile) de cazare gratuite \u00een Dubai, Emiratele Arabe Unite.<\/strong><\/span><\/li>\n<\/ul>\n<p><strong><span style=\"color: #000000;\">Inten\u021bia de participare \u00een cadrul evenimentelor se poate exprima prin completarea formularului disponibil<\/span> <a href=\"https:\/\/docs.google.com\/forms\/d\/1ENOaiFaCVWcmH8rnSg--RtOQHDgrUr2ZLBeBiRy3-Gk\/viewform\" target=\"_blank\" rel=\"noopener\">aici<\/a>.<\/strong><\/p>\n<\/div><\/div><\/div><\/div><\/div><\/div><div class=\"fusion-clearfix\"><\/div><\/div><\/div><div class=\"fusion-layout-column fusion_builder_column fusion-builder-column-8 fusion_builder_column_1_4 1_4 fusion-one-fourth fusion-column-first misiuni-block\" style=\"--awb-padding-top:25px;--awb-padding-right:25px;--awb-padding-bottom:25px;--awb-padding-left:25px;--awb-overflow:auto;--awb-bg-color:#ffffff;--awb-bg-color-hover:#ffffff;--awb-bg-size:cover;--awb-border-color:#dddddd;--awb-border-top:1px;--awb-border-right:1px;--awb-border-bottom:1px;--awb-border-left:1px;--awb-border-style:solid;width:22%; margin-right: 4%;\" data-scroll-devices=\"small-visibility,medium-visibility,large-visibility\"><div class=\"fusion-column-wrapper fusion-column-has-shadow fusion-flex-column-wrapper-legacy\"><div class=\"fusion-column-content-centered\"><div class=\"fusion-column-content\"><div class=\"fusion-content-boxes content-boxes columns row fusion-columns-1 fusion-columns-total-1 fusion-content-boxes-5 content-boxes-icon-on-top content-left\" style=\"--awb-margin-bottom:0px;--awb-hover-accent-color:var(--awb-color4);--awb-circle-hover-accent-color:var(--awb-color4);--awb-item-margin-bottom:40px;\" data-animationOffset=\"top-into-view\"><div style=\"--awb-backgroundcolor:transparent;\" class=\"fusion-column content-box-column content-box-column content-box-column-1 col-lg-12 col-md-12 col-sm-12 fusion-content-box-hover content-box-column-last content-box-column-last-in-row\"><div class=\"col content-box-wrapper content-wrapper link-area-box icon-hover-animation-fade\" data-animationOffset=\"top-into-view\"><div class=\"fusion-clearfix\"><\/div><div class=\"content-container\">\n<a class=\"fusion-modal-text-link\" data-toggle=\"modal\" data-target=\".fusion-modal.ibia-expo\" href=\"#\">\n<p><img decoding=\"async\" class=\"alignnone size-fusion-600 wp-image-52889\" src=\"https:\/\/ccisv.ro\/content\/wp-content\/uploads\/2024\/09\/image001-600x600.jpg\" alt=\"\" width=\"600\" height=\"600\" srcset=\"https:\/\/ccisv.ro\/content\/wp-content\/uploads\/2024\/09\/image001-66x66.jpg 66w, https:\/\/ccisv.ro\/content\/wp-content\/uploads\/2024\/09\/image001-150x150.jpg 150w, https:\/\/ccisv.ro\/content\/wp-content\/uploads\/2024\/09\/image001-200x200.jpg 200w, https:\/\/ccisv.ro\/content\/wp-content\/uploads\/2024\/09\/image001-300x300.jpg 300w, https:\/\/ccisv.ro\/content\/wp-content\/uploads\/2024\/09\/image001-400x400.jpg 400w, https:\/\/ccisv.ro\/content\/wp-content\/uploads\/2024\/09\/image001-500x500.jpg 500w, https:\/\/ccisv.ro\/content\/wp-content\/uploads\/2024\/09\/image001-600x600.jpg 600w, https:\/\/ccisv.ro\/content\/wp-content\/uploads\/2024\/09\/image001.jpg 627w\" sizes=\"(max-width: 600px) 100vw, 600px\" \/><\/p>\n<\/a>\n<\/div><\/div><\/div><div class=\"fusion-clearfix\"><\/div><\/div><div class=\"fusion-modal modal fade modal-5 ibia-expo cursuri-mod\" tabindex=\"-1\" role=\"dialog\" aria-labelledby=\"modal-heading-5\" aria-hidden=\"true\" style=\"--awb-border-color:#ffffff;--awb-background:#ffffff;\"><div class=\"modal-dialog modal-lg\" role=\"document\"><div class=\"modal-content fusion-modal-content\"><div class=\"modal-header\"><button class=\"close\" type=\"button\" data-dismiss=\"modal\" aria-hidden=\"true\" aria-label=\"Close\">&times;<\/button><h3 class=\"modal-title\" id=\"modal-heading-5\" data-dismiss=\"modal\" aria-hidden=\"true\"><\/h3><\/div><div class=\"modal-body fusion-clearfix\"><div class=\"fusion-title title fusion-title-8 fusion-title-center fusion-title-text fusion-title-size-two\"><div class=\"title-sep-container title-sep-container-left\"><div class=\"title-sep sep- sep-solid\" style=\"border-color:#e0dede;\"><\/div><\/div><span class=\"awb-title-spacer\"><\/span><h2 class=\"fusion-title-heading title-heading-center\" style=\"margin:0;\"><p style=\"text-align: center;\"><a href=\"https:\/\/ibiaexpo.com\/en\/\" target=\"_blank\" rel=\"noopener\"><strong>IBIA<\/strong><strong> EXPO 2024<\/strong><\/a><\/p>\n<p style=\"text-align: center;\">T\u00e2rgul interna\u021bional dedicat industriei, tehnologiilor \u0219i furnizorilor de saltele Edi\u021bia a III-a<\/p>\n<p style=\"text-align: center;\"><strong>25-28 SEPTEMBRIE 2024, Centrul de expozi\u021bii din Istanbul, TURCIA<\/strong><\/p><\/h2><span class=\"awb-title-spacer\"><\/span><div class=\"title-sep-container title-sep-container-right\"><div class=\"title-sep sep- sep-solid\" style=\"border-color:#e0dede;\"><\/div><\/div><\/div>\n<div class=\"fusion-sep-clear\"><\/div><div class=\"fusion-separator fusion-has-icon fusion-full-width-sep\" style=\"margin-left: auto;margin-right: auto;margin-top:20px;margin-bottom:20px;width:100%;\"><div class=\"fusion-separator-border sep-shadow\" style=\"--awb-height:20px;--awb-amount:20px;background:radial-gradient(ellipse at 50% -50% , #e0dede 0px, rgba(255, 255, 255, 0) 80%) repeat scroll 0 0 rgba(0, 0, 0, 0);background:-webkit-radial-gradient(ellipse at 50% -50% , #e0dede 0px, rgba(255, 255, 255, 0) 80%) repeat scroll 0 0 rgba(0, 0, 0, 0);background:-moz-radial-gradient(ellipse at 50% -50% , #e0dede 0px, rgba(255, 255, 255, 0) 80%) repeat scroll 0 0 rgba(0, 0, 0, 0);background:-o-radial-gradient(ellipse at 50% -50% , #e0dede 0px, rgba(255, 255, 255, 0) 80%) repeat scroll 0 0 rgba(0, 0, 0, 0);\"><\/div><span class=\"icon-wrapper\" style=\"border-color:#e0dede;background-color:rgba(255,255,255,0);font-size:16px;width: 1.75em; height: 1.75em;border-width:1px;padding:1px;\"><i class=\" fa fa-comment-o\" style=\"font-size: inherit;color:#e0dede;\" aria-hidden=\"true\"><\/i><\/span><div class=\"fusion-separator-border sep-shadow\" style=\"--awb-height:20px;--awb-amount:20px;background:radial-gradient(ellipse at 50% -50% , #e0dede 0px, rgba(255, 255, 255, 0) 80%) repeat scroll 0 0 rgba(0, 0, 0, 0);background:-webkit-radial-gradient(ellipse at 50% -50% , #e0dede 0px, rgba(255, 255, 255, 0) 80%) repeat scroll 0 0 rgba(0, 0, 0, 0);background:-moz-radial-gradient(ellipse at 50% -50% , #e0dede 0px, rgba(255, 255, 255, 0) 80%) repeat scroll 0 0 rgba(0, 0, 0, 0);background:-o-radial-gradient(ellipse at 50% -50% , #e0dede 0px, rgba(255, 255, 255, 0) 80%) repeat scroll 0 0 rgba(0, 0, 0, 0);\"><\/div><\/div><div class=\"fusion-sep-clear\"><\/div>\n<strong>T\u00e2rgul interna\u021bional dedicat industriei, tehnologiilor \u0219i furnizorilor de saltele <\/strong><a href=\"https:\/\/ibiaexpo.com\/en\/\" target=\"_blank\" rel=\"noopener\"><strong>IBIA Expo<\/strong><\/a> \u00ee\u0219i va deschide por\u021bile industriei profesioni\u0219ti cu participarea a peste 300 de companii \u0219i produc\u0103tori de top, cu mii de vizitatori din \u021b\u0103rile cump\u0103r\u0103tori \u021bint\u0103 care vor fi g\u0103zdui\u021bi la Expozi\u021bia de la Istanbul<\/p>\n<p><strong>Produse \u0219i tehnologii prezentate \u00een cadrul evenimentului:<\/strong><\/p>\n<ul>\n<li>\u021bes\u0103turi pentru a\u0219ternut, m\u00e2nere, mecanisme mobile,<\/li>\n<li>\u021bes\u0103turi ne\u021besute, fibre, lipici pentru a\u0219ternut, arcuri de pachete, burete, produse de ambalare, a\u0219ternuturi,<\/li>\n<li>fermoare, huse de pat, textile de cas\u0103, pilote, linii de produc\u021bie \u0219i ambalare de lenjerii de pat,<\/li>\n<li>ma\u0219ini, ma\u0219ini de burete, de pilote, de tipar cu arc, linii automate de lipici,<\/li>\n<li>pistoale de topire la cald, capsule de lenjerie de pat, etichete de lenjerie de pat.<\/li>\n<\/ul>\n<p><strong>Data:<\/strong> 25-28 septembrie 2024<\/p>\n<p><strong>Loca\u021bia:<\/strong> Zona \u0130FM \u2013 \u0130stanbul Expo Center, S\u0103lile 4-5-6-7-8<\/p>\n<p>IBIA EXPO 2024 se preg\u0103te\u0219te s\u0103 fie un eveniment important pentru profesioni\u0219tii din industrie, oferind o viziune cuprinz\u0103toare asupra celor mai recente progrese \u0219i tendin\u021be din industria furniz\u0103rii de saltele.<\/p>\n<p>Evenimentul va g\u0103zdui o re\u021bea larg\u0103 de vizitatori, oferind oportunit\u0103\u021bi extinse pentru crearea de re\u021bele de afaceri \u0219i informa\u021bii despre industrie, iar expozan\u021bii vor prezenta cele mai noi produse, materiale inovatoare, componente \u0219i tehnologii.<\/p>\n<p><strong>Servicii \u0219i gratuit\u0103\u021bi acordate companiilor membre ale CCI Suceava, \u00een contextul parteneriatului cu <\/strong><strong>Beamexpo<\/strong><strong>, pentru participarea la t\u00e2rguri \u0219i expozi\u021bii interna\u021bionale:<\/strong><\/p>\n<ul>\n<li><span style=\"color: #ff0000;\"><strong>3 nop\u021bi (4 zile) de cazare gratuite \u00een Istanbul, Turcia.<\/strong><\/span><\/li>\n<\/ul>\n<p><strong><span style=\"color: #000000;\">Inten\u021bia de participare \u00een cadrul evenimentelor se poate exprima prin completarea formularului disponibil<\/span> <a href=\"https:\/\/docs.google.com\/forms\/d\/1ENOaiFaCVWcmH8rnSg--RtOQHDgrUr2ZLBeBiRy3-Gk\/viewform\" target=\"_blank\" rel=\"noopener\">aici<\/a>.<\/strong><\/div><\/div><\/div><\/div><\/div><\/div><div class=\"fusion-clearfix\"><\/div><\/div><\/div><div class=\"fusion-layout-column fusion_builder_column fusion-builder-column-9 fusion_builder_column_1_4 1_4 fusion-one-fourth misiuni-block\" style=\"--awb-padding-top:25px;--awb-padding-right:25px;--awb-padding-bottom:25px;--awb-padding-left:25px;--awb-bg-color:#ffffff;--awb-bg-color-hover:#ffffff;--awb-bg-size:cover;--awb-border-color:#dddddd;--awb-border-top:1px;--awb-border-right:1px;--awb-border-bottom:1px;--awb-border-left:1px;--awb-border-style:solid;width:22%; margin-right: 4%;\" data-scroll-devices=\"small-visibility,medium-visibility,large-visibility\"><div class=\"fusion-column-wrapper fusion-column-has-shadow fusion-flex-column-wrapper-legacy\"><div class=\"fusion-column-content-centered\"><div class=\"fusion-column-content\"><div class=\"fusion-content-boxes content-boxes columns row fusion-columns-1 fusion-columns-total-1 fusion-content-boxes-6 content-boxes-icon-on-top content-left\" style=\"--awb-margin-bottom:0px;--awb-hover-accent-color:var(--awb-color4);--awb-circle-hover-accent-color:var(--awb-color4);--awb-item-margin-bottom:40px;\" data-animationOffset=\"top-into-view\"><div style=\"--awb-backgroundcolor:transparent;\" class=\"fusion-column content-box-column content-box-column content-box-column-1 col-lg-12 col-md-12 col-sm-12 fusion-content-box-hover content-box-column-last content-box-column-last-in-row\"><div class=\"col content-box-wrapper content-wrapper link-area-box icon-hover-animation-fade\" data-animationOffset=\"top-into-view\"><div class=\"fusion-clearfix\"><\/div><div class=\"content-container\">\n<a class=\"fusion-modal-text-link\" data-toggle=\"modal\" data-target=\".fusion-modal.modef-expo\" href=\"#\">\n<p><img decoding=\"async\" class=\"alignnone size-fusion-600 wp-image-52890\" src=\"https:\/\/ccisv.ro\/content\/wp-content\/uploads\/2024\/09\/image002-600x600.jpg\" alt=\"\" width=\"600\" height=\"600\" srcset=\"https:\/\/ccisv.ro\/content\/wp-content\/uploads\/2024\/09\/image002-66x66.jpg 66w, https:\/\/ccisv.ro\/content\/wp-content\/uploads\/2024\/09\/image002-150x150.jpg 150w, https:\/\/ccisv.ro\/content\/wp-content\/uploads\/2024\/09\/image002-200x200.jpg 200w, https:\/\/ccisv.ro\/content\/wp-content\/uploads\/2024\/09\/image002-300x300.jpg 300w, https:\/\/ccisv.ro\/content\/wp-content\/uploads\/2024\/09\/image002-400x400.jpg 400w, https:\/\/ccisv.ro\/content\/wp-content\/uploads\/2024\/09\/image002-500x500.jpg 500w, https:\/\/ccisv.ro\/content\/wp-content\/uploads\/2024\/09\/image002-600x600.jpg 600w, https:\/\/ccisv.ro\/content\/wp-content\/uploads\/2024\/09\/image002.jpg 627w\" sizes=\"(max-width: 600px) 100vw, 600px\" \/><\/p>\n<\/a>\n<\/div><\/div><\/div><div class=\"fusion-clearfix\"><\/div><\/div><div class=\"fusion-modal modal fade modal-6 modef-expo cursuri-mod\" tabindex=\"-1\" role=\"dialog\" aria-labelledby=\"modal-heading-6\" aria-hidden=\"true\" style=\"--awb-border-color:#ffffff;--awb-background:#ffffff;\"><div class=\"modal-dialog modal-lg\" role=\"document\"><div class=\"modal-content fusion-modal-content\"><div class=\"modal-header\"><button class=\"close\" type=\"button\" data-dismiss=\"modal\" aria-hidden=\"true\" aria-label=\"Close\">&times;<\/button><h3 class=\"modal-title\" id=\"modal-heading-6\" data-dismiss=\"modal\" aria-hidden=\"true\"><\/h3><\/div><div class=\"modal-body fusion-clearfix\"><div class=\"fusion-title title fusion-title-9 fusion-title-center fusion-title-text fusion-title-size-two\"><div class=\"title-sep-container title-sep-container-left\"><div class=\"title-sep sep- sep-solid\" style=\"border-color:#e0dede;\"><\/div><\/div><span class=\"awb-title-spacer\"><\/span><h2 class=\"fusion-title-heading title-heading-center\" style=\"margin:0;\"><p style=\"text-align: center;\"><a href=\"https:\/\/www.modef.com.tr\/en\/\" target=\"_blank\" rel=\"noopener\"><strong>AESTETICHS AND INOVATION &#8211; MODEF EXPO<\/strong><\/a><\/p>\n<p style=\"text-align: center;\">Cea de-a 51-a edi\u021bie a T\u00e2rgului Interna\u021bional de Mobil\u0103 \u0130neg\u00f6l<\/p>\n<p style=\"text-align: center;\"><strong>01-05 octombrie 2024, Centrul de t\u00e2rguri Modef, Parcul Hikmet \u015eahin, \u0130neg\u00f6l \/ Bursa<\/strong><\/p><\/h2><span class=\"awb-title-spacer\"><\/span><div class=\"title-sep-container title-sep-container-right\"><div class=\"title-sep sep- sep-solid\" style=\"border-color:#e0dede;\"><\/div><\/div><\/div>\n<div class=\"fusion-sep-clear\"><\/div><div class=\"fusion-separator fusion-has-icon fusion-full-width-sep\" style=\"margin-left: auto;margin-right: auto;margin-top:20px;margin-bottom:20px;width:100%;\"><div class=\"fusion-separator-border sep-shadow\" style=\"--awb-height:20px;--awb-amount:20px;background:radial-gradient(ellipse at 50% -50% , #e0dede 0px, rgba(255, 255, 255, 0) 80%) repeat scroll 0 0 rgba(0, 0, 0, 0);background:-webkit-radial-gradient(ellipse at 50% -50% , #e0dede 0px, rgba(255, 255, 255, 0) 80%) repeat scroll 0 0 rgba(0, 0, 0, 0);background:-moz-radial-gradient(ellipse at 50% -50% , #e0dede 0px, rgba(255, 255, 255, 0) 80%) repeat scroll 0 0 rgba(0, 0, 0, 0);background:-o-radial-gradient(ellipse at 50% -50% , #e0dede 0px, rgba(255, 255, 255, 0) 80%) repeat scroll 0 0 rgba(0, 0, 0, 0);\"><\/div><span class=\"icon-wrapper\" style=\"border-color:#e0dede;background-color:rgba(255,255,255,0);font-size:16px;width: 1.75em; height: 1.75em;border-width:1px;padding:1px;\"><i class=\" fa fa-comment-o\" style=\"font-size: inherit;color:#e0dede;\" aria-hidden=\"true\"><\/i><\/span><div class=\"fusion-separator-border sep-shadow\" style=\"--awb-height:20px;--awb-amount:20px;background:radial-gradient(ellipse at 50% -50% , #e0dede 0px, rgba(255, 255, 255, 0) 80%) repeat scroll 0 0 rgba(0, 0, 0, 0);background:-webkit-radial-gradient(ellipse at 50% -50% , #e0dede 0px, rgba(255, 255, 255, 0) 80%) repeat scroll 0 0 rgba(0, 0, 0, 0);background:-moz-radial-gradient(ellipse at 50% -50% , #e0dede 0px, rgba(255, 255, 255, 0) 80%) repeat scroll 0 0 rgba(0, 0, 0, 0);background:-o-radial-gradient(ellipse at 50% -50% , #e0dede 0px, rgba(255, 255, 255, 0) 80%) repeat scroll 0 0 rgba(0, 0, 0, 0);\"><\/div><\/div><div class=\"fusion-sep-clear\"><\/div>\nOra\u0219ul \u0130neg\u00f6l este unul dintre cele mai mari centre de produc\u021bie de mobil\u0103 din Europa de Est.<\/p>\n<p>Industria mobilei din ora\u0219ul turcesc \u0130negol, se m\u00e2ndre\u0219te cu o istorie bogat\u0103 de peste 100 de ani \u00een produc\u021bie. Aceast\u0103 mo\u0219tenire de lung\u0103 durat\u0103 combin\u0103 experien\u021ba \u0219i cuno\u0219tin\u021bele vaste, permi\u021b\u00e2nd crearea de mobilier de \u00eenalt\u0103 calitate. \u00cembin\u00e2nd m\u0103iestria tradi\u021bional\u0103 cu tehnologia modern\u0103, produc\u0103torii \u0219i designerii de mobil\u0103 ai ora\u0219ului \u0130neg\u00f6l \u00ee\u0219i propun \u00een mod constant s\u0103 ofere solu\u021bii inovatoare pentru modelarea viitorului industriei de mobilier.<\/p>\n<p>Av\u00e2nd o re\u021bea extins\u0103 pe 5 zone industriale organizate \u0219i peste 3000 de companii produc\u0103toare de mobil\u0103, cu diferite capacit\u0103\u021bi \u0219i capacit\u0103\u021bi de produc\u021bie, ora\u0219ul \u0130neg\u00f6l joac\u0103 un rol semnificativ \u00een domeniul industriei, fiind un hub central pentru produc\u021bie. Structura sa pe scar\u0103 larg\u0103 \u00een industrie permite producerea de produse inovatoare \u0219i de \u00eenalt\u0103 calitate.<\/p>\n<p>Facilit\u0103\u021bile de produc\u021bie avansate din regiune sunt renumite pentru capacitatea lor ridicat\u0103 \u0219i standardele de calitate. Cu zone extinse de produc\u021bie, \u0130neg\u00f6l de\u021bine o pozi\u021bie de lider \u00een industrie \u0219i se remarc\u0103 prin unit\u0103\u021bile sale de produc\u021bie moderne care acoper\u0103 peste 10 milioane de metri p\u0103tra\u021bi.<\/p>\n<p><strong>Data t\u00e2rgului:<\/strong> 01-05 octombrie 2024<\/p>\n<p><strong>Loca\u021bia:<\/strong> Centrul de t\u00e2rguri Modef, Parcul Hikmet \u015eahin, \u0130neg\u00f6l \/ Bursa,<\/p>\n<p>Kemalpa\u015fa, Okul Cd. Nr:11, \u0130neg\u00f6l\/Bursa\/T\u00fcrkiye<\/p>\n<p><strong>Suprafa\u021ba t\u00e2rgului:<\/strong> 28.000 m\u00b2<\/p>\n<p><strong>Programul vizitatorilor:<\/strong> 10:00 &#8211; 18:00<\/p>\n<p><strong>\u00cen cadrul t\u00e2rgului, participan\u021bii vor putea g\u0103si produse \u0219i servicii din industria de mobilier precum: <\/strong><\/p>\n<ul>\n<li>dormitoare moderne, clasice \u0219i de avangard\u0103 \u2022 sufragerie \u2022 camere pentru copii, copii \u0219i tineri<\/li>\n<li>mobilier de perete \u0219i TV \u2022 mese \u0219i scaune \u2022 mobilier de birou \u2022 paturi \u0219i baze \u2022 accesorii pentru mobil\u0103<\/li>\n<li>decora\u021biuni \u2022 Publica\u0163ii sectoriale \u2022 Camere, asocia\u021bii \u0219i institute academice<\/li>\n<li>Tot ce este legat de mobilier \u0219i decora\u021biuni<\/li>\n<\/ul>\n<p><strong>\u00cen cadrul t\u00e2rgului sunt a\u0219tepta\u021bi:<\/strong><\/p>\n<ul>\n<li>Exportatori\/ Importatori \u2022 Candida\u021bii dealer \u2022 Angrosi\u0219ti de mobil\u0103<\/li>\n<\/ul>\n<p><strong>Servicii \u0219i gratuit\u0103\u021bi acordate companiilor membre ale CCI Suceava, \u00een contextul parteneriatului cu <\/strong><span style=\"color: #1e73be;\"><strong>Beamexpo<\/strong><\/span><strong>, pentru participarea la t\u00e2rguri \u0219i expozi\u021bii <\/strong>interna\u021bionale<strong>:<\/strong><\/p>\n<ul>\n<li><span style=\"color: #ff0000;\"><strong>3 nop\u021bi (4 zile) de cazare gratuite \u00een Istanbul, Turcia.<\/strong><\/span><\/li>\n<\/ul>\n<p><strong><span style=\"color: #000000;\">Inten\u021bia de participare \u00een cadrul evenimentelor se poate exprima prin completarea formularului disponibil<\/span> <a href=\"https:\/\/docs.google.com\/forms\/d\/1ENOaiFaCVWcmH8rnSg--RtOQHDgrUr2ZLBeBiRy3-Gk\/viewform\" target=\"_blank\" rel=\"noopener\">aici<\/a>.<\/strong><\/div><\/div><\/div><\/div><\/div><\/div><div class=\"fusion-clearfix\"><\/div><\/div><\/div><div class=\"fusion-layout-column fusion_builder_column fusion-builder-column-10 fusion_builder_column_1_4 1_4 fusion-one-fourth misiuni-block\" style=\"--awb-padding-top:25px;--awb-padding-right:25px;--awb-padding-bottom:25px;--awb-padding-left:25px;--awb-bg-color:#ffffff;--awb-bg-color-hover:#ffffff;--awb-bg-size:cover;--awb-border-color:#dddddd;--awb-border-top:1px;--awb-border-right:1px;--awb-border-bottom:1px;--awb-border-left:1px;--awb-border-style:solid;width:22%; margin-right: 4%;\" data-scroll-devices=\"small-visibility,medium-visibility,large-visibility\"><div class=\"fusion-column-wrapper fusion-column-has-shadow fusion-flex-column-wrapper-legacy\"><div class=\"fusion-column-content-centered\"><div class=\"fusion-column-content\"><div class=\"fusion-content-boxes content-boxes columns row fusion-columns-1 fusion-columns-total-1 fusion-content-boxes-7 content-boxes-icon-on-top content-left\" style=\"--awb-margin-bottom:0px;--awb-hover-accent-color:var(--awb-color4);--awb-circle-hover-accent-color:var(--awb-color4);--awb-item-margin-bottom:40px;\" data-animationOffset=\"top-into-view\"><div style=\"--awb-backgroundcolor:transparent;\" class=\"fusion-column content-box-column content-box-column content-box-column-1 col-lg-12 col-md-12 col-sm-12 fusion-content-box-hover content-box-column-last content-box-column-last-in-row\"><div class=\"col content-box-wrapper content-wrapper link-area-box icon-hover-animation-fade\" data-animationOffset=\"top-into-view\"><div class=\"fusion-clearfix\"><\/div><div class=\"content-container\">\n<a class=\"fusion-modal-text-link\" data-toggle=\"modal\" data-target=\".fusion-modal.intertex-tunisia\" href=\"#\">\n<p><img decoding=\"async\" class=\"alignnone size-fusion-600 wp-image-52891\" src=\"https:\/\/ccisv.ro\/content\/wp-content\/uploads\/2024\/09\/image003-600x600.jpg\" alt=\"\" width=\"600\" height=\"600\" srcset=\"https:\/\/ccisv.ro\/content\/wp-content\/uploads\/2024\/09\/image003-66x66.jpg 66w, https:\/\/ccisv.ro\/content\/wp-content\/uploads\/2024\/09\/image003-150x150.jpg 150w, https:\/\/ccisv.ro\/content\/wp-content\/uploads\/2024\/09\/image003-200x200.jpg 200w, https:\/\/ccisv.ro\/content\/wp-content\/uploads\/2024\/09\/image003-300x300.jpg 300w, https:\/\/ccisv.ro\/content\/wp-content\/uploads\/2024\/09\/image003-400x400.jpg 400w, https:\/\/ccisv.ro\/content\/wp-content\/uploads\/2024\/09\/image003-500x500.jpg 500w, https:\/\/ccisv.ro\/content\/wp-content\/uploads\/2024\/09\/image003-600x600.jpg 600w, https:\/\/ccisv.ro\/content\/wp-content\/uploads\/2024\/09\/image003.jpg 626w\" sizes=\"(max-width: 600px) 100vw, 600px\" \/><\/p>\n<\/a>\n<\/div><\/div><\/div><div class=\"fusion-clearfix\"><\/div><\/div><div class=\"fusion-modal modal fade modal-7 intertex-tunisia cursuri-mod\" tabindex=\"-1\" role=\"dialog\" aria-labelledby=\"modal-heading-7\" aria-hidden=\"true\" style=\"--awb-border-color:#ffffff;--awb-background:#ffffff;\"><div class=\"modal-dialog modal-lg\" role=\"document\"><div class=\"modal-content fusion-modal-content\"><div class=\"modal-header\"><button class=\"close\" type=\"button\" data-dismiss=\"modal\" aria-hidden=\"true\" aria-label=\"Close\">&times;<\/button><h3 class=\"modal-title\" id=\"modal-heading-7\" data-dismiss=\"modal\" aria-hidden=\"true\"><\/h3><\/div><div class=\"modal-body fusion-clearfix\"><div class=\"fusion-title title fusion-title-10 fusion-title-center fusion-title-text fusion-title-size-two\"><div class=\"title-sep-container title-sep-container-left\"><div class=\"title-sep sep- sep-solid\" style=\"border-color:#e0dede;\"><\/div><\/div><span class=\"awb-title-spacer\"><\/span><h2 class=\"fusion-title-heading title-heading-center\" style=\"margin:0;\"><p style=\"text-align: center;\"><strong>Expozi\u021bia de textile <\/strong><a href=\"https:\/\/www.intertextunisia.com\/\" target=\"_blank\" rel=\"noopener\"><strong>INTERTEX TUNISIA<\/strong><\/a><\/p>\n<p style=\"text-align: center;\"><strong>17-19 octombrie 2024, Foire Internationale de Sousse, Tunisia<\/strong><\/p><\/h2><span class=\"awb-title-spacer\"><\/span><div class=\"title-sep-container title-sep-container-right\"><div class=\"title-sep sep- sep-solid\" style=\"border-color:#e0dede;\"><\/div><\/div><\/div>\n<div class=\"fusion-sep-clear\"><\/div><div class=\"fusion-separator fusion-has-icon fusion-full-width-sep\" style=\"margin-left: auto;margin-right: auto;margin-top:20px;margin-bottom:20px;width:100%;\"><div class=\"fusion-separator-border sep-shadow\" style=\"--awb-height:20px;--awb-amount:20px;background:radial-gradient(ellipse at 50% -50% , #e0dede 0px, rgba(255, 255, 255, 0) 80%) repeat scroll 0 0 rgba(0, 0, 0, 0);background:-webkit-radial-gradient(ellipse at 50% -50% , #e0dede 0px, rgba(255, 255, 255, 0) 80%) repeat scroll 0 0 rgba(0, 0, 0, 0);background:-moz-radial-gradient(ellipse at 50% -50% , #e0dede 0px, rgba(255, 255, 255, 0) 80%) repeat scroll 0 0 rgba(0, 0, 0, 0);background:-o-radial-gradient(ellipse at 50% -50% , #e0dede 0px, rgba(255, 255, 255, 0) 80%) repeat scroll 0 0 rgba(0, 0, 0, 0);\"><\/div><span class=\"icon-wrapper\" style=\"border-color:#e0dede;background-color:rgba(255,255,255,0);font-size:16px;width: 1.75em; height: 1.75em;border-width:1px;padding:1px;\"><i class=\" fa fa-comment-o\" style=\"font-size: inherit;color:#e0dede;\" aria-hidden=\"true\"><\/i><\/span><div class=\"fusion-separator-border sep-shadow\" style=\"--awb-height:20px;--awb-amount:20px;background:radial-gradient(ellipse at 50% -50% , #e0dede 0px, rgba(255, 255, 255, 0) 80%) repeat scroll 0 0 rgba(0, 0, 0, 0);background:-webkit-radial-gradient(ellipse at 50% -50% , #e0dede 0px, rgba(255, 255, 255, 0) 80%) repeat scroll 0 0 rgba(0, 0, 0, 0);background:-moz-radial-gradient(ellipse at 50% -50% , #e0dede 0px, rgba(255, 255, 255, 0) 80%) repeat scroll 0 0 rgba(0, 0, 0, 0);background:-o-radial-gradient(ellipse at 50% -50% , #e0dede 0px, rgba(255, 255, 255, 0) 80%) repeat scroll 0 0 rgba(0, 0, 0, 0);\"><\/div><\/div><div class=\"fusion-sep-clear\"><\/div>\n<a href=\"https:\/\/www.intertextunisia.com\/\" target=\"_blank\" rel=\"noopener\">Intertex Tunisia<\/a> este una dintre cele mai important\u0103 expozi\u021bii de textile din Africa de Nord, oferind o platform\u0103 unic\u0103 pentru a explora pia\u021ba, a stabili noi conexiuni, a extinde oportunit\u0103\u021bile de afaceri \u0219i a r\u0103m\u00e2ne actualizat cu ultimele tendin\u021be din industria textil\u0103.<\/p>\n<p><strong>Dat\u0103: 17-19 octombrie 2024, <\/strong><\/p>\n<p><strong>Loca\u021bie: <\/strong><strong>Foire Internationale de Sousse, Tunisia<\/strong> (Zona Sidi Abdelahamid, Rue hedi Bouslama, Sousse, Tunisia, 5000)<\/p>\n<p><strong>Grupuri de produse \u00een cadrul expozi\u021biei:<\/strong><\/p>\n<ul>\n<li>Sec\u021biune \u201dGata de purtat\u201d<\/li>\n<li>\u021aes\u0103turi,<\/li>\n<li>Fibre, fire \u0219i materii prime<\/li>\n<li>L\u00e2n\u0103, m\u0103tase, dantel\u0103, broderie,<\/li>\n<li>\u021aes\u0103turi \u0219i \u021bes\u0103tori din denim,<\/li>\n<li>\u021aes\u0103turi de c\u0103m\u0103\u0219i colorate,<\/li>\n<li>Nasturi, fermoare, alte tipuri de accesorii,<\/li>\n<li>Imprimare digital\u0103,<\/li>\n<li>Utilaje textile,<\/li>\n<li>Textile de cas\u0103.<\/li>\n<\/ul>\n<p><strong>PROFILUL VIZITATORULUI:<\/strong><\/p>\n<ul>\n<li>Proprietari de m\u0103rci \u0219i etichete, designeri \u0219i proprietari de studiouri de design,<\/li>\n<li>Produc\u0103tori \u0219i cump\u0103r\u0103tori, fabrici de textile, branduri de denim,<\/li>\n<li>Importatori \u0219i distribuitori, comercian\u021bi cu am\u0103nuntul \u0219i angrosi\u0219ti,<\/li>\n<li>Agen\u021bii, reprezentan\u021bii organismelor comerciale \u0219i birouri de aprovizionare,<\/li>\n<li>Camere de Comer\u021b \u0219i Asocia\u021bii, reprezentan\u021bii presei, \u0219.a.<\/li>\n<\/ul>\n<p><strong>De ce s\u0103 participi:<\/strong><\/p>\n<ul>\n<li><strong>Expunerea la pia\u021b\u0103: <\/strong>Intertex Tunisia atrage o gam\u0103 larg\u0103 de vizitatori, inclusiv comercian\u021bi cu am\u0103nuntul, angrosisti, distribuitori, designeri \u0219i profesioni\u0219ti din industrie din \u00eentreaga lume. Expun\u00e2nd la aceste t\u00e2rguri, pute\u021bi ob\u021bine o expunere semnificativ\u0103 fa\u021b\u0103 de poten\u021bialii clien\u021bi \u0219i factori de decizie cheie din industrie.<\/li>\n<li><strong>Oportunit\u0103\u021bi de re\u021bea: <\/strong>Intertex Tunisia serve\u0219te ca un hub pentru crearea de re\u021bele \u0219i construirea de conexiuni de afaceri valoroase. Expozan\u021bii pot avea ocazia s\u0103 se \u00eent\u00e2lneasc\u0103 cu profesioni\u0219ti din industrie, cump\u0103r\u0103tori, furnizori \u0219i colaboratori, ceea ce va duce la noi oportunit\u0103\u021bi de afaceri.<\/li>\n<li><strong>Cercetare de pia\u021b\u0103 \u0219i perspective: <\/strong>Expun\u00e2nd la Intertex Tunisia, pute\u021bi aduna studii de pia\u021b\u0103 \u0219i pute\u021bi ob\u021bine informa\u021bii despre cele mai recente tendin\u021be din industrie, preferin\u021bele consumatorilor \u0219i ofertele concuren\u021bilor. Pute\u021bi oferi o oportunitate de a observa dinamica pie\u021bei, de a evalua produsele \u0219i de a \u00eenv\u0103\u021ba de la liderii din industrie, ceea ce poate fi valoros pentru planificarea strategic\u0103 \u0219i dezvoltarea produselor.<\/li>\n<li><strong>Vizibilitatea \u0219i recunoa\u0219terea m\u0103rcii: <\/strong>Pute\u021bi s\u0103 v\u0103 \u00eembun\u0103t\u0103\u021bi\u021bi vizibilitatea m\u0103rcii \u0219i s\u0103 stabili\u021bi prezen\u021ba companiei dumneavoastr\u0103 pe pia\u021ba din Tunisia. V\u0103 pute\u021bi prezenta produsele, inova\u021biile \u0219i identitatea m\u0103rcii unui public vizat. Aceast\u0103 expunere poate duce la o recunoa\u0219tere sporit\u0103 a m\u0103rcii, credibilitate \u0219i con\u0219tientizare \u00een r\u00e2ndul poten\u021bialilor clien\u021bi \u0219i p\u0103r\u021bilor interesate din industrie.<\/li>\n<\/ul>\n<p>Nu rata\u021bi aceast\u0103 oportunitate de a face parte dintr-un eveniment important care reune\u0219te profesioni\u0219ti din industrie, designeri textile \u0219i pasiona\u021bi de mod\u0103 din \u00eentreaga lume.<\/p>\n<p><strong>Servicii \u0219i gratuit\u0103\u021bi acordate companiilor membre ale CCI Suceava, \u00een contextul parteneriatului cu <\/strong><strong>Beamexpo<\/strong><strong>, pentru participarea la t\u00e2rguri \u0219i expozi\u021bii <\/strong>interna\u021bionale<strong>:<\/strong><\/p>\n<ul>\n<li><span style=\"color: #ff0000;\"><strong>2 nop\u021bi (3 zile) de cazare gratuite \u00een Tunisia<\/strong><\/span><\/li>\n<\/ul>\n<p><strong><span style=\"color: #000000;\">Inten\u021bia de participare \u00een cadrul evenimentelor se poate exprima prin completarea formularului disponibil<\/span> <a href=\"https:\/\/docs.google.com\/forms\/d\/1ENOaiFaCVWcmH8rnSg--RtOQHDgrUr2ZLBeBiRy3-Gk\/viewform\" target=\"_blank\" rel=\"noopener\">aici<\/a>.<\/strong><\/div><\/div><\/div><\/div><\/div><\/div><div class=\"fusion-clearfix\"><\/div><\/div><\/div><div class=\"fusion-layout-column fusion_builder_column fusion-builder-column-11 fusion_builder_column_1_4 1_4 fusion-one-fourth fusion-column-last misiuni-block\" style=\"--awb-padding-top:25px;--awb-padding-right:25px;--awb-padding-bottom:25px;--awb-padding-left:25px;--awb-bg-color:#ffffff;--awb-bg-color-hover:#ffffff;--awb-bg-size:cover;--awb-border-color:#dddddd;--awb-border-top:1px;--awb-border-right:1px;--awb-border-bottom:1px;--awb-border-left:1px;--awb-border-style:solid;width:22%;\" data-scroll-devices=\"small-visibility,medium-visibility,large-visibility\"><div class=\"fusion-column-wrapper fusion-column-has-shadow fusion-flex-column-wrapper-legacy\"><div class=\"fusion-column-content-centered\"><div class=\"fusion-column-content\"><div class=\"fusion-content-boxes content-boxes columns row fusion-columns-1 fusion-columns-total-1 fusion-content-boxes-8 content-boxes-icon-on-top content-left\" style=\"--awb-margin-bottom:0px;--awb-hover-accent-color:var(--awb-color4);--awb-circle-hover-accent-color:var(--awb-color4);--awb-item-margin-bottom:40px;\" data-animationOffset=\"top-into-view\"><div style=\"--awb-backgroundcolor:transparent;\" class=\"fusion-column content-box-column content-box-column content-box-column-1 col-lg-12 col-md-12 col-sm-12 fusion-content-box-hover content-box-column-last content-box-column-last-in-row\"><div class=\"col content-box-wrapper content-wrapper link-area-box icon-hover-animation-fade\" data-animationOffset=\"top-into-view\"><div class=\"fusion-clearfix\"><\/div><div class=\"content-container\">\n<a class=\"fusion-modal-text-link\" data-toggle=\"modal\" data-target=\".fusion-modal.issapulire\" href=\"#\">\n<p><img decoding=\"async\" class=\"alignnone size-fusion-600 wp-image-52892\" src=\"https:\/\/ccisv.ro\/content\/wp-content\/uploads\/2024\/09\/image004-600x600.jpg\" alt=\"\" width=\"600\" height=\"600\" srcset=\"https:\/\/ccisv.ro\/content\/wp-content\/uploads\/2024\/09\/image004-66x66.jpg 66w, https:\/\/ccisv.ro\/content\/wp-content\/uploads\/2024\/09\/image004-150x150.jpg 150w, https:\/\/ccisv.ro\/content\/wp-content\/uploads\/2024\/09\/image004-200x200.jpg 200w, https:\/\/ccisv.ro\/content\/wp-content\/uploads\/2024\/09\/image004-300x300.jpg 300w, https:\/\/ccisv.ro\/content\/wp-content\/uploads\/2024\/09\/image004-400x400.jpg 400w, https:\/\/ccisv.ro\/content\/wp-content\/uploads\/2024\/09\/image004-500x500.jpg 500w, https:\/\/ccisv.ro\/content\/wp-content\/uploads\/2024\/09\/image004-600x600.jpg 600w, https:\/\/ccisv.ro\/content\/wp-content\/uploads\/2024\/09\/image004.jpg 626w\" sizes=\"(max-width: 600px) 100vw, 600px\" \/><\/p>\n<\/a>\n<\/div><\/div><\/div><div class=\"fusion-clearfix\"><\/div><\/div><div class=\"fusion-modal modal fade modal-8 issapulire cursuri-mod\" tabindex=\"-1\" role=\"dialog\" aria-labelledby=\"modal-heading-8\" aria-hidden=\"true\" style=\"--awb-border-color:#ffffff;--awb-background:#ffffff;\"><div class=\"modal-dialog modal-lg\" role=\"document\"><div class=\"modal-content fusion-modal-content\"><div class=\"modal-header\"><button class=\"close\" type=\"button\" data-dismiss=\"modal\" aria-hidden=\"true\" aria-label=\"Close\">&times;<\/button><h3 class=\"modal-title\" id=\"modal-heading-8\" data-dismiss=\"modal\" aria-hidden=\"true\"><\/h3><\/div><div class=\"modal-body fusion-clearfix\"><div class=\"fusion-title title fusion-title-11 fusion-title-center fusion-title-text fusion-title-size-two\"><div class=\"title-sep-container title-sep-container-left\"><div class=\"title-sep sep- sep-solid\" style=\"border-color:#e0dede;\"><\/div><\/div><span class=\"awb-title-spacer\"><\/span><h2 class=\"fusion-title-heading title-heading-center\" style=\"margin:0;\"><p style=\"text-align: center;\"><strong>T\u00e2rgul Interna\u021bional de Tehnologii de Cur\u0103\u021bare Industrial\u0103 <\/strong><a href=\"https:\/\/cleaneurasiaexpo.com\/en\/\" target=\"_blank\" rel=\"noopener\"><strong>Clean Eurasia &amp; ISSAPULIRE 2024<\/strong><\/a><\/p>\n<p style=\"text-align: center;\"><strong>07 &#8211; 09 noiembrie 2024, Istanbul, TURCIA<\/strong><\/p><\/h2><span class=\"awb-title-spacer\"><\/span><div class=\"title-sep-container title-sep-container-right\"><div class=\"title-sep sep- sep-solid\" style=\"border-color:#e0dede;\"><\/div><\/div><\/div>\n<div class=\"fusion-sep-clear\"><\/div><div class=\"fusion-separator fusion-has-icon fusion-full-width-sep\" style=\"margin-left: auto;margin-right: auto;margin-top:20px;margin-bottom:20px;width:100%;\"><div class=\"fusion-separator-border sep-shadow\" style=\"--awb-height:20px;--awb-amount:20px;background:radial-gradient(ellipse at 50% -50% , #e0dede 0px, rgba(255, 255, 255, 0) 80%) repeat scroll 0 0 rgba(0, 0, 0, 0);background:-webkit-radial-gradient(ellipse at 50% -50% , #e0dede 0px, rgba(255, 255, 255, 0) 80%) repeat scroll 0 0 rgba(0, 0, 0, 0);background:-moz-radial-gradient(ellipse at 50% -50% , #e0dede 0px, rgba(255, 255, 255, 0) 80%) repeat scroll 0 0 rgba(0, 0, 0, 0);background:-o-radial-gradient(ellipse at 50% -50% , #e0dede 0px, rgba(255, 255, 255, 0) 80%) repeat scroll 0 0 rgba(0, 0, 0, 0);\"><\/div><span class=\"icon-wrapper\" style=\"border-color:#e0dede;background-color:rgba(255,255,255,0);font-size:16px;width: 1.75em; height: 1.75em;border-width:1px;padding:1px;\"><i class=\" fa fa-comment-o\" style=\"font-size: inherit;color:#e0dede;\" aria-hidden=\"true\"><\/i><\/span><div class=\"fusion-separator-border sep-shadow\" style=\"--awb-height:20px;--awb-amount:20px;background:radial-gradient(ellipse at 50% -50% , #e0dede 0px, rgba(255, 255, 255, 0) 80%) repeat scroll 0 0 rgba(0, 0, 0, 0);background:-webkit-radial-gradient(ellipse at 50% -50% , #e0dede 0px, rgba(255, 255, 255, 0) 80%) repeat scroll 0 0 rgba(0, 0, 0, 0);background:-moz-radial-gradient(ellipse at 50% -50% , #e0dede 0px, rgba(255, 255, 255, 0) 80%) repeat scroll 0 0 rgba(0, 0, 0, 0);background:-o-radial-gradient(ellipse at 50% -50% , #e0dede 0px, rgba(255, 255, 255, 0) 80%) repeat scroll 0 0 rgba(0, 0, 0, 0);\"><\/div><\/div><div class=\"fusion-sep-clear\"><\/div>\nAflat la a 4 edi\u021bie, T\u00e2rgul Interna\u021bional de Tehnologii de Cur\u0103\u021bare Industrial\u0103 \u00ee\u0219i continu\u0103 activitatea de succes, servind drept principal punct de \u00eent\u00e2lnire pentru sectorul de cur\u0103\u021bare industrial\u0103 din Europa de Est, CSI \u0219i regiunile MENA.<\/p>\n<p>Evenimentul din acest an prezint\u0103 un parteneriat semnificativ cu <a href=\"https:\/\/www.issapulire.com\/en\/\" target=\"_blank\" rel=\"noopener\"><strong>ISSAPULIRE<\/strong><\/a><strong>:<\/strong> un lider global \u00een industria de cur\u0103\u021benie. Aceast\u0103 colaborare extinde acoperirea \u0219i influen\u021ba evenimentului, atr\u0103g\u00e2nd profesioni\u0219ti din cur\u0103\u021benie din diverse zone geografice pentru a \u00eemp\u0103rt\u0103\u0219i inova\u021bii, tehnologii \u0219i cele mai bune practici.<\/p>\n<p>ISSA <strong>PULIRE NETWORK<\/strong> reprezint\u0103 cea mai mare platform\u0103 interna\u021bional\u0103 pentru expozi\u021bii profesionale de cur\u0103\u021bare \u0219i management al facilit\u0103\u021bilor \u0219i evenimente educa\u021bionale pentru executive.<\/p>\n<p>Clean Eurasia este loca\u021bia ideal\u0103 pentru a urm\u0103ri evolu\u021biile din sector, pentru a veni \u00eempreun\u0103 cu profesioni\u0219ti din industrie \u0219i pentru a v\u0103 dezvolta afacerea.<\/p>\n<p><strong>Data: <\/strong>7-9 noiembrie 2024,<\/p>\n<p><strong>Loca\u021bia: <\/strong>Istanbul, TURCIA, Dr. Architect Kadir Topba\u015f Show Center (Eurasia Show Center)<\/p>\n<p>Desf\u0103\u0219urat la <strong>Istanbul<\/strong>, capitala de afaceri a Turciei \u0219i o intersec\u021bie strategic\u0103 \u00eentre Est \u0219i Vest. Ora\u0219ul ofer\u0103 oportunit\u0103\u021bi extinse de pia\u021b\u0103 din Europa de Est \u0219i Balcani p\u00e2n\u0103 \u00een Asia Central\u0103, Orientul Mijlociu \u0219i Africa.<\/p>\n<p>Istanbulul fiind capitala de afaceri nu numai a Turciei, ci \u0219i a regiunii; func\u021bioneaz\u0103 ca un punct de intersec\u021bie \u00eentre Est \u0219i Vest \u0219i ofer\u0103 o mare varietate de oportunit\u0103\u021bi uria\u0219e de pia\u021b\u0103 din Europa de Est-Balcani p\u00e2n\u0103 \u00een Asia Central\u0103, din Orientul Mijlociu p\u00e2n\u0103 \u00een Africa<\/p>\n<p><strong>De ce s\u0103 participi?<\/strong><\/p>\n<p>&#8211; <strong>Descoperi\u021bi inova\u021biile<\/strong>: R\u0103m\u00e2ne\u021bi la curent cu cele mai recente evolu\u021bii din industria de cur\u0103\u021bare.<\/p>\n<p>&#8211; <strong>Re\u021bele<\/strong>: Conecta\u021bi-v\u0103 cu profesioni\u0219ti din industrie, face\u021bi contacte de afaceri \u0219i explora\u021bi noi oportunit\u0103\u021bi.<\/p>\n<p>&#8211; <strong>Shape the Future<\/strong>: Participa\u021bi la discu\u021bii \u0219i colabor\u0103ri care vor influen\u021ba viitorul sectorului de cur\u0103\u021benie.<\/p>\n<p>Al\u0103tura\u021bi-v\u0103 acestui eveniment interesant \u0219i contribui\u021bi la construirea viitorului industriei de cur\u0103\u021bare!<\/p>\n<p><strong>Servicii \u0219i gratuit\u0103\u021bi acordate companiilor membre ale CCI Suceava, \u00een contextul parteneriatului cu <\/strong><strong>Beamexpo<\/strong><strong>, pentru participarea la t\u00e2rguri \u0219i expozi\u021bii <\/strong>interna\u021bionale<strong>:<\/strong><\/p>\n<ul>\n<li><span style=\"color: #ff0000;\"><strong>3 nop\u021bi (4 zile) de cazare gratuite \u00een Istanbul, Turcia.<\/strong><\/span><\/li>\n<\/ul>\n<p><strong><span style=\"color: #000000;\">Inten\u021bia de participare \u00een cadrul evenimentelor se poate exprima prin completarea formularului disponibil<\/span> <a href=\"https:\/\/docs.google.com\/forms\/d\/1ENOaiFaCVWcmH8rnSg--RtOQHDgrUr2ZLBeBiRy3-Gk\/viewform\" target=\"_blank\" rel=\"noopener\">aici<\/a>.<\/strong><\/div><\/div><\/div><\/div><\/div><\/div><div class=\"fusion-clearfix\"><\/div><\/div><\/div><div class=\"fusion-layout-column fusion_builder_column fusion-builder-column-12 fusion_builder_column_1_4 1_4 fusion-one-fourth fusion-column-first misiuni-block\" style=\"--awb-padding-top:25px;--awb-padding-right:25px;--awb-padding-bottom:25px;--awb-padding-left:25px;--awb-bg-color:#ffffff;--awb-bg-color-hover:#ffffff;--awb-bg-size:cover;--awb-border-color:#dddddd;--awb-border-top:1px;--awb-border-right:1px;--awb-border-bottom:1px;--awb-border-left:1px;--awb-border-style:solid;width:22%; margin-right: 4%;\" data-scroll-devices=\"small-visibility,medium-visibility,large-visibility\"><div class=\"fusion-column-wrapper fusion-column-has-shadow fusion-flex-column-wrapper-legacy\"><div class=\"fusion-column-content-centered\"><div class=\"fusion-column-content\"><div class=\"fusion-content-boxes content-boxes columns row fusion-columns-1 fusion-columns-total-1 fusion-content-boxes-9 content-boxes-icon-on-top content-left\" style=\"--awb-margin-bottom:0px;--awb-hover-accent-color:var(--awb-color4);--awb-circle-hover-accent-color:var(--awb-color4);--awb-item-margin-bottom:40px;\" data-animationOffset=\"top-into-view\"><div style=\"--awb-backgroundcolor:transparent;\" class=\"fusion-column content-box-column content-box-column content-box-column-1 col-lg-12 col-md-12 col-sm-12 fusion-content-box-hover content-box-column-last content-box-column-last-in-row\"><div class=\"col content-box-wrapper content-wrapper link-area-box icon-hover-animation-fade\" data-animationOffset=\"top-into-view\"><div class=\"fusion-clearfix\"><\/div><div class=\"content-container\">\n<a class=\"fusion-modal-text-link\" data-toggle=\"modal\" data-target=\".fusion-modal.match4industry\" href=\"#\">\n<p><img decoding=\"async\" class=\"alignnone size-full wp-image-52905\" src=\"https:\/\/ccisv.ro\/content\/wp-content\/uploads\/2024\/09\/image006.png\" alt=\"\" width=\"600\" height=\"600\" srcset=\"https:\/\/ccisv.ro\/content\/wp-content\/uploads\/2024\/09\/image006-66x66.png 66w, https:\/\/ccisv.ro\/content\/wp-content\/uploads\/2024\/09\/image006-150x150.png 150w, https:\/\/ccisv.ro\/content\/wp-content\/uploads\/2024\/09\/image006-200x200.png 200w, https:\/\/ccisv.ro\/content\/wp-content\/uploads\/2024\/09\/image006-300x300.png 300w, https:\/\/ccisv.ro\/content\/wp-content\/uploads\/2024\/09\/image006-400x400.png 400w, https:\/\/ccisv.ro\/content\/wp-content\/uploads\/2024\/09\/image006-500x500.png 500w, https:\/\/ccisv.ro\/content\/wp-content\/uploads\/2024\/09\/image006.png 600w\" sizes=\"(max-width: 600px) 100vw, 600px\" \/><\/p>\n<\/a>\n<\/div><\/div><\/div><div class=\"fusion-clearfix\"><\/div><\/div><div class=\"fusion-modal modal fade modal-9 match4industry cursuri-mod\" tabindex=\"-1\" role=\"dialog\" aria-labelledby=\"modal-heading-9\" aria-hidden=\"true\" style=\"--awb-border-color:#ffffff;--awb-background:#ffffff;\"><div class=\"modal-dialog modal-lg\" role=\"document\"><div class=\"modal-content fusion-modal-content\"><div class=\"modal-header\"><button class=\"close\" type=\"button\" data-dismiss=\"modal\" aria-hidden=\"true\" aria-label=\"Close\">&times;<\/button><h3 class=\"modal-title\" id=\"modal-heading-9\" data-dismiss=\"modal\" aria-hidden=\"true\"><\/h3><\/div><div class=\"modal-body fusion-clearfix\"><div class=\"fusion-title title fusion-title-12 fusion-title-center fusion-title-text fusion-title-size-two\"><div class=\"title-sep-container title-sep-container-left\"><div class=\"title-sep sep- sep-solid\" style=\"border-color:#e0dede;\"><\/div><\/div><span class=\"awb-title-spacer\"><\/span><h2 class=\"fusion-title-heading title-heading-center\" style=\"margin:0;\"><p style=\"text-align: center;\"><a href=\"https:\/\/match4industry2024.b2match.io\/\" target=\"_blank\" rel=\"noopener\"><strong>Eveniment Match4Industry Business Matchmaking<\/strong><\/a><\/p>\n<p style=\"text-align: center;\">\u201eL\u0103rge\u0219te-\u021bi re\u021beaua, extinde-\u021bi afacerea\u201d<\/p>\n<p style=\"text-align: center;\"><strong>13 &#8211; 14 noiembrie 2024, \u0130zmit\/Kocaeli, Turcia<\/strong><\/p><\/h2><span class=\"awb-title-spacer\"><\/span><div class=\"title-sep-container title-sep-container-right\"><div class=\"title-sep sep- sep-solid\" style=\"border-color:#e0dede;\"><\/div><\/div><\/div>\n<div class=\"fusion-sep-clear\"><\/div><div class=\"fusion-separator fusion-has-icon fusion-full-width-sep\" style=\"margin-left: auto;margin-right: auto;margin-top:20px;margin-bottom:20px;width:100%;\"><div class=\"fusion-separator-border sep-shadow\" style=\"--awb-height:20px;--awb-amount:20px;background:radial-gradient(ellipse at 50% -50% , #e0dede 0px, rgba(255, 255, 255, 0) 80%) repeat scroll 0 0 rgba(0, 0, 0, 0);background:-webkit-radial-gradient(ellipse at 50% -50% , #e0dede 0px, rgba(255, 255, 255, 0) 80%) repeat scroll 0 0 rgba(0, 0, 0, 0);background:-moz-radial-gradient(ellipse at 50% -50% , #e0dede 0px, rgba(255, 255, 255, 0) 80%) repeat scroll 0 0 rgba(0, 0, 0, 0);background:-o-radial-gradient(ellipse at 50% -50% , #e0dede 0px, rgba(255, 255, 255, 0) 80%) repeat scroll 0 0 rgba(0, 0, 0, 0);\"><\/div><span class=\"icon-wrapper\" style=\"border-color:#e0dede;background-color:rgba(255,255,255,0);font-size:16px;width: 1.75em; height: 1.75em;border-width:1px;padding:1px;\"><i class=\" fa fa-comment-o\" style=\"font-size: inherit;color:#e0dede;\" aria-hidden=\"true\"><\/i><\/span><div class=\"fusion-separator-border sep-shadow\" style=\"--awb-height:20px;--awb-amount:20px;background:radial-gradient(ellipse at 50% -50% , #e0dede 0px, rgba(255, 255, 255, 0) 80%) repeat scroll 0 0 rgba(0, 0, 0, 0);background:-webkit-radial-gradient(ellipse at 50% -50% , #e0dede 0px, rgba(255, 255, 255, 0) 80%) repeat scroll 0 0 rgba(0, 0, 0, 0);background:-moz-radial-gradient(ellipse at 50% -50% , #e0dede 0px, rgba(255, 255, 255, 0) 80%) repeat scroll 0 0 rgba(0, 0, 0, 0);background:-o-radial-gradient(ellipse at 50% -50% , #e0dede 0px, rgba(255, 255, 255, 0) 80%) repeat scroll 0 0 rgba(0, 0, 0, 0);\"><\/div><\/div><div class=\"fusion-sep-clear\"><\/div>\nEvenimentul este organizat de AB\u0130GEM East Marmara \u00een colaborare cu Camera de Industrie Kocaeli (KCI) \u0219i partenerii <a href=\"https:\/\/een.ec.europa.eu\/\">Enterprise Europe Network<\/a> \u0219i reprezint\u0103 o oportunitate excelent\u0103 pentru companiile \u0219i persoanele interesate, care timp de dou\u0103 zile pot participa \u00een cadrul \u00eent\u00e2lnirilor de afaceri exclusive cu participan\u021bi din \u00eentreaga lume.<\/p>\n<p><strong>Dat\u0103:<\/strong> 13 &#8211; 14 noiembrie 2024,<\/p>\n<p><strong>Loca\u021bie:<\/strong> Camera de Industrie din Kocaeli, Turcia.<\/p>\n<p><strong>Sectoarele de interes:<\/strong><\/p>\n<ul>\n<li>Aprovizionare auto Metale \u0219i ma\u0219ini \u2022 Materiale plastice \u0219i cauciuc<\/li>\n<li>Cauciucuri \u2022 Produse chimice (vopsele, vopsele \u0219i produse de \u00eengrijire pentru automobile) \u2022 Materiale de constructii<\/li>\n<li>Energie \u2022 Mediu<\/li>\n<li>Electric\u0103-Electronic\u0103 \u2022 Tehnologiile informa\u021biei \u0219i comunica\u021biilor<\/li>\n<\/ul>\n<p><strong>Match4Industry <\/strong>reprezint\u0103 o bun\u0103 oportunitate de a v\u0103 implica \u00een \u00eent\u00e2lniri individuale de afaceri, \u00eentr-o atmosfer\u0103 exclusivist\u0103, favorabil\u0103, cu oportunit\u0103\u021bi excelente de networking:<\/p>\n<ul>\n<li>Beneficia\u021bi de o re\u021bea larg\u0103 de parteneri interna\u021bionali care ofer\u0103 asisten\u021b\u0103 \u00eenainte de eveniment,<\/li>\n<li>Primi\u021bi asisten\u021b\u0103 profesional\u0103 pentru a v\u0103 adapta experien\u021ba la nevoile dumneavoastr\u0103,<\/li>\n<li>Explora\u021bi noi pie\u021be \u0219i oportunit\u0103\u021bi de afaceri \u00een T\u00fcrkiye \u0219i nu numai,<\/li>\n<li>Descoperi\u021bi idei inovatoare pentru dezvoltarea de solu\u021bii \u0219i produse noi,<\/li>\n<li>Observa\u021bi capacitatea industrial\u0103, expertiza \u0219i inova\u021bia companiilor lider prin vizite la fa\u021ba locului.<\/li>\n<\/ul>\n<h2><strong>Participarea este gratuit\u0103!<\/strong><\/h2>\n<p><strong>Servicii incluse:<\/strong><\/p>\n<ul>\n<li>Transferuri locale la punctele de \u00eent\u00e2lnire,<\/li>\n<li>Traducere din englez\u0103 \u00een turc\u0103 \u0219i turc\u0103 \u00een englez\u0103<\/li>\n<li>Pr\u00e2nzuri, b\u0103uturi r\u0103coritoare \u0219i o cin\u0103 de bun venit<\/li>\n<li>Costurile de cazare pentru un reprezentant pentru fiecare companie participant\u0103 vor fi acoperite de Camera de Industrie Kocaeli pe durata evenimentului.<\/li>\n<\/ul>\n<p>Persoanele interesate s\u0103 participe \u00een cadrul <strong>Match4Industry, <\/strong>pot afla mai multe detalii despre eveniment accesand pagina oficial\u0103: <a href=\"https:\/\/match4industry2024.b2match.io\/how-it-works\" target=\"_blank\" rel=\"noopener\"><strong>https:\/\/match4industry2024.b2match.io\/how-it-works<\/strong><\/a><strong>.<\/strong><\/p>\n<p><strong>Link-uri utile: <\/strong><\/p>\n<ul>\n<li><strong>\u00cenregistrare: <\/strong>\u00cenregistra\u021bi-v\u0103 prin butonul <a href=\"https:\/\/match4industry2024.b2match.io\/signup\" target=\"_blank\" rel=\"noopener\"><strong>\u00cenregistrare<\/strong><\/a>.<\/li>\n<li><strong>R\u0103sfoi\u021bi <\/strong><a href=\"https:\/\/match4industry2024.b2match.io\/participants\" target=\"_blank\" rel=\"noopener\"><strong>lista de participan\u021bi <\/strong><\/a>pentru a afla cine ofer\u0103 oportunit\u0103\u021bi de afaceri interesante \u0219i promi\u021b\u0103toare.<\/li>\n<li><strong>R\u0103sfoi\u021bi <\/strong><a href=\"https:\/\/match4industry2024.b2match.io\/participants\" target=\"_blank\" rel=\"noopener\"><strong>profilurile de participan\u021bi publicate <\/strong><\/a>\u0219i trimite\u021bi solicit\u0103ri de \u00eent\u00e2lnire celor pe care dori\u021bi s\u0103 \u00eei \u00eent\u00e2lni\u021bi \u00een timpul evenimentului. Solicit\u0103rile de \u00eent\u00e2lnire acceptate vor fi programate automat.<\/li>\n<li>Accesa\u021bi-v\u0103 \u00eent\u00e2lnirile \u00een <a href=\"https:\/\/match4industry2024.b2match.io\/agenda?my=true\" target=\"_blank\" rel=\"noopener\"><strong>Agenda mea<\/strong><\/a>sau <a href=\"https:\/\/match4industry2024.b2match.io\/meetings\" target=\"_blank\" rel=\"noopener\"><strong>\u00cent\u00e2lniri<\/strong><\/a> , unde ave\u021bi programul dvs. complet pentru eveniment \u0219i lista \u00eent\u00e2lnirilor dvs.<\/li>\n<\/ul>\n<p><strong><span style=\"color: #000000;\">Inten\u021bia de participare \u00een cadrul evenimentelor se poate exprima prin completarea formularului disponibil<\/span> <a href=\"https:\/\/docs.google.com\/forms\/d\/1ENOaiFaCVWcmH8rnSg--RtOQHDgrUr2ZLBeBiRy3-Gk\/viewform\" target=\"_blank\" rel=\"noopener\">aici<\/a>.<\/strong><\/div><\/div><\/div><\/div><\/div><\/div><div class=\"fusion-clearfix\"><\/div><\/div><\/div><\/div><\/div><div class=\"fusion-fullwidth fullwidth-box fusion-builder-row-5 has-pattern-background has-mask-background hundred-percent-fullwidth non-hundred-percent-height-scrolling cursuri-info noprint\" style=\"--awb-background-position:left top;--awb-border-sizes-top:0px;--awb-border-sizes-bottom:0px;--awb-border-sizes-left:0px;--awb-border-sizes-right:0px;--awb-border-radius-top-left:0px;--awb-border-radius-top-right:0px;--awb-border-radius-bottom-right:0px;--awb-border-radius-bottom-left:0px;--awb-padding-top:40px;--awb-padding-right:5%;--awb-padding-bottom:40px;--awb-padding-left:5%;--awb-background-color:#f7f7f7;--awb-flex-wrap:wrap;\" ><div class=\"fusion-builder-row fusion-row\"><div class=\"fusion-layout-column fusion_builder_column fusion-builder-column-13 fusion_builder_column_1_1 1_1 fusion-one-full fusion-column-first fusion-column-last fusion-column-no-min-height\" style=\"--awb-bg-blend:overlay;--awb-bg-size:cover;--awb-margin-bottom:0px;\"><div class=\"fusion-column-wrapper fusion-flex-column-wrapper-legacy\"><div class=\"fusion-text fusion-text-1\" style=\"--awb-content-alignment:justify;--awb-font-size:var(--awb-typography4-font-size);--awb-line-height:var(--awb-typography4-line-height);--awb-letter-spacing:var(--awb-typography4-letter-spacing);--awb-text-transform:none;--awb-text-font-family:&quot;Nunito Sans&quot;;--awb-text-font-style:normal;--awb-text-font-weight:400;\"><p>Cu peste 30 de ani de experien\u021b\u0103 \u00een organizarea de misiuni economice, sus\u021binem \u0219i promov\u0103m interna\u021bionalizarea firmelor sucevene.<\/p>\n<p>CCI Suceava, prin misiunea sa, c\u00e2t \u0219i \u00een calitate de partener \u00een cadrul proiectului Eastern Romanian Business Support Network (Re\u021beaua pentru sprijinirea afacerilor din estul Rom\u00e2niei) \u2013 ERBSN 2022 \u2013 2025, parte a re\u021belei <strong><span style=\"color: #1e73be;\"><a style=\"color: #1e73be;\" href=\"https:\/\/een.ec.europa.eu\/\" target=\"_blank\" rel=\"noopener\">Enterprise Europe Network<\/a><\/span><\/strong>, \u00eentreprine constant demersurile necesare \u0219i sprijin\u0103 activ companiile locale \u00een vederea interna\u021bionaliz\u0103rii afacerilor, prin:<\/p>\n<ul>\n<li>organziarea de deplas\u0103ri \u0219i \u00eent\u00e2lniri de afaceri cu poten\u021biali parteneri din state str\u0103ine,<\/li>\n<li>promovarea evenimentelor interna\u021bionale (t\u00e2rguri, expozi\u021bii, forum-uri),<\/li>\n<li>furnizarea de consultan\u021b\u0103 de comer\u021b exterior,<\/li>\n<li>identificarea de noi pie\u021be de desfacere a produselor\/ serviciilor,<\/li>\n<li>ini\u021bierea de noi contacte cu poten\u021biali parteneri, pentru a dezvolta \u00eempreun\u0103 noi afaceri\/ tehnologii sau identificarea de finan\u021batori pentru noi idei de afaceri, inven\u021bii, inova\u021bii.<\/li>\n<\/ul>\n<p>Deplas\u0103rile \u00een interes de afaceri sunt de o importan\u021b\u0103 major\u0103 pentru planurile \u0219i obiectivele de dezvoltare ale unei companii. Astfel, misiunile economice organizate de CCI Suceava, urmeaz\u0103 un program bine structurat \u0219i asigur\u0103 itinerariul business pe \u00eentreaga durata a c\u0103l\u0103toriei, \u00een func\u021bie de necesit\u0103\u021bile \u0219i specifica\u021biile fiec\u0103rei deplas\u0103ri, facilit\u00e2nd accesul la:<\/p>\n<ul>\n<li>evenimente de networking cu multiplicatori de informa\u021bii de afaceri locali, Ambasade, Consulate, Camere de Comer\u021b, patronate, asocia\u021bii \u0219i consor\u021bii de afaceri, cu influen\u021b\u0103 asupra comunit\u0103\u021bilor de business;<\/li>\n<li>\u00eent\u00e2lniri directe cu reprezentan\u021bii firmelor str\u0103ine \u0219i cu oficiali guvernamentali str\u0103ini, \u00een scopul identific\u0103rii posibilit\u0103\u021bilor de reprezentare, v\u00e2nzare direct\u0103 sau realiz\u0103rii de parteneriate;<\/li>\n<li>informa\u021bii de afaceri, posibilitatea vizit\u0103rii unor evenimente expozi\u021bionale \u0219i participarea la evenimente de networking;<\/li>\n<li>briefing-uri \u0219i mese rotunde cu reprezentan\u021bii comunit\u0103\u021bii de afaceri locale \u00een scopul implement\u0103rii de bune practici \u0219i dezvoltarea parteneriatelor de afaceri;<\/li>\n<li>vizitarea evenimentelor de afaceri \u00een vederea prelu\u0103rii, aplic\u0103rii tehnologiilor\/ serviciilor firmelor sucevene\/ str\u0103ine.<\/li>\n<\/ul>\n<\/div><div class=\"fusion-clearfix\"><\/div><\/div><\/div><\/div><\/div><div class=\"fusion-fullwidth fullwidth-box fusion-builder-row-6 has-pattern-background has-mask-background hundred-percent-fullwidth non-hundred-percent-height-scrolling cursuri-info noprint\" style=\"--awb-background-position:left top;--awb-border-sizes-top:0px;--awb-border-sizes-bottom:0px;--awb-border-sizes-left:0px;--awb-border-sizes-right:0px;--awb-border-radius-top-left:0px;--awb-border-radius-top-right:0px;--awb-border-radius-bottom-right:0px;--awb-border-radius-bottom-left:0px;--awb-padding-top:40px;--awb-padding-right:5%;--awb-padding-bottom:0px;--awb-padding-left:5%;--awb-background-color:#ffffff;--awb-flex-wrap:wrap;\" ><div class=\"fusion-builder-row fusion-row\"><div class=\"fusion-layout-column fusion_builder_column fusion-builder-column-14 fusion_builder_column_1_1 1_1 fusion-one-full fusion-column-first fusion-column-last fusion-column-no-min-height\" style=\"--awb-bg-blend:overlay;--awb-bg-size:cover;--awb-margin-bottom:0px;\"><div class=\"fusion-column-wrapper fusion-flex-column-wrapper-legacy\"><div class=\"fusion-content-boxes content-boxes columns row fusion-columns-1 fusion-columns-total-1 fusion-content-boxes-10 content-boxes-icon-on-top content-left\" style=\"--awb-iconcolor:#1e73be;--awb-hover-accent-color:#1e73be;--awb-circle-hover-accent-color:transparent;--awb-item-margin-bottom:40px;\" data-animationOffset=\"top-into-view\"><div style=\"--awb-backgroundcolor:transparent;--awb-iconcolor:#1e73be;\" class=\"fusion-column content-box-column content-box-column content-box-column-1 col-lg-12 col-md-12 col-sm-12 fusion-content-box-hover content-box-column-last content-box-column-last-in-row\"><div class=\"col content-box-wrapper content-wrapper link-area-link-icon icon-hover-animation-none\" data-animationOffset=\"top-into-view\"><div class=\"heading heading-with-icon icon-left\"><div class=\"icon\"><i style=\"background-color:transparent;border-color:transparent;height:auto;width: 100px;line-height:normal;font-size:100px;\" aria-hidden=\"true\" class=\"fontawesome-icon fa-info-circle fas circle-no\"><\/i><\/div><\/div><div class=\"fusion-clearfix\"><\/div><div class=\"content-container\">\n<p><strong>Vrei s\u0103 devii membru?<\/strong> Afl\u0103 mai multe detalii \u00een <a href=\"https:\/\/ccisv.ro\/content\/membru-cci\/\"><span style=\"color: #ff0000;\">sec\u021biunea dedicat\u0103<\/span><\/a>, completeaz\u0103 \u0219i transmite-ne <span style=\"color: #ff0000;\"><a style=\"color: #ff0000;\" href=\"https:\/\/ccisv.ro\/content\/wp-content\/uploads\/2024\/02\/Adeziune-Membru.pdf\">Adeziunea<\/a><\/span>.<\/p>\n<p><strong>Detalii suplimentare pute\u021bi ob\u021bine la:<\/strong><\/p>\n<p><a href=\"https:\/\/een.ec.europa.eu\/local-contact-points\/ro\/camera-de-comert-si-industrie-suceava\" target=\"_blank\" rel=\"noopener\"><strong>CENTRUL ENTERPRISE EUROPE NETWORK \u2013 CAMERA DE COMER\u021a \u0218I INDUSTRIE SUCEAVA<\/strong><\/a><\/p>\n<p>Str. Universit\u0103\u021bii nr. 15 \u2013 17, Suceava, etaj 1, camera 10<\/p>\n<p>0230 521 506\u00a0\u00a0 \/\u00a0\u00a0 <a href=\"mailto:een@ccisuceava.ro\">een@ccisuceava.ro<\/a><\/p>\n<p><strong>Persoan\u0103 de contact: Elena ZAMCU \u2013 Coordonator local<\/strong><\/p>\n<\/div><\/div><\/div><div class=\"fusion-clearfix\"><\/div><\/div><div class=\"fusion-clearfix\"><\/div><\/div><\/div><\/div><\/div><div class=\"fusion-fullwidth fullwidth-box fusion-builder-row-7 has-pattern-background has-mask-background hundred-percent-fullwidth non-hundred-percent-height-scrolling cursuri-info noprint\" style=\"--awb-background-position:left top;--awb-border-sizes-top:0px;--awb-border-sizes-bottom:0px;--awb-border-sizes-left:0px;--awb-border-sizes-right:0px;--awb-border-radius-top-left:0px;--awb-border-radius-top-right:0px;--awb-border-radius-bottom-right:0px;--awb-border-radius-bottom-left:0px;--awb-padding-top:40px;--awb-padding-right:5%;--awb-padding-bottom:0px;--awb-padding-left:5%;--awb-background-color:#f7f7f7;--awb-flex-wrap:wrap;\" ><div class=\"fusion-builder-row fusion-row\"><div class=\"fusion-layout-column fusion_builder_column fusion-builder-column-15 fusion_builder_column_1_1 1_1 fusion-one-full fusion-column-first fusion-column-last fusion-column-no-min-height\" style=\"--awb-bg-blend:overlay;--awb-bg-size:cover;--awb-margin-bottom:0px;\"><div class=\"fusion-column-wrapper fusion-flex-column-wrapper-legacy\"><div class=\"fusion-builder-row fusion-builder-row-inner fusion-row\"><div class=\"fusion-layout-column fusion_builder_column_inner fusion-builder-nested-column-0 fusion_builder_column_inner_1_4 1_4 fusion-one-fourth fusion-column-first\" style=\"--awb-padding-top:50px;--awb-padding-right:20px;--awb-padding-bottom:50px;--awb-padding-left:20px;--awb-bg-color:#ffffff;--awb-bg-color-hover:#ffffff;--awb-bg-size:cover;--awb-transition:filter 300ms ease-in, transform 300ms ease-in, background-color 300ms ease-in, border-color 300ms ease-in;--awb-border-color:#1e73be;--awb-border-top:1px;--awb-border-right:1px;--awb-border-bottom:1px;--awb-border-left:1px;--awb-border-style:solid;width:25%;width:calc(25% - ( ( 4% + 4% + 4% ) * 0.25 ) );margin-right: 4%;\" data-scroll-devices=\"small-visibility,medium-visibility,large-visibility\"><div class=\"fusion-column-wrapper fusion-column-has-shadow fusion-flex-column-wrapper-legacy\"><div class=\"fusion-title title fusion-title-13 fusion-title-center fusion-title-text fusion-title-size-two\" style=\"--awb-text-color:#c10000;--awb-margin-bottom:10px;\"><div class=\"title-sep-container title-sep-container-left\"><div class=\"title-sep sep- sep-solid\" style=\"border-color:#e0dede;\"><\/div><\/div><span class=\"awb-title-spacer\"><\/span><h2 class=\"fusion-title-heading title-heading-center\" style=\"margin:0;\"><p style=\"text-align: center;\"><strong>30 ani +<\/strong><\/p><\/h2><span class=\"awb-title-spacer\"><\/span><div class=\"title-sep-container title-sep-container-right\"><div class=\"title-sep sep- sep-solid\" style=\"border-color:#e0dede;\"><\/div><\/div><\/div><div class=\"fusion-text fusion-text-2\"><p style=\"text-align: center;\">experien\u021b\u0103 \u00een promovarea mediului de afaceri sucevean pe pia\u021ba extern\u0103<\/p>\n<\/div><div class=\"fusion-image-element fusion-image-align-center in-legacy-container\" style=\"text-align:center;--awb-caption-title-font-family:var(--h2_typography-font-family);--awb-caption-title-font-weight:var(--h2_typography-font-weight);--awb-caption-title-font-style:var(--h2_typography-font-style);--awb-caption-title-size:var(--h2_typography-font-size);--awb-caption-title-transform:var(--h2_typography-text-transform);--awb-caption-title-line-height:var(--h2_typography-line-height);--awb-caption-title-letter-spacing:var(--h2_typography-letter-spacing);\"><div class=\"imageframe-align-center\"><span class=\" fusion-imageframe imageframe-none imageframe-1 hover-type-none\"><img decoding=\"async\" width=\"100\" height=\"105\" title=\"image010\" src=\"https:\/\/ccisv.ro\/content\/wp-content\/uploads\/2024\/09\/image010-e1726637098789.png\" alt class=\"img-responsive wp-image-52923\"\/><\/span><\/div><\/div><div class=\"fusion-clearfix\"><\/div><\/div><\/div><div class=\"fusion-layout-column fusion_builder_column_inner fusion-builder-nested-column-1 fusion_builder_column_inner_1_4 1_4 fusion-one-fourth\" style=\"--awb-padding-top:50px;--awb-padding-right:20px;--awb-padding-bottom:50px;--awb-padding-left:20px;--awb-bg-color:#ffffff;--awb-bg-color-hover:#ffffff;--awb-bg-size:cover;--awb-transition:filter 300ms ease-in, transform 300ms ease-in, background-color 300ms ease-in, border-color 300ms ease-in;--awb-border-color:#1e73be;--awb-border-top:1px;--awb-border-right:1px;--awb-border-bottom:1px;--awb-border-left:1px;--awb-border-style:solid;width:25%;width:calc(25% - ( ( 4% + 4% + 4% ) * 0.25 ) );margin-right: 4%;\" data-scroll-devices=\"small-visibility,medium-visibility,large-visibility\"><div class=\"fusion-column-wrapper fusion-column-has-shadow fusion-flex-column-wrapper-legacy\"><div class=\"fusion-title title fusion-title-14 fusion-title-center fusion-title-text fusion-title-size-two\" style=\"--awb-text-color:#c10000;--awb-margin-bottom:10px;\"><div class=\"title-sep-container title-sep-container-left\"><div class=\"title-sep sep- sep-solid\" style=\"border-color:#e0dede;\"><\/div><\/div><span class=\"awb-title-spacer\"><\/span><h2 class=\"fusion-title-heading title-heading-center\" style=\"margin:0;\"><p style=\"text-align: center;\"><strong>50 +<\/strong><\/p><\/h2><span class=\"awb-title-spacer\"><\/span><div class=\"title-sep-container title-sep-container-right\"><div class=\"title-sep sep- sep-solid\" style=\"border-color:#e0dede;\"><\/div><\/div><\/div><div class=\"fusion-text fusion-text-3\"><p style=\"text-align: center;\">misiuni ecomonice organizate \u00een ultimii 10 ani<\/p>\n<\/div><div class=\"fusion-image-element fusion-image-align-center in-legacy-container\" style=\"text-align:center;--awb-caption-title-font-family:var(--h2_typography-font-family);--awb-caption-title-font-weight:var(--h2_typography-font-weight);--awb-caption-title-font-style:var(--h2_typography-font-style);--awb-caption-title-size:var(--h2_typography-font-size);--awb-caption-title-transform:var(--h2_typography-text-transform);--awb-caption-title-line-height:var(--h2_typography-line-height);--awb-caption-title-letter-spacing:var(--h2_typography-letter-spacing);\"><div class=\"imageframe-align-center\"><span class=\" fusion-imageframe imageframe-none imageframe-2 hover-type-none\"><img decoding=\"async\" width=\"121\" height=\"100\" title=\"image008\" src=\"https:\/\/ccisv.ro\/content\/wp-content\/uploads\/2024\/09\/image008-e1726637400930.png\" alt class=\"img-responsive wp-image-52926\"\/><\/span><\/div><\/div><div class=\"fusion-clearfix\"><\/div><\/div><\/div><div class=\"fusion-layout-column fusion_builder_column_inner fusion-builder-nested-column-2 fusion_builder_column_inner_1_4 1_4 fusion-one-fourth\" style=\"--awb-padding-top:50px;--awb-padding-right:20px;--awb-padding-bottom:50px;--awb-padding-left:20px;--awb-bg-color:#ffffff;--awb-bg-color-hover:#ffffff;--awb-bg-size:cover;--awb-transition:filter 300ms ease-in, transform 300ms ease-in, background-color 300ms ease-in, border-color 300ms ease-in;--awb-border-color:#1e73be;--awb-border-top:1px;--awb-border-right:1px;--awb-border-bottom:1px;--awb-border-left:1px;--awb-border-style:solid;width:25%;width:calc(25% - ( ( 4% + 4% + 4% ) * 0.25 ) );margin-right: 4%;\" data-scroll-devices=\"small-visibility,medium-visibility,large-visibility\"><div class=\"fusion-column-wrapper fusion-column-has-shadow fusion-flex-column-wrapper-legacy\"><div class=\"fusion-title title fusion-title-15 fusion-title-center fusion-title-text fusion-title-size-two\" style=\"--awb-text-color:#c10000;--awb-margin-bottom:10px;\"><div class=\"title-sep-container title-sep-container-left\"><div class=\"title-sep sep- sep-solid\" style=\"border-color:#e0dede;\"><\/div><\/div><span class=\"awb-title-spacer\"><\/span><h2 class=\"fusion-title-heading title-heading-center\" style=\"margin:0;\"><p style=\"text-align: center;\"><strong>30 +<\/strong><\/p><\/h2><span class=\"awb-title-spacer\"><\/span><div class=\"title-sep-container title-sep-container-right\"><div class=\"title-sep sep- sep-solid\" style=\"border-color:#e0dede;\"><\/div><\/div><\/div><div class=\"fusion-text fusion-text-4\"><p style=\"text-align: center;\">\u0163\u0103ri \u00een care am organziat deplas\u0103ri de afaceri<\/p>\n<\/div><div class=\"fusion-image-element fusion-image-align-center in-legacy-container\" style=\"text-align:center;--awb-caption-title-font-family:var(--h2_typography-font-family);--awb-caption-title-font-weight:var(--h2_typography-font-weight);--awb-caption-title-font-style:var(--h2_typography-font-style);--awb-caption-title-size:var(--h2_typography-font-size);--awb-caption-title-transform:var(--h2_typography-text-transform);--awb-caption-title-line-height:var(--h2_typography-line-height);--awb-caption-title-letter-spacing:var(--h2_typography-letter-spacing);\"><div class=\"imageframe-align-center\"><span class=\" fusion-imageframe imageframe-none imageframe-3 hover-type-none\"><img decoding=\"async\" width=\"100\" height=\"100\" title=\"image007\" src=\"https:\/\/ccisv.ro\/content\/wp-content\/uploads\/2024\/09\/image007-e1726637159790.jpg\" alt class=\"img-responsive wp-image-52946\"\/><\/span><\/div><\/div><div class=\"fusion-clearfix\"><\/div><\/div><\/div><div class=\"fusion-layout-column fusion_builder_column_inner fusion-builder-nested-column-3 fusion_builder_column_inner_1_4 1_4 fusion-one-fourth fusion-column-last\" style=\"--awb-padding-top:50px;--awb-padding-right:20px;--awb-padding-bottom:50px;--awb-padding-left:20px;--awb-bg-color:#ffffff;--awb-bg-color-hover:#ffffff;--awb-bg-size:cover;--awb-transition:filter 300ms ease-in, transform 300ms ease-in, background-color 300ms ease-in, border-color 300ms ease-in;--awb-border-color:#1e73be;--awb-border-top:1px;--awb-border-right:1px;--awb-border-bottom:1px;--awb-border-left:1px;--awb-border-style:solid;width:25%;width:calc(25% - ( ( 4% + 4% + 4% ) * 0.25 ) );\" data-scroll-devices=\"small-visibility,medium-visibility,large-visibility\"><div class=\"fusion-column-wrapper fusion-column-has-shadow fusion-flex-column-wrapper-legacy\"><div class=\"fusion-title title fusion-title-16 fusion-title-center fusion-title-text fusion-title-size-two\" style=\"--awb-text-color:#c10000;--awb-margin-bottom:10px;\"><div class=\"title-sep-container title-sep-container-left\"><div class=\"title-sep sep- sep-solid\" style=\"border-color:#e0dede;\"><\/div><\/div><span class=\"awb-title-spacer\"><\/span><h2 class=\"fusion-title-heading title-heading-center\" style=\"margin:0;\"><p style=\"text-align: center;\"><strong>800 +<\/strong><\/p><\/h2><span class=\"awb-title-spacer\"><\/span><div class=\"title-sep-container title-sep-container-right\"><div class=\"title-sep sep- sep-solid\" style=\"border-color:#e0dede;\"><\/div><\/div><\/div><div class=\"fusion-text fusion-text-5\"><p style=\"text-align: center;\">antreprenori suceveni participan\u021bi \u00een cadrul misiunilor economice<\/p>\n<\/div><div class=\"fusion-image-element fusion-image-align-center in-legacy-container\" style=\"text-align:center;--awb-caption-title-font-family:var(--h2_typography-font-family);--awb-caption-title-font-weight:var(--h2_typography-font-weight);--awb-caption-title-font-style:var(--h2_typography-font-style);--awb-caption-title-size:var(--h2_typography-font-size);--awb-caption-title-transform:var(--h2_typography-text-transform);--awb-caption-title-line-height:var(--h2_typography-line-height);--awb-caption-title-letter-spacing:var(--h2_typography-letter-spacing);\"><div class=\"imageframe-align-center\"><span class=\" fusion-imageframe imageframe-none imageframe-4 hover-type-none\"><img decoding=\"async\" width=\"100\" height=\"100\" title=\"image009\" src=\"https:\/\/ccisv.ro\/content\/wp-content\/uploads\/2024\/09\/image009-e1726637179432.png\" alt class=\"img-responsive wp-image-52947\"\/><\/span><\/div><\/div><div class=\"fusion-clearfix\"><\/div><\/div><\/div><\/div><div class=\"fusion-image-element fusion-image-align-center in-legacy-container\" style=\"text-align:center;--awb-margin-top:10px;--awb-max-width:100%;--awb-caption-title-font-family:var(--h2_typography-font-family);--awb-caption-title-font-weight:var(--h2_typography-font-weight);--awb-caption-title-font-style:var(--h2_typography-font-style);--awb-caption-title-size:var(--h2_typography-font-size);--awb-caption-title-transform:var(--h2_typography-text-transform);--awb-caption-title-line-height:var(--h2_typography-line-height);--awb-caption-title-letter-spacing:var(--h2_typography-letter-spacing);\"><div class=\"imageframe-align-center\"><span class=\" fusion-imageframe imageframe-none imageframe-5 hover-type-none\"><img decoding=\"async\" width=\"2560\" height=\"1921\" title=\"misiuni economice\" src=\"https:\/\/ccisv.ro\/content\/wp-content\/uploads\/2024\/09\/misiuni-economice.png\" alt class=\"img-responsive wp-image-52920\"\/><\/span><\/div><\/div><div class=\"fusion-clearfix\"><\/div><\/div><\/div><\/div><\/div><\/p>\n","protected":false},"excerpt":{"rendered":"","protected":false},"author":5,"featured_media":0,"parent":0,"menu_order":0,"comment_status":"closed","ping_status":"closed","template":"100-width.php","meta":{"footnotes":""},"class_list":["post-52886","page","type-page","status-publish","hentry"],"_links":{"self":[{"href":"https:\/\/ccisv.ro\/content\/wp-json\/wp\/v2\/pages\/52886","targetHints":{"allow":["GET"]}}],"collection":[{"href":"https:\/\/ccisv.ro\/content\/wp-json\/wp\/v2\/pages"}],"about":[{"href":"https:\/\/ccisv.ro\/content\/wp-json\/wp\/v2\/types\/page"}],"author":[{"embeddable":true,"href":"https:\/\/ccisv.ro\/content\/wp-json\/wp\/v2\/users\/5"}],"replies":[{"embeddable":true,"href":"https:\/\/ccisv.ro\/content\/wp-json\/wp\/v2\/comments?post=52886"}],"version-history":[{"count":104,"href":"https:\/\/ccisv.ro\/content\/wp-json\/wp\/v2\/pages\/52886\/revisions"}],"predecessor-version":[{"id":54195,"href":"https:\/\/ccisv.ro\/content\/wp-json\/wp\/v2\/pages\/52886\/revisions\/54195"}],"wp:attachment":[{"href":"https:\/\/ccisv.ro\/content\/wp-json\/wp\/v2\/media?parent=52886"}],"curies":[{"name":"wp","href":"https:\/\/api.w.org\/{rel}","templated":true}]}}