{"id":43240,"date":"2020-06-19T09:21:24","date_gmt":"2020-06-19T07:21:24","guid":{"rendered":"http:\/\/ccisv.ro\/content\/?page_id=43240"},"modified":"2024-12-18T10:33:23","modified_gmt":"2024-12-18T07:33:23","slug":"activitati-evenimente","status":"publish","type":"page","link":"https:\/\/ccisv.ro\/content\/activitati-evenimente\/","title":{"rendered":"Activit\u0103\u0163i &#038; Evenimente"},"content":{"rendered":"<div class=\"fusion-fullwidth fullwidth-box fusion-builder-row-1 hundred-percent-fullwidth non-hundred-percent-height-scrolling\" style=\"--awb-border-radius-top-left:0px;--awb-border-radius-top-right:0px;--awb-border-radius-bottom-right:0px;--awb-border-radius-bottom-left:0px;--awb-overflow:visible;--awb-flex-wrap:wrap;\" ><div class=\"fusion-builder-row fusion-row\"><div class=\"fusion-layout-column fusion_builder_column fusion-builder-column-0 fusion_builder_column_1_1 1_1 fusion-one-full fusion-column-first fusion-column-last\" style=\"--awb-bg-size:cover;\"><div class=\"fusion-column-wrapper fusion-flex-column-wrapper-legacy\"><div class=\"fusion-recent-posts fusion-recent-posts-1 avada-container layout-default layout-columns-1 fusion-recent-posts-infinite\" data-pages=\"2\"><section class=\"fusion-columns columns fusion-columns-1 columns-1\"><article class=\"post fusion-column column col col-lg-12 col-md-12 col-sm-12\"><div class=\"recent-posts-content\"><h3 class=\"\"><a href=\"https:\/\/ccisv.ro\/content\/targul-de-nunti-bucovina-13-15-februarie-2026\/\">T\u00e2rgul de nun\u021bi Bucovina 13 \u2013 15 februarie 2026<\/a><\/h3><p class=\"meta\"><span>ianuarie 16th, 2026<\/span><span class=\"fusion-inline-sep\">|<\/span><\/p><p>Cel mai important eveniment din jude\u021b dedicat momentelor speciale \u0219i organiz\u0103rii evenimentelor private revine cu o nou\u0103 edi\u021bie, programat\u0103 \u00een perioada 13\u201315 februarie 2026, la Iulius Mall Suceava, parter. T\u00e2rgul de Nun\u021bi Bucovina este organizat<\/p><\/div><\/article><article class=\"post fusion-column column col col-lg-12 col-md-12 col-sm-12\"><div class=\"recent-posts-content\"><h3 class=\"\"><a href=\"https:\/\/ccisv.ro\/content\/targul-de-nunti-bucovina-editia-a-xix-a-14-16-noiembrie-2025\/\">T\u00e2rgul de nun\u021bi Bucovina Edi\u021bia a XIX\u2013 a 14 \u2013 16 noiembrie 2025<\/a><\/h3><p class=\"meta\"><span>octombrie 9th, 2025<\/span><span class=\"fusion-inline-sep\">|<\/span><\/p><p>Cel mai reprezentativ eveniment din jude\u021b, dedicat evenimentelor private \u0219i momentelor importante din via\u021ba unui cuplu, revine cu o nou\u0103 edi\u021bie care va avea loc \u00een perioada 14 \u2013 16 noiembrie 2025 \u00een incinta Iulius<\/p><\/div><\/article><article class=\"post fusion-column column col col-lg-12 col-md-12 col-sm-12\"><div class=\"recent-posts-content\"><h3 class=\"\"><a href=\"https:\/\/ccisv.ro\/content\/seminar-de-fiscalitate-cu-adrian-benta-06-octombrie-2025\/\">SEMINAR de fiscalitate cu Adrian BEN\u021aA 06 octombrie 2025<\/a><\/h3><p class=\"meta\"><span>septembrie 5th, 2025<\/span><span class=\"fusion-inline-sep\">|<\/span><\/p><p>Dragi antreprenori, speciali\u0219ti \u0219i profesioni\u0219ti din domeniul fiscal, Camera de Comer\u021b \u0219i Industrie Suceava v\u0103 invit\u0103 s\u0103 participa\u021bi la o nou\u0103 edi\u021bie a seminariilor de fiscalitate organizate \u00een colaborare cu Adrian BEN\u021aA, care va avea<\/p><\/div><\/article><article class=\"post fusion-column column col col-lg-12 col-md-12 col-sm-12\"><div class=\"recent-posts-content\"><h3 class=\"\"><a href=\"https:\/\/ccisv.ro\/content\/seminar-informativ-noul-sistem-reges-online-provocari-pentru-angajatori-in-2025\/\">Seminar informativ \u201dNoul sistem REGES online &#8211; Provoc\u0103ri pentru angajatori \u00een 2025\u201d<\/a><\/h3><p class=\"meta\"><span>august 12th, 2025<\/span><span class=\"fusion-inline-sep\">|<\/span><\/p><p> \u00cen contextul schimb\u0103rilor obligatorii pentru to\u021bi angajatorii din Rom\u00e2nia, care urmeaz\u0103 s\u0103 renun\u021be la aplica\u021bia Revisal \u0219i s\u0103 migreze complet, p\u00e2n\u0103 la data de 30 septembrie 2025, c\u0103tre noul sistem REGES online, Camera de<\/p><\/div><\/article><article class=\"post fusion-column column col col-lg-12 col-md-12 col-sm-12\"><div class=\"recent-posts-content\"><h3 class=\"\"><a href=\"https:\/\/ccisv.ro\/content\/salonul-auto-bucovina-2025-5-7-septembrie-2025\/\">Salonul Auto Bucovina 2025 &#8211; 5-7 septembrie 2025<\/a><\/h3><p class=\"meta\"><span>august 4th, 2025<\/span><span class=\"fusion-inline-sep\">|<\/span><\/p><p> E\u0219ti pasionat de ma\u0219ini, tehnologie auto \u0219i tot ce mi\u0219c\u0103 pe patru ro\u021bi? Atunci nu po\u021bi rata Salonul Auto Bucovina, evenimentul de referin\u021b\u0103 al industriei auto locale! Evenimentul este organizat de Camera de Comer\u021b<\/p><\/div><\/article><article class=\"post fusion-column column col col-lg-12 col-md-12 col-sm-12\"><div class=\"recent-posts-content\"><h3 class=\"\"><a href=\"https:\/\/ccisv.ro\/content\/ifco-2025-istanbul-fashion-connection-international-ready-to-wear-clothing-fair-20-22-augurst-2025\/\">IFCO 2025 \u2013 Istanbul Fashion Connection International Ready-to-Wear Clothing Fair, 20-22 augurst 2025<\/a><\/h3><p class=\"meta\"><span>iunie 2nd, 2025<\/span><span class=\"fusion-inline-sep\">|<\/span><\/p><p>Camera de Comer\u021b \u0219i Industrie Suceava, \u00een calitate de partener \u00een cadrul proiectului Eastern Romanian Business Support Network (Re\u021beaua pentru sprijinirea afacerilor din estul Rom\u00e2niei) \u2013 ERBSN 2022 \u2013 2025, parte a re\u021belei\u00a0Enterprise Europe Network,<\/p><\/div><\/article><article class=\"post fusion-column column col col-lg-12 col-md-12 col-sm-12\"><div class=\"recent-posts-content\"><h3 class=\"\"><a href=\"https:\/\/ccisv.ro\/content\/apel-parteneriat\/\">APEL LA PARTENERIAT PENTRU DEZVOLTAREA UNEI INFRASTRUCTURI EDUCA\u0162IONALE MODERNE \u00ceN VEDEREA SUS\u0162INERII \u015eI DEZVOLT\u0102RII RESURSELOR UMANE \u015eI BAZEI MATERIALE \u00ceN DOMENIUL MEDICAL A FACULT\u0102\u0162II DE MEDICIN\u0102 \u015eI \u015eTIIN\u0162E BIOLOGICE \u2013 UNIVERSITATEA \u201e\u015eTEFAN CEL MARE\u201d DIN SUCEAVA<\/a><\/h3><p class=\"meta\"><span>mai 21st, 2025<\/span><span class=\"fusion-inline-sep\">|<\/span><\/p><p>Stima\u021bi membri ai comunit\u0103\u021bii de afaceri,\u00a0 Camera de Comer\u021b \u0219i Industrie Suceava al\u0103turi de Facultatea de Medicin\u0103 din cadrul Universit\u0103\u021bii \u201e\u0218tefan cel Mare\u201d din Suceava \u2013 prima institu\u021bie de \u00eenv\u0103\u021b\u0103m\u00e2nt medical superior \u00eenfiin\u021bat\u0103 \u00een Rom\u00e2nia<\/p><\/div><\/article><article class=\"post fusion-column column col col-lg-12 col-md-12 col-sm-12\"><div class=\"recent-posts-content\"><h3 class=\"\"><a href=\"https:\/\/ccisv.ro\/content\/invitatie-la-evenimentul-o-seara-cu-andrei-tudor-muzica-de-film-pop-opera\/\">Invita\u021bie la evenimentul \u201eO sear\u0103 cu Andrei Tudor \u2013 Muzic\u0103 de Film &#038; Pop-Opera\u201d<\/a><\/h3><p class=\"meta\"><span>februarie 28th, 2025<\/span><span class=\"fusion-inline-sep\">|<\/span><\/p><p>Camera de Comer\u021b \u0219i Industrie Suceava al\u0103turi de SymphOpera Fest v\u0103 invit\u0103 la O sear\u0103 cu Andrei Tudor - Muzic\u0103 de Film &amp; pop-opera Evenimentul este unul \u00een premier\u0103 \u00een jude\u021bul Suceava \u0219i va avea<\/p><\/div><\/article><article class=\"post fusion-column column col col-lg-12 col-md-12 col-sm-12\"><div class=\"recent-posts-content\"><h3 class=\"\"><a href=\"https:\/\/ccisv.ro\/content\/agro-expo-bucovina-2025-04-06-aprilie-2025\/\">Agro Expo Bucovina 2025, 04 &#8211; 06 aprilie 2025<\/a><\/h3><p class=\"meta\"><span>februarie 28th, 2025<\/span><span class=\"fusion-inline-sep\">|<\/span><\/p><p>\u00a0 Cel mai mare \u015fi important eveniment agricol din zona Moldovei, Agro Expo Bucovina, este organizat de c\u0103tre Camera de Comer\u0163 \u015fi Industrie\u00a0 Suceava \u00een parteneriat cu Jumbo Suceava, VIVA FM, Direc\u021bia Agricol\u0103 Suceava, Agripedia<\/p><\/div><\/article><article class=\"post fusion-column column col col-lg-12 col-md-12 col-sm-12\"><div class=\"recent-posts-content\"><h3 class=\"\"><a href=\"https:\/\/ccisv.ro\/content\/curs-online-competenta-digitala-inclusiv-de-siguranta-pe-internet-si-securitate-cibernetica\/\">CURS ONLINE &#8211; Competen\u021b\u0103 digital\u0103, inclusiv de siguran\u021b\u0103 pe internet \u0219i securitate cibernetic\u0103<\/a><\/h3><p class=\"meta\"><span>ianuarie 28th, 2025<\/span><span class=\"fusion-inline-sep\">|<\/span><\/p><p> Camera de Comer\u021b \u0219i Industrie Suceava te invit\u0103 s\u0103 participi la un curs autorizat de Competen\u021be Digitale. Cursul este unul practic, av\u00e2nd o durat\u0103 de 30 de ore, desf\u0103\u0219urate online, pe platforma ZOOM \u0219i<\/p><\/div><\/article><article class=\"post fusion-column column col col-lg-12 col-md-12 col-sm-12\"><div class=\"recent-posts-content\"><h3 class=\"\"><a href=\"https:\/\/ccisv.ro\/content\/targul-de-nunti-bucovina-editia-a-xix-a-14-16-februarie-2025\/\">T\u00e2rgul de nun\u021bi Bucovina Edi\u021bia a XIX\u2013 a 14 \u2013 16 februarie 2025<\/a><\/h3><p class=\"meta\"><span>ianuarie 20th, 2025<\/span><span class=\"fusion-inline-sep\">|<\/span><\/p><p>Cel mai reprezentativ eveniment din jude\u021b, dedicat evenimentelor private \u0219i momentelor importante din via\u021ba unui cuplu, revine cu o nou\u0103 edi\u021bie care va avea loc \u00een perioada 14 \u2013 16 februarie \u00a02025 \u00a0\u00een incinta Iulius<\/p><\/div><\/article><article class=\"post fusion-column column col col-lg-12 col-md-12 col-sm-12\"><div class=\"recent-posts-content\"><h3 class=\"\"><a href=\"https:\/\/ccisv.ro\/content\/conferinta-nationala-securitate-si-digitalizare-in-era-tehnologica\/\">Conferin\u021ba Na\u021bional\u0103 &#8211; Securitate \u0219i Digitalizare \u00een Era Tehnologic\u0103<\/a><\/h3><p class=\"meta\"><span>ianuarie 17th, 2025<\/span><span class=\"fusion-inline-sep\">|<\/span><\/p><p>\u00centr-o lume digital\u0103 aflat\u0103 \u00een continu\u0103 schimbare, securitatea cibernetic\u0103 nu mai este un lux, ci o necesitate. Pentru a sprijini managementul mediului de afaceri din jude\u021bul Suceava \u00een fa\u021ba provoc\u0103rilor digitale, Camera de Comer\u021b \u0219i<\/p><\/div><\/article><article class=\"post fusion-column column col col-lg-12 col-md-12 col-sm-12\"><div class=\"recent-posts-content\"><h3 class=\"\"><a href=\"https:\/\/ccisv.ro\/content\/noutati-fiscale-in-2025-cu-adrian-benta-14-februarie-2025\/\">Nout\u0103\u0163i fiscale \u00een 2025 cu Adrian Ben\u0163a &#8211; 14 februarie 2025<\/a><\/h3><p class=\"meta\"><span>ianuarie 16th, 2025<\/span><span class=\"fusion-inline-sep\">|<\/span><\/p><p> Dragi antreprenori, speciali\u0219ti \u0219i profesioni\u0219ti din domeniul fiscal, V\u0103 invit\u0103m s\u0103 participa\u021bi la o nou\u0103 serie a seminariilor de fiscalitate, organizate de Camera de Comer\u021b \u0219i Industrie Suceava, al\u0103turi de Adrian BEN\u021aA, care va<\/p><\/div><\/article><article class=\"post fusion-column column col col-lg-12 col-md-12 col-sm-12\"><div class=\"recent-posts-content\"><h3 class=\"\"><a href=\"https:\/\/ccisv.ro\/content\/gala-excelentei-in-afaceri-2024\/\">GALA EXCELEN\u021aEI \u00ceN AFACERI 2024<\/a><\/h3><p class=\"meta\"><span>noiembrie 6th, 2024<\/span><span class=\"fusion-inline-sep\">|<\/span><\/p><p>Camera de Comer\u021b \u0219i Industrie Suceava are onoarea de a invita companiile sucevene la cea de a 34-a edi\u021bie a evenimentului GALA EXCELEN\u021aEI \u00ceN AFACERI 2024 - TOPUL FIRMELOR BUCOVINA 2023. Conform tradi\u021biei, evenimentul este<\/p><\/div><\/article><article class=\"post fusion-column column col col-lg-12 col-md-12 col-sm-12\"><div class=\"recent-posts-content\"><h3 class=\"\"><a href=\"https:\/\/ccisv.ro\/content\/salonul-auto-bucovina-editia-a-xvii-a-27-29-septembrie-2024\/\">SALONUL AUTO BUCOVINA, EDI\u021aIA A XVII-A, 27-29 SEPTEMBRIE 2024<\/a><\/h3><p class=\"meta\"><span>septembrie 30th, 2024<\/span><span class=\"fusion-inline-sep\">|<\/span><\/p><p>Esplanada Casei de Cultur\u0103 din Suceava a g\u0103zduit cea de-a XVII-a edi\u021bie a Salonului Auto Bucovina, desf\u0103\u0219urat\u0103 \u00eentre 27 \u0219i 29 septembrie 2024. Evenimentul a reunit cei mai importan\u021bi dealeri auto din regiune, care au<\/p><\/div><\/article><article class=\"post fusion-column column col col-lg-12 col-md-12 col-sm-12\"><div class=\"recent-posts-content\"><h3 class=\"\"><a href=\"https:\/\/ccisv.ro\/content\/salonul-auto-bucovina-2024\/\">Salonul Auto Bucovina 2024<\/a><\/h3><p class=\"meta\"><span>septembrie 7th, 2024<\/span><span class=\"fusion-inline-sep\">|<\/span><\/p><p>Camera de Comer\u0163 \u015fi Industrie Suceava\u00a0\u00een parteneriat cu\u00a0Prim\u0103ria Municipiului Suceava\u00a0organizeaz\u0103 cea de-a XVII-a edi\u0163ie a SALONULUI AUTO BUCOVINA 2024.\u00a0Evenimentul, devenit unul de referin\u021b\u0103 \u00een programul de expozi\u021bii \u0219i evenimente, reia o frumoas\u0103 \u0219i \u00eendelungat\u0103 tradi\u021bie<\/p><\/div><\/article><article class=\"post fusion-column column col col-lg-12 col-md-12 col-sm-12\"><div class=\"recent-posts-content\"><h3 class=\"\"><a href=\"https:\/\/ccisv.ro\/content\/curs-brokeraj-de-afaceri-17-20-septembrie-2024\/\">Curs brokeraj de afaceri 17-20 septembrie 2024<\/a><\/h3><p class=\"meta\"><span>august 1st, 2024<\/span><span class=\"fusion-inline-sep\">|<\/span><\/p><p>Camera de Comer\u021b \u0219i Industrie Suceava aduce \u00een aten\u021bia publicului interesat oportunitatea de a participa la cursul de brokeraj organizat de Camera de Comer\u021b \u0219i Industrie a Rom\u00e2niei \u0219i TradeX \u2013 Tranfer Afaceri, care se<\/p><\/div><\/article><article class=\"post fusion-column column col col-lg-12 col-md-12 col-sm-12\"><div class=\"recent-posts-content\"><h3 class=\"\"><a href=\"https:\/\/ccisv.ro\/content\/chestionar-analiza-identificare-nevoi-competente-digitale\/\">Chestionar Analiz\u0103 identificare nevoi &#8211; Competen\u021be digitale<\/a><\/h3><p class=\"meta\"><span>iulie 16th, 2024<\/span><span class=\"fusion-inline-sep\">|<\/span><\/p><p>Stimat\u0103 doamn\u0103\/Stimate domn, Camera de Comer\u021b \u0219i Industrie Suceava realizeaz\u0103 o analiz\u0103 de nevoi cu scopul de a identifica nevoile reale de formare profesional\u0103 \u00een domeniul competen\u021belor digitale ale \u00eentreprinderilor publice \u0219i private care activeaz\u0103<\/p><\/div><\/article><article class=\"post fusion-column column col col-lg-12 col-md-12 col-sm-12\"><div class=\"recent-posts-content\"><h3 class=\"\"><a href=\"https:\/\/ccisv.ro\/content\/chestionar-pentru-identificarea-nevoilor-de-formare-in-domeniul-competentelor-digitale-pentru-angajatii-cu-domiciliul-sau-resedinta-in-regiunea-nord-est\/\">Chestionar pentru identificarea nevoilor de formare \u00een domeniul competen\u021belor digitale pentru ANGAJA\u021aII cu domiciliul sau re\u0219edin\u021ba \u00een regiunea Nord &#8211; Est<\/a><\/h3><p class=\"meta\"><span>iulie 10th, 2024<\/span><span class=\"fusion-inline-sep\">|<\/span><\/p><p>Camera de Comer\u021b \u0219i Industrie Suceava realizeaz\u0103 o analiz\u0103 de nevoi cu scopul de a identifica nevoile reale de formare \u00een domeniul competen\u021belor digitale ale angaja\u021bilor din \u00eentreprinderi publice \u0219i private care au domiciliul sau<\/p><\/div><\/article><article class=\"post fusion-column column col col-lg-12 col-md-12 col-sm-12\"><div class=\"recent-posts-content\"><h3 class=\"\"><a href=\"https:\/\/ccisv.ro\/content\/atragerea-de-investitii-straine-in-judetul-suceava-2024-comunicat-de-presa\/\">Atragerea de investi\u021bii str\u0103ine \u00een jude\u021bul Suceava 2024 &#8211; Comunicat de pres\u0103<\/a><\/h3><p class=\"meta\"><span>iulie 5th, 2024<\/span><span class=\"fusion-inline-sep\">|<\/span><\/p><p>Camera de Comer\u0163 \u0219i Industrie Suceava, \u00een calitatea sa de organiza\u0163ie reprezentativ\u0103 a mediului de afaceri din jude\u021b, \u00eentreprinde \u00een mod constant demersurile necesare pentru a asigura cre\u0219terea vizibilit\u0103\u021bii firmelor sucevene prin promovarea produselor \u0219i<\/p><\/div><\/article><article class=\"post fusion-column column col col-lg-12 col-md-12 col-sm-12\"><div class=\"recent-posts-content\"><h3 class=\"\"><a href=\"https:\/\/ccisv.ro\/content\/forumul-economic-regional-moldova-4-6-iulie-vatra-dornei\/\">Forumul Economic Regional Moldova &#8211; 4-6 iulie, Vatra Dornei<\/a><\/h3><p class=\"meta\"><span>iulie 2nd, 2024<\/span><span class=\"fusion-inline-sep\">|<\/span><\/p><p>Camera de Comer\u021b \u0219i Industrie Suceava, \u00een calitate de partener al evenimentului, adreseaz\u0103 mediului de afaceri sucevean invita\u021bia de a participa la Forumul Economic Regional Moldova \u2013 Edi\u021bia 2024. Evenimentul, organizat de Centrul de Analiz\u0103<\/p><\/div><\/article><article class=\"post fusion-column column col col-lg-12 col-md-12 col-sm-12\"><div class=\"recent-posts-content\"><h3 class=\"\"><a href=\"https:\/\/ccisv.ro\/content\/oportunitati-de-inovare-si-digitalizare-pentru-imm-uri-invitatie-la-intalnirea-digital-innovation-zone\/\">Oportunit\u0103\u021bi de inovare \u0219i digitalizare pentru IMM-uri &#8211; Invita\u021bie la \u00eent\u00e2lnirea Digital Innovation Zone<\/a><\/h3><p class=\"meta\"><span>iunie 5th, 2024<\/span><span class=\"fusion-inline-sep\">|<\/span><\/p><p> Camera de Comer\u021b \u0219i Industrie Suceava, al\u0103turi de Digital Innovation Zone, v\u0103 invit\u0103 s\u0103 participa\u021bi pe\u00a013 iunie, \u00eentre orele 14.00 \u0219i 16.00, la o \u00eent\u00e2lnire informal\u0103 dedicat\u0103 IMM-urilor din Suceava \u0219i Boto\u0219ani. Agenda evenimentului:<\/p><\/div><\/article><article class=\"post fusion-column column col col-lg-12 col-md-12 col-sm-12\"><div class=\"recent-posts-content\"><h3 class=\"\"><a href=\"https:\/\/ccisv.ro\/content\/curs-people-management-12-13-iunie-2024\/\">Curs People management &#8211; 20-21 iunie 2024<\/a><\/h3><p class=\"meta\"><span>mai 31st, 2024<\/span><span class=\"fusion-inline-sep\">|<\/span><\/p><p> De cele mai multe ori companiile promoveaz\u0103 oamenii \u00een func\u0163ii de management \u00een baza rezultatelor \u015fi a performan\u0163elor tehnice \u015fi mai pu\u0163in pe baza orinet\u0103rii c\u0103tre oameni, iar cei care ajung \u00eentr-o pozi\u0163ie de<\/p><\/div><\/article><article class=\"post fusion-column column col col-lg-12 col-md-12 col-sm-12\"><div class=\"recent-posts-content\"><h3 class=\"\"><a href=\"https:\/\/ccisv.ro\/content\/curs-effective-negotiation-12-13-iunie-2024\/\">Curs Effective negotiation &#8211; 19-20 iunie 2024<\/a><\/h3><p class=\"meta\"><span>mai 31st, 2024<\/span><span class=\"fusion-inline-sep\">|<\/span><\/p><p> Acest curs intensiv, reprezint\u0103 o oportunitate de a v\u0103 \u00eembun\u0103t\u0103\u021bi abilit\u0103\u021bile de negociere \u0219i de a \u00eenv\u0103\u021ba tactici \u0219i strategii dovedite, pentru a deveni un negociator expert. \u00cen cadrul cursului de negociere ve\u021bi \u00eenv\u0103\u021ba<\/p><\/div><\/article><article class=\"post fusion-column column col col-lg-12 col-md-12 col-sm-12\"><div class=\"recent-posts-content\"><h3 class=\"\"><a href=\"https:\/\/ccisv.ro\/content\/misiune-economica-in-suedia-25-august-01-septembrie-2024\/\">Misiune economic\u0103 \u00een SUEDIA &#8211; 25 august \u2013 01 septembrie 2024<\/a><\/h3><p class=\"meta\"><span>mai 30th, 2024<\/span><span class=\"fusion-inline-sep\">|<\/span><\/p><p>Camera de Comer\u021b \u0219i Industrie Suceava informeaz\u0103 companiile sucevene despre oportunitatea de a participa \u00een cadrul unei misiuni economice \u00een SUEDIA, organizat\u0103 de Afaceri.ro, \u00een perioada 25 august \u2013 01 septembrie 2024. V\u0103 invit\u0103m s\u0103<\/p><\/div><\/article><article class=\"post fusion-column column col col-lg-12 col-md-12 col-sm-12\"><div class=\"recent-posts-content\"><h3 class=\"\"><a href=\"https:\/\/ccisv.ro\/content\/curs-de-specializare-pentru-ocupatia-de-expert-achizitii-publice-2\/\">Curs de specializare pentru ocupa\u021bia de EXPERT ACHIZI\u021aII PUBLICE<\/a><\/h3><p class=\"meta\"><span>mai 24th, 2024<\/span><span class=\"fusion-inline-sep\">|<\/span><\/p><p> Camera de Comer\u021b \u0219i Industrie Suceava propune spre organizare o nou\u0103 serie de curs de tip specializare, pentru ocupa\u021bia de EXPERT ACHIZI\u021aII PUBLICE, conform noului Cod COR: 242116. Cui ne adres\u0103m? Cursul se adreseaz\u0103<\/p><\/div><\/article><article class=\"post fusion-column column col col-lg-12 col-md-12 col-sm-12\"><div class=\"recent-posts-content\"><h3 class=\"\"><a href=\"https:\/\/ccisv.ro\/content\/curs-contabil\/\">Curs Contabil<\/a><\/h3><p class=\"meta\"><span>mai 24th, 2024<\/span><span class=\"fusion-inline-sep\">|<\/span><\/p><p>Cuno\u0219tin\u021bele din domeniul contabilit\u0103\u021bii constituie un avantaj pre\u021bios, mai ales \u00een cazul firmelor abia \u00eenfiin\u021bate.Cursul de Contabilitate este dedicat tuturor antreprenorilor care doresc s\u0103 \u00een\u021beleag\u0103 opera\u021biunile contabile de baz\u0103, pentru o administrare optim\u0103 a banilor,<\/p><\/div><\/article><article class=\"post fusion-column column col col-lg-12 col-md-12 col-sm-12\"><div class=\"recent-posts-content\"><h3 class=\"\"><a href=\"https:\/\/ccisv.ro\/content\/invitatie-speciala-la-evenimentul-business-evolution-suceava-24-aprilie\/\">Invitatie speciala la evenimentul Business Evolution, Suceava, 24 aprilie<\/a><\/h3><p class=\"meta\"><span>aprilie 12th, 2024<\/span><span class=\"fusion-inline-sep\">|<\/span><\/p><p>Camera de Comer\u021b \u0219i Industrie Suceava, \u00een calitate de partener al \u00a0evenimentului BUSINESS EVOLUTION,\u00a0are pl\u0103cerea s\u0103 v\u0103 invite miercuri, 24 aprilie, \u00eencep\u00e2nd cu ora 08:30, la Hotel Mandachi din Suceava, unde domnul Lucian Gheorghiu \u2013<\/p><\/div><\/article><article class=\"post fusion-column column col col-lg-12 col-md-12 col-sm-12\"><div class=\"recent-posts-content\"><h3 class=\"\"><a href=\"https:\/\/ccisv.ro\/content\/curs-brokeraj-de-afaceri-16-19-aprilie-2024\/\">Curs brokeraj de afaceri 16-19 aprilie 2024<\/a><\/h3><p class=\"meta\"><span>februarie 28th, 2024<\/span><span class=\"fusion-inline-sep\">|<\/span><\/p><p>Camera de Comer\u021b \u0219i Industrie Suceava aduce \u00een aten\u021bia publicului interesat oportunitatea de a participa la cursul de brokeraj organizat de Camera de Comer\u021b \u0219i Industrie a Rom\u00e2niei \u0219i TradeX \u2013 Tranfer Afaceri, care se<\/p><\/div><\/article><article class=\"post fusion-column column col col-lg-12 col-md-12 col-sm-12\"><div class=\"recent-posts-content\"><h3 class=\"\"><a href=\"https:\/\/ccisv.ro\/content\/convocator-nr-1-din-16-02-2024\/\">CONVOCATOR Nr. 1 din 16.02.2024<\/a><\/h3><p class=\"meta\"><span>februarie 26th, 2024<\/span><span class=\"fusion-inline-sep\">|<\/span><\/p><p>\u00cen temeiul art. 19 din Statutul Camerei de Comert si Industrie Suceava raportat la art. 16 din Legea camerelor de comer\u021b nr. 335\/2007 cu modific\u0103rile \u0219i complet\u0103rile ulterioare Pre\u0219edintele Camerei de Comer\u021b \u0219i Industrie Suceava,<\/p><\/div><\/article><article class=\"post fusion-column column col col-lg-12 col-md-12 col-sm-12\"><div class=\"recent-posts-content\"><h3 class=\"\"><a href=\"https:\/\/ccisv.ro\/content\/invitatie-de-participare-in-cadrul-misiunii-economice-la-forumul-mondial-al-economiei-circulare-wcef-2024-de-la-bruxelles-15-17-aprilie\/\">Invita\u0163ie de participare \u00een cadrul misiunii economice la Forumul mondial al economiei circulare (WCEF) 2024 de la Bruxelles &#8211; 15-17 aprilie<\/a><\/h3><p class=\"meta\"><span>februarie 13th, 2024<\/span><span class=\"fusion-inline-sep\">|<\/span><\/p><p>Al\u0103tura\u021bi-v\u0103 mi\u0219c\u0103rii c\u0103tre un viitor circular la Forumul Mondial al Economiei Circulare 2024! Camera de Comer\u021b \u0219i Industrie Suceava, \u00een calitate de partener \u00een cadrul re\u021belei Enterprise Europe Networking, aduce \u00een aten\u021bia companiilor \u0219i antreprenorilor<\/p><\/div><\/article><article class=\"post fusion-column column col col-lg-12 col-md-12 col-sm-12\"><div class=\"recent-posts-content\"><h3 class=\"\"><a href=\"https:\/\/ccisv.ro\/content\/targului-de-nunti-bucovina-2024\/\">T\u00c2RGUL DE NUN\u0162I BUCOVINA 2024<\/a><\/h3><p class=\"meta\"><span>ianuarie 12th, 2024<\/span><span class=\"fusion-inline-sep\">|<\/span><\/p><p>Stimati parteneri, Camera de Comer\u0163 \u015fi Industrie Suceava are pl\u0103cerea de a anun\u021ba organizarea celei de a XVI- a edi\u0163ie a T\u00c2RGULUI DE NUN\u0162I BUCOVINA. V\u0103 invit\u0103m s\u0103 participa\u021bi al\u0103turi de noi, \u00een calitate de<\/p><\/div><\/article><article class=\"post fusion-column column col col-lg-12 col-md-12 col-sm-12\"><div class=\"recent-posts-content\"><h3 class=\"\"><a href=\"https:\/\/ccisv.ro\/content\/curs-de-specializare-inspector-in-domeniul-securitatii-si-sanatatii-in-munca-din-15-februarie-2024\/\">Curs de specializare INSPECTOR \u00ceN DOMENIUL SECURIT\u0102\u0162II \u015eI S\u0102N\u0102T\u0102\u0162II \u00ceN MUNC\u0102 din 15 februarie 2024<\/a><\/h3><p class=\"meta\"><span>noiembrie 22nd, 2023<\/span><span class=\"fusion-inline-sep\">|<\/span><\/p><p> Camera de Comer\u021b \u0219i Industrie Suceava \u00een parteneriat cu furnizorul autorizat PLUS EXPERT S.S.O. SRL, propun spre organizare \u00eencep\u00e2nd cu 15 februarie 2024, o nou\u0103 serie de curs de tip specializare pentru ocupa\u021bia de<\/p><\/div><\/article><article class=\"post fusion-column column col col-lg-12 col-md-12 col-sm-12\"><div class=\"recent-posts-content\"><h3 class=\"\"><a href=\"https:\/\/ccisv.ro\/content\/curs-referent-resurse-umane-specializare-cod-cor-333304\/\">Curs REFERENT RESURSE UMANE &#8211; Specializare cod COR: 333304<\/a><\/h3><p class=\"meta\"><span>noiembrie 10th, 2023<\/span><span class=\"fusion-inline-sep\">|<\/span><\/p><p>\u00a0 Camera de Comer\u021b \u0219i Industrie Suceava anun\u021b\u0103 organizarea unei noi serii de curs REFERENT RESURSE UMANE \u00eencep\u00e2nd cu luna ianuarie 2024. Programul de specializare Referent Resurse Umane este un curs practic \u0219i se adreseaz\u0103<\/p><\/div><\/article><article class=\"post fusion-column column col col-lg-12 col-md-12 col-sm-12\"><div class=\"recent-posts-content\"><h3 class=\"\"><a href=\"https:\/\/ccisv.ro\/content\/clusterele-motor-al-ecosistemelor-regionale-de-inovare-21-23-noiembrie-2023\/\">CLUSTERELE &#8211; MOTOR AL ECOSISTEMELOR REGIONALE DE INOVARE, 21-23 noiembrie 2023<\/a><\/h3><p class=\"meta\"><span>octombrie 13th, 2023<\/span><span class=\"fusion-inline-sep\">|<\/span><\/p><p>Agen\u021bia pentru Dezvoltare Regional\u0103 Nord-Est (ADR Nord-Est), \u00een parteneriat cu Asocia\u021bia CLUSTERO, v\u0103 invit\u0103 s\u0103 participa\u021bi, \u00een perioada 21-23 noiembrie 2023, la Ia\u0219i (Complex Hotelier Unirea), la evenimentul cu titlul CLUSTERELE - MOTOR AL ECOSISTEMELOR<\/p><\/div><\/article><article class=\"post fusion-column column col col-lg-12 col-md-12 col-sm-12\"><div class=\"recent-posts-content\"><h3 class=\"\"><a href=\"https:\/\/ccisv.ro\/content\/cluj-it-i-grants-for-smes\/\">Cluj IT I Grants for SMEs<\/a><\/h3><p class=\"meta\"><span>octombrie 13th, 2023<\/span><span class=\"fusion-inline-sep\">|<\/span><\/p><p>The Enterprise Europe Network (EEN) helps businesses innovate and grow on an international scale. As a network contact point for the North-West region of Romania, we provide a wide array of services for SMEs including<\/p><\/div><\/article><article class=\"post fusion-column column col col-lg-12 col-md-12 col-sm-12\"><div class=\"recent-posts-content\"><h3 class=\"\"><a href=\"https:\/\/ccisv.ro\/content\/gala-excelentei-in-afaceri-2023-3-noiembrie-2023-ora-1700-prestige-ballroom-suceava\/\">GALA EXCELEN\u021aEI \u00ceN AFACERI 2023 3 noiembrie 2023, ora 17:00 &#8211; Prestige Ballroom Suceava<\/a><\/h3><p class=\"meta\"><span>octombrie 12th, 2023<\/span><span class=\"fusion-inline-sep\">|<\/span><\/p><p>Camera de Comer\u021b \u0219i Industrie Suceava are onoarea de a invita companiile sucevene la cea de a 33-a edi\u021bie a evenimentului GALA EXCELEN\u021aEI \u00ceN AFACERI 2023 - TOPUL FIRMELOR BUCOVINA 2022. Conform tradi\u021biei, evenimentul reprezint\u0103<\/p><\/div><\/article><article class=\"post fusion-column column col col-lg-12 col-md-12 col-sm-12\"><div class=\"recent-posts-content\"><h3 class=\"\"><a href=\"https:\/\/ccisv.ro\/content\/forum-de-afaceri-bilateral-romania-republica-moldova\/\">Forum de afaceri bilateral Rom\u00e2nia &#8211; Republica Moldova<\/a><\/h3><p class=\"meta\"><span>septembrie 22nd, 2023<\/span><span class=\"fusion-inline-sep\">|<\/span><\/p><p>Camera de Comer\u021b \u0219i Industrie Suceava al\u0103turi de Biroul de Promovare Comercial-Economic\u0103 al Ambasadei Rom\u00e2niei la Chi\u0219in\u0103u invit\u0103 companiile sucevene s\u0103 participe \u00een cadrul Forumului de Afaceri Bilateral organizat \u00een data 20 noiembrie 2023. Evenimentul<\/p><\/div><\/article><article class=\"post fusion-column column col col-lg-12 col-md-12 col-sm-12\"><div class=\"recent-posts-content\"><h3 class=\"\"><a href=\"https:\/\/ccisv.ro\/content\/sesiune-de-informare-apel-de-proiect-programul-regional-national-nord-est-transformarea-digitala-a-imm-urilor-29-august-2023-incepand-cu-ora-11-la-sediul-camerei-de-comert-si-industrie-suceava\/\">Sesiune de informare Apel de proiect Programul Regional Na\u021bional Nord-Est: Transformarea digital\u0103 a #IMM-urilor, 29 august 2023 \u00eencep\u00e2nd cu ora 11, la sediul Camerei de Comer\u021b \u0219i Industrie Suceava<\/a><\/h3><p class=\"meta\"><span>august 24th, 2023<\/span><span class=\"fusion-inline-sep\">|<\/span><\/p><p>\u00cempreun\u0103 #NEdigit\u0103liz\u0103m! \u00cen contextul lans\u0103rii primului apel de proiecte \u00een cadrul Programului Regional Nord-Est: Transformarea digital\u0103 a #IMM-urilor, v\u0103 invit\u0103m s\u0103 participa\u021bi \u00een data de 29 august 2023, la sediul Camerei de Comer\u021b \u0219i Industrie<\/p><\/div><\/article><article class=\"post fusion-column column col col-lg-12 col-md-12 col-sm-12\"><div class=\"recent-posts-content\"><h3 class=\"\"><a href=\"https:\/\/ccisv.ro\/content\/curs-de-specializare-pentru-ocupatia-de-expert-achizitii-publice\/\">Curs de specializare pentru ocupa\u021bia de EXPERT ACHIZI\u021aII PUBLICE<\/a><\/h3><p class=\"meta\"><span>august 10th, 2023<\/span><span class=\"fusion-inline-sep\">|<\/span><\/p><p>Camera de Comer\u021b \u0219i Industrie Suceava propune spre organizare o nou\u0103 serie de curs de tip specializare, pentru ocupa\u021bia de EXPERT ACHIZI\u021aII PUBLICE, conform noului Cod COR: 242116. \u00a0 Cui ne adres\u0103m? Cursul se adreseaz\u0103<\/p><\/div><\/article><article class=\"post fusion-column column col col-lg-12 col-md-12 col-sm-12\"><div class=\"recent-posts-content\"><h3 class=\"\"><a href=\"https:\/\/ccisv.ro\/content\/forumul-de-afaceri-trilateral-ucraina-romania-republica-moldova\/\">Forumul de afaceri trilateral UCRAINA &#8211; ROM\u00c2NIA &#8211; REPUBLICA MOLDOVA<\/a><\/h3><p class=\"meta\"><span>mai 25th, 2023<\/span><span class=\"fusion-inline-sep\">|<\/span><\/p><p>Stima\u021bi parteneri \u0219i reprezentan\u021bi ai mediului de afaceri sucevean, Camera de Comer\u021b \u0219i Industrie Suceava v\u0103 invit\u0103 s\u0103 participa\u021bi la Forumul de afaceri trilateral Ucraina - Rom\u00e2nia - Republica Moldova, eveniment organizat \u00een perioada 6<\/p><\/div><\/article><article class=\"post fusion-column column col col-lg-12 col-md-12 col-sm-12\"><div class=\"recent-posts-content\"><h3 class=\"\"><a href=\"https:\/\/ccisv.ro\/content\/sansa-la-digitalizare-prin-fonduri-nerambursabile\/\">\u015eansa la digitalizare prin fonduri nerambursabile<\/a><\/h3><p class=\"meta\"><span>mai 11th, 2023<\/span><span class=\"fusion-inline-sep\">|<\/span><\/p><p>Camera de Comer\u0163 \u015fi Industrie Suceava, \u00eempreun\u0103 cu\u00a0 Soft Net Consulting, v\u0103 invit\u0103 la seminarul practic \u201dOportunit\u0103\u021bi Digitalizare 2023\u201d dedicat acces\u0103rii de finan\u0163are nerambursabil\u0103 prin programe asociate PNRR. Programul Digitalizare IMM (345 milioane euro buget<\/p><\/div><\/article><article class=\"post fusion-column column col col-lg-12 col-md-12 col-sm-12\"><div class=\"recent-posts-content\"><h3 class=\"\"><a href=\"https:\/\/ccisv.ro\/content\/curs-autorizat-de-arhivar-cod-cor-441501\/\">Curs autorizat de ARHIVAR, Cod COR: 441501<\/a><\/h3><p class=\"meta\"><span>mai 5th, 2023<\/span><span class=\"fusion-inline-sep\">|<\/span><\/p><p>Camera de Comer\u021b \u0219i Industrie Suceava, \u00een parteneriat cu Centrul de Perfec\u021bionare Arhivistic\u0103, anun\u021b\u0103 organizarea unei noi serii de curs de tip ini\u021biere pentru ocupa\u021bia de ARHIVAR, cod COR: 441501. Cursul se adreseaz\u0103 creatorilor \u0219i<\/p><\/div><\/article><article class=\"post fusion-column column col col-lg-12 col-md-12 col-sm-12\"><div class=\"recent-posts-content\"><h3 class=\"\"><a href=\"https:\/\/ccisv.ro\/content\/invitatie-dezbatere-privind-propunerea-legislativa-de-acordare-a-voucherelor-de-vacanta-in-sectorul-privat\/\">Invita\u0163ie &#8222;Dezbatere privind propunerea legislativ\u0103 de acordare a voucherelor de vacan\u0163\u0103 \u00een sectorul privat&#8221;<\/a><\/h3><p class=\"meta\"><span>aprilie 24th, 2023<\/span><span class=\"fusion-inline-sep\">|<\/span><\/p><p>Urmare a promov\u0103rii unei ini\u021biative legislative privind acordarea de vouchere de vacan\u021b\u0103 \u00een sectorul privat, Camera de Comer\u021b \u0219i Industrie Suceava, invit\u0103 persoanele interesate s\u0103 participe \u00een cadrul unei dezbateri pe tema acestei propuneri legislative.<\/p><\/div><\/article><article class=\"post fusion-column column col col-lg-12 col-md-12 col-sm-12\"><div class=\"recent-posts-content\"><h3 class=\"\"><a href=\"https:\/\/ccisv.ro\/content\/curs-effective-manager-25-26-iunie-2023\/\">Curs Effective Manager, 25 &#8211; 26 iunie 2023<\/a><\/h3><p class=\"meta\"><span>aprilie 24th, 2023<\/span><span class=\"fusion-inline-sep\">|<\/span><\/p><p>Camera de Comer\u021b \u0219i Industrie Suceava \u00een parteneriat cu Schultz Knowledge v\u0103 invit\u0103 s\u0103 participa\u021bi la un nou curs EFFECTIVE MANAGER. Evenimentul se va desf\u0103\u0219ura \u00een perioada 25 \u2013 26 mai 2023, la sediul Camerei<\/p><\/div><\/article><article class=\"post fusion-column column col col-lg-12 col-md-12 col-sm-12\"><div class=\"recent-posts-content\"><h3 class=\"\"><a href=\"https:\/\/ccisv.ro\/content\/curs-contabil-iunie-2023\/\">Curs Contabil<\/a><\/h3><p class=\"meta\"><span>aprilie 24th, 2023<\/span><span class=\"fusion-inline-sep\">|<\/span><\/p><p>Cuno\u0219tin\u021bele din domeniul contabilit\u0103\u021bii constituie un avantaj pre\u021bios, mai ales \u00een cazul firmelor abia \u00eenfiin\u021bate.Cursul de Contabilitate este dedicat tuturor antreprenorilor care doresc s\u0103 \u00een\u021beleag\u0103 opera\u021biunile contabile de baz\u0103, pentru o administrare optim\u0103 a banilor,<\/p><\/div><\/article><article class=\"post fusion-column column col col-lg-12 col-md-12 col-sm-12\"><div class=\"recent-posts-content\"><h3 class=\"\"><a href=\"https:\/\/ccisv.ro\/content\/intalnire-cu-mediul-de-afaceri-si-promovarea-schemelor-de-ajutor-de-stat-pentru-industrie-17-martie-ora-1200\/\">\u00cent\u00e2lnire cu mediul de afaceri \u015fi promovarea schemelor de ajutor de stat pentru industrie, 17 martie ora 12:00<\/a><\/h3><p class=\"meta\"><span>martie 14th, 2023<\/span><span class=\"fusion-inline-sep\">|<\/span><\/p><p>\u00a0 Camera de Comer\u021b \u0219i Industrie Suceava va g\u0103zdui vineri 17 martie, vizita domnului FLORIN SP\u0102TARU - \u00a0Ministrul Economiei, prilej prin care invit\u0103m reprezentan\u021bii mediului de afaceri jude\u021bean la o \u00eent\u00e2lnire care va avea ca<\/p><\/div><\/article><article class=\"post fusion-column column col col-lg-12 col-md-12 col-sm-12\"><div class=\"recent-posts-content\"><h3 class=\"\"><a href=\"https:\/\/ccisv.ro\/content\/eveniment-lansare-zboruri-regulate-airconnect-intre-suceava-bucuresti-si-zboruri-estivale-suceava-constanta\/\">Eveniment lansare zboruri regulate AirConnect \u00centre Suceava &#8211; Bucure\u015fti \u015fi zboruri estivale Suceava &#8211; Constan\u0163a<\/a><\/h3><p class=\"meta\"><span>martie 14th, 2023<\/span><span class=\"fusion-inline-sep\">|<\/span><\/p><p>Camera de Comer\u021b si Industrie Suceava \u00eempreuna cu Aeroportul \u201e\u015etefan cel Mare\u201d Suceava \u015fi compania aerian\u0103 AirConnect, v\u0103 invit\u0103 s\u0103 participa\u0163i joi, 16 martie 2023, \u00eencep\u00e2nd cu\u00a0cu ora 11:00, la evenimentul organizat cu prilejul lans\u0103rii<\/p><\/div><\/article><article class=\"post fusion-column column col col-lg-12 col-md-12 col-sm-12\"><div class=\"recent-posts-content\"><h3 class=\"\"><a href=\"https:\/\/ccisv.ro\/content\/seminar-noutati-juridice-in-internationalizarea-imm-urilor\/\">Seminar \u201dNout\u0103\u021bi juridice \u00een interna\u021bionalizarea IMM-urilor\u201d &#8211; Suceava, mar\u021bi, 21 martie 2023, ora 13.30<\/a><\/h3><p class=\"meta\"><span>martie 7th, 2023<\/span><span class=\"fusion-inline-sep\">|<\/span><\/p><p>Suceava, mar\u021bi, 21 martie 2023, ora 13.30, Camera de Comer\u021b \u0219i Industrie Suceava, etaj 1, sala 2 Camera de Comer\u021b \u0219i Industrie Suceava, \u00een calitate de partener \u00een cadrul proiectului Eastern Romanian Business Support Network<\/p><\/div><\/article><article class=\"post fusion-column column col col-lg-12 col-md-12 col-sm-12\"><div class=\"recent-posts-content\"><h3 class=\"\"><a href=\"https:\/\/ccisv.ro\/content\/invitatie-seminar-de-informare-vatra-dornei-joi-30-martie-2023-ora-11-30\/\">INVITA\u021aIE SEMINAR DE INFORMARE &#8211; Vatra Dornei, joi, 30 martie 2023, ora 11.30<\/a><\/h3><p class=\"meta\"><span>februarie 28th, 2023<\/span><span class=\"fusion-inline-sep\">|<\/span><\/p><p> Vatra Dornei, joi, 30 martie 2023, ora 11.30, Policlinica Dorna Medical, str. Mihai Eminescu nr. 19 Camera de Comer\u021b \u0219i Industrie Suceava, \u00een calitatea de partener \u00een cadrul proiectului Eastern Romanian Business Support Network<\/p><\/div><\/article><article class=\"post fusion-column column col col-lg-12 col-md-12 col-sm-12\"><div class=\"recent-posts-content\"><h3 class=\"\"><a href=\"https:\/\/ccisv.ro\/content\/comunicat-targul-de-nunti-bucovina-2023\/\">Comunicat T\u00e2rgul de Nun\u021bi Bucovina 2023<\/a><\/h3><p class=\"meta\"><span>februarie 2nd, 2023<\/span><span class=\"fusion-inline-sep\">|<\/span><\/p><p>T\u00e2rgul de nun\u021bi Bucovina \u00a0Edi\u021bia a XV \u2013 a 10 -12 februarie 2023 Cel mai reprezentativ eveniment din jude\u021b, dedicat evenimentelor private \u0219i momentelor importante din via\u021ba unui cuplu, revine cu o nou\u0103 edi\u021bie care<\/p><\/div><\/article><article class=\"post fusion-column column col col-lg-12 col-md-12 col-sm-12\"><div class=\"recent-posts-content\"><h3 class=\"\"><a href=\"https:\/\/ccisv.ro\/content\/invitatie-seminar-de-fiscalitate-ultimele-noutati-fiscale-cu-adrian-benta-2\/\">INVITA\u021aIE Seminar de fiscalitate &#8211; \u201dUltimele nout\u0103\u021bi fiscale\u201d cu Adrian BEN\u021aA<\/a><\/h3><p class=\"meta\"><span>februarie 2nd, 2023<\/span><span class=\"fusion-inline-sep\">|<\/span><\/p><p> Camera de Comer\u021b \u0219i Industrie Suceava v\u0103 invit\u0103 s\u0103 participa\u021bi la un nou seminar de fiscalitate, organizat \u00een colaborare cu Adrian BEN\u021aA. Evenimentul este dedicat mediului de afaceri, persoanelor interesate \u0219i \u00een direct\u0103 leg\u0103tur\u0103<\/p><\/div><\/article><article class=\"post fusion-column column col col-lg-12 col-md-12 col-sm-12\"><div class=\"recent-posts-content\"><h3 class=\"\"><a href=\"https:\/\/ccisv.ro\/content\/leadership-management-masterclass-26-27-ianuarie-2023\/\">LEADERSHIP &#038; MANAGEMENT Masterclass &#8211; 26 &#8211; 27 ianuarie 2023<\/a><\/h3><p class=\"meta\"><span>decembrie 8th, 2022<\/span><span class=\"fusion-inline-sep\">|<\/span><\/p><p> Camera de Comer\u021b \u0219i Industrie Suceava \u00een parteneriat cu Schultz Knowledge v\u0103 invit\u0103 s\u0103 participa\u021bi la\u00a0cursul LEADERSHIP &amp; MANAGEMENT Masterclass. Evenimentul se va desf\u0103\u0219ura \u00een perioada 26 \u2013 27 Ianuarie 2023, la sediul Camerei<\/p><\/div><\/article><article class=\"post fusion-column column col col-lg-12 col-md-12 col-sm-12\"><div class=\"recent-posts-content\"><h3 class=\"\"><a href=\"https:\/\/ccisv.ro\/content\/curs-effective-manager-9-10-martie-2023\/\">CURS EFFECTIVE MANAGER &#8211; 9 &#8211; 10 Martie 2023<\/a><\/h3><p class=\"meta\"><span>decembrie 8th, 2022<\/span><span class=\"fusion-inline-sep\">|<\/span><\/p><p> Camera de Comer\u021b \u0219i Industrie Suceava \u00een parteneriat cu Schultz Knowledge v\u0103 invit\u0103 s\u0103 participa\u021bi la un nou curs EFFECTIVE MANAGER. Evenimentul se va desf\u0103\u0219ura \u00een perioada 9 - 10 Martie 2023 la sediul<\/p><\/div><\/article><article class=\"post fusion-column column col col-lg-12 col-md-12 col-sm-12\"><div class=\"recent-posts-content\"><h3 class=\"\"><a href=\"https:\/\/ccisv.ro\/content\/reteaua-enterprise-europe-network-in-sprijinul-intreprinderilor-din-regiunea-nord-est-seminar-de-informare\/\">Re\u021beaua Enterprise Europe Network \u00een sprijinul  \u00eentreprinderilor din Regiunea Nord-Est &#8211; Seminar de informare<\/a><\/h3><p class=\"meta\"><span>noiembrie 10th, 2022<\/span><span class=\"fusion-inline-sep\">|<\/span><\/p><p>Camera de Comer\u021b \u0219i Industrie Suceava, \u00een calitatea de partener \u00een cadrul proiectului\u00a0Eastern Romanian Business Support Network (Re\u021beaua pentru sprijinirea afacerilor din estul Rom\u00e2niei)\u00a0\u2013 ERBSN 2022 \u2013 2025, parte a re\u021belei Enterprise Europe Network, cea<\/p><\/div><\/article><article class=\"post fusion-column column col col-lg-12 col-md-12 col-sm-12\"><div class=\"recent-posts-content\"><h3 class=\"\"><a href=\"https:\/\/ccisv.ro\/content\/gala-excelentei-in-afaceri-2022-comunicat-post-eveniment\/\">GALA EXCELEN\u021aEI \u00ceN AFACERI 2022 &#8211; Comunicat eveniment<\/a><\/h3><p class=\"meta\"><span>octombrie 31st, 2022<\/span><span class=\"fusion-inline-sep\">|<\/span><\/p><p>Camera de Comer\u0163 \u015fi Industrie Suceava este prima \u015fi cea mai reprezentativ\u0103 organiza\u0163ie a \u00eentreprinz\u0103torilor din jude\u0163ul Suceava, fiind singura organiza\u0163ie neguvernamental\u0103 de utilitate public\u0103, cu caracter autonom \u015fi cu o misiune foarte bine definit\u0103:<\/p><\/div><\/article><article class=\"post fusion-column column col col-lg-12 col-md-12 col-sm-12\"><div class=\"recent-posts-content\"><h3 class=\"\"><a href=\"https:\/\/ccisv.ro\/content\/gala-excelentei-in-afaceri-2022\/\">GALA EXCELEN\u021aEI \u00ceN AFACERI 2022<\/a><\/h3><p class=\"meta\"><span>octombrie 27th, 2022<\/span><span class=\"fusion-inline-sep\">|<\/span><\/p><p>Camera de Comer\u0163 \u015fi Industrie Suceava este prima \u015fi cea mai reprezentativ\u0103 organiza\u0163ie a \u00eentreprinz\u0103torilor din jude\u0163ul Suceava, av\u00e2nd o misiune foarte bine definit\u0103: sus\u0163inerea intereselor comunit\u0103\u0163ii de afaceri \u00een dialogul cu institu\u0163iile statului \u015fi<\/p><\/div><\/article><article class=\"post fusion-column column col col-lg-12 col-md-12 col-sm-12\"><div class=\"recent-posts-content\"><h3 class=\"\"><a href=\"https:\/\/ccisv.ro\/content\/gala-excelentei-in-afaceri-2022-topul-firmelor-bucovina-2021\/\">Invita\u0163ie GALA EXCELEN\u0162EI \u00ceN AFACERI 2022 \u2013 TOPUL FIRMELOR BUCOVINA 2021<\/a><\/h3><p class=\"meta\"><span>octombrie 4th, 2022<\/span><span class=\"fusion-inline-sep\">|<\/span><\/p><p>Camera de Comer\u021b \u0219i Industrie Suceava are onoarea de a v\u0103 invita s\u0103 participa\u021bi la cea de a 32 -a edi\u021bie a evenimentului GALA EXCELEN\u0162EI \u00ceN AFACERI 2022 \u2013 TOPUL FIRMELOR BUCOVINA 2021. Evenimentul reprezint\u0103<\/p><\/div><\/article><article class=\"post fusion-column column col col-lg-12 col-md-12 col-sm-12\"><div class=\"recent-posts-content\"><h3 class=\"\"><a href=\"https:\/\/ccisv.ro\/content\/chestionar-pentru-identificarea-nevoilor-de-formare\/\">Chestionar pentru identificarea nevoilor de formare<\/a><\/h3><p class=\"meta\"><span>octombrie 3rd, 2022<\/span><span class=\"fusion-inline-sep\">|<\/span><\/p><p>Stima\u021bi membri, \u00cen vederea depunerii unui proiect care urm\u0103re\u0219te \u00eembun\u0103t\u0103\u021birea nivelului de cuno\u0219tin\u021be profesionale \u0219i cre\u0219terea gradului de ocupare a \u0219omerilor \u0219i persoanelor inactive \u00een corelare cu nevoile pie\u021bei muncii avem nevoie de sprijinul dumneavoastr\u0103<\/p><\/div><\/article><article class=\"post fusion-column column col col-lg-12 col-md-12 col-sm-12\"><div class=\"recent-posts-content\"><h3 class=\"\"><a href=\"https:\/\/ccisv.ro\/content\/invitatie-participare-si-diseminare-evenimente-een-octombrie-2022-cluj-it-cluster\/\">Invita\u021bie participare \u0219i diseminare evenimente EEN &#8211; Octombrie 2022 \/ Cluj IT cluster<\/a><\/h3><p class=\"meta\"><span>septembrie 22nd, 2022<\/span><span class=\"fusion-inline-sep\">|<\/span><\/p><p>Cluj IT Cluster, membru a consor\u021biului\u00a0BISNET TRANSYLVANIA\u00a0\u00a0 va organiza \u00een perioada 17-27 octombrie un eveniment de referin\u021b\u0103 \u00een r\u00e2ndul ecosistemelor europene \u0219i chiar extraeuropene, ajuns\u0103 anul acesta la cea de a 10-a edi\u021bie, marc\u00e2nd totodat\u0103<\/p><\/div><\/article><article class=\"post fusion-column column col col-lg-12 col-md-12 col-sm-12\"><div class=\"recent-posts-content\"><h3 class=\"\"><a href=\"https:\/\/ccisv.ro\/content\/informare-privind-selectarea-membrilor-comisiilor-de-evaluare-pentru-concursul-de-ocupare-a-posturilor-de-director-si-director-adjunct-in-cadrul-unitatilor-de-invatamant-preuniversitar-de-stat-organ-2\/\">INFORMARE privind selectarea membrilor comisiilor de evaluare pentru concursul de ocupare a posturilor de director \u0219i director adjunct \u00een cadrul unit\u0103\u021bilor de \u00eenv\u0103\u021b\u0103m\u00e2nt preuniversitar de stat organizat de Ministerul Educatiei<\/a><\/h3><p class=\"meta\"><span>septembrie 22nd, 2022<\/span><span class=\"fusion-inline-sep\">|<\/span><\/p><p>Ministerul Educa\u021biei, \u00een colaborare cu CAMERA DE COMERT \u0218I INDUSTRIE A ROM\u00c2NIEI, prin intermediul Camerelor de Comer\u021b \u0219i Industrie Jude\u021bene, informeaz\u0103 cu privire la selec\u021bia membrilor pentru \u00a0comisiile de interviu din cadrul concursului pentru ocuparea<\/p><\/div><\/article><article class=\"post fusion-column column col col-lg-12 col-md-12 col-sm-12\"><div class=\"recent-posts-content\"><h3 class=\"\"><a href=\"https:\/\/ccisv.ro\/content\/curs-effective-manager-6-7-octombrie-2022\/\">CURS EFFECTIVE MANAGER &#8211; 6 &#8211; 7 octombrie 2022<\/a><\/h3><p class=\"meta\"><span>septembrie 22nd, 2022<\/span><span class=\"fusion-inline-sep\">|<\/span><\/p><p> Camera de Comer\u021b \u0219i Industrie Suceava \u00een parteneriat cu Schultz Knowledge v\u0103 invit\u0103 s\u0103 participa\u021bi la\u00a0cursul CURS EFFECTIVE MANAGER. Evenimentul se va desf\u0103\u0219ura \u00een perioada 6 \u2013 7 octombrie la sediul Camerei de Comer\u021b<\/p><\/div><\/article><article class=\"post fusion-column column col col-lg-12 col-md-12 col-sm-12\"><div class=\"recent-posts-content\"><h3 class=\"\"><a href=\"https:\/\/ccisv.ro\/content\/misiunea-de-afaceri-ue-japonia-in-vietnam-2022-ultima-cerere-de-candidaturi\/\">Misiunea de afaceri UE-Japonia \u00een Vietnam 2022 &#8211; ultima cerere de candidaturi<\/a><\/h3><p class=\"meta\"><span>septembrie 7th, 2022<\/span><span class=\"fusion-inline-sep\">|<\/span><\/p><p>Centrul UE-Japonia pentru Cooperare Industrial\u0103 organizeaz\u0103 misiunea de afaceri \u201eCooperarea \u00een afaceri ecologice UE-Japonia cu Vietnam\u201d pentru a conecta companiile UE \u0219i japoneze interesate s\u0103 lucreze \u00eempreun\u0103 \u00een Vietnam \u0219i cu parteneri vietnamezi. Aceast\u0103 misiune<\/p><\/div><\/article><article class=\"post fusion-column column col col-lg-12 col-md-12 col-sm-12\"><div class=\"recent-posts-content\"><h3 class=\"\"><a href=\"https:\/\/ccisv.ro\/content\/leadership-management-masterclass-6-7-octombrie-2022\/\">LEADERSHIP &#038; MANAGEMENT Masterclass &#8211; 6 &#8211; 7 octombrie 2022<\/a><\/h3><p class=\"meta\"><span>august 25th, 2022<\/span><span class=\"fusion-inline-sep\">|<\/span><\/p><p> Camera de Comer\u021b \u0219i Industrie Suceava \u00een parteneriat cu Schultz Knowledge v\u0103 invit\u0103 s\u0103 participa\u021bi la\u00a0cursul LEADERSHIP &amp; MANAGEMENT Masterclass. Evenimentul se va desf\u0103\u0219ura \u00een perioada 6 \u2013 7 octombrie la sediul Camerei de<\/p><\/div><\/article><article class=\"post fusion-column column col col-lg-12 col-md-12 col-sm-12\"><div class=\"recent-posts-content\"><h3 class=\"\"><a href=\"https:\/\/ccisv.ro\/content\/curs-effective-manager-19-20-septembrie-2022\/\">CURS EFFECTIVE MANAGER &#8211; 19 &#8211; 20 septembrie 2022<\/a><\/h3><p class=\"meta\"><span>august 25th, 2022<\/span><span class=\"fusion-inline-sep\">|<\/span><\/p><p> Camera de Comer\u021b \u0219i Industrie Suceava \u00een parteneriat cu Schultz Knowledge v\u0103 invit\u0103 s\u0103 participa\u021bi la\u00a0cursul CURS EFFECTIVE MANAGER. Evenimentul se va desf\u0103\u0219ura \u00een perioada 19 \u2013 20 septembrie la sediul Camerei de Comer\u021b<\/p><\/div><\/article><article class=\"post fusion-column column col col-lg-12 col-md-12 col-sm-12\"><div class=\"recent-posts-content\"><h3 class=\"\"><a href=\"https:\/\/ccisv.ro\/content\/curs-manager-proiect-septembrie-2022\/\">Curs MANAGER PROIECT &#8211; septembrie 2022<\/a><\/h3><p class=\"meta\"><span>august 9th, 2022<\/span><span class=\"fusion-inline-sep\">|<\/span><\/p><p>Camera de Comer\u021b \u0219i Industrie Suceava \u00een colaborare cu Consulting Group SRL, propun spre organizare, \u00een luna octombrie 2022, un curs online de specializare, pentru ocupa\u021bia de Manager Proiect. Cursul are o durat\u0103 de 120<\/p><\/div><\/article><article class=\"post fusion-column column col col-lg-12 col-md-12 col-sm-12\"><div class=\"recent-posts-content\"><h3 class=\"\"><a href=\"https:\/\/ccisv.ro\/content\/curs-inspectorreferent-resurse-umane-septembrie-2022\/\">Curs INSPECTOR\/REFERENT RESURSE UMANE &#8211; octombrie 2022<\/a><\/h3><p class=\"meta\"><span>august 4th, 2022<\/span><span class=\"fusion-inline-sep\">|<\/span><\/p><p>Camera de Comer\u021b \u0219i Industrie Suceava propune spre organizare, \u00eencep\u00e2nd cu 18 octombrie 2022, un nou curs de specializare pentru ocupa\u021bia de INSPECTOR REFERENT RESURSE UMANE. Cursul are o durat\u0103 de 40 ore \u0219i este<\/p><\/div><\/article><article class=\"post fusion-column column col col-lg-12 col-md-12 col-sm-12\"><div class=\"recent-posts-content\"><h3 class=\"\"><a href=\"https:\/\/ccisv.ro\/content\/seminar-de-fiscalitate-modificari-si-abordari-in-domeniul-fiscalitatii-alaturi-de-adrian-benta-13-septembrie-2022\/\">Seminar de fiscalitate \u201dModific\u0103ri \u0219i abord\u0103ri \u00een domeniul fiscalit\u0103\u021bii\u201d al\u0103turi de Adrian BEN\u021aA &#8211; 13 septembrie 2022<\/a><\/h3><p class=\"meta\"><span>august 2nd, 2022<\/span><span class=\"fusion-inline-sep\">|<\/span><\/p><p> Camera de Comer\u021b \u0219i Industrie Suceava v\u0103 invit\u0103 s\u0103 participa\u021bi la un nou seminar de fiscalitate, organizat \u00een colaborare cu Adrian BEN\u021aA. Evenimentul este dedicat mediului de afaceri, persoanelor interesate \u0219i \u00een direct\u0103 leg\u0103tur\u0103<\/p><\/div><\/article><article class=\"post fusion-column column col col-lg-12 col-md-12 col-sm-12\"><div class=\"recent-posts-content\"><h3 class=\"\"><a href=\"https:\/\/ccisv.ro\/content\/curs-effective-manager-1-2-iulie-2022\/\">CURS EFFECTIVE MANAGER &#8211; 1 &#8211; 2 Iulie 2022<\/a><\/h3><p class=\"meta\"><span>mai 23rd, 2022<\/span><span class=\"fusion-inline-sep\">|<\/span><\/p><p> Camera de Comer\u021b \u0219i Industrie Suceava \u00een parteneriat cu Schultz Knowledge v\u0103 invit\u0103 s\u0103 participa\u021bi la\u00a0cursul CURS EFFECTIVE MANAGER. Evenimentul se va desf\u0103\u0219ura \u00een perioada 1 \u2013 2 iulie la sediul Camerei de Comer\u021b<\/p><\/div><\/article><article class=\"post fusion-column column col col-lg-12 col-md-12 col-sm-12\"><div class=\"recent-posts-content\"><h3 class=\"\"><a href=\"https:\/\/ccisv.ro\/content\/leadership-management-masterclass-16-17-iunie-2022\/\">LEADERSHIP &#038; MANAGEMENT Masterclass &#8211; 16 &#8211; 17 Iunie 2022<\/a><\/h3><p class=\"meta\"><span>mai 23rd, 2022<\/span><span class=\"fusion-inline-sep\">|<\/span><\/p><p> Camera de Comer\u021b \u0219i Industrie Suceava \u00een parteneriat cu Schultz Knowledge v\u0103 invit\u0103 s\u0103 participa\u021bi la\u00a0cursul LEADERSHIP &amp; MANAGEMENT Masterclass. Evenimentul se va desf\u0103\u0219ura \u00een perioada 16 \u2013 17 iunie la sediul Camerei de<\/p><\/div><\/article><article class=\"post fusion-column column col col-lg-12 col-md-12 col-sm-12\"><div class=\"recent-posts-content\"><h3 class=\"\"><a href=\"https:\/\/ccisv.ro\/content\/seminar-de-fiscalitate-ultimele-noutati-fiscale-cu-adrian-benta-17-iunie-2022-ora-1700\/\">SEMINAR DE FISCALITATE  \u201dUltimele nout\u0103\u021bi fiscale\u201d cu Adrian BEN\u021aA &#8211; 17 iunie 2022, ora 9:30 &#8211; 16:30<\/a><\/h3><p class=\"meta\"><span>mai 23rd, 2022<\/span><span class=\"fusion-inline-sep\">|<\/span><\/p><p> \u00a0 Camera de Comer\u021b \u0219i Industrie Suceava v\u0103 invit\u0103 s\u0103 participa\u021bi la\u00a0un SEMINAR DE FISCALITATE - \u201dUltimele nout\u0103\u021bi fiscale\u201d. Evenimentul se va desf\u0103\u0219ura la sediul Camerei de Comer\u021b \u0219i Industrie Suceava, etajul 1, sala<\/p><\/div><\/article><article class=\"post fusion-column column col col-lg-12 col-md-12 col-sm-12\"><div class=\"recent-posts-content\"><h3 class=\"\"><a href=\"https:\/\/ccisv.ro\/content\/conferinta-tranzit-oportunitati-de-business-pentru-transportatori-26-mai-2022-suceava-hotel-mandachi\/\">CONFERIN\u021aA TRANZIT &#8222;Oportunit\u0103\u021bi de business pentru transportatori&#8221; &#8211; 26 mai 2022 Suceava, Hotel Mandachi<\/a><\/h3><p class=\"meta\"><span>mai 23rd, 2022<\/span><span class=\"fusion-inline-sep\">|<\/span><\/p><p> Pe 26 mai 2022, revista Tranzit v\u0103 a\u0219teapt\u0103 la conferin\u021ba cu titlul \u201cCum jongl\u0103m cu restric\u021biile din Pachetul Mobilitate?\u201d Printre temele discutate se num\u0103r\u0103: Cum trebuie \u00eentocmit un contract de munc\u0103 pentru a evita<\/p><\/div><\/article><article class=\"post fusion-column column col col-lg-12 col-md-12 col-sm-12\"><div class=\"recent-posts-content\"><h3 class=\"\"><a href=\"https:\/\/ccisv.ro\/content\/comunicat-targul-de-nunti-bucovina-08-10-aprilie-2022\/\">Comunicat T\u00e2rgul de Nun\u0163i Bucovina \u2013 08-10 aprilie 2022<\/a><\/h3><p class=\"meta\"><span>aprilie 7th, 2022<\/span><span class=\"fusion-inline-sep\">|<\/span><\/p><p>T\u00e2rgul de Nun\u021bi Bucovina 2022, organizat de Camera de Comer\u021b \u0219i Industrie Suceava \u00een parteneriat cu Iulius Mall \u0219i VIVA FM, aduce pentru dumneavoastr\u0103 cei mai importan\u021bi expozan\u021bi din domeniul evenimetelor private, care timp de<\/p><\/div><\/article><article class=\"post fusion-column column col col-lg-12 col-md-12 col-sm-12\"><div class=\"recent-posts-content\"><h3 class=\"\"><a href=\"https:\/\/ccisv.ro\/content\/invitatie-targul-de-nunti-bucovina-08-10-aprilie-2022\/\">Invita\u0163ie T\u00e2rgul de Nun\u0163i Bucovina \u2013 08-10 aprilie 2022<\/a><\/h3><p class=\"meta\"><span>martie 15th, 2022<\/span><span class=\"fusion-inline-sep\">|<\/span><\/p><p>Camera de Comer\u0163 \u015fi Industrie Suceava are pl\u0103cerea de a anun\u021ba organizarea celei de a XIV- a edi\u0163ie a T\u00c2RGULUI DE NUN\u0162I BUCOVINA. Evenimentul reune\u0219te furnizori de produse \u0219i servicii specializate din domeniul evenimentelor, sens<\/p><\/div><\/article><article class=\"post fusion-column column col col-lg-12 col-md-12 col-sm-12\"><div class=\"recent-posts-content\"><h3 class=\"\"><a href=\"https:\/\/ccisv.ro\/content\/seminar-gestiunea-deseurilor-conform-noilor-reglementari-legale-30-31-martie-2022-orele-17-20\/\">Seminar \u201dGestiunea de\u0219eurilor conform noilor reglement\u0103ri legale\u201d &#8211; 30 \u2013 31 martie 2022, orele 17 &#8211; 20<\/a><\/h3><p class=\"meta\"><span>martie 1st, 2022<\/span><span class=\"fusion-inline-sep\">|<\/span><\/p><p> Seminar Online, platforma Google Meet Camera de Comer\u021b \u0219i Industrie Suceava v\u0103 invit\u0103 s\u0103 participa\u021bi la Seminarul \u201dGestiunea De\u0219eurilor conform noilor reglement\u0103ri legale\u201d , sus\u0163inut de c\u0103tre doamna Anca Ionce, \u0219ef al Serviciului Calit\u0103\u021bii<\/p><\/div><\/article><article class=\"post fusion-column column col col-lg-12 col-md-12 col-sm-12\"><div class=\"recent-posts-content\"><h3 class=\"\"><a href=\"https:\/\/ccisv.ro\/content\/curs-online-manager-proiect\/\">Curs online MANAGER PROIECT<\/a><\/h3><p class=\"meta\"><span>februarie 10th, 2022<\/span><span class=\"fusion-inline-sep\">|<\/span><\/p><p>Camera de Comer\u0163 \u015fi Industrie Suceava va organiza \u00een perioada urm\u0103toare un curs online de MANAGER PROIECT (specializare, Cod COR: 242101) Tematica cursului va viza \u00een primul r\u00e2nd: introducere \u00een managementul de proiect; programe de<\/p><\/div><\/article><article class=\"post fusion-column column col col-lg-12 col-md-12 col-sm-12\"><div class=\"recent-posts-content\"><h3 class=\"\"><a href=\"https:\/\/ccisv.ro\/content\/curs-inspector-in-domeniul-securitatii-si-sanatatii-in-munca-din-11-februarie-2022\/\">Curs Inspector \u00een domeniul securit\u0103\u021bii \u0219i s\u0103n\u0103t\u0103\u021bii \u00een munc\u0103 &#8211; din 11 februarie 2022<\/a><\/h3><p class=\"meta\"><span>februarie 10th, 2022<\/span><span class=\"fusion-inline-sep\">|<\/span><\/p><p>Curs Inspector \u00een domeniul securit\u0103\u021bii \u0219i s\u0103n\u0103t\u0103\u021bii \u00een munc\u0103 - din 11 februarie 2022. Pentru detalii \u0219i \u00eenscrieri suna\u021bi la 0749 145 569 sau accesa\u021bi urm\u0103torul link: http:\/\/ccisv.ro\/content\/cursuri\/<\/p><\/div><\/article><article class=\"post fusion-column column col col-lg-12 col-md-12 col-sm-12\"><div class=\"recent-posts-content\"><h3 class=\"\"><a href=\"https:\/\/ccisv.ro\/content\/targul-de-turism-al-romaniei-editia-de-primavara-in-perioada-24-27-februarie-2022\/\">T\u00c2RGUL DE TURISM AL ROM\u00c2NIEI &#8211; Edi\u021bia de prim\u0103var\u0103, \u00een perioada 24 &#8211; 27 februarie 2022<\/a><\/h3><p class=\"meta\"><span>ianuarie 27th, 2022<\/span><span class=\"fusion-inline-sep\">|<\/span><\/p><p>Edi\u021bia de prim\u0103var\u0103 a T\u00e2rgului de Turism al Rom\u00e2niei are loc \u00een perioada 24 \u2013 27 februarie 2022, fiind dedicat at\u00e2t agen\u021biilor de turism, touroperatorilor, particip\u0103rilor interna\u021bionale \u0219i serviciilor turistice, c\u00e2t si zonelor turistice din<\/p><\/div><\/article><article class=\"post fusion-column column col col-lg-12 col-md-12 col-sm-12\"><div class=\"recent-posts-content\"><h3 class=\"\"><a href=\"https:\/\/ccisv.ro\/content\/business-meeting-international-contact-days-february-25-2022-transcarpathian-cci-uzhgorod\/\">Business meeting &#8222;INTERNATIONAL CONTACT DAYS&#8221;. February 25, 2022, Transcarpathian CCI, Uzhgorod<\/a><\/h3><p class=\"meta\"><span>ianuarie 27th, 2022<\/span><span class=\"fusion-inline-sep\">|<\/span><\/p><p>We would like to invite you to join an business meeting \u201cINTERNATIONAL CONTACT DAYS\u201d which will be held on February 25, 2022. The event is planned to be held in a mixed form (off-line \/<\/p><\/div><\/article><article class=\"post fusion-column column col col-lg-12 col-md-12 col-sm-12\"><div class=\"recent-posts-content\"><h3 class=\"\"><a href=\"https:\/\/ccisv.ro\/content\/invitatie-misiune-economica-dubai-perioada-11-18-februarie-2022\/\">Invita\u021bie misiune economic\u0103 DUBAI, perioada 10-18 februarie 2022<\/a><\/h3><p class=\"meta\"><span>ianuarie 13th, 2022<\/span><span class=\"fusion-inline-sep\">|<\/span><\/p><p>Camera de Comer\u0163 \u0219i Industrie Suceava organizeaz\u0103\u00a0 \u00een perioada\u00a0 10 - 18 \u00a0Februarie 2022 o misiune economic\u0103\u00a0 \u00een DUBAI. Camera de Comer\u0163 \u015fi Industrie Suceava este promotorul poten\u0163ialului economic \u015fi comercial al jude\u021bului Suceava \u0219i<\/p><\/div><\/article><article class=\"post fusion-column column col col-lg-12 col-md-12 col-sm-12\"><div class=\"recent-posts-content\"><h3 class=\"\"><a href=\"https:\/\/ccisv.ro\/content\/principalele-dificultati-ale-imm-urilor-in-anul-2021\/\">Principalele dificult\u0103\u021bi ale IMM-urilor \u00een anul 2021<\/a><\/h3><p class=\"meta\"><span>decembrie 2nd, 2021<\/span><span class=\"fusion-inline-sep\">|<\/span><\/p><p>Camera de Comer\u021b \u0219i Industrie Suceava, \u00een vederea \u00eendeplinirii scopului de reprezentare \u0219i promovare a intereselor membrilor s\u0103i \u0219i a comunit\u0103\u021bii de afaceri \u00een fa\u021ba celor mai importan\u021bi factori de decizie, v\u0103 adreseaz\u0103 invita\u021bia privind<\/p><\/div><\/article><article class=\"post fusion-column column col col-lg-12 col-md-12 col-sm-12\"><div class=\"recent-posts-content\"><h3 class=\"\"><a href=\"https:\/\/ccisv.ro\/content\/invitatie-la-workshop-afaceri-de-succes-in-pandemie\/\">Invita\u0163ie la workshop &#8211; AFACERI DE SUCCES \u00ceN PANDEMIE<\/a><\/h3><p class=\"meta\"><span>octombrie 14th, 2021<\/span><span class=\"fusion-inline-sep\">|<\/span><\/p><p>\u00a0 ONLINE Vineri, 29 octombrie 2021, ora 15:30, Google Meet Invitat special Vivian ANDREI \u2013 Franchise Manager al \u00a0 Afaceri de succes \u00een pandemie este o tem\u0103 actual\u0103 pe care ne propunem s\u0103 o dezbatem<\/p><\/div><\/article><article class=\"post fusion-column column col col-lg-12 col-md-12 col-sm-12\"><div class=\"recent-posts-content\"><h3 class=\"\"><a href=\"https:\/\/ccisv.ro\/content\/reduceri-aplicate-taxei-de-participare-la-cursurile-de-formare-profesionala\/\">Reduceri aplicate taxei de participare la cursurile de formare profesional\u0103<\/a><\/h3><p class=\"meta\"><span>august 19th, 2021<\/span><span class=\"fusion-inline-sep\">|<\/span><\/p><p>20% pentru 3-4 persoane din cadrul acelea\u015fi firme sau institu\u0163ii. 20% pentru angaja\u021bii IMM-urilor care au participat la cursurile gratuite furnizate \u00een cadrul Proiectului IMPULS. 10% pentru 2 persoane din cadrul acelea\u0219i firme sau institu\u0163ii.<\/p><\/div><\/article><article class=\"post fusion-column column col col-lg-12 col-md-12 col-sm-12\"><div class=\"recent-posts-content\"><h3 class=\"\"><a href=\"https:\/\/ccisv.ro\/content\/invitatie-la-conferinta-de-inchidere-a-proiectului-impuls-17-09-2021\/\">Invita\u021bie la conferin\u021ba de \u00eenchidere a proiectului IMPULS, 17.09.2021<\/a><\/h3><p class=\"meta\"><span>august 19th, 2021<\/span><span class=\"fusion-inline-sep\">|<\/span><\/p><p>INVITA\u021aIE CONFERIN\u021aA DE \u00ceNCHIDERE a proiectului IMPULS \u2013 \u00cembun\u0103t\u0103\u021birea cuno\u0219tin\u021belor angaja\u021bilor \u0219i promovarea \u00eenv\u0103\u021b\u0103rii pe tot parcursul vie\u021bii \u00een r\u00e2ndul companiilor din Regiunea Nord-Est, cod MySmis 128044 SUCEAVA \u2013 Vineri, 17 septembrie 2021, ora 15:00,<\/p><\/div><\/article><article class=\"post fusion-column column col col-lg-12 col-md-12 col-sm-12\"><div class=\"recent-posts-content\"><h3 class=\"\"><a href=\"https:\/\/ccisv.ro\/content\/targului-de-turism-al-romaniel-editia-de-toamna\/\">T\u00c2RGULUI DE TURISM AL ROM\u00c2NIEl-editia  de toamn\u0103<\/a><\/h3><p class=\"meta\"><span>iulie 22nd, 2021<\/span><span class=\"fusion-inline-sep\">|<\/span><\/p><p>Ne face o deosebit\u0103 pl\u0103cere s\u0103 v\u0103 inform\u0103m c\u0103 ROMEXPO, \u00een parteneriat cu Camerele de Comer\u0163 \u015fi Industrie din Rom\u00e2nia, are pl\u0103cerea s\u0103 v\u0103 invite s\u0103 participa\u0163i, \u00een perioada 11 - 15 noiembrie 2021, la<\/p><\/div><\/article><article class=\"post fusion-column column col col-lg-12 col-md-12 col-sm-12\"><div class=\"recent-posts-content\"><h3 class=\"\"><a href=\"https:\/\/ccisv.ro\/content\/oportunitate-pentru-imm-urile-si-start-upurile-romanesti-care-activeaza-in-domeniul-economiei-albastre-finantata-de-ue\/\">Oportunitate pentru IMM-urile \u0219i start-upurile rom\u00e2ne\u0219ti care activeaz\u0103 \u00een domeniul economiei albastre &#8211; finan\u021bat\u0103 de UE<\/a><\/h3><p class=\"meta\"><span>iulie 22nd, 2021<\/span><span class=\"fusion-inline-sep\">|<\/span><\/p><p>Camera de Comer\u0163 a Rom\u00e2niei are pl\u0103cerea de a v\u0103 informa \u00een leg\u0103tur\u0103 cu o oportunitate de dezvoltare pentru IMM-urile \u0219i start-upurile rom\u00e2ne\u0219ti care activeaz\u0103 \u00een domeniul economiei albastre. Programul de coaching one-to-one - BlueInvest<\/p><\/div><\/article><article class=\"post fusion-column column col col-lg-12 col-md-12 col-sm-12\"><div class=\"recent-posts-content\"><h3 class=\"\"><a href=\"https:\/\/ccisv.ro\/content\/invitatie-la-forumul-de-afaceri-on-line-romania-turcia-8-iunie-2021\/\">Invita\u0163ie la &#8222;FORUMUL DE AFACERI ON-LINE ROM\u00c2NIA &#8211; TURCIA&#8221; &#8211; 8 iunie 2021<\/a><\/h3><p class=\"meta\"><span>iunie 3rd, 2021<\/span><span class=\"fusion-inline-sep\">|<\/span><\/p><p>Sub sloganul \u201e\u0218ansa ta la un parteneriat interna\u021bional\u201d, \u00a0Camera de Comer\u021b, Industrie \u0219i Agricultur\u0103 Timi\u0219 are deosebita pl\u0103cere de a v\u0103 invita la: FORUMUL DE AFACERI ON-LINE ROM\u00c2NIA - TURCIA \u00cen parteneriat cu Ambasada Rom\u00e2niei<\/p><\/div><\/article><article class=\"post fusion-column column col col-lg-12 col-md-12 col-sm-12\"><div class=\"recent-posts-content\"><h3 class=\"\"><a href=\"https:\/\/ccisv.ro\/content\/cursuri-gratuite-de-camerista-ingrijitoare-batrani-la-domiciliu-si-lucrator-in-comert\/\">Cursuri gratuite de Camerist\u0103, \u00cengrijitoare b\u0103tr\u00e2ni la domiciliu \u0219i Lucr\u0103tor \u00een comer\u021b<\/a><\/h3><p class=\"meta\"><span>mai 27th, 2021<\/span><span class=\"fusion-inline-sep\">|<\/span><\/p><p>\u00cen perioada 30 martie 2021 \u201329 martie 2023, Asocia\u021bia Institutul pentru Parteneriat Social Bucovina (partener) \u00eempreun\u0103 cu Centrul de Dezvoltare Social\u0103 (aplicant) \u0219i Funda\u021bia Al\u0103turi de Voi (partener) desf\u0103\u0219oar\u0103 proiectul FACT \u2013Formarea Angaja\u021bilor prin Consiliere<\/p><\/div><\/article><article class=\"post fusion-column column col col-lg-12 col-md-12 col-sm-12\"><div class=\"recent-posts-content\"><h3 class=\"\"><a href=\"https:\/\/ccisv.ro\/content\/conferinta-de-afaceri-republica-moldova-destinatie-pentru-investitiile-romanesti-27-mai-2021-2\/\">CONFERIN\u021aA DE AFACERI \u201dRepublica Moldova \u2013 destina\u021bie pentru investi\u021biile rom\u00e2ne\u0219ti\u201d, 27 mai 2021<\/a><\/h3><p class=\"meta\"><span>mai 24th, 2021<\/span><span class=\"fusion-inline-sep\">|<\/span><\/p><p>Asocia\u021bia Investitorilor din Rom\u00e2nia \u00een Republica Moldova (AIR) \u00een parteneriat cu Uniunea Na\u021bional\u0103 a Patronatului Rom\u00e2n (UNPR) \u0219i Biroul de Promovare Comercial-Economic\u0103\u00a0 Chi\u0219in\u0103u (BPCEC) din cadrul Ambasadei Rom\u00e2niei \u00een Republica Moldova are onoarea s\u0103 v\u0103<\/p><\/div><\/article><article class=\"post fusion-column column col col-lg-12 col-md-12 col-sm-12\"><div class=\"recent-posts-content\"><h3 class=\"\"><a href=\"https:\/\/ccisv.ro\/content\/invitatie-workshop-de-la-cunoastere-la-creativitate-si-antreprenoriat-27-04-2021\/\">Invita\u021bie workshop De la Cunoa\u0219tere la Creativitate \u0219i Antreprenoriat, 27.04.2021<\/a><\/h3><p class=\"meta\"><span>aprilie 23rd, 2021<\/span><span class=\"fusion-inline-sep\">|<\/span><\/p><p><\/p><\/div><\/article><article class=\"post fusion-column column col col-lg-12 col-md-12 col-sm-12\"><div class=\"recent-posts-content\"><h3 class=\"\"><a href=\"https:\/\/ccisv.ro\/content\/ultimele-2-cursuri-gratuite-organizate-in-cadrul-proiectului-impuls\/\">Ultimele 2 cursuri gratuite organizate \u00een cadrul proiectului IMPULS<\/a><\/h3><p class=\"meta\"><span>aprilie 12th, 2021<\/span><span class=\"fusion-inline-sep\">|<\/span><\/p><p>Camera de Comer\u021b \u0219i Industrie Suceava continu\u0103 \u00eenscrierile pentru ultimele 2 cursuri gratuite organizate \u00een cadrul proiectului \u201cIMPULS \u2013 \u00cembun\u0103t\u0103\u021birea cuno\u0219tin\u021belor angaja\u021bilor \u0219i promovarea \u00eenv\u0103\u021b\u0103rii pe tot parcursul vie\u021bii \u00een r\u00e2ndul companiilor din Regiunea Nord-Est\u201d,<\/p><\/div><\/article><article class=\"post fusion-column column col col-lg-12 col-md-12 col-sm-12\"><div class=\"recent-posts-content\"><h3 class=\"\"><a href=\"https:\/\/ccisv.ro\/content\/austria-eveniment-vienna-up21-lets-talk-about-startups-27-aprilie-12-mai-2021\/\">Austria &#8211; Eveniment &#8222;Vienna UP&#8217;21 &#8211; Let&#8217;s Talk about startups&#8221; &#8211; 27 aprilie &#8211; 12 mai 2021<\/a><\/h3><p class=\"meta\"><span>aprilie 8th, 2021<\/span><span class=\"fusion-inline-sep\">|<\/span><\/p><p>\u00cen perioada 27 aprilie \u2013 12 mai 2021 va fi organizat la Viena un complex eveniment on-line dedicat startup-urilor, intitulat \u201eVienna UP\u201921 - Let's Talk about startups\u201d. Acesta se dore\u015fte a fi o platform\u0103 c\u00e2t<\/p><\/div><\/article><article class=\"post fusion-column column col col-lg-12 col-md-12 col-sm-12\"><div class=\"recent-posts-content\"><h3 class=\"\"><a href=\"https:\/\/ccisv.ro\/content\/ultimul-curs-gratuit-de-agent-vanzari\/\">Ultimul curs gratuit de agent v\u00e2nz\u0103ri<\/a><\/h3><p class=\"meta\"><span>aprilie 1st, 2021<\/span><span class=\"fusion-inline-sep\">|<\/span><\/p><p>Camera de Comer\u021b \u0219i Industrie Suceava anun\u021b\u0103 lansarea ultimei serii de curs pentru ocupa\u021bia de agent v\u00e2nz\u0103ri, organizat \u00een cadrul \u201cIMPULS \u2013 \u00cembun\u0103t\u0103\u021birea cuno\u0219tin\u021belor angaja\u021bilor \u0219i promovarea \u00eenv\u0103\u021b\u0103rii pe tot parcursul vie\u021bii \u00een r\u00e2ndul companiilor<\/p><\/div><\/article><article class=\"post fusion-column column col col-lg-12 col-md-12 col-sm-12\"><div class=\"recent-posts-content\"><h3 class=\"\"><a href=\"https:\/\/ccisv.ro\/content\/asced-angajare-sustenabila-si-competitivitate-pentru-studentii-din-domeniul-economic-si-drept\/\">ASCED &#8211; ANGAJARE SUSTENABIL\u0102 \u0218I COMPETITIVITATE PENTRU STUDEN\u021aII DIN DOMENIUL ECONOMIC \u0218I DREPT<\/a><\/h3><p class=\"meta\"><span>februarie 9th, 2021<\/span><span class=\"fusion-inline-sep\">|<\/span><\/p><p>Centrul de Dezvoltare Social\u0103 T&amp;CO, \u00een parteneriat cu Funda\u021bia Al\u0103turi de Voi Rom\u00e2nia implementeaz\u0103, \u00een perioada 24 septembrie 2020 \u2013 23 septembrie 2022, proiectul ASCED - ANGAJARE SUSTENABIL\u0102 \u0218I COMPETITIVITATE PENTRU STUDEN\u021aII DIN DOMENIUL ECONOMIC<\/p><\/div><\/article><article class=\"post fusion-column column col col-lg-12 col-md-12 col-sm-12\"><div class=\"recent-posts-content\"><h3 class=\"\"><a href=\"https:\/\/ccisv.ro\/content\/curs-expert-achizitii-publice-specializare-cod-cor-214946-18-martie-2021\/\">Curs EXPERT ACHIZI\u021aII PUBLICE (specializare, Cod COR: 214946) &#8211; 18 martie 2021<\/a><\/h3><p class=\"meta\"><span>februarie 4th, 2021<\/span><span class=\"fusion-inline-sep\">|<\/span><\/p><p>Camera de Comer\u021b \u0219i Industrie Suceava organizeaz\u0103 \u00eencep\u00e2nd cu data de 18 martie 2021 un curs acreditat de EXPERT ACHIZI\u021aII PUBLICE. TIPUL CURSULUI: SPECIALIZARE, COD COR: 214946 DURAT\u0102 CURS: 60 ORE (20 ore teorie \u0219i<\/p><\/div><\/article><article class=\"post fusion-column column col col-lg-12 col-md-12 col-sm-12\"><div class=\"recent-posts-content\"><h3 class=\"\"><a href=\"https:\/\/ccisv.ro\/content\/invitatie-workshop-afaceri-si-leadership-feminin\/\">Invita\u021bie workshop AFACERI \u0218I LEADERSHIP FEMININ<\/a><\/h3><p class=\"meta\"><span>februarie 3rd, 2021<\/span><span class=\"fusion-inline-sep\">|<\/span><\/p><p>SUCEAVA \u2013 Vineri, 5 martie 2021, ora 15:00, Camera de Comer\u021b \u0219i Industrie Suceava, etaj 1, sala 2 Camera de Comer\u021b \u0219i Industrie Suceava are pl\u0103cerea de a v\u0103 invita s\u0103 participa\u021bi la workshopul organizat<\/p><\/div><\/article><article class=\"post fusion-column column col col-lg-12 col-md-12 col-sm-12\"><div class=\"recent-posts-content\"><h3 class=\"\"><a href=\"https:\/\/ccisv.ro\/content\/curs-online-responsabil-cu-protectia-datelor-cu-caracter-personal-acreditat-anc-cod-cor-242231\/\">Curs Online &#8222;Responsabil cu protec\u021bia datelor cu caracter personal&#8221; &#8211; acreditat ANC, cod COR 242231<\/a><\/h3><p class=\"meta\"><span>februarie 3rd, 2021<\/span><span class=\"fusion-inline-sep\">|<\/span><\/p><p>AGENDA CURSULUI Desfasurare curs: 4 zile : sesiune de curs in sistem de videoconferinta: prezentari, dezbateri, aplicatii practice; 18 zile : parte practica individuala: realizarea proiectului final, indrumare si coordonare prin email; 1 zi :<\/p><\/div><\/article><article class=\"post fusion-column column col col-lg-12 col-md-12 col-sm-12\"><div class=\"recent-posts-content\"><h3 class=\"\"><a href=\"https:\/\/ccisv.ro\/content\/weekendul-mirilor\/\">Weekendul Mirilor<\/a><\/h3><p class=\"meta\"><span>ianuarie 21st, 2021<\/span><span class=\"fusion-inline-sep\">|<\/span><\/p><p>Camera de Comer\u021b \u0219i Industrie Suceva v\u0103 invit\u0103 la \u201cWeekendul Mirilor\u201d la Iulius Mall Suceava! Expozi\u021bia cu v\u00e2nzare, organizat\u0103 de Camera de Comer\u021b \u0219i Industrie Suceava \u00een parteneriat cu Iulius Mall \u0219i aliniat\u0103 contextului actual<\/p><\/div><\/article><article class=\"post fusion-column column col col-lg-12 col-md-12 col-sm-12\"><div class=\"recent-posts-content\"><h3 class=\"\"><a href=\"https:\/\/ccisv.ro\/content\/inscrierile-la-cursurile-gratuite-din-cadrul-proiectului-impuls-continua-si-in-2021\/\">\u00censcrierile la cursurile gratuite din cadrul proiectului IMPULS continu\u0103 \u0219i \u00een 2021<\/a><\/h3><p class=\"meta\"><span>ianuarie 14th, 2021<\/span><span class=\"fusion-inline-sep\">|<\/span><\/p><p>Camera de Comer\u021b \u0219i Industrie Suceava continu\u0103, \u0219i \u00een 2021, organizarea de cursuri gratuite \u00een cadrul proiectului \u201cIMPULS \u2013 \u00cembun\u0103t\u0103\u021birea cuno\u0219tin\u021belor angaja\u021bilor \u0219i promovarea \u00eenv\u0103\u021b\u0103rii pe tot parcursul vie\u021bii \u00een r\u00e2ndul companiilor din Regiunea Nord-Est\u201d,<\/p><\/div><\/article><article class=\"post fusion-column column col col-lg-12 col-md-12 col-sm-12\"><div class=\"recent-posts-content\"><h3 class=\"\"><a href=\"https:\/\/ccisv.ro\/content\/targul-de-turism-al-romaniei-2021-editia-de-primavara-virtual\/\">T\u00e2rgul de Turism al Rom\u00e2niei 2021 &#8211; edi\u0163ia de prim\u0103var\u0103, virtual<\/a><\/h3><p class=\"meta\"><span>noiembrie 26th, 2020<\/span><span class=\"fusion-inline-sep\">|<\/span><\/p><p>ROMEXPO are pl\u0103cerea s\u0103 v\u0103 invite s\u0103 participa\u0163i, \u00een perioada 18-21 februarie 2021, la cea de-a 45-a edi\u0163ie a T\u00c2RGULUI DE TURISM AL ROM\u00c2NIEI - edi\u0163ia de prim\u0103var\u0103, virtual Dup\u0103 cum cunoa\u015fte\u0163i, \u00eencep\u00e2nd cu luna<\/p><\/div><\/article><article class=\"post fusion-column column col col-lg-12 col-md-12 col-sm-12\"><div class=\"recent-posts-content\"><h3 class=\"\"><a href=\"https:\/\/ccisv.ro\/content\/invitatie-workshop-antreprenoriat-cum-obtii-bani-pentru-afacerea-ta\/\">Invita\u021bie workshop ANTREPRENORIAT \u2013 Cum ob\u021bii bani pentru afacerea ta?<\/a><\/h3><p class=\"meta\"><span>noiembrie 19th, 2020<\/span><span class=\"fusion-inline-sep\">|<\/span><\/p><p>\u00a0 ON SITE Vineri, 27 noiembrie 2020, ora 16:30, Camera de Comer\u021b \u0219i Industrie Suceava, etaj 1, sala 2 ONLINE Vineri, 27 noiembrie 2020, ora 16:30, Google Meet Invitat special IULIAN B\u0102SU \u2013 Managing Partner<\/p><\/div><\/article><article class=\"post fusion-column column col col-lg-12 col-md-12 col-sm-12\"><div class=\"recent-posts-content\"><h3 class=\"\"><a href=\"https:\/\/ccisv.ro\/content\/4-cursuri-gratuite-organizate-in-cadrul-proiectului-impuls\/\">4 cursuri gratuite organizate \u00een cadrul proiectului IMPULS<\/a><\/h3><p class=\"meta\"><span>noiembrie 12th, 2020<\/span><span class=\"fusion-inline-sep\">|<\/span><\/p><p>Camera de Comer\u021b \u0219i Industrie Suceava anun\u021b\u0103 lansarea \u00eenscrierilor pentru 4 cursuri gratuite organizate \u00een cadrul proiectului \u201cIMPULS \u2013 \u00cembun\u0103t\u0103\u021birea cuno\u0219tin\u021belor angaja\u021bilor \u0219i promovarea \u00eenv\u0103\u021b\u0103rii pe tot parcursul vie\u021bii \u00een r\u00e2ndul companiilor din Regiunea Nord-Est\u201d,<\/p><\/div><\/article><article class=\"post fusion-column column col col-lg-12 col-md-12 col-sm-12\"><div class=\"recent-posts-content\"><h3 class=\"\"><a href=\"https:\/\/ccisv.ro\/content\/camera-de-comert-si-industrie-suceava-reia-inscrierile-la-cursurile-de-formare-profesionala\/\">Camera de Comert \u0219i Industrie Suceava organizeaz\u0103 \u00een perioada urm\u0103toare o serie de cursuri de formare profesional\u0103<\/a><\/h3><p class=\"meta\"><span>septembrie 17th, 2020<\/span><span class=\"fusion-inline-sep\">|<\/span><\/p><p>Pentru a sprijini activitatea \u0219i dezvoltarea mediului de afaceri din jude\u021bului Suceava, Camera de Comer\u021b \u0219i Industrie Suceava organizeaz\u0103 \u00een perioada urm\u0103toare o serie de cursuri de formare profesional\u0103. Importan\u021ba form\u0103rii profesionale Formarea profesional\u0103 reprezint\u0103<\/p><\/div><\/article><article class=\"post fusion-column column col col-lg-12 col-md-12 col-sm-12\"><div class=\"recent-posts-content\"><h3 class=\"\"><a href=\"https:\/\/ccisv.ro\/content\/invitatie-workshop-uri-proiect-impuls\/\">Invita\u021bie workshop-uri proiect IMPULS<\/a><\/h3><p class=\"meta\"><span>septembrie 17th, 2020<\/span><span class=\"fusion-inline-sep\">|<\/span><\/p><p>Camera de Comer\u021b \u0219i Industrie Suceava \u0219i Asocia\u021bia \u201dConsensual\u201d din Ia\u0219i au pl\u0103cerea de a v\u0103 invita s\u0103 participa\u021bi la workshop-urile organizate \u00een cadrul proiectului\u00a0IMPULS \u2013 \u00cembun\u0103t\u0103\u021birea cuno\u0219tin\u021belor angaja\u021bilor \u0219i promovarea \u00eenv\u0103\u021b\u0103rii pe tot parcursul<\/p><\/div><\/article><article class=\"post fusion-column column col col-lg-12 col-md-12 col-sm-12\"><div class=\"recent-posts-content\"><h3 class=\"\"><a href=\"https:\/\/ccisv.ro\/content\/ultimele-4-locuri-disponibile-la-cursul-de-agent-vanzari-100-finantat\/\">Curs gratuit de Agent V\u00e2nz\u0103ri &#8211; 100% finan\u021bat \u00een cadrul \u201cIMPULS \u2013 \u00cembun\u0103t\u0103\u021birea cuno\u0219tin\u021belor angaja\u021bilor \u0219i promovarea \u00eenv\u0103\u021b\u0103rii pe tot parcursul vie\u021bii \u00een r\u00e2ndul companiilor din Regiunea Nord-Est\u201d, cod MySmis 128044<\/a><\/h3><p class=\"meta\"><span>iulie 27th, 2020<\/span><span class=\"fusion-inline-sep\">|<\/span><\/p><p>Camera de Comer\u021b \u0219i Industrie Suceava anun\u021b\u0103 lansarea unei noi serii de curs de agent v\u00e2nz\u0103ri organizat \u00een cadrul \u201cIMPULS \u2013 \u00cembun\u0103t\u0103\u021birea cuno\u0219tin\u021belor angaja\u021bilor \u0219i promovarea \u00eenv\u0103\u021b\u0103rii pe tot parcursul vie\u021bii \u00een r\u00e2ndul companiilor din<\/p><\/div><\/article><article class=\"post fusion-column column col col-lg-12 col-md-12 col-sm-12\"><div class=\"recent-posts-content\"><h3 class=\"\"><a href=\"https:\/\/ccisv.ro\/content\/inscrieri-activitate-de-consultanta-personalizata-pentru-imm-uri-impuls-imbunatatirea-cunostintelor-angajatilor-si-promovarea-invatarii-pe-tot-parcursul-vietii-in-randul-companiilor-din-reg\/\">\u00censcrieri activitate de consultan\u021b\u0103 personalizat\u0103 pentru IMM-uri, IMPULS \u2013 \u00cembun\u0103t\u0103\u021birea cuno\u0219tin\u021belor angaja\u021bilor \u0219i promovarea \u00eenv\u0103\u021b\u0103rii pe tot parcursul vie\u021bii \u00een r\u00e2ndul companiilor din Regiunea Nord-Est, cod MySmis 128044<\/a><\/h3><p class=\"meta\"><span>iulie 20th, 2020<\/span><span class=\"fusion-inline-sep\">|<\/span><\/p><p>Camera de Comer\u021b \u0219i Industrie Suceava, \u00een cadrul proiectului\u00a0IMPULS \u2013 \u00cembun\u0103t\u0103\u021birea cuno\u0219tin\u021belor angaja\u021bilor \u0219i promovarea \u00eenv\u0103\u021b\u0103rii pe tot parcursul vie\u021bii \u00een r\u00e2ndul companiilor din Regiunea Nord-Est, cod MySmis 128044, sprijin\u0103 IMM-urilor din jude\u021bele Regiunii Nord<\/p><\/div><\/article><article class=\"post fusion-column column col col-lg-12 col-md-12 col-sm-12\"><div class=\"recent-posts-content\"><h3 class=\"\"><a href=\"https:\/\/ccisv.ro\/content\/invitatie-workshop-proiect-impuls-vineri-08-august-2020\/\">Invita\u021bie workshop proiect IMPULS, vineri 07 august 2020<\/a><\/h3><p class=\"meta\"><span>iulie 16th, 2020<\/span><span class=\"fusion-inline-sep\">|<\/span><\/p><p>Camera de Comer\u021b \u0219i Industrie Suceava are pl\u0103cerea de a v\u0103 invita s\u0103 participa\u021bi la primul workshop organizat \u00een cadrul proiectului IMPULS \u2013 \u00cembun\u0103t\u0103\u021birea cuno\u0219tin\u021belor angaja\u021bilor \u0219i promovarea \u00eenv\u0103\u021b\u0103rii pe tot parcursul vie\u021bii \u00een r\u00e2ndul<\/p><\/div><\/article><article class=\"post fusion-column column col col-lg-12 col-md-12 col-sm-12\"><div class=\"recent-posts-content\"><h3 class=\"\"><a href=\"https:\/\/ccisv.ro\/content\/master-in-domeniul-managementul-destinatiei\/\">Master \u00een Domeniul Managementul Destina\u021biei<\/a><\/h3><p class=\"meta\"><span>iulie 16th, 2020<\/span><span class=\"fusion-inline-sep\">|<\/span><\/p><p>V\u0103 transmitem invita\u021bia de a v\u0103 \u00eenscrie (\u00een semn de motivare \u00een aceast\u0103 perioada dificil\u0103) la singurul program de studii de masterat din Rom\u00e2nia \u00een Managementul Destina\u021biei Avantaje: - Program cu dubl\u0103 diplom\u0103, organizat \u00een<\/p><\/div><\/article><article class=\"post fusion-column column col col-lg-12 col-md-12 col-sm-12\"><div class=\"recent-posts-content\"><h3 class=\"\"><a href=\"https:\/\/ccisv.ro\/content\/invitatie-webinar-horeca-inapoi-la-treaba\/\">Invita\u0163ie Webinar \u201eHoReCa \u2013 \u00eenapoi la treab\u0103!\u201d<\/a><\/h3><p class=\"meta\"><span>iulie 9th, 2020<\/span><span class=\"fusion-inline-sep\">|<\/span><\/p><p>Camera de Comer\u021b \u0219i Industrie Suceava continu\u0103 seria webinariilor menite s\u0103 vin\u0103 \u00een sprijinul afecerilor locale. \u00cen vremuri de criz\u0103 \u0219i incertitudini, operatorii din domeniul HoReCa din jude\u021bul Suceava trebuie s\u0103 fac\u0103 fa\u021b\u0103 unei situa\u021bii<\/p><\/div><\/article><article class=\"post fusion-column column col col-lg-12 col-md-12 col-sm-12\"><div class=\"recent-posts-content\"><h3 class=\"\"><a href=\"https:\/\/ccisv.ro\/content\/proiect-google-pentru-imm-urile-din-suceava\/\">Proiect Google pentru IMM-urile din Suceava<\/a><\/h3><p class=\"meta\"><span>iunie 16th, 2020<\/span><span class=\"fusion-inline-sep\">|<\/span><\/p><p>Pentru a continua s\u0103 \u00ee\u0219i dezvolte afacerea, IMM-urile trebuie s\u0103 fie familiarizate cu mediul online. Google pune la dispozi\u021bia antreprenorilor un hub virtual cu instrumente \u0219i resurse gratuite, precum \u0219i consultan\u021b\u0103 online, pentru a facilita<\/p><\/div><\/article><article class=\"post fusion-column column col col-lg-12 col-md-12 col-sm-12\"><div class=\"recent-posts-content\"><h3 class=\"\"><a href=\"https:\/\/ccisv.ro\/content\/invitatie-de-participare-la-targul-de-exporturi-zhejiang-online-romania-materiale-de-constructii-si-mobilier-pentru-casa\/\">INVITA\u021aIE DE PARTICIPARE la \u201cT\u00e2rgul de Exporturi Zhejiang Online &#8211;  Rom\u00e2nia;  Materiale de Construc\u021bii \u0219i Mobilier pentru cas\u0103\u201d<\/a><\/h3><p class=\"meta\"><span>iunie 9th, 2020<\/span><span class=\"fusion-inline-sep\">|<\/span><\/p><p>Camera de Comer\u021b \u0219i Industrie Suceava, al\u0103turi de Casa Romano \u2013 Chinez\u0103, v\u0103 invit\u0103 \u00een s\u0103 participa\u021bi\u00a0 online, \u00een perioada 11- 15 iunie 2020, la \u201c T\u00e2rgul de Exporturi Zhejiang Online -\u00a0 Rom\u00e2nia; Materiale de<\/p><\/div><\/article><article class=\"post fusion-column column col col-lg-12 col-md-12 col-sm-12\"><div class=\"recent-posts-content\"><h3 class=\"\"><a href=\"https:\/\/ccisv.ro\/content\/curs-de-agent-vanzari-100-finantat\/\">Curs de agent v\u00e2nz\u0103ri, 100% finan\u021bat<\/a><\/h3><p class=\"meta\"><span>iunie 9th, 2020<\/span><span class=\"fusion-inline-sep\">|<\/span><\/p><p>Camera de Comer\u021b \u0219i Industrie Suceava anun\u021b\u0103 lansarea \u00eenscrierilor pentru cursul de agent v\u00e2nz\u0103ri, organizat \u00een cadrul \u201cIMPULS \u2013 \u00cembun\u0103t\u0103\u021birea cuno\u0219tin\u021belor angaja\u021bilor \u0219i promovarea \u00eenv\u0103\u021b\u0103rii pe tot parcursul vie\u021bii \u00een r\u00e2ndul companiilor din Regiunea Nord-Est\u201d,<\/p><\/div><\/article><article class=\"post fusion-column column col col-lg-12 col-md-12 col-sm-12\"><div class=\"recent-posts-content\"><h3 class=\"\"><a href=\"https:\/\/ccisv.ro\/content\/anunt-organizare-curs-online-responsabil-cu-protectia-datelor-cu-caracter-personal-acreditat-anc-cod-cor-242-231\/\">Anun\u0163 organizare curs online \u201dRESPONSABIL CU PROTEC\u021aIA DATELOR CU CARACTER PERSONAL\u201d Acreditat ANC &#8211; Cod COR: 242 231<\/a><\/h3><p class=\"meta\"><span>mai 28th, 2020<\/span><span class=\"fusion-inline-sep\">|<\/span><\/p><p>Camera de Comer\u0163 \u015fi Industrie Suceava \u00een parteneriat cu Professionals Business Knowledge organizeaz\u0103, \u00eencep\u00e2nd cu iunie 2020, trei sesiuni de curs \u201dRESPONSABIL CU PROTEC\u021aIA DATELOR CU CARACTER PERSONAL\u201d, acreditat ANC, cod COR 2422.3.1. Cursul se<\/p><\/div><\/article><article class=\"post fusion-column column col col-lg-12 col-md-12 col-sm-12\"><div class=\"recent-posts-content\"><h3 class=\"\"><a href=\"https:\/\/ccisv.ro\/content\/agro-expo-bucovina-2020-editia-a-xviii-a-26-29-martie-2020\/\">Agro Expo Bucovina 2020, editia a XVIII-a, 26 &#8211; 29 martie 2020<\/a><\/h3><p class=\"meta\"><span>februarie 27th, 2020<\/span><span class=\"fusion-inline-sep\">|<\/span><\/p><p>\u00cen perioada 26 - 29 martie 2019 va avea loc cel mai important eveniment agricol din zona Moldovei, T\u00e2rgul Agro Expo Bucovina. Cea de-a XVIII-a edi\u0163ie a t\u00e2rgului este organizat\u0103 de c\u0103tre Camera de Comer\u0163<\/p><\/div><\/article><article class=\"post fusion-column column col col-lg-12 col-md-12 col-sm-12\"><div class=\"recent-posts-content\"><h3 class=\"\"><a href=\"https:\/\/ccisv.ro\/content\/invitatie-curs-gratuit-de-bucatar\/\">Invita\u021bie curs gratuit de buc\u0103tar<\/a><\/h3><p class=\"meta\"><span>februarie 18th, 2020<\/span><span class=\"fusion-inline-sep\">|<\/span><\/p><p>Camera de Comer\u021b \u0219i Industrie Suceava anun\u021b\u0103 lansarea \u00eenscrierilor pentru cursul de buc\u0103tar, organizat \u00een cadrul \u201cIMPULS \u2013 \u00cembun\u0103t\u0103\u021birea cuno\u0219tin\u021belor angaja\u021bilor \u0219i promovarea \u00eenv\u0103\u021b\u0103rii pe tot parcursul vie\u021bii \u00een r\u00e2ndul companiilor din Regiunea Nord-Est\u201d, cod<\/p><\/div><\/article><article class=\"post fusion-column column col col-lg-12 col-md-12 col-sm-12\"><div class=\"recent-posts-content\"><h3 class=\"\"><a href=\"https:\/\/ccisv.ro\/content\/metodologie-selectie-grup-tinta-in-cadrul-proiectului-impuls-cod-mysmis-128044\/\">Metodologie selec\u021bie grup \u021bint\u0103 \u00een cadrul proiectului IMPULS, cod MySmis 128044<\/a><\/h3><p class=\"meta\"><span>februarie 17th, 2020<\/span><span class=\"fusion-inline-sep\">|<\/span><\/p><p>Prezenta metodologie a fost elaborat\u0103 pentru realizarea unei selec\u021bii c\u00e2t mai adecvate \u0219i riguroase a IMM-urilor \u0219i angaja\u021bilor din regiunea de dezvoltare Nord-Est pentru \u00eenscrierea \u00een grupul \u021bint\u0103 al proiectului \u201eIMPULS - \u00cembun\u0103t\u0103\u021birea cuno\u0219tin\u021belor angaja\u021bilor<\/p><\/div><\/article><article class=\"post fusion-column column col col-lg-12 col-md-12 col-sm-12\"><div class=\"recent-posts-content\"><h3 class=\"\"><a href=\"https:\/\/ccisv.ro\/content\/chestionar-privind-identificarea-nevoii-de-cursuri-de-formare-profesionala-ce-urmeaza-a-fi-organizate-in-cadrul-proiectului-impuls\/\">Chestionar privind identificarea nevoii de cursuri de formare profesional\u0103 ce urmeaz\u0103 a fi organizate \u00een cadrul proiectului IMPULS<\/a><\/h3><p class=\"meta\"><span>februarie 10th, 2020<\/span><span class=\"fusion-inline-sep\">|<\/span><\/p><p>Venind \u00een sprijinul mediului antreprenorial din Regiunea Nord-Est, Camera de Comer\u021b \u0219i Industrie Suceava implementeaz\u0103 proiectul \u201dIMPULS - \u00cembun\u0103t\u0103\u021birea cuno\u0219tin\u021belor angaja\u021bilor \u0219i promovarea \u00eenv\u0103\u021b\u0103rii pe tot parcursul vie\u021bii \u00een r\u00e2ndul companiilor din Regiunea Nord-Est, cod<\/p><\/div><\/article><article class=\"post fusion-column column col col-lg-12 col-md-12 col-sm-12\"><div class=\"recent-posts-content\"><h3 class=\"\"><a href=\"https:\/\/ccisv.ro\/content\/targul-de-nunti-bucovina-2020-editia-a-xiii-a-13-si-16-februarie\/\">T\u00c2RGUL DE NUN\u0162I  BUCOVINA 2020,  edi\u021bia a XIII-a, 13 \u0219i 16 februarie<\/a><\/h3><p class=\"meta\"><span>februarie 9th, 2020<\/span><span class=\"fusion-inline-sep\">|<\/span><\/p><p>T\u00e2rgul de Nun\u021bi Bucovina organizat de Camera de Comer\u021b \u0219i Industrie Suceava \u00een parteneriat cu Iulius Mall aduce pentru dumneavoastr\u0103 cei mai importan\u021bi expozan\u021bi din domeniu, branduri de renume, care timp de patru zile, \u00eentre<\/p><\/div><\/article><article class=\"post fusion-column column col col-lg-12 col-md-12 col-sm-12\"><div class=\"recent-posts-content\"><h3 class=\"\"><a href=\"https:\/\/ccisv.ro\/content\/cum-vrei-sa-arate-regiunea-nord-est-in-2030-vino-sa-conturam-impreuna-directiile-de-dezvoltare-ale-regiunii\/\">Cum vrei s\u0103 arate Regiunea Nord-Est \u00een 2030? Vino s\u0103 contur\u0103m \u00eempreun\u0103 direc\u021biile de dezvoltare ale Regiunii!<\/a><\/h3><p class=\"meta\"><span>februarie 6th, 2020<\/span><span class=\"fusion-inline-sep\">|<\/span><\/p><p>\u00cen perioada 11-28 februarie 2020, reprezentan\u021bi ai conducerii ADR Nord\u2013Est vor fi prezen\u021bi \u00een fiecare jude\u021b din regiune, \u00een cadrul unor evenimente de consultare public\u0103 dedicate stabilirii viitoarelor priorit\u0103\u021bi de finan\u021bare pentru mediul privat, \u00een<\/p><\/div><\/article><article class=\"post fusion-column column col col-lg-12 col-md-12 col-sm-12\"><div class=\"recent-posts-content\"><h3 class=\"\"><a href=\"https:\/\/ccisv.ro\/content\/targul-de-nunti-bucovina-2020\/\">T\u00e2rgul de nun\u021bi Bucovina 2020<\/a><\/h3><p class=\"meta\"><span>ianuarie 14th, 2020<\/span><span class=\"fusion-inline-sep\">|<\/span><\/p><p>Cel mai reprezentativ t\u00e2rg de nun\u021bi din Suceava, organizat de Camera de Comer\u021b \u0219i Industrie Suceava \u00een parteneriat cu Iulius Mall Suceava, aduce pentru dumneavoastr\u0103\u00a0 cei mai importan\u021bi expozan\u021bi din domeniu, branduri de renume \u0219i<\/p><\/div><\/article><article class=\"post fusion-column column col col-lg-12 col-md-12 col-sm-12\"><div class=\"recent-posts-content\"><h3 class=\"\"><a href=\"https:\/\/ccisv.ro\/content\/invitatie-aderare-retea-de-comunicare-proiect-progressio\/\">Invita\u021bie aderare re\u021bea de comunicare, proiect PROGRESSIO<\/a><\/h3><p class=\"meta\"><span>decembrie 16th, 2019<\/span><span class=\"fusion-inline-sep\">|<\/span><\/p><p>Camera de Comer\u021b \u0219i Industrie Suceava implementeaz\u0103, \u00een perioada aprilie 2019 \u2013 aprilie 2021, proiectul \u201dDezvoltarea \u00eenv\u0103\u021b\u0103m\u00e2ntului ter\u021biar universitar \u00een sprijinul cre\u0219terii economice\u201d, acronim PROGRESSIO, proiect contractat prin Programul\u00a0 Opera\u021bional Capital Uman 2014 \u2013 2020.<\/p><\/div><\/article><article class=\"post fusion-column column col col-lg-12 col-md-12 col-sm-12\"><div class=\"recent-posts-content\"><h3 class=\"\"><a href=\"https:\/\/ccisv.ro\/content\/invitatie-la-conferinta-de-lansare-a-proiectului-impuls-imbunatatirea-cunostintelor-angajatilor-si-promovarea-invatarii-pe-tot-parcursul-vietii-in-randul-companiilor-din-regiunea-nord-est\/\">INVITA\u021aIE  la CONFERIN\u021aA DE LANSARE a proiectului  IMPULS \u2013 \u00cembun\u0103t\u0103\u021birea cuno\u0219tin\u021belor angaja\u021bilor \u0219i promovarea \u00eenv\u0103\u021b\u0103rii pe tot parcursul vie\u021bii \u00een r\u00e2ndul companiilor din Regiunea Nord-Est, cod MySmis 128044 &#8211; Miercuri, 18 decembrie 2019, ora 14:00, Camera de Comer\u021b \u0219i Industrie Suceava, etaj II, sala 5<\/a><\/h3><p class=\"meta\"><span>decembrie 5th, 2019<\/span><span class=\"fusion-inline-sep\">|<\/span><\/p><p>Camera de Comer\u021b \u0219i Industrie Suceava are pl\u0103cerea de a v\u0103 invita s\u0103 participa\u021bi la Conferin\u021ba de lansare a proiectului\u00a0IMPULS \u2013 \u00cembun\u0103t\u0103\u021birea cuno\u0219tin\u021belor angaja\u021bilor \u0219i promovarea \u00eenv\u0103\u021b\u0103rii pe tot parcursul vie\u021bii \u00een r\u00e2ndul companiilor din<\/p><\/div><\/article><article class=\"post fusion-column column col col-lg-12 col-md-12 col-sm-12\"><div class=\"recent-posts-content\"><h3 class=\"\"><a href=\"https:\/\/ccisv.ro\/content\/convocarea-adunarii-generale-ordinare-a-membrilor-camerei-de-comert-si-industrie-suceava-18-decembrie-2019-ora-1300\/\">Convocarea adun\u0103rii generale ordinare a membrilor Camerei de Comer\u0163 \u015fi Industrie Suceava &#8211; 18 decembrie 2019, ora 13:00<\/a><\/h3><p class=\"meta\"><span>decembrie 2nd, 2019<\/span><span class=\"fusion-inline-sep\">|<\/span><\/p><p>Convocator<\/p><\/div><\/article><article class=\"post fusion-column column col col-lg-12 col-md-12 col-sm-12\"><div class=\"recent-posts-content\"><h3 class=\"\"><a href=\"https:\/\/ccisv.ro\/content\/targ-de-joburi-editia-de-toamna-la-universitatea-stefan-cel-mare-din-suceava\/\">T\u00e2rg de Joburi (edi\u021bia de toamn\u0103) la Universitatea \u0218tefan cel Mare din Suceava<\/a><\/h3><p class=\"meta\"><span>noiembrie 21st, 2019<\/span><span class=\"fusion-inline-sep\">|<\/span><\/p><p>Universitatea \u0218tefan cel Mare din Suceava- USV (prin Centrul de Consiliere \u0219i Orientare \u00een Carier\u0103- CCOC \u0219i Unitatea de Analiz\u0103 \u0219i Gestiune Previzional\u0103 a Solicit\u0103rilor Pie\u021bei Muncii- UAGPSPM) \u0219i Agen\u021bia Jude\u021bean\u0103 pentru Ocuparea For\u021bei de<\/p><\/div><\/article><article class=\"post fusion-column column col col-lg-12 col-md-12 col-sm-12\"><div class=\"recent-posts-content\"><h3 class=\"\"><a href=\"https:\/\/ccisv.ro\/content\/invitatie-info-day-programul-de-cooperare-transfrontaliera-eni-ungaria-slovacia-romania-ucraina-2014-2020\/\">Invita\u0163ie INFO DAY Programul de Cooperare Transfrontalier\u0103 ENI Ungaria-Slovacia-Rom\u00e2nia-Ucraina 2014-2020<\/a><\/h3><p class=\"meta\"><span>noiembrie 18th, 2019<\/span><span class=\"fusion-inline-sep\">|<\/span><\/p><p>\u00cen data de 28 noiembrie 2019, Autoritatea Na\u021bional\u0103 (MLPDA) \u00eempreun\u0103 cu reprezentan\u021bii ai controlului de prim nivel \u0219i Secretariatul Tehnic Comun al Programului Ungaria- Slovacia- Rom\u00e2nia-Ucraina ENI CBC 2014-2020 vor organiza o sesiune de informare<\/p><\/div><\/article><article class=\"post fusion-column column col col-lg-12 col-md-12 col-sm-12\"><div class=\"recent-posts-content\"><h3 class=\"\"><a href=\"https:\/\/ccisv.ro\/content\/impuls-imbunatatirea-cunostintelor-angajatilor-si-promovarea-invatarii-pe-tot-parcursul-vietii-in-randul-companiilor-din-regiunea-nord-est\/\">Comunicat lansare proiect IMPULS &#8211; \u00cembun\u0103t\u0103\u021birea cuno\u0219tin\u021belor angaja\u021bilor \u0219i promovarea \u00eenv\u0103\u021b\u0103rii pe tot parcursul vie\u021bii \u00een r\u00e2ndul companiilor din Regiunea Nord-Est, cod MySmis 128044<\/a><\/h3><p class=\"meta\"><span>noiembrie 18th, 2019<\/span><span class=\"fusion-inline-sep\">|<\/span><\/p><p>Camera de Comer\u021b \u0219i Industrie Suceava anun\u021b\u0103 implementarea, \u00een perioada 25.10.2019 \u2013 24.04.2021, a proiectului \u201dIMPULS - \u00cembun\u0103t\u0103\u021birea cuno\u0219tin\u021belor angaja\u021bilor \u0219i promovarea \u00eenv\u0103\u021b\u0103rii pe tot parcursul vie\u021bii \u00een r\u00e2ndul companiilor din Regiunea Nord-Est\u201d, cod MySmis<\/p><\/div><\/article><article class=\"post fusion-column column col col-lg-12 col-md-12 col-sm-12\"><div class=\"recent-posts-content\"><h3 class=\"\"><a href=\"https:\/\/ccisv.ro\/content\/lipsa-fortei-de-munca-a-devenit-principala-problema-a-companiei-tale\/\">Lipsa for\u021bei de munc\u0103 a devenit principala problem\u0103 a companiei tale?<\/a><\/h3><p class=\"meta\"><span>noiembrie 14th, 2019<\/span><span class=\"fusion-inline-sep\">|<\/span><\/p><p>Lipsa for\u021bei de munc\u0103 a devenit principala problem\u0103 a companiei tale? \u00cenv\u0103\u021b\u0103m\u00e2ntul dual reprezint\u0103 o solu\u021bie alternativ\u0103 a companiilor care au nevoie de for\u021b\u0103 calificat\u0103 de munc\u0103 Recrutarea for\u021bei de munc\u0103 a devenit deja o<\/p><\/div><\/article><article class=\"post fusion-column column col col-lg-12 col-md-12 col-sm-12\"><div class=\"recent-posts-content\"><h3 class=\"\"><a href=\"https:\/\/ccisv.ro\/content\/gala-excelentei-in-afaceri-2019-comunicat-post-eveniment\/\">GALA EXCELEN\u021aEI \u00ceN AFACERI 2019 &#8211; Comunicat post eveniment<\/a><\/h3><p class=\"meta\"><span>noiembrie 7th, 2019<\/span><span class=\"fusion-inline-sep\">|<\/span><\/p><p>Camera de Comer\u0163 \u015fi Industrie Suceava este de aproape 30 de ani prima \u015fi cea mai reprezentativ\u0103 organiza\u0163ie a \u00eentreprinz\u0103torilor din jude\u0163ul Suceava, fiind singura organiza\u0163ie neguvernamental\u0103 de utilitate public\u0103, cu caracter autonom \u015fi cu<\/p><\/div><\/article><article class=\"post fusion-column column col col-lg-12 col-md-12 col-sm-12\"><div class=\"recent-posts-content\"><h3 class=\"\"><a href=\"https:\/\/ccisv.ro\/content\/gala-excelentei-in-afaceri-2019\/\">GALA EXCELEN\u021aEI \u00ceN AFACERI 2019<\/a><\/h3><p class=\"meta\"><span>octombrie 31st, 2019<\/span><span class=\"fusion-inline-sep\">|<\/span><\/p><p>Camera de Comer\u0163 \u015fi Industrie Suceava este de aproape 30 de ani prima \u015fi cea mai reprezentativ\u0103 organiza\u0163ie a \u00eentreprinz\u0103torilor din jude\u0163ul Suceava, av\u00e2nd o misiune foarte bine definit\u0103: sus\u0163inerea intereselor comunit\u0103\u0163ii de afaceri \u00een<\/p><\/div><\/article><article class=\"post fusion-column column col col-lg-12 col-md-12 col-sm-12\"><div class=\"recent-posts-content\"><h3 class=\"\"><a href=\"https:\/\/ccisv.ro\/content\/lnvitatie-workshop-de-informare-s-e-s-solidaritate-egalitate-sustenabilitate-vineri-08-noiembrie-2019\/\">lnvita\u021bie workshop de informare &#8222;S.E.S. \u2013 Solidaritate, Egalitate, Sustenabilitate&#8221; \u2013 vineri, 08 noiembrie 2019<\/a><\/h3><p class=\"meta\"><span>octombrie 30th, 2019<\/span><span class=\"fusion-inline-sep\">|<\/span><\/p><p>ACQUISITION CAREER MANAGEMENT SRL, Asocia\u021bia Europas \u0219i Addwise European Expertise SRL v\u0103 invit\u0103 s\u0103 participa\u021bi la Workshop-ul de informare organizat \u00een cadrul proiectului \"S.E.S. - Solidaritate, Egalitate, Sustenabilitate\", COD MySMIS 128078, finan\u021bat de Uniunea European\u0103<\/p><\/div><\/article><article class=\"post fusion-column column col col-lg-12 col-md-12 col-sm-12\"><div class=\"recent-posts-content\"><h3 class=\"\"><a href=\"https:\/\/ccisv.ro\/content\/invitatie-la-workshop-ul-introductiv-in-economie-sociala-joi-07-noiembrie-2019\/\">Invita\u021bie la \u201dWorkshop-ul introductiv \u00een economie social\u0103\u201d \u2013 joi, 07 noiembrie 2019<\/a><\/h3><p class=\"meta\"><span>octombrie 30th, 2019<\/span><span class=\"fusion-inline-sep\">|<\/span><\/p><p>Addwise European Expertise S.R.L. \u0219i Agrafics Communication S.R.L. v\u0103 invit\u0103 s\u0103 participa\u021bi joi, 07 noiembrie 2019, la Camera de Comer\u021b \u0219i Industrie Suceava, str. Universit\u0103\u021bii, nr. 15-17, \u00eencep\u00e2nd cu ora 16:00 la \u201eWorkshop-ul introductiv \u00een<\/p><\/div><\/article><article class=\"post fusion-column column col col-lg-12 col-md-12 col-sm-12\"><div class=\"recent-posts-content\"><h3 class=\"\"><a href=\"https:\/\/ccisv.ro\/content\/camera-de-comert-si-industrie-suceava-anunta-lansarea-cursului-de-formare-profesionala-responsabil-cu-protectia-datelor-cu-caracter-personal\/\">Camera de Comer\u021b \u0219i Industrie Suceava anun\u021b\u0103 lansarea cursului de formare profesional\u0103 RESPONSABIL CU PROTEC\u021aIA DATELOR CU CARACTER PERSONAL<\/a><\/h3><p class=\"meta\"><span>octombrie 3rd, 2019<\/span><span class=\"fusion-inline-sep\">|<\/span><\/p><p>\u00cen contextul intr\u0103rii \u00een vigoare a Regulamentului (UE) 679\/2016 privind protec\u021bia datelor cu caracter personal \u2013 GDPR, fiecare utilizator de date cu caracter personal, indiferent dac\u0103 le prelucreaz\u0103, stocheaz\u0103 sau nu, are obliga\u021bia de a<\/p><\/div><\/article><article class=\"post fusion-column column col col-lg-12 col-md-12 col-sm-12\"><div class=\"recent-posts-content\"><h3 class=\"\"><a href=\"https:\/\/ccisv.ro\/content\/invitatie-la-seminarul-informarea-din-brevete-element-esential-pentru-cercetare-si-inovare-30-octombrie-2019\/\">Invita\u0163ie la seminarul &#8222;Informarea din brevete &#8211; Element esen\u0163ial pentru cercetare \u015fi inovare&#8221;, 30 octombrie 2019<\/a><\/h3><p class=\"meta\"><span>septembrie 27th, 2019<\/span><span class=\"fusion-inline-sep\">|<\/span><\/p><p>Avem deosebita onoare s\u0103 v\u0103 adres\u0103m invita\u0163ia de participare la Seminarul na\u0163ional cu tema \"Informarea din brevete - Element esen\u0163ial pentru cercetare \u015fi inovare\". Evenimentul organizat de Oficiul de Stat pentru Inventii \u015fi M\u0103rci (OSIM)<\/p><\/div><\/article><article class=\"post fusion-column column col col-lg-12 col-md-12 col-sm-12\"><div class=\"recent-posts-content\"><h3 class=\"\"><a href=\"https:\/\/ccisv.ro\/content\/invitatie-repatriot-summit-3-6-octombrie-2019\/\">Invita\u0163ie RePatriot Summit, 3-6 octombrie 2019<\/a><\/h3><p class=\"meta\"><span>septembrie 19th, 2019<\/span><span class=\"fusion-inline-sep\">|<\/span><\/p><p>Rom\u00e2nia se schimb\u0103. Devine mai bun\u0103 \u00een fiecare zi prin ac\u021biunea tuturor rom\u00e2nilor, oriunde s-ar afla. Diaspora are un efect catalizator \u00een acest proces de schimbare \u0219i dorim s\u0103 ne ar\u0103t\u0103m recuno\u0219tin\u021ba \u0219i s\u0103 ne<\/p><\/div><\/article><article class=\"post fusion-column column col col-lg-12 col-md-12 col-sm-12\"><div class=\"recent-posts-content\"><h3 class=\"\"><a href=\"https:\/\/ccisv.ro\/content\/lucratorii-extracomunitari-solutie-pentru-deficitul-fortei-de-munca\/\">Invita\u0163ie workshop \u201eLucr\u0103torii extracomunitari, solu\u021bie pentru deficitul for\u021bei de munc\u0103\u201d, 17 septembrie 2019<\/a><\/h3><p class=\"meta\"><span>septembrie 12th, 2019<\/span><span class=\"fusion-inline-sep\">|<\/span><\/p><p>v\u0103 invit\u0103 s\u0103 participa\u021bi \u00een data de 17 septembrie 2019 la sediul Camerei de Comer\u021b \u0219i Industrie Suceava, din str. Universit\u0103\u021bii 15-17, la workshop-urile cu tema: LUCR\u0102TORII EXTRACOMUNITARI Ne-am documentat \u0219i am preg\u0103tit pentru dumneavoastr\u0103<\/p><\/div><\/article><article class=\"post fusion-column column col col-lg-12 col-md-12 col-sm-12\"><div class=\"recent-posts-content\"><h3 class=\"\"><a href=\"https:\/\/ccisv.ro\/content\/lansare-cursuri-de-formare-profesionala-septembrie-2019\/\">Lansare cursuri de formare profesional\u0103<\/a><\/h3><p class=\"meta\"><span>septembrie 12th, 2019<\/span><span class=\"fusion-inline-sep\">|<\/span><\/p><p>Camera de Comer\u0163 \u015fi Industrie Suceava organizeaz\u0103 cursuri de formare profesional\u0103 pentru programele: februarie 2020 - Agent de turism - Ghid februarie 2020 - Responsabil de mediu La finalizarea programelor de formare profesional\u0103 se organizeaz\u0103<\/p><\/div><\/article><article class=\"post fusion-column column col col-lg-12 col-md-12 col-sm-12\"><div class=\"recent-posts-content\"><h3 class=\"\"><a href=\"https:\/\/ccisv.ro\/content\/invitatie-sammitul-repatriot-3-6-octombrie-2019\/\">Invita\u0163ie &#8222;Sammitul RePatriot&#8221;, 3-6 octombrie 2019<\/a><\/h3><p class=\"meta\"><span>septembrie 12th, 2019<\/span><span class=\"fusion-inline-sep\">|<\/span><\/p><p>RePatriot - Romanian Business Leaders organizeaz\u0103, \u00een jude\u0163ul Suceava, a IV-a edi\u0163ie a Summitului RePatriot, \u00een perioada 3-6 octombrie 2019, eveniment \u00een cadrul c\u0103ruia Consiliul Jude\u0163ean Suceava a acceptat calitatea de partener. Proiectul RePatriot se<\/p><\/div><\/article><article class=\"post fusion-column column col col-lg-12 col-md-12 col-sm-12\"><div class=\"recent-posts-content\"><h3 class=\"\"><a href=\"https:\/\/ccisv.ro\/content\/invitatie-la-a-ii-a-editie-a-forumului-de-afaceri-romania-rusia-in-cautare-de-noi-formate-de-cooperare\/\">Invita\u0163ie la a II-a Edi\u021bie a Forumului de Afaceri \u201eRom\u00e2nia-Rusia: \u00een c\u0103utare de noi formate de cooperare\u201d<\/a><\/h3><p class=\"meta\"><span>septembrie 12th, 2019<\/span><span class=\"fusion-inline-sep\">|<\/span><\/p><p>As. Camera de Cooperare Economic\u0103 \u0219i Cultural\u0103 Rom\u00e2no-Rus\u0103 are deosebita pl\u0103cere s\u0103 v\u0103 invite \u00een data de 23 octombrie 2019 la cea de a doua Edi\u021bie a Forumului de Afaceri \u201eRom\u00e2nia-Rusia: \u00een c\u0103utare de noi<\/p><\/div><\/article><article class=\"post fusion-column column col col-lg-12 col-md-12 col-sm-12\"><div class=\"recent-posts-content\"><h3 class=\"\"><a href=\"https:\/\/ccisv.ro\/content\/invitatie-salonul-international-al-lucrarilor-publice-alger-19-23-noiembrie-2019\/\">Invita\u0163ie &#8222;Salonul Interna\u0163ional al Lucr\u0103rilor Publice&#8221;, Alger &#8211; 19-23 noiembrie 2019<\/a><\/h3><p class=\"meta\"><span>septembrie 12th, 2019<\/span><span class=\"fusion-inline-sep\">|<\/span><\/p><p>Ambasada Rpublicii Algeriene Democratice \u015fi Populare la Bucure\u015fti prezint\u0103 complimentele sale Ministerului Afacerilor Externe al Rom\u00e2niei - Direc\u0163ia Orientul Mijlociu \u015fi Africa - \u015fi are onoarea de a-l informa c\u0103 Ministerul Lucr\u0103rilor Publice \u015fi al<\/p><\/div><\/article><article class=\"post fusion-column column col col-lg-12 col-md-12 col-sm-12\"><div class=\"recent-posts-content\"><h3 class=\"\"><a href=\"https:\/\/ccisv.ro\/content\/targuri-si-expozitii-din-romania-septembrie-2019\/\">T\u00e2rguri \u0219i expozi\u021bii din Rom\u00e2nia &#8211; Septembrie 2019<\/a><\/h3><p class=\"meta\"><span>septembrie 5th, 2019<\/span><span class=\"fusion-inline-sep\">|<\/span><\/p><p>TOMIS YACHT &amp; SALON AUTO \u2013 Edi\u021bia a XXII-a \u2013 T\u00e2rg specializat de ambarca\u0163iuni de agrement, sportive \u015fi de pescuit, echipamente \u015fi accesorii, autoturisme || C.C.I.N.A. CONSTAN\u021aA || 01.09 \u2013 05.09 T\u00c2RGUL \u0218COLARULUI \u2013 T\u00e2rg<\/p><\/div><\/article><article class=\"post fusion-column column col col-lg-12 col-md-12 col-sm-12\"><div class=\"recent-posts-content\"><h3 class=\"\"><a href=\"https:\/\/ccisv.ro\/content\/invitatie-la-expozitia-internationala-produs-in-euroregiunea-prutul-de-sus-3-5-octombrie-2019-cernauti\/\">Invitatie la expozitia internationala &#8222;Produs in Euroregiunea Prutul de Sus&#8221; &#8211; 3-5 octombrie 2019, Cernauti<\/a><\/h3><p class=\"meta\"><span>august 22nd, 2019<\/span><span class=\"fusion-inline-sep\">|<\/span><\/p><p>Camera de Comert si Industrie Cernauti organizeaza in perioada 3-5 octombrie 2019, Expozitia Internationala \"Produs in Euroregiunea Prutul de Sus\". Avand in vedere ca partenerii ucraineni invita o delegatie a judetului Suceava formata din companii,<\/p><\/div><\/article><article class=\"post fusion-column column col col-lg-12 col-md-12 col-sm-12\"><div class=\"recent-posts-content\"><h3 class=\"\"><a href=\"https:\/\/ccisv.ro\/content\/invitatie-devos-suceava-evenimentul-premium-de-business-networking\/\">Invitatie DEVOS Suceava &#8211; Evenimentul premium de business networking<\/a><\/h3><p class=\"meta\"><span>iulie 25th, 2019<\/span><span class=\"fusion-inline-sep\">|<\/span><\/p><p>Pagina evenimentului Pagina Facebook DEVOS Cine se afla in spatele proiectului<\/p><\/div><\/article><article class=\"post fusion-column column col col-lg-12 col-md-12 col-sm-12\"><div class=\"recent-posts-content\"><h3 class=\"\"><a href=\"https:\/\/ccisv.ro\/content\/seminar-impactul-incoterms-2010-asupra-contractelor-comerciale\/\">Seminar Impactul INCOTERMS 2010 asupra contractelor comerciale<\/a><\/h3><p class=\"meta\"><span>iulie 25th, 2019<\/span><span class=\"fusion-inline-sep\">|<\/span><\/p><p>Oferta curs INCOTERMS 2010 30 septembrie 2019 Tabel Inscrieri Programe IBR 2019<\/p><\/div><\/article><article class=\"post fusion-column column col col-lg-12 col-md-12 col-sm-12\"><div class=\"recent-posts-content\"><h3 class=\"\"><a href=\"https:\/\/ccisv.ro\/content\/brasil-investment-forum-10-11octombrie-2019\/\">Brasil Investment Forum &#8211; 10 &#8211; 11octombrie 2019<\/a><\/h3><p class=\"meta\"><span>iulie 25th, 2019<\/span><span class=\"fusion-inline-sep\">|<\/span><\/p><p>Ambasada Braziliei la Bucuresti are placerea de a va informa ca in perioada 10-11 octombrie 2019 va avea loc, in S\u00e3o Paulo, a treia editie a \"Brasil Investment Forum\" (BIF 2019), organizata de catre guvernul<\/p><\/div><\/article><article class=\"post fusion-column column col col-lg-12 col-md-12 col-sm-12\"><div class=\"recent-posts-content\"><h3 class=\"\"><a href=\"https:\/\/ccisv.ro\/content\/invitatie-oportunitati-aduse-de-acordurile-de-comert-liber-ale-ue-si-provocari-intampinate-de-oamenii-de-afaceri-cum-putem-valorifica-politica-comerciala-a-ue\/\">Invitatie &#8222;Oportunitati aduse de acordurile de comert liber ale UE si provocari intampinate de oamenii de afaceri. Cum putem valorifica politica comerciala a UE?&#8221;<\/a><\/h3><p class=\"meta\"><span>iulie 25th, 2019<\/span><span class=\"fusion-inline-sep\">|<\/span><\/p><p>Evenimentul va avea loc in data de 17 septembrie 2019, la sediul CCIR Business Center, sala Amfiteatrul Al. I. Cuza. Pentru detalii si inregistrare online va rugam accesati: https:\/\/ccir.ro\/event\/oportunitati-aduse-de-acordurile-de-comert-liber-ale-ue-si-provocari-intampinate-de-oamenii-de-afaceri-cum-putem-valorifica-politica-comerciala-ue\/ Persoana de contact: \u00a0Sabina Strimbovschi, Consilier<\/p><\/div><\/article><article class=\"post fusion-column column col col-lg-12 col-md-12 col-sm-12\"><div class=\"recent-posts-content\"><h3 class=\"\"><a href=\"https:\/\/ccisv.ro\/content\/international-scientific-and-practical-conference-machine-building-and-metalworking-october-10-11-2019\/\">International scientific and practical conference &#8222;Machine building and Metalworking&#8221;, October 10 -11 2019&#8243;<\/a><\/h3><p class=\"meta\"><span>iulie 25th, 2019<\/span><span class=\"fusion-inline-sep\">|<\/span><\/p><p>Invitation<\/p><\/div><\/article><article class=\"post fusion-column column col col-lg-12 col-md-12 col-sm-12\"><div class=\"recent-posts-content\"><h3 class=\"\"><a href=\"https:\/\/ccisv.ro\/content\/romexpo-anunta-targul-de-turism-editia-de-primavara-2020\/\">Romexpo anunta Targul de Turism, editia de primavara 2020<\/a><\/h3><p class=\"meta\"><span>iulie 18th, 2019<\/span><span class=\"fusion-inline-sep\">|<\/span><\/p><p>Ne face o deosebita placere sa va informam ca ROMEXPO in parteneriat cu Camerele de Comert si Industrie din Romania, ANAT \u2013 Asociatia Nationala a Agentiilor de Turism, in calitate de partener strategic, OPTBR \u2013<\/p><\/div><\/article><article class=\"post fusion-column column col col-lg-12 col-md-12 col-sm-12\"><div class=\"recent-posts-content\"><h3 class=\"\"><a href=\"https:\/\/ccisv.ro\/content\/targul-national-agricultura-2019-braila-mall-26-29-spetembrie-2019\/\">T\u00e2rgul Na\u021bional AgriCultura 2019, Br\u0103ila Mall, 26 &#8211; 29 spetembrie 2019<\/a><\/h3><p class=\"meta\"><span>iulie 18th, 2019<\/span><span class=\"fusion-inline-sep\">|<\/span><\/p><p>Avem pl\u0103cerea s\u0103 v\u0103 inform\u0103m c\u0103 \u00een perioada 26 - 29 septembrie 2019, Camera de Comer\u021b, Industrie \u0219i Agricultura Br\u0103ila organizeaz\u0103 T\u00e2rgul Na\u021bional AgriCultura, eveniment care se bucur\u0103 de peste 20 de ani de recunoa\u0219terea<\/p><\/div><\/article><article class=\"post fusion-column column col col-lg-12 col-md-12 col-sm-12\"><div class=\"recent-posts-content\"><h3 class=\"\"><a href=\"https:\/\/ccisv.ro\/content\/proiect-european-solidarity-corps-4-youth\/\">Proiect european &#8222;SOLIDARITY CORPS 4 YOUTH&#8221;<\/a><\/h3><p class=\"meta\"><span>iulie 18th, 2019<\/span><span class=\"fusion-inline-sep\">|<\/span><\/p><p>Camera de Comer\u0163 \u015fi Industrie a Rom\u00e2niei are pl\u0103cerea de a v\u0103 informa cu privire la proiectul European Solidarity Corps 4 Youth (ESC4Y), o nou\u0103 ini\u0163iativ\u0103 a Uniunii Europeene. Acest proiect este dedicat companiilor \u015fi<\/p><\/div><\/article><article class=\"post fusion-column column col col-lg-12 col-md-12 col-sm-12\"><div class=\"recent-posts-content\"><h3 class=\"\"><a href=\"https:\/\/ccisv.ro\/content\/romexpo-anunta-romhotel-2020\/\">Romexpo anun\u021b\u0103 @ ROMHOTEL 2020<\/a><\/h3><p class=\"meta\"><span>iulie 18th, 2019<\/span><span class=\"fusion-inline-sep\">|<\/span><\/p><p>Ne face o deosebit\u0103 pl\u0103cere s\u0103 v\u0103 inform\u0103m c\u0103 Romexpo organizeaz\u0103, \u00een perioada 20 - 23 februarie 2020, cea de-a XXVIII-a edi\u021bie a ROMHOTEL - Expozi\u021bie interna\u021bional\u0103 de echipamente, mobilier \u0219i dot\u0103ri pentru hoteluri \u0219i<\/p><\/div><\/article><article class=\"post fusion-column column col col-lg-12 col-md-12 col-sm-12\"><div class=\"recent-posts-content\"><h3 class=\"\"><a href=\"https:\/\/ccisv.ro\/content\/refining-petrochemicals-world-expo-2020-embassy-of-india\/\">Refining &#038; Petrochemicals World Expo 2020, Embassy of India<\/a><\/h3><p class=\"meta\"><span>iulie 11th, 2019<\/span><span class=\"fusion-inline-sep\">|<\/span><\/p><p>The Embassy of India in Bucharest presents its compliments to the Chambers of Commerce and Industry of Romania, and has the honor to inform that CHEMTECH will organize \"Refining &amp; Petrochemicals World Expo 2020\" &amp;<\/p><\/div><\/article><article class=\"post fusion-column column col col-lg-12 col-md-12 col-sm-12\"><div class=\"recent-posts-content\"><h3 class=\"\"><a href=\"https:\/\/ccisv.ro\/content\/industry-automation-control-south-world-expo-2019-embassy-of-india\/\">Industry Automation &#038; Control South World Expo 2019, Embassy of India<\/a><\/h3><p class=\"meta\"><span>iulie 11th, 2019<\/span><span class=\"fusion-inline-sep\">|<\/span><\/p><p>The Embassy of India in Bucharest presents its compliments to the Chambers of Commerce and Industry of Romania, and has the honor to inform that CHEMTECH will organize \"Industry Automation &amp; Control South World Exopo<\/p><\/div><\/article><article class=\"post fusion-column column col col-lg-12 col-md-12 col-sm-12\"><div class=\"recent-posts-content\"><h3 class=\"\"><a href=\"https:\/\/ccisv.ro\/content\/romexpo-anunta-construct-ambient-expo-romtherm-mobila-expo-expo-flowers-garden-modexpo-i-antique-market-2020\/\">Romexpo anun\u021b\u0103 @ CONSTRUCT \u2013 AMBIENT EXPO, ROMTHERM, MOBILA EXPO, EXPO FLOWERS &#038; GARDEN, MODEXPO I, ANTIQUE MARKET 2020<\/a><\/h3><p class=\"meta\"><span>iulie 11th, 2019<\/span><span class=\"fusion-inline-sep\">|<\/span><\/p><p>Ne face o deosebit\u0103 pl\u0103cere s\u0103 v\u0103 inform\u0103m c\u0103 Romexpo organizeaz\u0103, \u00een perioada 9 - 12 aprilie 2020: CONSTRUCT-AMBIENT EXPO - T\u00e2rg interna\u021bional de tehnologii, echipamente, utilaje \u0219i materiale pentru construc\u021bii, amenaj\u0103ri interioare \u0219i exterioare,<\/p><\/div><\/article><article class=\"post fusion-column column col col-lg-12 col-md-12 col-sm-12\"><div class=\"recent-posts-content\"><h3 class=\"\"><a href=\"https:\/\/ccisv.ro\/content\/ceramix-conclave-expo-embassy-of-india\/\">CERAMIX Conclave &#038; Expo, Embassy of India<\/a><\/h3><p class=\"meta\"><span>iulie 11th, 2019<\/span><span class=\"fusion-inline-sep\">|<\/span><\/p><p>The Embassy of India in Bucharest presents its compliments to the Chambers of Commerce and Industry of Romania, and has the honor to inform that the third edition of \"CERAMIX Conclave &amp; Expo\" is going<\/p><\/div><\/article><article class=\"post fusion-column column col col-lg-12 col-md-12 col-sm-12\"><div class=\"recent-posts-content\"><h3 class=\"\"><a href=\"https:\/\/ccisv.ro\/content\/surface-engineering-conference-2019-embassy-of-india\/\">Surface Engineering Conference 2019, Embassy of India<\/a><\/h3><p class=\"meta\"><span>iulie 11th, 2019<\/span><span class=\"fusion-inline-sep\">|<\/span><\/p><p>The Embassy of India in Bucharest presents its compliments to Chambers of Commerce and Industry of Romania, and has the honor to inform that \"Surface Engineering\" a one-day conference is organized by Chemtech Foundation in<\/p><\/div><\/article><article class=\"post fusion-column column col col-lg-12 col-md-12 col-sm-12\"><div class=\"recent-posts-content\"><h3 class=\"\"><a href=\"https:\/\/ccisv.ro\/content\/forumul-drumul-matasii-silk-road-forum-tibilisi-georgia-22-23-octombrie-2019\/\">Forumul Drumul Matasii (Silk Road Forum) &#8211; Tibilisi, Georgia, 22 \u2013 23 octombrie 2019<\/a><\/h3><p class=\"meta\"><span>iulie 11th, 2019<\/span><span class=\"fusion-inline-sep\">|<\/span><\/p><p>Camera de Comert si Industrie a Romaniei are placerea sa va informeze ca in perioada 22-23 octombrie 2019, va avea loc \"Silk Road Forum\" (Forumul Drumul Matasii) la Tiblisi, capitala Georgiei, eveniment organizat de Guvernul<\/p><\/div><\/article><article class=\"post fusion-column column col col-lg-12 col-md-12 col-sm-12\"><div class=\"recent-posts-content\"><h3 class=\"\"><a href=\"https:\/\/ccisv.ro\/content\/vietnam-program-targuri-si-expozitii-2019-vietnam\/\">Vietnam, Program targuri si expozitii 2019 &#8211; Vietnam<\/a><\/h3><p class=\"meta\"><span>iunie 20th, 2019<\/span><span class=\"fusion-inline-sep\">|<\/span><\/p><p>\u00a0\u00a0\u00a0\u00a0 Principalele t\u00e2rguri \u0219i expozi\u021bii organizate \u00een Vietnam \u00een 2019\u00a0 \u00a0 \u00a0 Nr. crt Principalele t\u00e2rguri \u0219i expozi\u021bii Domeniile c\u0103rora se adreseaz\u0103 Perioada\/locul desf\u0103\u0219ur\u0103rii Detalii contact organizatori Info pe scurt ultima edi\u021bie 1 INMEX Vietnam\u00a02019<\/p><\/div><\/article><article class=\"post fusion-column column col col-lg-12 col-md-12 col-sm-12\"><div class=\"recent-posts-content\"><h3 class=\"\"><a href=\"https:\/\/ccisv.ro\/content\/forumul-de-afaceri-al-parteneriatului-estic-pae-25-iunie-2019\/\">Forumul de afaceri al Parteneriatului Estic (PaE) &#8211; 25 iunie 2019<\/a><\/h3><p class=\"meta\"><span>iunie 6th, 2019<\/span><span class=\"fusion-inline-sep\">|<\/span><\/p><p>Cea de-a sasea editie a Forumului de afaceri al Parteneriatului Estic (PaE), \u00a0organizat de Presedintia Romaniei la Consiliul Uniunii Europene, cu sprijinul Comisiei Europene. Evenimentul va \u00a0avea loc in data de 25 iunie 2019 la<\/p><\/div><\/article><article class=\"post fusion-column column col col-lg-12 col-md-12 col-sm-12\"><div class=\"recent-posts-content\"><h3 class=\"\"><a href=\"https:\/\/ccisv.ro\/content\/48th-edition-of-ihgf-new-delhi-india-16-20-10-2019\/\">48th Edition of IHGF, New Delhi &#8211; India, 16 &#8211; 20.10.2019<\/a><\/h3><p class=\"meta\"><span>iunie 6th, 2019<\/span><span class=\"fusion-inline-sep\">|<\/span><\/p><p>Prezentare<\/p><\/div><\/article><article class=\"post fusion-column column col col-lg-12 col-md-12 col-sm-12\"><div class=\"recent-posts-content\"><h3 class=\"\"><a href=\"https:\/\/ccisv.ro\/content\/oportunitate-de-afaceri-india\/\">Roorkee Water Conclave 2020 &#8211; India, 26 &#8211; 28.02.2020<\/a><\/h3><p class=\"meta\"><span>iunie 6th, 2019<\/span><span class=\"fusion-inline-sep\">|<\/span><\/p><p>Prezentare<\/p><\/div><\/article><article class=\"post fusion-column column col col-lg-12 col-md-12 col-sm-12\"><div class=\"recent-posts-content\"><h3 class=\"\"><a href=\"https:\/\/ccisv.ro\/content\/invitatie-seminar-politici-publice\/\">Invita\u021bie seminar &#8222;Politici publice&#8221;<\/a><\/h3><p class=\"meta\"><span>mai 23rd, 2019<\/span><span class=\"fusion-inline-sep\">|<\/span><\/p><p>Asocia\u021bia pentru Dezvoltarea Antreprenoriatului Feminin - ADAF organizeaz\u0103 \u00een data de 30 mai 2019 \u00een intervalul orar 10:00-14:00 la hotelul AMADEO (So\u0219eaua Ungheni nr. 2 Ia\u0219i)\u00a0 seminarul regional de informare \u00een cadrul proiectului \"Implic\u0103-te \u00een<\/p><\/div><\/article><article class=\"post fusion-column column col col-lg-12 col-md-12 col-sm-12\"><div class=\"recent-posts-content\"><h3 class=\"\"><a href=\"https:\/\/ccisv.ro\/content\/lansare-cursuri-de-formare-profesionala-iunie-2019\/\">Lansare cursuri de formare profesional\u0103<\/a><\/h3><p class=\"meta\"><span>mai 23rd, 2019<\/span><span class=\"fusion-inline-sep\">|<\/span><\/p><p>Camera de Comer\u0163 \u015fi Industrie Suceava organizeaz\u0103 cursuri de formare profesional\u0103 pentru programele: FORMATOR RESPONSABIL CU PROTEC\u021aIA DATELOR CU CARACTER PERSONAL ARHIVAR La finalizarea programelor de formare profesional\u0103 se organizeaz\u0103 examen de absolvire, const\u00e2nd \u00eentr-o<\/p><\/div><\/article><article class=\"post fusion-column column col col-lg-12 col-md-12 col-sm-12\"><div class=\"recent-posts-content\"><h3 class=\"\"><a href=\"https:\/\/ccisv.ro\/content\/invitatie-holde-textil-2019-editia-i\/\">Invita\u021bie &#8222;Holde Textil 2019&#8221;, edi\u021bia I<\/a><\/h3><p class=\"meta\"><span>mai 23rd, 2019<\/span><span class=\"fusion-inline-sep\">|<\/span><\/p><p>Camera de Comer\u021b \u0219i Industrie Ilfov \u00een calitate de ini\u021biator\/partener al manifest\u0103rii expozi\u021bionale HOLDE TEXTIL 2019 - edi\u021bia I, are deosebita pl\u0103cere de a supune aten\u021biei dumneavoastr\u0103 urm\u0103toarele informa\u021bii: Evenimentul se va desf\u0103\u0219ura \u00een perioada<\/p><\/div><\/article><article class=\"post fusion-column column col col-lg-12 col-md-12 col-sm-12\"><div class=\"recent-posts-content\"><h3 class=\"\"><a href=\"https:\/\/ccisv.ro\/content\/anunt-participare-la-targul-international-in-domeniul-alimentar-sial-new-delhi-india\/\">Anun\u021b participare la T\u00e2rgul Interna\u021bional \u00een domeniul alimentar SIAL \u2013 NEW DELHI \/INDIA<\/a><\/h3><p class=\"meta\"><span>mai 16th, 2019<\/span><span class=\"fusion-inline-sep\">|<\/span><\/p><p>\u00cen perioada 19 - 21 septembrie 2019 va avea loc la Centrul Expozi\u021bional \u201cPragati Maidan\u201d din New Delhi\/India, Expozi\u021bia\u00a0 Interna\u021bional\u0103 \u201cFood India by SIAL 2019\u201d cea mai important\u0103 \u0219i reprezentativ\u0103 manifestare expozi\u021bional\u0103 din India, dedicat\u0103<\/p><\/div><\/article><article class=\"post fusion-column column col col-lg-12 col-md-12 col-sm-12\"><div class=\"recent-posts-content\"><h3 class=\"\"><a href=\"https:\/\/ccisv.ro\/content\/invitatie-curs-gratuit-mini-mba\/\">Invita\u021bie curs gratuit MINI MBA<\/a><\/h3><p class=\"meta\"><span>mai 10th, 2019<\/span><span class=\"fusion-inline-sep\">|<\/span><\/p><p>Institutul pentru Politici Sociale organizeaz\u0103 in perioada 13-17 mai si 20-24 mai, ultimele doua sesiuni de MINI MBA in cadrul proiectului \u201eIMPACT - Management strategic \u015fi competen\u0163e pentru succes\u201d, finan\u0163at prin intermediul POCU\/227\/3\/8\/117224, componenta 1,<\/p><\/div><\/article><article class=\"post fusion-column column col col-lg-12 col-md-12 col-sm-12\"><div class=\"recent-posts-content\"><h3 class=\"\"><a href=\"https:\/\/ccisv.ro\/content\/invitatie-forum-trilateral-de-afaceri-md-ro-ua-chisinau-30-mai-2019\/\">Invita\u0163ie Forum Trilateral de Afaceri MD-RO-UA, Chi\u0219in\u0103u, 30 mai 2019<\/a><\/h3><p class=\"meta\"><span>aprilie 18th, 2019<\/span><span class=\"fusion-inline-sep\">|<\/span><\/p><p>Stima\u021bi membri, V\u0103 transmitem invita\u021bia Camerei de Comer\u0163 \u015fi Industrie a Republicii Moldova de a participa la edi\u0163ia a III-a a Forumului de Afaceri Trilateral Republica Moldova \u2013 Rom\u00e2nia \u2013 Ucraina, care va avea loc<\/p><\/div><\/article><article class=\"post fusion-column column col col-lg-12 col-md-12 col-sm-12\"><div class=\"recent-posts-content\"><h3 class=\"\"><a href=\"https:\/\/ccisv.ro\/content\/invitatie-forum-trilateral-de-afaceri-md-ro-ua\/\">Invita\u0163ie Forum Trilateral de Afaceri MD-RO-UA<\/a><\/h3><p class=\"meta\"><span>aprilie 11th, 2019<\/span><span class=\"fusion-inline-sep\">|<\/span><\/p><p>Camera de Comer\u0163 \u015fi Industrie a Republicii Moldova v\u0103 salut\u0103 cordial \u015fi are pl\u0103cerea de a v\u0103 invita la edi\u0163ia a 3-a a Forumului de Afaceri Trilateral Republica Moldova - Rom\u00e2nia - Ucraina, care va<\/p><\/div><\/article><article class=\"post fusion-column column col col-lg-12 col-md-12 col-sm-12\"><div class=\"recent-posts-content\"><h3 class=\"\"><a href=\"https:\/\/ccisv.ro\/content\/delegatie-cu-firme-germane-din-industria-cartofului-brasov-20-22-mai-2019\/\">Delegatie cu firme germane din industria cartofului &#8211; Brasov 20 &#8211; 22 mai 2019<\/a><\/h3><p class=\"meta\"><span>aprilie 4th, 2019<\/span><span class=\"fusion-inline-sep\">|<\/span><\/p><p>Stimate doamne si stimati domni, Camera de Comert si Industrie Romano-Germana impreuna cu GEFA Export Service organizeaza in numele Ministerului Federal German al Alimenta\u021bie \u0219i Agriculturii o delegatie de sondare a pietei cartofului in Romania<\/p><\/div><\/article><article class=\"post fusion-column column col col-lg-12 col-md-12 col-sm-12\"><div class=\"recent-posts-content\"><h3 class=\"\"><a href=\"https:\/\/ccisv.ro\/content\/targuri-si-expozitii-din-romania-aprilie-2019\/\">T\u00e2rguri \u0219i expozi\u021bii din Rom\u00e2nia aprilie 2019<\/a><\/h3><p class=\"meta\"><span>martie 29th, 2019<\/span><span class=\"fusion-inline-sep\">|<\/span><\/p><p>03.04 \u2013 07.04 || T\u00c2RGUL FASHION &amp; BEAUTY || C.C.I.A. VRANCEA 04.04 \u2013 07.04 || EXPO BISTRI\u021aA \u2013GR\u0102DIN\u0102 &amp; AMBIAN\u021aA \u2013 T\u00e2rg de florii, amenaj\u0103ri exterioare, mobilier \u0219i dot\u0103ri pentru gr\u0103din\u0103 || C.C.I. BISTRI\u021aAN\u0102S\u0102UD 04.04<\/p><\/div><\/article><article class=\"post fusion-column column col col-lg-12 col-md-12 col-sm-12\"><div class=\"recent-posts-content\"><h3 class=\"\"><a href=\"https:\/\/ccisv.ro\/content\/invitatie-beirut-business-summit\/\">Invita\u0163ie Beirut Business Summit<\/a><\/h3><p class=\"meta\"><span>martie 29th, 2019<\/span><span class=\"fusion-inline-sep\">|<\/span><\/p><p>Evenimentul emblematic, \u00een premier\u0103 \u0219i exclusiv este un amestec inspirat de panouri analitice, ateliere interactive cu vorbitori interna\u021bionali \u0219i un loc al pie\u021bei interactive, definind expozi\u021bia temei modulare, venind \u00een \u00eent\u00e2mpinarea cump\u0103r\u0103torilor imobiliari de lux,<\/p><\/div><\/article><article class=\"post fusion-column column col col-lg-12 col-md-12 col-sm-12\"><div class=\"recent-posts-content\"><h3 class=\"\"><a href=\"https:\/\/ccisv.ro\/content\/invitatie-ahk-romania-cooperare-cu-firme-germane-pentru-constructii-durabile-si-restaurare-sighisoara-10-aprilie-2019\/\">Invita\u0163ie AHK Rom\u00e2nia &#8222;Cooperare cu firme germane pentru construc\u0163ii durabile \u015fi restaurare&#8221; &#8211; Sighi\u015foara, 10 aprilie 2019<\/a><\/h3><p class=\"meta\"><span>martie 21st, 2019<\/span><span class=\"fusion-inline-sep\">|<\/span><\/p><p>Va intereseaza tema constructiilor sustenabile si a restaurarii? Va doriti sa colaborati cu firme germane din aceasta bransa? La initiativa Ministerului Federal al Economiei si Energiei (BMWi), Camera de Comert si Industrie Romano-Germana (AHK Romania)<\/p><\/div><\/article><article class=\"post fusion-column column col col-lg-12 col-md-12 col-sm-12\"><div class=\"recent-posts-content\"><h3 class=\"\"><a href=\"https:\/\/ccisv.ro\/content\/invitatie-la-forumul-de-afaceri-romania-cipru-02-aprilie-2019-hotel-radisson-blu-bucuresti\/\">Invita\u021bie la Forumul de afaceri Rom\u00e2nia \u2013 Cipru , 02 aprilie 2019, hotel Radisson Blu, Bucure\u0219ti<\/a><\/h3><p class=\"meta\"><span>martie 21st, 2019<\/span><span class=\"fusion-inline-sep\">|<\/span><\/p><p>Camera de Comer\u021b \u0219i Industrie a Rom\u00e2niei (CCIR) \u00een parteneriat cu Camera de Comer\u021b \u0219i Industrie a Ciprului v\u0103 invit\u0103 s\u0103 participa\u021bi la Forumul de Afaceri Rom\u00e2nia - Cipru, ce se va desf\u0103\u0219ura mar\u021bi, 02<\/p><\/div><\/article><article class=\"post fusion-column column col col-lg-12 col-md-12 col-sm-12\"><div class=\"recent-posts-content\"><h3 class=\"\"><a href=\"https:\/\/ccisv.ro\/content\/adr-nord-est-si-enterprise-europe-network-iti-ofera-o-ocazie-unica-in-acest-an\/\">ADR Nord-Est \u0219i Enterprise Europe Network i\u021bi ofer\u0103 o ocazie unic\u0103 \u00een acest an!<\/a><\/h3><p class=\"meta\"><span>martie 11th, 2019<\/span><span class=\"fusion-inline-sep\">|<\/span><\/p><p>Re\u021beaua Enterprise Europe Network vine \u00een sprijinul companiilor din Regiunea Nord-Est SEMINARE\u00a0DE INFORMARE\u00a0\u0218I WORKSHOP-URI\u00a0PENTRU IMM-uri DIN NEAM\u021a, SUCEAVA, BAC\u0102U Vino s\u0103\u00a0afli cum \u00ee\u021bi po\u021bi cre\u0219te afacerea folosind instrumentele puse la dispozi\u021bie de Re\u021beaua Enterprise Europe<\/p><\/div><\/article><article class=\"post fusion-column column col col-lg-12 col-md-12 col-sm-12\"><div class=\"recent-posts-content\"><h3 class=\"\"><a href=\"https:\/\/ccisv.ro\/content\/oportunitate-de-cooperare-vizita-delegatie-oameni-de-afaceri-din-districtul-xiuzhou-china\/\">Oportunitate de cooperare &#8211; vizit\u0103 delega\u021bie oameni de afaceri din Districtul Xiuzhou, China<\/a><\/h3><p class=\"meta\"><span>februarie 28th, 2019<\/span><span class=\"fusion-inline-sep\">|<\/span><\/p><p>Stima\u021bi membri, V\u0103 inform\u0103m c\u0103 o delega\u021bie\u00a0 format\u0103 din reprezentan\u021bi ai autorit\u0103\u021bilor regionale \u0219i din mediul de afaceri din districtul Xiuzhou, China, va efectua, \u00een perioada urm\u0103toare, o vizit\u0103 de afaceri \u00een jude\u021bul Suceava. Scopul<\/p><\/div><\/article><article class=\"post fusion-column column col col-lg-12 col-md-12 col-sm-12\"><div class=\"recent-posts-content\"><h3 class=\"\"><a href=\"https:\/\/ccisv.ro\/content\/targuri-si-expozitii-din-romania-martie-2019\/\">T\u00e2rguri \u0219i expozi\u021bii din Rom\u00e2nia martie 2019<\/a><\/h3><p class=\"meta\"><span>februarie 28th, 2019<\/span><span class=\"fusion-inline-sep\">|<\/span><\/p><p>06.03 \u2013 10.03 || CONTEX \u2013 ZIUA FEMEII \u2013 Domeniul de activitate: \u00eembr\u0103c\u0103minte, \u00eenc\u0103l\u0163\u0103minte, confec\u0163ii dam\u0103, b\u0103rba\u0163i \u015fi copii, confec\u0163ii textile, tricotaje,piel\u0103rie, bl\u0103nuri, marochin\u0103rie, artizanat, hand made Edi\u0163ia a XVI\u2013a || C.C.I. DOLJ 06.03 \u2013<\/p><\/div><\/article><article class=\"post fusion-column column col col-lg-12 col-md-12 col-sm-12\"><div class=\"recent-posts-content\"><h3 class=\"\"><a href=\"https:\/\/ccisv.ro\/content\/invitatie-curs-gratuit-manager-al-sistemului-de-management-al-riscului\/\">Invita\u021bie curs GRATUIT &#8211; Manager al sistemului de management al riscului<\/a><\/h3><p class=\"meta\"><span>februarie 11th, 2019<\/span><span class=\"fusion-inline-sep\">|<\/span><\/p><p>Institutul pentru Politici Sociale organizeaz\u0103 Cursul de Manager al sistemului de management al riscului in cadrul proiectului \u201eIMPACT - Management strategic \u015fi competen\u0163e pentru succes\u201d, finan\u0163at prin intermediul POCU\/227\/3\/8\/117224, componenta 1, Rom\u00e2nia profesional\u0103 - resurse<\/p><\/div><\/article><article class=\"post fusion-column column col col-lg-12 col-md-12 col-sm-12\"><div class=\"recent-posts-content\"><h3 class=\"\"><a href=\"https:\/\/ccisv.ro\/content\/identificare-parteneri-de-practica-proiect-invata-din-practica-indip-cod-107439\/\">Identificare parteneri de practic\u0103 &#8211; proiect \u00cenva\u021b\u0103 din practic\u0103! INDIP, cod 107439<\/a><\/h3><p class=\"meta\"><span>februarie 7th, 2019<\/span><span class=\"fusion-inline-sep\">|<\/span><\/p><p>Stima\u021bi membri, Camera de Comer\u0163 \u015fi Industrie Suceava, \u00een calitate de Partener \u00een cadrul proiectului \u201e\u00cenva\u021b\u0103 din practic\u0103! INDIP\u201e - cod proiect: 107439 al\u0103turi de Beneficiarul Universitatea \u201e\u0218tefan cel Mare\u201e Suceava \u0219i partenerul GREAT PEOPLE<\/p><\/div><\/article><article class=\"post fusion-column column col col-lg-12 col-md-12 col-sm-12\"><div class=\"recent-posts-content\"><h3 class=\"\"><a href=\"https:\/\/ccisv.ro\/content\/adr-nord-est-ofera-5-vouchere-pentru-participare-la-evenimentul-de-brokeraj-extern-din-cadrul-hannover-messe-2019\/\">ADR Nord-Est ofera 5 vouchere pentru participare la evenimentul de brokeraj extern din cadrul HANNOVER MESSE 2019!<\/a><\/h3><p class=\"meta\"><span>februarie 7th, 2019<\/span><span class=\"fusion-inline-sep\">|<\/span><\/p><p>Agentia pentru Dezvoltare Regionala Nord-Est, prin Punctul Local de Contact al Retelei Enterprise Europe Network (EEN), invita firmele interesate, sa participe, in perioada 1-4 aprilie 2019, la evenimentul de brokeraj intitulat \u201eZilele cooperarii tehnologice si<\/p><\/div><\/article><article class=\"post fusion-column column col col-lg-12 col-md-12 col-sm-12\"><div class=\"recent-posts-content\"><h3 class=\"\"><a href=\"https:\/\/ccisv.ro\/content\/atentionare-de-practica-inselatoare-european-register-of-commerce\/\">ATEN\u021aIONARE DE PRACTIC\u0102 \u00ceN\u0218EL\u0102TOARE EUROPEAN REGISTER OF COMMERCE<\/a><\/h3><p class=\"meta\"><span>februarie 7th, 2019<\/span><span class=\"fusion-inline-sep\">|<\/span><\/p><p>Stima\u021bi antreprenori, CAMERA DE COMER\u021a \u0218I INDUSTRIE SUCEAVA v\u0103 atrage aten\u021bia asupra unei noi tentative de \u00een\u0219el\u0103ciune practicat\u0103 de c\u0103tre firma ERC EUROPEAN REGISTER OF COMMERCE, DAD GmbH (VAT-DE 813739877, Alter Wall 65, DE-20457 Hamburg,<\/p><\/div><\/article><article class=\"post fusion-column column col col-lg-12 col-md-12 col-sm-12\"><div class=\"recent-posts-content\"><h3 class=\"\"><a href=\"https:\/\/ccisv.ro\/content\/incepere-cursuri-de-formare-profesionala\/\">\u00cencepere cursuri de formare profesional\u0103<\/a><\/h3><p class=\"meta\"><span>ianuarie 31st, 2019<\/span><span class=\"fusion-inline-sep\">|<\/span><\/p><p>Camera de Comer\u0163 \u015fi Industrie Suceava organizeaz\u0103 \u00eencep\u00e2nd cu luna martie 2019 cursuri de formare profesional\u0103 pentru programele: 18 martie 2019 - INSPECTOR\/REFERENT RESURSE UMANE 25 martie 2019 - CONTABIL aprilie 2019 - EXPERT ACHIZI\u021aII<\/p><\/div><\/article><article class=\"post fusion-column column col col-lg-12 col-md-12 col-sm-12\"><div class=\"recent-posts-content\"><h3 class=\"\"><a href=\"https:\/\/ccisv.ro\/content\/targuri-si-expozitii-din-romania-februarie-2019\/\">T\u00e2rguri \u0219i expozi\u021bii din Rom\u00e2nia februarie 2019<\/a><\/h3><p class=\"meta\"><span>ianuarie 31st, 2019<\/span><span class=\"fusion-inline-sep\">|<\/span><\/p><p>01.02 \u2013 03.02 || PETRECERI DE VIS \u2013 T\u00e2rg interna\u0163ional de nun\u0163i \u015fi organizare de evenimente Edi\u021bia 12 || C.C.I.A. ARAD 01.02 \u2013 03.02 || BISTRI\u021aA MARIAGE FEST \u2013 T\u00e2rg de nun\u021bi \u0219i evenimente festive<\/p><\/div><\/article><article class=\"post fusion-column column col col-lg-12 col-md-12 col-sm-12\"><div class=\"recent-posts-content\"><h3 class=\"\"><a href=\"https:\/\/ccisv.ro\/content\/invitatie-co-expozant-targul-international-de-turism-si-timp-liber-din-wroclaw-2019\/\">Invita\u021bie co-expozant T\u00e2rgul Interna\u021bional de Turism \u0219i Timp Liber din Wroc\u0142aw 2019<\/a><\/h3><p class=\"meta\"><span>ianuarie 17th, 2019<\/span><span class=\"fusion-inline-sep\">|<\/span><\/p><p>Stima\u021bi membri, Ne revine deosebita onoare de a v\u0103 transmite invita\u021bia Asocia\u021biei Euroregiunii Carpathia, Polonia, de a participa la T\u00e2rgul Interna\u021bional de Turism \u0219i Timp Liber (MTT) 2019. Asocia\u021bia Euroregiunii Carpathia, Polonia, va participa ca<\/p><\/div><\/article><article class=\"post fusion-column column col col-lg-12 col-md-12 col-sm-12\"><div class=\"recent-posts-content\"><h3 class=\"\"><a href=\"https:\/\/ccisv.ro\/content\/invitatie-targul-de-nunti-bucovina-14-17-februarie-2019\/\">Invita\u0163ie T\u00e2rgul de Nun\u0163i Bucovina &#8211; 14-17 februarie 2019<\/a><\/h3><p class=\"meta\"><span>ianuarie 10th, 2019<\/span><span class=\"fusion-inline-sep\">|<\/span><\/p><p>Camera de Comer\u0163 \u015fi Industrie Suceava are pl\u0103cerea de a v\u0103 invita s\u0103 prezenta\u0163i oferta de produse \u015fi servicii a firmei dumneavoastr\u0103 \u00een cadrul celei de a XII-a edi\u0163ie a T\u00c2RGULUI DE NUN\u0162I BUCOVINA. Evenimentul<\/p><\/div><\/article><article class=\"post fusion-column column col col-lg-12 col-md-12 col-sm-12\"><div class=\"recent-posts-content\"><h3 class=\"\"><a href=\"https:\/\/ccisv.ro\/content\/targuri-si-expozitii-din-romania-ianuarie-2019\/\">T\u00e2rguri \u0219i expozi\u021bii din Rom\u00e2nia ianuarie 2019<\/a><\/h3><p class=\"meta\"><span>ianuarie 10th, 2019<\/span><span class=\"fusion-inline-sep\">|<\/span><\/p><p>01.01 \u2013 13.01 || EXPOZI\u0162IA INTERNA\u0162IONAL\u0102 de PORUMBEI, P\u0102S\u0102RI DE CURTE \u0218I IEPURI DE CURTE || C.C.I. CLUJ 24.01 \u2013 27.01 || SALONUL MIRESELOR \u2013 Edi\u0163ia a 14-a T\u00e2rg Na\u0163ional Specializat pentru Organizarea de Nun\u0163i<\/p><\/div><\/article><article class=\"post fusion-column column col col-lg-12 col-md-12 col-sm-12\"><div class=\"recent-posts-content\"><h3 class=\"\"><a href=\"https:\/\/ccisv.ro\/content\/romexpo-anunta-bucharest-digit-expo-2019\/\">Romexpo anunta BUCHAREST DIGIT EXPO 2019<\/a><\/h3><p class=\"meta\"><span>ianuarie 10th, 2019<\/span><span class=\"fusion-inline-sep\">|<\/span><\/p><p>Ne face placere sa va informam ca Romexpo organizeaza, in perioada 12-15 iunie 2019, prima editie a BUCHAREST DIGIT EXPO. BUCHAREST DIGIT EXPO reprezint\u0103 un eveniment dedicat \u00eentregii industriei digitale at\u00e2t la nivel na\u021bional, c\u00e2t<\/p><\/div><\/article><article class=\"post fusion-column column col col-lg-12 col-md-12 col-sm-12\"><div class=\"recent-posts-content\"><h3 class=\"\"><a href=\"https:\/\/ccisv.ro\/content\/targuri-si-expozitii-din-romania-decembrie-2018\/\">T\u00e2rguri \u0219i expozi\u021bii din Rom\u00e2nia decembrie 2018<\/a><\/h3><p class=\"meta\"><span>noiembrie 29th, 2018<\/span><span class=\"fusion-inline-sep\">|<\/span><\/p><p>DECEMBRIE 2018 prima decad\u0103 a lunii decembrie T\u00c2RGUL FIRMELOR DE EXERCI\u021aIU \u2013 Rivulus Domiarium Tineret Edi\u0163ia a XI\u2013a || C.C.I. MARAMURE\u0218 04.12 \u2013 24.12 CHRISTMAS SHOPPING EVENT T\u00e2rgul Cadourilor de Cr\u0103ciun VIVO! Constan\u021ba \u0219i City<\/p><\/div><\/article><article class=\"post fusion-column column col col-lg-12 col-md-12 col-sm-12\"><div class=\"recent-posts-content\"><h3 class=\"\"><a href=\"https:\/\/ccisv.ro\/content\/targuri-si-expozitii-din-romania-noiembrie-decembrie-2018\/\">T\u00e2rguri \u0219i expozi\u021bii din Rom\u00e2nia noiembrie \u2013 decembrie 2018<\/a><\/h3><p class=\"meta\"><span>noiembrie 22nd, 2018<\/span><span class=\"fusion-inline-sep\">|<\/span><\/p><p>NOIEMBRIE 2018 21.11 \u2013 25.11 SALONUL INDUSTRIEI U\u0218OARE Expozi\u0163ie specializat\u0103 \u00een \u00eembr\u0103c\u0103minte, \u00eenc\u0103l\u0163\u0103minte \u015fi accesorii || C.C.I.A. TIMI\u0218 21.11 \u2013 25.11 TINIMTEX \u2013 Cadouri de iarn\u0103 T\u00e2rg na\u0163ional de \u00eembr\u0103c\u0103minte, \u00eenc\u0103l\u0163\u0103minte \u015fi cadouri Pavilionul Expozi\u0163ional<\/p><\/div><\/article><article class=\"post fusion-column column col col-lg-12 col-md-12 col-sm-12\"><div class=\"recent-posts-content\"><h3 class=\"\"><a href=\"https:\/\/ccisv.ro\/content\/invitatie-deschidere-oficiala-la-targul-de-turism-al-romaniei-editia-de-toamna\/\">Invita\u0163ie deschidere oficial\u0103 la T\u00e2rgul de Turism al Rom\u00e2niei, edi\u0163ia de toamn\u0103<\/a><\/h3><p class=\"meta\"><span>noiembrie 15th, 2018<\/span><span class=\"fusion-inline-sep\">|<\/span><\/p><p>Ne face pl\u0103cere s\u0103 v\u0103 inform\u0103m c\u0103, \u00een perioada 15-18 noiembrie 2018, Romexpo S.A. \u00een parteneriat strategic cu Asocia\u0163ia Na\u0163ional\u0103 a Agen\u0163iilor de Turism \u2013 ANAT \u015fi Camerele de Comer\u0163 \u015fi Industrie din Rom\u00e2nia, \u00eempreun\u0103<\/p><\/div><\/article><article class=\"post fusion-column column col col-lg-12 col-md-12 col-sm-12\"><div class=\"recent-posts-content\"><h3 class=\"\"><a href=\"https:\/\/ccisv.ro\/content\/info-prelungire-termen-depunere-planuri-de-afaceri-lets-start-up-afacerea-ta-cod-smis-104999\/\">Info prelungire termen depunere planuri de afaceri Let\u2019s Start-Up Afacerea Ta!\u201d \u2013 cod SMIS 104999<\/a><\/h3><p class=\"meta\"><span>noiembrie 15th, 2018<\/span><span class=\"fusion-inline-sep\">|<\/span><\/p><p>V\u0103 inform\u0103m c\u0103 termenul limit\u0103 de depunere a dosarului de candidatur\u0103 pentru participarea la concursul planurilor de afaceri organizat \u00een cadrul proiectului \u201eLet\u2019s Start-Up Afacerea Ta!\u201d \u2013 cod SMIS 104999 se prelunge\u0219te, p\u00e2n\u0103 la data<\/p><\/div><\/article><article class=\"post fusion-column column col col-lg-12 col-md-12 col-sm-12\"><div class=\"recent-posts-content\"><h3 class=\"\"><a href=\"https:\/\/ccisv.ro\/content\/anunt-incepere-curs-iru\/\">Anun\u0163 \u00eencepere curs &#8222;Inspector\/Referent Resurse Umane&#8221;<\/a><\/h3><p class=\"meta\"><span>noiembrie 8th, 2018<\/span><span class=\"fusion-inline-sep\">|<\/span><\/p><p>Camera de Comer\u0163 \u015fi Industrie Suceava anun\u021b\u0103 organizarea cursului de \u201eInspector\/Referent Resurse Umane\u201e \u00eencep\u00e2nd cu data de 10 decembrie 2018. Cursul de \u201eInspector\/Referent Resurse Umane\u201e este un curs de perfec\u021bionare \u00een domeniul legisla\u021biei muncii \u0219i<\/p><\/div><\/article><article class=\"post fusion-column column col col-lg-12 col-md-12 col-sm-12\"><div class=\"recent-posts-content\"><h3 class=\"\"><a href=\"https:\/\/ccisv.ro\/content\/gala-excelentei-in-afaceri-2018-topul-firmelor-2017\/\">Gala Excelen\u021bei \u00een Afaceri 2018 \u2013 Topul Firmelor 2017<\/a><\/h3><p class=\"meta\"><span>noiembrie 8th, 2018<\/span><span class=\"fusion-inline-sep\">|<\/span><\/p><p>Camera de Comer\u0163 \u015fi Industrie Suceava este de aproape 30 de ani prima \u015fi cea mai reprezentativ\u0103 organiza\u0163ie a \u00eentreprinz\u0103torilor din jude\u0163ul Suceava, fiind singura organiza\u0163ie neguvernamental\u0103 de utilitate public\u0103, cu caracter autonom \u015fi cu<\/p><\/div><\/article><article class=\"post fusion-column column col col-lg-12 col-md-12 col-sm-12\"><div class=\"recent-posts-content\"><h3 class=\"\"><a href=\"https:\/\/ccisv.ro\/content\/update-07-11-2018-lansare-concurs-planuri-de-afaceri-proiect-lets-start-up-afacerea-ta\/\">Update 07.11.2018 &#8211; Lansare concurs planuri de afaceri proiect \u201eLET\u2019S START-UP AFACEREA TA!\u201d<\/a><\/h3><p class=\"meta\"><span>noiembrie 7th, 2018<\/span><span class=\"fusion-inline-sep\">|<\/span><\/p><p>Camera de Comert, Industrie si Agricultura Botosani, Acquisition Career Management S.R.L., Asociatia PartNET - Parteneriat pentru Dezvoltare Durabila, Camera de Comert si Industrie Suceava, Asociatia pentru Integrare si Dezvoltare Comunitara \u2013 Indeco si Asociatia Consensual<\/p><\/div><\/article><article class=\"post fusion-column column col col-lg-12 col-md-12 col-sm-12\"><div class=\"recent-posts-content\"><h3 class=\"\"><a href=\"https:\/\/ccisv.ro\/content\/update-06-11-2018-lansare-concurs-planuri-de-afaceri-proiect-lets-start-up-afacerea-ta\/\">Update 06.11.2018 &#8211; Lansare concurs planuri de afaceri proiect \u201eLET\u2019S START-UP AFACEREA TA!\u201d<\/a><\/h3><p class=\"meta\"><span>noiembrie 6th, 2018<\/span><span class=\"fusion-inline-sep\">|<\/span><\/p><p>Camera de Comert, Industrie si Agricultura Botosani, Acquisition Career Management S.R.L., Asociatia PartNET - Parteneriat pentru Dezvoltare Durabila, Camera de Comert si Industrie Suceava, Asociatia pentru Integrare si Dezvoltare Comunitara \u2013 Indeco si Asociatia Consensual<\/p><\/div><\/article><article class=\"post fusion-column column col col-lg-12 col-md-12 col-sm-12\"><div class=\"recent-posts-content\"><h3 class=\"\"><a href=\"https:\/\/ccisv.ro\/content\/gala-excelentei-in-afaceri-2018-topul-firmelor-2017-02-noiembrie-2018\/\">Gala Excelen\u021bei \u00een Afaceri 2018 \u2013 Topul Firmelor 2017, 02 noiembrie 2018<\/a><\/h3><p class=\"meta\"><span>noiembrie 1st, 2018<\/span><span class=\"fusion-inline-sep\">|<\/span><\/p><p>Camera de Comer\u0163 \u015fi Industrie Suceava este de aproape 30 de ani prima \u015fi cea mai reprezentativ\u0103 organiza\u0163ie a \u00eentreprinz\u0103torilor din jude\u0163ul Suceava, fiind singura organiza\u0163ie neguvernamental\u0103 de utilitate public\u0103, cu caracter autonom \u015fi cu<\/p><\/div><\/article><article class=\"post fusion-column column col col-lg-12 col-md-12 col-sm-12\"><div class=\"recent-posts-content\"><h3 class=\"\"><a href=\"https:\/\/ccisv.ro\/content\/update-26-10-2018-lansare-concurs-planuri-de-afaceri-proiect-lets-start-up-afacerea-ta-2\/\">Update 01.11.2018 &#8211; Lansare concurs planuri de afaceri proiect \u201eLET\u2019S START-UP AFACEREA TA!\u201d<\/a><\/h3><p class=\"meta\"><span>noiembrie 1st, 2018<\/span><span class=\"fusion-inline-sep\">|<\/span><\/p><p>Camera de Comert, Industrie si Agricultura Botosani, Acquisition Career Management S.R.L., Asociatia PartNET - Parteneriat pentru Dezvoltare Durabila, Camera de Comert si Industrie Suceava, Asociatia pentru Integrare si Dezvoltare Comunitara \u2013 Indeco si Asociatia Consensual<\/p><\/div><\/article><article class=\"post fusion-column column col col-lg-12 col-md-12 col-sm-12\"><div class=\"recent-posts-content\"><h3 class=\"\"><a href=\"https:\/\/ccisv.ro\/content\/update-26-10-2018-lansare-concurs-planuri-de-afaceri-proiect-lets-start-up-afacerea-ta\/\">Update 26.10.2018 &#8211; Lansare concurs planuri de afaceri proiect \u201eLET\u2019S START-UP AFACEREA TA!\u201d<\/a><\/h3><p class=\"meta\"><span>octombrie 26th, 2018<\/span><span class=\"fusion-inline-sep\">|<\/span><\/p><p>Camera de Comert, Industrie si Agricultura Botosani, Acquisition Career Management S.R.L., Asociatia PartNET - Parteneriat pentru Dezvoltare Durabila, Camera de Comert si Industrie Suceava, Asociatia pentru Integrare si Dezvoltare Comunitara \u2013 Indeco si Asociatia Consensual<\/p><\/div><\/article><article class=\"post fusion-column column col col-lg-12 col-md-12 col-sm-12\"><div class=\"recent-posts-content\"><h3 class=\"\"><a href=\"https:\/\/ccisv.ro\/content\/lansare-proiect-invata-din-practica-indip\/\">LANSARE PROIECT \u2013 \u00cenva\u021b\u0103 din practic\u0103! INDIP<\/a><\/h3><p class=\"meta\"><span>octombrie 26th, 2018<\/span><span class=\"fusion-inline-sep\">|<\/span><\/p><p>Universitatea \u201e\u015etefan cel Mare\u201d din Suceava, \u00een parteneriat cu Camera de Comer\u021b \u0219i Industrie Suceava \u0219i SC Great People Inside SRL din Bra\u015fov, va organiza \u00een data de 29 octombrie 2018, ora 12.00, sala Aul\u0103<\/p><\/div><\/article><article class=\"post fusion-column column col col-lg-12 col-md-12 col-sm-12\"><div class=\"recent-posts-content\"><h3 class=\"\"><a href=\"https:\/\/ccisv.ro\/content\/important-anunt-lansare-concurs-planuri-de-afaceri-proiect-lets-start-up-afacerea-ta\/\">IMPORTANT &#8211; Anunt lansare concurs planuri de afaceri proiect \u201eLET\u2019S START-UP AFACEREA TA!\u201d<\/a><\/h3><p class=\"meta\"><span>octombrie 22nd, 2018<\/span><span class=\"fusion-inline-sep\">|<\/span><\/p><p>Camera de Comert, Industrie si Agricultura Botosani, Acquisition Career Management S.R.L., Asociatia PartNET - Parteneriat pentru Dezvoltare Durabila, Camera de Comert si Industrie Suceava, Asociatia pentru Integrare si Dezvoltare Comunitara \u2013 Indeco si Asociatia Consensual<\/p><\/div><\/article><article class=\"post fusion-column column col col-lg-12 col-md-12 col-sm-12\"><div class=\"recent-posts-content\"><h3 class=\"\"><a href=\"https:\/\/ccisv.ro\/content\/incepere-curs-de-inspector-in-domeniul-securitatii-si-sanatatii-in-munca\/\">\u00cencepere curs de &#8222;Inspector \u00een domeniul Securit\u0103\u021bii \u0219i s\u0103n\u0103t\u0103\u021bii \u00een munc\u0103&#8221;<\/a><\/h3><p class=\"meta\"><span>octombrie 18th, 2018<\/span><span class=\"fusion-inline-sep\">|<\/span><\/p><p>Camera de Comer\u0163 \u015fi Industrie Suceava anun\u021b\u0103 organizarea cursului de \u201eInspector \u00een domeniul Securit\u0103\u021bii \u0219i s\u0103n\u0103t\u0103\u021bii \u00een munc\u0103\u201e \u00eencep\u00e2nd cu data de 22 octombrie 2018. Cursul de \u201eInspector \u00een domeniul Securit\u0103\u021bii \u0219i s\u0103n\u0103t\u0103\u021bii \u00een munc\u0103\u201e<\/p><\/div><\/article><article class=\"post fusion-column column col col-lg-12 col-md-12 col-sm-12\"><div class=\"recent-posts-content\"><h3 class=\"\"><a href=\"https:\/\/ccisv.ro\/content\/invitatie-misiune-economica-kuwait-25-27-noiembrie-2018\/\">Invitatie misiune economica Kuwait, 25-27 noiembrie 2018<\/a><\/h3><p class=\"meta\"><span>octombrie 18th, 2018<\/span><span class=\"fusion-inline-sep\">|<\/span><\/p><p>Avem pl\u0103cerea s\u0103 v\u0103 inform\u0103m c\u0103 \u00een perioada 25-27 noiembrie 2018, Camera de Comer\u0163 \u015fi Industrie a Rom\u00e2niei (CCIR) va organiza o Misiune Economic\u0103 \u00een Statul Kuwait, ac\u0163iune care va include un Forum de Afaceri<\/p><\/div><\/article><article class=\"post fusion-column column col col-lg-12 col-md-12 col-sm-12\"><div class=\"recent-posts-content\"><h3 class=\"\"><a href=\"https:\/\/ccisv.ro\/content\/invitatie-eveniment-acordul-de-parteneriat-economic-uniunea-europeana-japonia-si-impactul-acestuia-asupra-cooperarii-bilaterale-romania-japonia\/\">Invita\u0163ie eveniment \u201eAcordul de Parteneriat Economic Uniunea European\u0103 \u2013 Japonia \u0219i impactul acestuia asupra cooper\u0103rii bilaterale Rom\u00e2nia \u2013 Japonia\u201d<\/a><\/h3><p class=\"meta\"><span>octombrie 12th, 2018<\/span><span class=\"fusion-inline-sep\">|<\/span><\/p><p>Camera de Comer\u021b \u0219i Industrie a Rom\u00e2niei \u00eempreun\u0103 cu Reprezentan\u021ba Comisiei Europene \u00een Rom\u00e2nia \u0219i Ambasada Japoniei \u00een Rom\u00e2nia au pl\u0103cerea de a v\u0103 invita la evenimentul intitulat \u201eAcordul de Parteneriat Economic Uniunea European\u0103 \u2013<\/p><\/div><\/article><article class=\"post fusion-column column col col-lg-12 col-md-12 col-sm-12\"><div class=\"recent-posts-content\"><h3 class=\"\"><a href=\"https:\/\/ccisv.ro\/content\/invitatie-la-conferinta-smart-start-usa-solutii-eficiente-de-finantare-pentru-internationalizarea-afacerilor-romanesti-joi-11-octombrie-2018\/\">Invita\u021bie la Conferin\u021ba \u201dSmart Start USA \u2013 Solu\u021bii eficiente de finan\u021bare pentru interna\u021bionalizarea afacerilor rom\u00e2ne\u0219ti\u201d \u2013 joi, 11 octombrie 2018<\/a><\/h3><p class=\"meta\"><span>octombrie 9th, 2018<\/span><span class=\"fusion-inline-sep\">|<\/span><\/p><p>Camera de Comer\u021b \u0219i Industrie Suceava v\u0103 \u00eenvit\u0103 s\u0103 participa\u021bi joi, 11 octombrie 2018, ora 10:30, la Conferin\u021ba \u201dSmart Start USA \u2013 Solu\u021bii eficiente de finan\u021bare pentru interna\u021bionalizarea afacerilor rom\u00e2ne\u0219ti\u201d, ce va avea loc la<\/p><\/div><\/article><article class=\"post fusion-column column col col-lg-12 col-md-12 col-sm-12\"><div class=\"recent-posts-content\"><h3 class=\"\"><a href=\"https:\/\/ccisv.ro\/content\/invitatie-vizita-ambasadorului-irlandei-in-romania-26-septembrie-2018\/\">Invita\u0163ie &#8211; vizita Ambasadorului Irlandei \u00een Rom\u00e2nia &#8211; 26 septembrie 2018<\/a><\/h3><p class=\"meta\"><span>septembrie 20th, 2018<\/span><span class=\"fusion-inline-sep\">|<\/span><\/p><p>Stima\u0163i membri, Camera de Comer\u0163 \u015fi Industrie Suceava v\u0103 invit\u0103 miercuri, 26 septembrie 2018, \u00eencep\u00e2nd cu ora 13, s\u0103 participa\u0163i la o \u00eent\u00e2lnire de afaceri prilejuit\u0103 de vizita Excelen\u0163ei Sale Domnul Derek Feely, Ambasadorul Irlandei<\/p><\/div><\/article><article class=\"post fusion-column column col col-lg-12 col-md-12 col-sm-12\"><div class=\"recent-posts-content\"><h3 class=\"\"><a href=\"https:\/\/ccisv.ro\/content\/comunicat-seminarul-probleme-privind-angajarea-fortei-de-munca-si-oportunitati-de-finantare-pentru-stimularea-investitiilor-cu-impact-major-in-economie-20-septembrie-2018\/\">COMUNICAT SEMINARUL \u201eProbleme privind angajarea for\u021bei de munc\u0103 \u0219i oportunit\u0103\u021bi de finan\u021bare pentru stimularea investi\u021biilor cu impact major \u00een economie\u201e 20 septembrie 2018<\/a><\/h3><p class=\"meta\"><span>septembrie 20th, 2018<\/span><span class=\"fusion-inline-sep\">|<\/span><\/p><p>Camera de Comer\u021b \u0219i Industrie Suceava a organizat ast\u0103zi, 20 septembrie 2018, seminarul \u201dProbleme privind angajarea for\u021bei de munc\u0103 \u0219i oportunit\u0103\u021bi de finan\u021bare pentru stimularea investi\u021biilor cu impact major \u00een economie\u201d, eveniment la care au<\/p><\/div><\/article><article class=\"post fusion-column column col col-lg-12 col-md-12 col-sm-12\"><div class=\"recent-posts-content\"><h3 class=\"\"><a href=\"https:\/\/ccisv.ro\/content\/programul-de-sustinere-a-accesului-pe-piata-canadiana-pentru-companiile-din-ue-in-cadrul-ceta\/\">Programul de sus\u021binere a accesului pe pia\u021ba canadian\u0103 pentru companiile din UE \u00een cadrul CETA<\/a><\/h3><p class=\"meta\"><span>septembrie 20th, 2018<\/span><span class=\"fusion-inline-sep\">|<\/span><\/p><p>Companiile din UE sunt invitate s\u0103 participe la un studiu privind identificarea barierelor de acces pe pia\u021b\u0103 canadian\u0103, at\u00e2t la nivel federal, c\u00e2t \u0219i provincial. Acest studiu este realizat\u00a0\u00een cadrul\u00a0programului de sus\u021binere\u00a0a accesului pe pia\u021ba<\/p><\/div><\/article><article class=\"post fusion-column column col col-lg-12 col-md-12 col-sm-12\"><div class=\"recent-posts-content\"><h3 class=\"\"><a href=\"https:\/\/ccisv.ro\/content\/update-invitatie-la-seminarul-probleme-privind-angajarea-fortei-de-munca-si-oportunitati-de-finantare-pentru-stimularea-investitiilor-cu-impact-major-in-economie\/\">UPDATE: INVITA\u021aIE LA SEMINARUL \u201eProbleme privind angajarea for\u021bei de munc\u0103 \u0219i oportunit\u0103\u021bi de finan\u021bare pentru stimularea investi\u021biilor cu impact major \u00een economie\u201d<\/a><\/h3><p class=\"meta\"><span>septembrie 18th, 2018<\/span><span class=\"fusion-inline-sep\">|<\/span><\/p><p>STIMAT\u0102 DOAMN\u0102\/STIMATE DOMNULE, Camera de Comer\u021b \u0219i Industrie Suceava are deosebita onoare de a v\u0103 \u00eenvita s\u0103 participa\u021bi joi, 20 septembrie 2018, la seminarul \u201dProbleme privind angajarea for\u021bei de munc\u0103 \u0219i oportunit\u0103\u021bi de finan\u021bare pentru<\/p><\/div><\/article><article class=\"post fusion-column column col col-lg-12 col-md-12 col-sm-12\"><div class=\"recent-posts-content\"><h3 class=\"\"><a href=\"https:\/\/ccisv.ro\/content\/invitatie-caravana-meseriilor\/\">Invita\u0163ie &#8222;Caravana meseriilor&#8221;<\/a><\/h3><p class=\"meta\"><span>septembrie 18th, 2018<\/span><span class=\"fusion-inline-sep\">|<\/span><\/p><p>Stima\u021bi membri, Ne revine deosebita pl\u0103cere s\u0103 v\u0103 transmitem invita\u021bia de a participa la \u201dCaravana Meseriilor\u201d, eveniment organizat joi, 20 septembrie 2018, \u00eencep\u00e2nd cu ora 09:00, \u00een Sala de Sport a Colegiului Tehnic Petru Mu\u0219at.<\/p><\/div><\/article><article class=\"post fusion-column column col col-lg-12 col-md-12 col-sm-12\"><div class=\"recent-posts-content\"><h3 class=\"\"><a href=\"https:\/\/ccisv.ro\/content\/invitatie-seminar-osim-23-25-octombrie-2018\/\">Invita\u0163ie seminar OSIM &#8211; 23-25 octombrie 2018<\/a><\/h3><p class=\"meta\"><span>septembrie 17th, 2018<\/span><span class=\"fusion-inline-sep\">|<\/span><\/p><p>Oficiul de Stat pentru Inven\u0163ii \u015fi M\u0103rci (OSIM) organizeaz\u0103 la Sinaia, \u00een perioada 23.10.2018-25.10.2018, la Hotel Mara, Seminarul na\u0163ional cu tema: \u201d100\u00a0 DE ANI DE PROTEC\u0162IE A M\u0102RCILOR; EVOLU\u0162II, PERSPECTIVE, PROVOC\u0102RI \u00ceN ROM\u00c2NIA\u201d Seminarul \u00ee\u015fi<\/p><\/div><\/article><article class=\"post fusion-column column col col-lg-12 col-md-12 col-sm-12\"><div class=\"recent-posts-content\"><h3 class=\"\"><a href=\"https:\/\/ccisv.ro\/content\/organizare-curs-de-contabil\/\">Organizare curs de &#8222;Contabil&#8221;<\/a><\/h3><p class=\"meta\"><span>septembrie 13th, 2018<\/span><span class=\"fusion-inline-sep\">|<\/span><\/p><p>Camera de Comer\u0163 \u015fi Industrie Suceava anun\u021b\u0103 organizarea cursului de \u201eContabil\u201e \u00eencep\u00e2nd cu luna octombrie 2018. Cursul de \u201eContabil\u201e este un curs de ini\u021biere \u00een domeniul contabilit\u0103\u021bii, ce \u00ee\u0219i propune s\u0103 furnizeze cursan\u021bilor no\u021biunile de<\/p><\/div><\/article><article class=\"post fusion-column column col col-lg-12 col-md-12 col-sm-12\"><div class=\"recent-posts-content\"><h3 class=\"\"><a href=\"https:\/\/ccisv.ro\/content\/invitatie-la-seminarul-probleme-privind-angajarea-fortei-de-munca-si-oportunitati-de-finantare-pentru-stimularea-investitiilor-cu-impact-major-in-economie\/\">INVITA\u021aIE LA SEMINARUL &#8222;Probleme privind angajarea for\u021bei de munc\u0103 \u0219i oportunit\u0103\u021bi de finan\u021bare pentru stimularea investi\u021biilor cu impact major \u00een economie&#8221;<\/a><\/h3><p class=\"meta\"><span>septembrie 11th, 2018<\/span><span class=\"fusion-inline-sep\">|<\/span><\/p><p>STIMAT\u0102 DOAMN\u0102\/STIMATE DOMNULE, Camera de Comer\u021b \u0219i Industrie Suceava are deosebita onoare de a v\u0103 \u00eenvita s\u0103 participa\u021bi joi, 20 septembrie 2018, la seminarul \u201dProbleme privind angajarea for\u021bei de munc\u0103 \u0219i oportunit\u0103\u021bi de finan\u021bare pentru<\/p><\/div><\/article><article class=\"post fusion-column column col col-lg-12 col-md-12 col-sm-12\"><div class=\"recent-posts-content\"><h3 class=\"\"><a href=\"https:\/\/ccisv.ro\/content\/invitatie-drumetie-pentru-o-noua-viata\/\">Invita\u0163ie &#8211; &#8222;Drume\u0163ie pentru o nou\u0103 via\u0163\u0103&#8221;<\/a><\/h3><p class=\"meta\"><span>septembrie 11th, 2018<\/span><span class=\"fusion-inline-sep\">|<\/span><\/p><p>A\u0219a cum ne-am obisnuit, si anul acesta Fundatia O Noua Viata organizeaza evenimentul caritabil \u201cDrumetie pentru O Noua Viata\u201d, aflat la a VI-a editie. Prin ac\u021biunea din acest an, ne dorim s\u0103 dot\u0103m \u0219i s\u0103<\/p><\/div><\/article><article class=\"post fusion-column column col col-lg-12 col-md-12 col-sm-12\"><div class=\"recent-posts-content\"><h3 class=\"\"><a href=\"https:\/\/ccisv.ro\/content\/invitatie-workshop-prilejuit-de-vizita-delegatiei-de-oameni-de-afaceri-din-bavaria\/\">Invita\u021bie Workshop prilejuit de vizita delega\u021biei de oameni de afaceri din Bavaria<\/a><\/h3><p class=\"meta\"><span>septembrie 10th, 2018<\/span><span class=\"fusion-inline-sep\">|<\/span><\/p><p>Camera de Comer\u021b \u0219i Industrie Suceava faciliteaz\u0103 g\u0103zduirea vizitei efectuate de c\u0103tre Camera de Comer\u021b \u0219i Industrie Rom\u00e2no-German\u0103, \u00een numele Ministerului Bavarez pentru Economie \u0219i Media, Energie \u0219i Tehnologie, a unei delega\u021bii de companii bavareze.<\/p><\/div><\/article><article class=\"post fusion-column column col col-lg-12 col-md-12 col-sm-12\"><div class=\"recent-posts-content\"><h3 class=\"\"><a href=\"https:\/\/ccisv.ro\/content\/clasament-judetul-suceava-top-30-cifra-de-afaceri\/\">CLASAMENT JUDE\u021aUL SUCEAVA TOP 30 &#8211; CIFRA DE AFACERI<\/a><\/h3><p class=\"meta\"><span>septembrie 6th, 2018<\/span><span class=\"fusion-inline-sep\">|<\/span><\/p><p>Camera de Comer\u0163 \u015fi Industrie Suceava organizeaz\u0103, ca \u00een fiecare an, evenimentul Gala Excelentei in Afaceri, eveniment care \u00ee\u0219i propune \u00een primul r\u00e2nd s\u0103 prezinte \u00eentr-un cadru festiv at\u00e2t Topul Firmelor c\u00e2t \u0219i s\u0103 r\u0103spl\u0103teasc\u0103<\/p><\/div><\/article><article class=\"post fusion-column column col col-lg-12 col-md-12 col-sm-12\"><div class=\"recent-posts-content\"><h3 class=\"\"><a href=\"https:\/\/ccisv.ro\/content\/comunicat-protectia-datelor-cu-caracter-personal\/\">Comunicat protec\u021bia datelor cu caracter personal!<\/a><\/h3><p class=\"meta\"><span>august 23rd, 2018<\/span><span class=\"fusion-inline-sep\">|<\/span><\/p><p>\u00cencep\u00e2nd cu data de 25 mai 2018 a intrat \u00een vigoare Regulamentul (UE) 2016\/679 privind protec\u0163ia persoanelor fizice \u00een ceea ce prive\u015fte prelucrarea datelor cu caracter personal \u015fi privind libera circula\u0163ie a acestor date \u015fi<\/p><\/div><\/article><article class=\"post fusion-column column col col-lg-12 col-md-12 col-sm-12\"><div class=\"recent-posts-content\"><h3 class=\"\"><a href=\"https:\/\/ccisv.ro\/content\/invitatie-la-festivalul-national-al-strugurelui-editia-a-vi-a-raionul-cimislia\/\">Invita\u021bie la Festivalul Na\u021bional al Strugurelui, edi\u021bia a VI-a, Raionul Cimi\u0219lia<\/a><\/h3><p class=\"meta\"><span>iulie 26th, 2018<\/span><span class=\"fusion-inline-sep\">|<\/span><\/p><p>Camera de Comer\u021b \u0219i Industrie Suceava v\u0103 transmite invita\u021bia Consiliului Raional Cimi\u0219lia din Republica Moldova de a participa la a VI-a edi\u021bie a Festivalului Na\u021bional al Strugurelui, \u00een data de 26 august 2018. La festival<\/p><\/div><\/article><article class=\"post fusion-column column col col-lg-12 col-md-12 col-sm-12\"><div class=\"recent-posts-content\"><h3 class=\"\"><a href=\"https:\/\/ccisv.ro\/content\/cursuri-gratuite-de-competente-antreprenoriale-organizate-la-vatra-dornei\/\">Cursuri gratuite de Competen\u021be antreprenoriale organizate la Vatra Dornei<\/a><\/h3><p class=\"meta\"><span>iulie 17th, 2018<\/span><span class=\"fusion-inline-sep\">|<\/span><\/p><p><\/p><\/div><\/article><article class=\"post fusion-column column col col-lg-12 col-md-12 col-sm-12\"><div class=\"recent-posts-content\"><h3 class=\"\"><a href=\"https:\/\/ccisv.ro\/content\/ultimele-locuri-disponibile-pentru-o-sansa-de-finantare-de-38-500-eur\/\">Cursuri gratuite de Competen\u0163e Antreprenoriale<\/a><\/h3><p class=\"meta\"><span>iulie 5th, 2018<\/span><span class=\"fusion-inline-sep\">|<\/span><\/p><p><\/p><\/div><\/article><article class=\"post fusion-column column col col-lg-12 col-md-12 col-sm-12\"><div class=\"recent-posts-content\"><h3 class=\"\"><a href=\"https:\/\/ccisv.ro\/content\/38695\/\">Invita\u0163ie curs &#8222;Procedur\u0103 fiscal\u0103&#8221;<\/a><\/h3><p class=\"meta\"><span>iunie 22nd, 2018<\/span><span class=\"fusion-inline-sep\">|<\/span><\/p><p>Formular inscriere Curs de \u201dProcedur\u0103 fiscal\u0103\u201d<\/p><\/div><\/article><article class=\"post fusion-column column col col-lg-12 col-md-12 col-sm-12\"><div class=\"recent-posts-content\"><h3 class=\"\"><a href=\"https:\/\/ccisv.ro\/content\/forumul-de-afaceri-trilateral-romania-ucraina-republica-moldova-14-iunie-2018\/\">Forumul de Afaceri Trilateral Rom\u00e2nia \u2013 Ucraina \u2013 Republica Moldova, 14 iunie 2018<\/a><\/h3><p class=\"meta\"><span>iunie 12th, 2018<\/span><span class=\"fusion-inline-sep\">|<\/span><\/p><p>Organizat de c\u0103tre Camera de Comer\u021b \u0219i Industrie Suceava, sub patronajul Camerelor de Comer\u021b \u0219i Industrie a Rom\u00e2niei, Ucrainei \u0219i Republicii Moldova, cu sprijinul camerelor de comer\u021b \u0219i industrie din zona transfrontalier\u0103, Forumul de Afaceri<\/p><\/div><\/article><article class=\"post fusion-column column col col-lg-12 col-md-12 col-sm-12\"><div class=\"recent-posts-content\"><h3 class=\"\"><a href=\"https:\/\/ccisv.ro\/content\/lista-finala-a-firmelor-care-au-confirmat-participarea-la-forumul-de-afaceri-trilateral-romania-ucraina-republica-moldova\/\">Lista final\u0103 a firmelor care au confirmat participarea la Forumul de Afaceri Trilateral Rom\u00e2nia \u2013 Ucraina \u2013 Republica Moldova<\/a><\/h3><p class=\"meta\"><span>iunie 8th, 2018<\/span><span class=\"fusion-inline-sep\">|<\/span><\/p><p>Organizat de c\u0103tre Camera de Comer\u021b \u0219i Industrie Suceava, sub patronajul Camerelor de Comer\u021b \u0219i Industrie a Rom\u00e2niei, Ucrainei \u0219i Republicii Moldova, cu sprijinul camerelor de comer\u021b \u0219i industrie din zona transfrontalier\u0103, Forumul de Afaceri<\/p><\/div><\/article><article class=\"post fusion-column column col col-lg-12 col-md-12 col-sm-12\"><div class=\"recent-posts-content\"><h3 class=\"\"><a href=\"https:\/\/ccisv.ro\/content\/invitatie-la-impozionul-infrastructura-energetica-in-orase\/\">Invita\u0163ie la simpozionul \u201eInfrastructura energetic\u0103 \u00een ora\u015fe\u201c<\/a><\/h3><p class=\"meta\"><span>iunie 7th, 2018<\/span><span class=\"fusion-inline-sep\">|<\/span><\/p><p>Camera de Comert si Industrie Romano-Germana organizeaza in data de 12 iunie 2018, intre orele\u00a09:00 si 16:00 (8:30 inregistrarea participantilor) la Hotelul Intercontinental, Sala Fortuna,\u00a0simpozionul cu tema \u201eInfrastructura energetica \u00een orase\u201c. Evenimentul initiat si finantat<\/p><\/div><\/article><article class=\"post fusion-column column col col-lg-12 col-md-12 col-sm-12\"><div class=\"recent-posts-content\"><h3 class=\"\"><a href=\"https:\/\/ccisv.ro\/content\/update-06-06-2018-lista-firmelor-care-au-confirmat-participarea-la-forumul-de-afaceri-trilateral-romania-ucraina-republica-moldova\/\">Update 06.06.2018 &#8211; Lista firmelor care au confirmat participarea la Forumul de Afaceri Trilateral Rom\u00e2nia \u2013 Ucraina \u2013 Republica Moldova<\/a><\/h3><p class=\"meta\"><span>iunie 6th, 2018<\/span><span class=\"fusion-inline-sep\">|<\/span><\/p><p>Organizat de c\u0103tre Camera de Comer\u021b \u0219i Industrie Suceava, sub patronajul Camerelor de Comer\u021b \u0219i Industrie a Rom\u00e2niei, Ucrainei \u0219i Republicii Moldova, cu sprijinul camerelor de comer\u021b \u0219i industrie din zona transfrontalier\u0103, Forumul de Afaceri<\/p><\/div><\/article><article class=\"post fusion-column column col col-lg-12 col-md-12 col-sm-12\"><div class=\"recent-posts-content\"><h3 class=\"\"><a href=\"https:\/\/ccisv.ro\/content\/update-lista-firmelor-care-au-confirmat-participarea-la-forumul-de-afaceri-trilateral-romania-ucraina-republica-moldova\/\">Update: Lista firmelor care au confirmat participarea la Forumul de Afaceri Trilateral Rom\u00e2nia \u2013 Ucraina \u2013 Republica Moldova<\/a><\/h3><p class=\"meta\"><span>iunie 5th, 2018<\/span><span class=\"fusion-inline-sep\">|<\/span><\/p><p>Organizat de c\u0103tre Camera de Comer\u021b \u0219i Industrie Suceava, sub patronajul Camerelor de Comer\u021b \u0219i Industrie a Rom\u00e2niei, Ucrainei \u0219i Republicii Moldova, cu sprijinul camerelor de comer\u021b \u0219i industrie din zona transfrontalier\u0103, Forumul de Afaceri<\/p><\/div><\/article><article class=\"post fusion-column column col col-lg-12 col-md-12 col-sm-12\"><div class=\"recent-posts-content\"><h3 class=\"\"><a href=\"https:\/\/ccisv.ro\/content\/forumul-de-afaceri-trilateral-romania-ucraina-republica-moldova\/\">Forumul de Afaceri Trilateral  Rom\u00e2nia-Ucraina-Republica Moldova<\/a><\/h3><p class=\"meta\"><span>mai 29th, 2018<\/span><span class=\"fusion-inline-sep\">|<\/span><\/p><p>Agenda forum Formular de \u00eenscriere List\u0103 firme Rom\u00e2nia List\u0103 firme Ucraina List\u0103 firme Republica Moldova<\/p><\/div><\/article><article class=\"post fusion-column column col col-lg-12 col-md-12 col-sm-12\"><div class=\"recent-posts-content\"><h3 class=\"\"><a href=\"https:\/\/ccisv.ro\/content\/invitatie-de-participare-la-intalnirea-cu-ambasadorului-republici-federale-germane\/\">Invita\u0163ie de participare la \u00eent\u00e2lnirea cu ambasadorului Republici Federale Germane<\/a><\/h3><p class=\"meta\"><span>mai 17th, 2018<\/span><span class=\"fusion-inline-sep\">|<\/span><\/p><p>\u00cen data de 25 Mai 2018 va avea loc vizita ambasadorului Republici Federale Germane, domnul Cord Meier-Klodt, ce se va \u00eent\u00e2lni cu delega\u021bi ai Consiliului Jude\u021bean suceava \u0219i ai mediului de afaceri Sucevean. \u00cen acest<\/p><\/div><\/article><article class=\"post fusion-column column col col-lg-12 col-md-12 col-sm-12\"><div class=\"recent-posts-content\"><h3 class=\"\"><a href=\"https:\/\/ccisv.ro\/content\/camera-de-comert-romano-germana-va-invita-la-colaborarea-cu-societati-germane-din-domeniul-eficientei-energetice\/\">Camera de Comert Romano-Germana va invita la colaborarea cu societati germane din domeniul eficientei energetice<\/a><\/h3><p class=\"meta\"><span>mai 17th, 2018<\/span><span class=\"fusion-inline-sep\">|<\/span><\/p><p>Camera de Comert si Industrie Romano-Germana are placerea de a va prezenta cateva oportunitati de colaborare cu firme germane interesate de piata din Romania. Initiativa de extindere a activitatii acestor companii in Romania face parte<\/p><\/div><\/article><article class=\"post fusion-column column col col-lg-12 col-md-12 col-sm-12\"><div class=\"recent-posts-content\"><h3 class=\"\"><a href=\"https:\/\/ccisv.ro\/content\/%d0%b7%d0%b0%d0%bf%d1%80%d0%be%d1%88%d0%b5%d0%bd%d0%bd%d1%8f-%d1%82%d1%80%d0%b8%d1%81%d1%82%d0%be%d1%80%d0%be%d0%bd%d0%bd%d1%8c%d0%be%d0%bc%d1%83-%d0%b1%d1%96%d0%b7%d0%bd%d0%b5%d1%81-%d1%84%d0%be\/\">\u0417\u0410\u041f\u0420\u041e\u0428\u0415\u041d\u041d\u042f &#8211; \u0422\u0440\u0438\u0441\u0442\u043e\u0440\u043e\u043d\u043d\u044c\u043e\u043c\u0443 \u0431\u0456\u0437\u043d\u0435\u0441-\u0444\u043e\u0440\u0443\u043c\u0456  \u0420\u0443\u043c\u0443\u043d\u0456\u044f \u2013 \u0423\u043a\u0440\u0430\u0457\u043d\u0430 \u2013 \u0420\u0435\u0441\u043f\u0443\u0431\u043b\u0456\u043a\u0430 \u041c\u043e\u043b\u0434\u043e\u0432\u0430<\/a><\/h3><p class=\"meta\"><span>mai 14th, 2018<\/span><span class=\"fusion-inline-sep\">|<\/span><\/p><p>\u041f\u0420\u041e\u0413\u0420\u0410\u041c\u0410 \u0420\u0415\u0404\u0421\u0422\u0420\u0410\u0426\u0406\u0419\u041d\u0410 \u0424\u041e\u0420\u041c\u0410 \u00a0<\/p><\/div><\/article><article class=\"post fusion-column column col col-lg-12 col-md-12 col-sm-12\"><div class=\"recent-posts-content\"><h3 class=\"\"><a href=\"https:\/\/ccisv.ro\/content\/trilateral-business-forum-romania-ukraine-republic-of-moldova\/\">Trilateral Business Forum Romania-Ukraine-Republic of Moldova<\/a><\/h3><p class=\"meta\"><span>mai 10th, 2018<\/span><span class=\"fusion-inline-sep\">|<\/span><\/p><p>Agenda SignUp sheet \u00a0<\/p><\/div><\/article><article class=\"post fusion-column column col col-lg-12 col-md-12 col-sm-12\"><div class=\"recent-posts-content\"><h3 class=\"\"><a href=\"https:\/\/ccisv.ro\/content\/salonul-auto-bucovina-editia-a-xv-a-14-17-iunie-2018\/\">Salonul Auto Bucovina, edi\u0163ia a XV-a, 14 \u2013 17 iunie 2018<\/a><\/h3><p class=\"meta\"><span>aprilie 27th, 2018<\/span><span class=\"fusion-inline-sep\">|<\/span><\/p><p>SALONUL AUTO BUCOVINA &amp; EXPO FINANCE Edi\u0163ia a XV-a 14 - 17 iunie 2018 Stimate partener, Camera de Comer\u0163 \u015fi Industrie Suceava \u00een parteneriat cu Prim\u0103ria Municipiului Suceava organizeaz\u0103 cea de-a XV-a edi\u0163ie a SALONULUI<\/p><\/div><\/article><article class=\"post fusion-column column col col-lg-12 col-md-12 col-sm-12\"><div class=\"recent-posts-content\"><h3 class=\"\"><a href=\"https:\/\/ccisv.ro\/content\/cafeaua-cu-finantari-joi-26-aprilie-2018-ora-1630\/\">Cafeaua cu finan\u021b\u0103ri &#8211; Joi 26 aprilie 2018, ora 16:30<\/a><\/h3><p class=\"meta\"><span>aprilie 5th, 2018<\/span><span class=\"fusion-inline-sep\">|<\/span><\/p><p>V\u0103 invit\u0103m la a XII - a edi\u021bie Cafeaua cu finan\u021b\u0103ri ! C\u00e2nd: 26 aprilie 2018, Joi, ora 16:30 Unde: la sediul Camerei de Comer\u021b \u0219i Industrie Suceava, etaj 2, sala 4 Consultan\u021bii no\u0219tri din<\/p><\/div><\/article><article class=\"post fusion-column column col col-lg-12 col-md-12 col-sm-12\"><div class=\"recent-posts-content\"><h3 class=\"\"><a href=\"https:\/\/ccisv.ro\/content\/invitatie-seminarul-de-informare-privind-noutatile-aduse-de-regulamentul-nr-6792016-in-ceea-ce-priveste-protectia-datelor-cu-caracter-personal\/\">Invita\u0163ie &#8211; Seminarul de informare privind nout\u0103\u0163ile aduse de regulamentul nr. 679\/2016 \u00een ceea ce prive\u015fte protec\u0163ia datelor cu caracter personal<\/a><\/h3><p class=\"meta\"><span>aprilie 5th, 2018<\/span><span class=\"fusion-inline-sep\">|<\/span><\/p><p>Talon de \u00eenscriere<\/p><\/div><\/article><article class=\"post fusion-column column col col-lg-12 col-md-12 col-sm-12\"><div class=\"recent-posts-content\"><h3 class=\"\"><a href=\"https:\/\/ccisv.ro\/content\/organizare-noi-cursuri-de-formare-profesionala\/\">Organizare noi cursuri de formare profesional\u0103<\/a><\/h3><p class=\"meta\"><span>martie 29th, 2018<\/span><span class=\"fusion-inline-sep\">|<\/span><\/p><p>Camera de Comer\u0163 \u015fi Industrie Suceava organizeaz\u0103 \u00een perioada urm\u0103toare cursuri de formare profesional\u0103 pentru programele: COMPETEN\u021aE ANTREPRENORIALE \u2013 CURS GRATUIT INSPECTOR\/REFERENT RESURSE UMANE EXPERT ACHIZI\u021aII PUBLICE FORMATOR BUC\u0102TAR La finalizarea programelor de formare profesional\u0103<\/p><\/div><\/article><article class=\"post fusion-column column col col-lg-12 col-md-12 col-sm-12\"><div class=\"recent-posts-content\"><h3 class=\"\"><a href=\"https:\/\/ccisv.ro\/content\/invitatie-la-conferinta-de-prezentare-a-proiectului-lets-start-up-afacerea-ta-joi-12-aprilie-2018-vatra-dornei\/\">INVITA\u021aIE la CONFERIN\u021aA DE PREZENTARE a proiectului Let\u2019s Start-up Afacerea Ta! \u2013 Joi, 12 aprilie 2018 &#8211; VATRA DORNEI<\/a><\/h3><p class=\"meta\"><span>martie 20th, 2018<\/span><span class=\"fusion-inline-sep\">|<\/span><\/p><p>INVITA\u021aIE la CONFERIN\u021aA DE PREZENTARE a proiectului \u00a0Let\u2019s Start-up Afacerea Ta! Joi, 12 aprilie 2018, ora 13:00 Policlinica Dorna Medical, str. Mihai Eminescu nr. 19, Vatra Dornei \u00a0 Camera de Comer\u021b \u0219i Industrie Suceava are<\/p><\/div><\/article><article class=\"post fusion-column column col col-lg-12 col-md-12 col-sm-12\"><div class=\"recent-posts-content\"><h3 class=\"\"><a href=\"https:\/\/ccisv.ro\/content\/invitatie-la-conferinta-de-prezentare-a-proiectului-lets-start-up-afacerea-ta-marti-03-aprilie-2018-radauti\/\">INVITA\u021aIE la CONFERIN\u021aA DE PREZENTARE a proiectului Let\u2019s Start-up Afacerea Ta! \u2013 Mar\u021bi, 03 aprilie 2018 &#8211; R\u0102D\u0102U\u021aI<\/a><\/h3><p class=\"meta\"><span>martie 20th, 2018<\/span><span class=\"fusion-inline-sep\">|<\/span><\/p><p>INVITA\u021aIE la CONFERIN\u021aA DE PREZENTARE a proiectului \u00a0Let\u2019s Start-up Afacerea Ta! Mar\u021bi, 03 aprilie 2018, ora 13:00 Hotel Gerald`s, Pia\u021ba Unirii nr. 3, R\u0103d\u0103u\u021bi \u00a0 Camera de Comer\u021b \u0219i Industrie Suceava are pl\u0103cerea de a<\/p><\/div><\/article><article class=\"post fusion-column column col col-lg-12 col-md-12 col-sm-12\"><div class=\"recent-posts-content\"><h3 class=\"\"><a href=\"https:\/\/ccisv.ro\/content\/invitatie-consiliul-concurentei\/\">Invita\u0163ie Consiliul Concuren\u0163ei<\/a><\/h3><p class=\"meta\"><span>martie 16th, 2018<\/span><span class=\"fusion-inline-sep\">|<\/span><\/p><p>\u00cen anul 2018, la \u00eemplinirea a 11 ani de la aderarea Rom\u00e2niei la Uniunea European\u0103, Consiliul Concuren\u021bei\u00a0 \u00eempline\u0219te 21 de ani de activitate. \u00cen acest context, \u00een ziua de 21 martie 2018, ora 12.00, Consiliul<\/p><\/div><\/article><article class=\"post fusion-column column col col-lg-12 col-md-12 col-sm-12\"><div class=\"recent-posts-content\"><h3 class=\"\"><a href=\"https:\/\/ccisv.ro\/content\/2-worldbuild-kiev-ucraina-targ-international-de-constructii-amenajari-arhitectura-design\/\">2.\tWorldBUILD Kiev Ucraina, T\u00e2rg Interna\u021bional de Construc\u021bii, Amenaj\u0103ri, Arhitectura &#038; Design<\/a><\/h3><p class=\"meta\"><span>martie 15th, 2018<\/span><span class=\"fusion-inline-sep\">|<\/span><\/p><p>WorldBUILD Kiev Ucraina, T\u00e2rg Interna\u021bional de Construc\u021bii, Amenaj\u0103ri, Arhitectura &amp; Design Perioada: 15 \u2013 18\u00a0MAI\u00a02018 Locatie:\u00a0Centrul Expo IEC, Kiev, Ucraina\u00a0 Centrul Expo IEC localizare\u00a0google maps website\u00a0WorldBuild webpage WorldBuild\u00a0promo in Romania \u00a0 \u00a0WorldBUILD\u00a0Kiev Ucraina\u00a0este organizat in<\/p><\/div><\/article><article class=\"post fusion-column column col col-lg-12 col-md-12 col-sm-12\"><div class=\"recent-posts-content\"><h3 class=\"\"><a href=\"https:\/\/ccisv.ro\/content\/lansare-curs-de-manager-resurse-umane-17-martie-2018\/\">Lansare curs de &#8222;Manager resurse umane&#8221; &#8211; 17 martie 2018<\/a><\/h3><p class=\"meta\"><span>martie 15th, 2018<\/span><span class=\"fusion-inline-sep\">|<\/span><\/p><p>Camera de Comer\u0163 \u015fi Industrie Suceava anun\u021b\u0103 organizarea cursului de \u201eManager resurse umane\u201e \u00eencep\u00e2nd cu data de 17 martie 2018. Cursul de \u201eManager resurse umane\u201e este un curs de perfec\u021bionare, ce \u00ee\u0219i propune s\u0103 furnizeze<\/p><\/div><\/article><article class=\"post fusion-column column col col-lg-12 col-md-12 col-sm-12\"><div class=\"recent-posts-content\"><h3 class=\"\"><a href=\"https:\/\/ccisv.ro\/content\/invitatie-la-conferinta-de-prezentare-a-proiectului-lets-start-up-afacerea-ta-joi-29-martie-2018\/\">INVITA\u021aIE la CONFERIN\u021aA DE PREZENTARE a proiectului Let\u2019s Start-up Afacerea Ta! \u2013 Joi, 29 martie 2018 \u2013 SUCEAVA<\/a><\/h3><p class=\"meta\"><span>martie 14th, 2018<\/span><span class=\"fusion-inline-sep\">|<\/span><\/p><p>INVITA\u021aIE la CONFERIN\u021aA DE PREZENTARE a proiectului \u00a0Let\u2019s Start-up Afacerea Ta! Joi, 29 martie 2018, ora 15:00 Hotel Continental Suceava, sala Balada \u00a0 Camera de Comer\u021b \u0219i Industrie Suceava are pl\u0103cerea de a v\u0103 invita<\/p><\/div><\/article><article class=\"post fusion-column column col col-lg-12 col-md-12 col-sm-12\"><div class=\"recent-posts-content\"><h3 class=\"\"><a href=\"https:\/\/ccisv.ro\/content\/invitatie-participare-congresul-initiativelor-de-proiecte-romania-ucraina-28-februarie-2018\/\">Invita\u021bie participare &#8222;Congresul ini\u021biativelor de proiecte Rom\u00e2nia-Ucraina\u201d &#8211; 28 februarie 2018<\/a><\/h3><p class=\"meta\"><span>februarie 19th, 2018<\/span><span class=\"fusion-inline-sep\">|<\/span><\/p><p>Pe data de 28 februarie 2018 Biroul de investi\u021bii, cooperare interna\u021bional\u0103 \u0219i interregional\u0103 din cadrul Administra\u021biei Regionale de Stat Odessa va organiza \"Congresul ini\u021biativelor de proiecte Rom\u00e2nia-Ucraina\u201d, cu sprijinul Consulatului General al Rom\u00e2niei \u00een Odessa.<\/p><\/div><\/article><article class=\"post fusion-column column col col-lg-12 col-md-12 col-sm-12\"><div class=\"recent-posts-content\"><h3 class=\"\"><a href=\"https:\/\/ccisv.ro\/content\/cafeaua-cu-finantari-editia-a-xi-a\/\">Cafeaua cu finan\u021b\u0103ri &#8211; edi\u021bia a XI &#8211; a<\/a><\/h3><p class=\"meta\"><span>februarie 15th, 2018<\/span><span class=\"fusion-inline-sep\">|<\/span><\/p><p>\u00a0 C\u00e2nd: 15 martie 2018, Joi, ora 16.30 Unde: la sediul Camerei de Comer\u021b \u0219i Industrie Suceava, etaj 2, sala 4 Consultan\u021bii no\u0219tri din cadrul Departamentului de Programe de Finan\u021bare v\u0103 vor prezenta oportunit\u0103\u021bile de<\/p><\/div><\/article><article class=\"post fusion-column column col col-lg-12 col-md-12 col-sm-12\"><div class=\"recent-posts-content\"><h3 class=\"\"><a href=\"https:\/\/ccisv.ro\/content\/targ-international-serbia\/\">T\u00e2rg Interna\u021bional Serbia<\/a><\/h3><p class=\"meta\"><span>februarie 15th, 2018<\/span><span class=\"fusion-inline-sep\">|<\/span><\/p><p>T\u00e2rg Interna\u021bional de Construc\u021bii, HVAC, Amenaj\u0103ri, Arhitectura &amp; Design Perioada:\u00a018\u00a0\u2013 21\u00a0aprilie 2018 Locatie:\u00a0Centrul Expo Belgrade Fair Localizare google maps \u00a0website\u00a0SEEBBE \u00a0webpage\u00a0SEEBBE in\u00a0Romania Edi\u021bia\u00a0SEEBBE 2017: \u00a0 551\u00a0expozanti\u00a0din\u00a029\u00a0tari:\u00a0Austria, Belarus, Bosnia si Herzegovina, Bulgaria, China, Cipru, Cehia, Croatia,<\/p><\/div><\/article><article class=\"post fusion-column column col col-lg-12 col-md-12 col-sm-12\"><div class=\"recent-posts-content\"><h3 class=\"\"><a href=\"https:\/\/ccisv.ro\/content\/oferta-export-maroc-licitatie-internationala\/\">Ofert\u0103 export MAROC \u2013 LICITA\u0162IE INTERNA\u0162IONAL\u0102<\/a><\/h3><p class=\"meta\"><span>februarie 15th, 2018<\/span><span class=\"fusion-inline-sep\">|<\/span><\/p><p>Ambasada Rom\u00e2niei \u00een Maroc are pl\u0103cerea de a v\u0103 invitata s\u0103 lua\u0163i parte la o licita\u021bie interna\u021bional\u0103 ,\u00a0 Contract cadru pentru furnizarea de accesorii pentru tampoane de cale ferata, ce va avea loc p\u00e2n\u0103 \u00een<\/p><\/div><\/article><article class=\"post fusion-column column col col-lg-12 col-md-12 col-sm-12\"><div class=\"recent-posts-content\"><h3 class=\"\"><a href=\"https:\/\/ccisv.ro\/content\/oferta-export-maroc-licitatie-internationala-oficiul-national-al-energiei-electrice\/\">Ofert\u0103 export MAROC \u2013 LICITA\u0162IE INTERNA\u0162IONAL\u0102 \u2013 OFICIUL NATIONAL AL ENERGIEI ELECTRICE<\/a><\/h3><p class=\"meta\"><span>februarie 15th, 2018<\/span><span class=\"fusion-inline-sep\">|<\/span><\/p><p>Ambasada Rom\u00e2niei \u00een Maroc are pl\u0103cerea de a v\u0103 invitata s\u0103 lua\u0163i parte la o licita\u021bie interna\u021bional\u0103 ,\u00a0 \u00een domeniul electrific\u0103rii, ce va avea loc pe 07.06.2018, \u0219i are ca scop electrificarea a 11 localit\u0103\u021bi<\/p><\/div><\/article><article class=\"post fusion-column column col col-lg-12 col-md-12 col-sm-12\"><div class=\"recent-posts-content\"><h3 class=\"\"><a href=\"https:\/\/ccisv.ro\/content\/camera-de-comert-si-industrie-suceava-anunta-organizarea-cursului-de-specialist-in-managementul-deseurilor\/\">Camera de Comer\u0163 \u015fi Industrie Suceava anun\u021b\u0103 organizarea cursului de &#8222;Specialist \u00een Managementul De\u015feurilor&#8221;<\/a><\/h3><p class=\"meta\"><span>februarie 8th, 2018<\/span><span class=\"fusion-inline-sep\">|<\/span><\/p><p>Camera de Comer\u0163 \u015fi Industrie Suceava anun\u021b\u0103 organizarea cursului de \u201eSpecialist \u00een Managementul De\u015feurilor\u201e \u00eencep\u00e2nd cu a doua jum\u0103tate a lunii martie. Cursul de \u201eSpecialist \u00een Managementul De\u015feurilor\u201e este un curs de specializare, autorizat ANC,<\/p><\/div><\/article><article class=\"post fusion-column column col col-lg-12 col-md-12 col-sm-12\"><div class=\"recent-posts-content\"><h3 class=\"\"><a href=\"https:\/\/ccisv.ro\/content\/curs-fiscalitate-tva-ceccar\/\">Curs Fiscalitate-TVA CECCAR<\/a><\/h3><p class=\"meta\"><span>februarie 8th, 2018<\/span><span class=\"fusion-inline-sep\">|<\/span><\/p><p>Filiala CECCAR Suceava, organizeaz\u0103 curs de \u201dFiscalitate \u2013 TVA\u201d \u00een zilele de luni 12 februarie 2018 \u0219i mar\u021bi 13 februarie 2018, \u00eencep\u00e2nd cu ora 14:00, la Camera de Comer\u021b \u0219i Industrie Suceava. Cursul va fi<\/p><\/div><\/article><article class=\"post fusion-column column col col-lg-12 col-md-12 col-sm-12\"><div class=\"recent-posts-content\"><h3 class=\"\"><a href=\"https:\/\/ccisv.ro\/content\/a-xxv-a-editie-a-modexpo-expozitie-internationala-de-tesaturi-textile-imbracaminte-pielarie-blanarie-incaltaminte-si-marochinarie-accesorii\/\">A XXV-a editie a MODEXPO &#8211; Expozitie internationala de tesaturi textile, imbracaminte, pielarie, blanarie, incaltaminte si marochinarie, accesorii<\/a><\/h3><p class=\"meta\"><span>februarie 1st, 2018<\/span><span class=\"fusion-inline-sep\">|<\/span><\/p><p>Ne face o deosebita placere sa va informam ca Romexpo organizeaza, in perioada 08 - 11 martie 2018, cea de-a XXV-a editie a MODEXPO - Expozitie internationala de tesaturi textile, imbracaminte, pielarie, blanarie, incaltaminte si<\/p><\/div><\/article><article class=\"post fusion-column column col col-lg-12 col-md-12 col-sm-12\"><div class=\"recent-posts-content\"><h3 class=\"\"><a href=\"https:\/\/ccisv.ro\/content\/invitatie-la-worldbuild-ucraina-targ-de-constructii-amenajari-arhitectura\/\">Invitatie la WorldBuild Ucraina targ de Constructii, Amenajari, Arhitectura<\/a><\/h3><p class=\"meta\"><span>februarie 1st, 2018<\/span><span class=\"fusion-inline-sep\">|<\/span><\/p><p>Rezerva-ti locul la WorldBUILD Kiev Ucraina si beneficiezi de oferte personalizate de costuri participare (discount la standuri &gt;12mp) rezervari standuri cu vizibilitate buna in cadrul targului asistenta gratuita pentru organizarea participarii pana in ultima zi<\/p><\/div><\/article><article class=\"post fusion-column column col col-lg-12 col-md-12 col-sm-12\"><div class=\"recent-posts-content\"><h3 class=\"\"><a href=\"https:\/\/ccisv.ro\/content\/a-ii-a-editie-a-raw-life-style-targ-international-pentru-o-viata-verde\/\">A II-a editie a RAW LIFE &#038; STYLE &#8211; Targ international pentru o viata verde<\/a><\/h3><p class=\"meta\"><span>ianuarie 18th, 2018<\/span><span class=\"fusion-inline-sep\">|<\/span><\/p><p>Va informam ca Romexpo organizeaza, in perioada 23 \u2013 25 martie 2018 cea de-a II-a editie a RAW LIFE &amp; STYLE - Targ international pentru o viata verde. RAW LIFE &amp; STYLE este evenimentul care<\/p><\/div><\/article><article class=\"post fusion-column column col col-lg-12 col-md-12 col-sm-12\"><div class=\"recent-posts-content\"><h3 class=\"\"><a href=\"https:\/\/ccisv.ro\/content\/seminar-modificari-fiscale-cu-impact-asupra-activitatii-agentilor-economici\/\">SEMINAR &#8211; MODIFIC\u0102RI FISCALE CU IMPACT ASUPRA  ACTIVIT\u0102\u0162II AGEN\u0162ILOR ECONOMICI<\/a><\/h3><p class=\"meta\"><span>ianuarie 15th, 2018<\/span><span class=\"fusion-inline-sep\">|<\/span><\/p><p>Camera de Comer\u021b \u0219i Industrie Suceava \u00een parteneriat cu C.E.C.C.A.R.- Filiala Suceava v\u0103 invit\u0103 s\u0103 participa\u0163i \u00een data de 23 ianuarie 2018, ora 13:00, \u00a0la seminarul MODIFIC\u0102RI FISCALE CU IMPACT ASUPRA ACTIVIT\u0102\u0162II AGEN\u0162ILOR ECONOMICI Camera<\/p><\/div><\/article><article class=\"post fusion-column column col col-lg-12 col-md-12 col-sm-12\"><div class=\"recent-posts-content\"><h3 class=\"\"><a href=\"https:\/\/ccisv.ro\/content\/ceccar-suceava-seminar-protectia-datelor-cu-caracter-personal\/\">CECCAR Suceava &#8211; Seminar &#8222;Protec\u0163ia datelor cu caracter personal&#8221;<\/a><\/h3><p class=\"meta\"><span>noiembrie 27th, 2017<\/span><span class=\"fusion-inline-sep\">|<\/span><\/p><p>Talon de participare seminar<\/p><\/div><\/article><article class=\"post fusion-column column col col-lg-12 col-md-12 col-sm-12\"><div class=\"recent-posts-content\"><h3 class=\"\"><a href=\"https:\/\/ccisv.ro\/content\/targul-de-nunti-bucovina-2018\/\">T\u00e2rgul de Nun\u0163i Bucovina 2018<\/a><\/h3><p class=\"meta\"><span>noiembrie 23rd, 2017<\/span><span class=\"fusion-inline-sep\">|<\/span><\/p><p>Camera de Comer\u0163 \u015fi Industrie Suceava are pl\u0103cerea de a v\u0103 invita s\u0103 prezenta\u0163i oferta de produse \u015fi servicii a firmei dumneavoastr\u0103 \u00een cadrul celei de a XI-a edi\u0163ie a T\u00c2RGULUI DE NUN\u0162I BUCOVINA. Evenimentul<\/p><\/div><\/article><article class=\"post fusion-column column col col-lg-12 col-md-12 col-sm-12\"><div class=\"recent-posts-content\"><h3 class=\"\"><a href=\"https:\/\/ccisv.ro\/content\/misiune-economica-vietnam-cambodgia\/\">Misiune Economic\u0103 Vietnam &#8211; Cambodgia<\/a><\/h3><p class=\"meta\"><span>noiembrie 13th, 2017<\/span><span class=\"fusion-inline-sep\">|<\/span><\/p><p>Camera de Comer\u021b \u0219i Industrie Suceava organizeaz\u0103\u00a0 \u00een perioada 04 \u2013 17 Martie 2018 o Misiune Economic\u0103 \u00een \u0162\u0103rile Asiatice (Vietnam \u0219i Cambodgia). Printre obiectivele acestei misiuni se reg\u0103se\u0219te dezvoltarea rela\u021biilor\u00a0 economice\u00a0 \u00eentre\u00a0 oamenii\u00a0 de<\/p><\/div><\/article><article class=\"post fusion-column column col col-lg-12 col-md-12 col-sm-12\"><div class=\"recent-posts-content\"><h3 class=\"\"><a href=\"https:\/\/ccisv.ro\/content\/misiune-economica-in-bulgaria-sofia-9-11-noiembrie-2017\/\">Misiune Economic\u0103 \u00een BULGARIA (Sofia) &#8211; 9 &#8211; 11 noiembrie 2017<\/a><\/h3><p class=\"meta\"><span>octombrie 26th, 2017<\/span><span class=\"fusion-inline-sep\">|<\/span><\/p><p>Camera de Comer\u0163 \u015fi Industrie a Rom\u00e2niei, \u00een parteneriat cu Ambasada Republicii Bulgaria \u00een Rom\u00e2nia, organizeaz\u0103: Misiune Economic\u0103 \u00een Sofia - Bulgaria 9 \u2013 11 noiembrie 2017 \u00een marja evenimentelor expozi\u021bionale interna\u021bionale din domenii precum:<\/p><\/div><\/article><article class=\"post fusion-column column col col-lg-12 col-md-12 col-sm-12\"><div class=\"recent-posts-content\"><h3 class=\"\"><a href=\"https:\/\/ccisv.ro\/content\/lansare-curs-expert-achizitii-publice\/\">Lansare curs &#8222;Expert achizi\u0163ii publice&#8221;<\/a><\/h3><p class=\"meta\"><span>septembrie 27th, 2017<\/span><span class=\"fusion-inline-sep\">|<\/span><\/p><p>Camera de Comer\u0163 \u015fi Industrie\u00a0 Suceava anun\u021b\u0103 organizarea \u00een luna octombrie a cursului de \u00a0\u201eExpert achizi\u0163ii publice\u201d. Lector principal fiind Cristi Rebenciuc, expert \u00een achizi\u0163ii publice \u015fi colaborator cu diverse autorit\u0103\u0163i de management la verificarea<\/p><\/div><\/article><article class=\"post fusion-column column col col-lg-12 col-md-12 col-sm-12\"><div class=\"recent-posts-content\"><h3 class=\"\"><a href=\"https:\/\/ccisv.ro\/content\/delegatie-de-informare-in-bavaria-totul-despre-lemn-prelucrare-si-constructii-din-lemn\/\">Delegatie de informare in Bavaria: Totul despre lemn &#8211; prelucrare si constructii din lemn<\/a><\/h3><p class=\"meta\"><span>septembrie 21st, 2017<\/span><span class=\"fusion-inline-sep\">|<\/span><\/p><p>In sectorul cladirilor noi de locuinte din Romania se intrevede potential pentru constructiile din lemn si pentru tehnologiile prietenoase mediului, ce pot duce la consumuri reduse de energie si la economisirea resurselor. Germania este un<\/p><\/div><\/article><article class=\"post fusion-column column col col-lg-12 col-md-12 col-sm-12\"><div class=\"recent-posts-content\"><h3 class=\"\"><a href=\"https:\/\/ccisv.ro\/content\/drumetie-pentru-o-noua-viata-2\/\">Drume\u0163ie pentru O Nou\u0103 Via\u0163\u0103<\/a><\/h3><p class=\"meta\"><span>august 31st, 2017<\/span><span class=\"fusion-inline-sep\">|<\/span><\/p><p><\/p><\/div><\/article><article class=\"post fusion-column column col col-lg-12 col-md-12 col-sm-12\"><div class=\"recent-posts-content\"><h3 class=\"\"><a href=\"https:\/\/ccisv.ro\/content\/misiune-economica-salzburg-munchen-viena-budapesta\/\">Misiune economica &#8211; Salzburg &#8211; Munchen &#8211; Viena &#8211; Budapesta<\/a><\/h3><p class=\"meta\"><span>august 31st, 2017<\/span><span class=\"fusion-inline-sep\">|<\/span><\/p><p>Camera de Comer\u0163 \u015fi Industrie \u00een colaborare cu Consiliul Jude\u0163ean, organizeaz\u0103\u00a0 \u00een perioada \u00a0\u00a0\u00a0\u00a025 noiembrie \u2013 03 decembrie, cu ocazia \u201cLuna Cadourilor\u201d, o Misiune Economic\u0103 \u00een Salzburg-Munchen-Viena-Budapesta. Scopul acestei misiuni \u00eel constitie vizitarea expozi\u0163iilor \u015fi<\/p><\/div><\/article><article class=\"post fusion-column column col col-lg-12 col-md-12 col-sm-12\"><div class=\"recent-posts-content\"><h3 class=\"\"><a href=\"https:\/\/ccisv.ro\/content\/workshop-piblishing-digital\/\">Workshop &#8211; Publishing Digital<\/a><\/h3><p class=\"meta\"><span>august 31st, 2017<\/span><span class=\"fusion-inline-sep\">|<\/span><\/p><p>Invita\u0163ie Workshop PUBLISHING DIGITAL IULIANA ALEXA \u00a0 Iuliana Alexa, redactor \u015fef al revistei Psychologies \u015fi manager al agen\u0163iei de publishing digital Contentup, \u00een parteneriat cu Camera de Comer\u021b \u0219i Industrie Suceava v\u0103 invit\u0103 s\u00e2mb\u0103t\u0103, 23<\/p><\/div><\/article><article class=\"post fusion-column column col col-lg-12 col-md-12 col-sm-12\"><div class=\"recent-posts-content\"><h3 class=\"\"><a href=\"https:\/\/ccisv.ro\/content\/examenul-de-acces-la-stagiul-pentru-obtinerea-calitatii-de-expert-contabil-si-de-contabil-autorizat-sesiunea-2017\/\">Examenul de acces la stagiul pentru ob\u021binerea calit\u0103\u021bii de expert contabil \u0219i de contabil autorizat \u2013 sesiunea 2017<\/a><\/h3><p class=\"meta\"><span>august 7th, 2017<\/span><span class=\"fusion-inline-sep\">|<\/span><\/p><p>\u00a0 Corpul Exper\u021bilor Contabili \u0219i Contabililor Autoriza\u021bi din Rom\u00e2nia organizeaz\u0103, \u00een zilele de 7 \u0219i 14 octombrie a.c., examenul de acces la stagiul pentru ob\u021binerea calit\u0103\u021bii de expert contabil \u0219i de contabil autorizat. Astfel, proba<\/p><\/div><\/article><article class=\"post fusion-column column col col-lg-12 col-md-12 col-sm-12\"><div class=\"recent-posts-content\"><h3 class=\"\"><a href=\"https:\/\/ccisv.ro\/content\/cafeaua-cu-finantari-31-august-2017\/\">Cafeaua cu finan\u021b\u0103ri &#8211; 31 august 2017<\/a><\/h3><p class=\"meta\"><span>august 3rd, 2017<\/span><span class=\"fusion-inline-sep\">|<\/span><\/p><p>V\u0103 invit\u0103m la a X - a edi\u021bie Cafeaua cu finan\u021b\u0103ri ! \u00a0 C\u00e2nd: 31 august 2017, ultima Joi din luna, ora 16.30 Unde: la sediul Camerei de Comer\u021b \u0219i Industrie Suceava, etaj 2, sala<\/p><\/div><\/article><article class=\"post fusion-column column col col-lg-12 col-md-12 col-sm-12\"><div class=\"recent-posts-content\"><h3 class=\"\"><a href=\"https:\/\/ccisv.ro\/content\/cafeaua-cu-finantari-27-iulie-2017\/\">Cafeaua cu finan\u021b\u0103ri &#8211; 27 iulie 2017<\/a><\/h3><p class=\"meta\"><span>iulie 6th, 2017<\/span><span class=\"fusion-inline-sep\">|<\/span><\/p><p>V\u0103 invit\u0103m la a X - a edi\u021bie Cafeaua cu finan\u021b\u0103ri ! \u00a0 C\u00e2nd: 27 iulie 2017, ultima Joi din luna, ora 16.30 Unde: la sediul Camerei de Comer\u021b \u0219i Industrie Suceava, etaj 2, sala<\/p><\/div><\/article><article class=\"post fusion-column column col col-lg-12 col-md-12 col-sm-12\"><div class=\"recent-posts-content\"><h3 class=\"\"><a href=\"https:\/\/ccisv.ro\/content\/forum-de-afaceri-romania-cambodgia\/\">Forum de afaceri Rom\u00e2nia &#8211; Cambodgia<\/a><\/h3><p class=\"meta\"><span>iunie 29th, 2017<\/span><span class=\"fusion-inline-sep\">|<\/span><\/p><p>Va transmitem anexat, in atentia Domnului Presedinte, adresa CCIR nr. 4040\/28.06.2017 prin care va informam cu privire la organizarea unui Forum de afaceri Romania \u2013 Cambodgia, realizat de Camera de Comert si Industrie a Romaniei<\/p><\/div><\/article><article class=\"post fusion-column column col col-lg-12 col-md-12 col-sm-12\"><div class=\"recent-posts-content\"><h3 class=\"\"><a href=\"https:\/\/ccisv.ro\/content\/invitatie-misiune-economica-tarile-nordice-02-12-august-2017\/\">Invita\u021bie Misiune economic\u0103 \u021a\u0103rile Nordice,  02 \u2013 12 august 2017<\/a><\/h3><p class=\"meta\"><span>iunie 22nd, 2017<\/span><span class=\"fusion-inline-sep\">|<\/span><\/p><p>Camera de Comer\u021b \u0219i Industrie Suceava\u00a0 \u00een\u00a0 colaborare cu Ambasada Rom\u00e2niei din\u00a0 Danemarca organizeaz\u0103\u00a0 \u00een perioada 02 \u2013 12 august 2017 o Misiune Economic\u0103\u00a0 \u00een \u0162\u0103rile\u00a0 Nordice (Suedia, Norvegia, Danemarca). Profit\u00e2nd de aceast\u0103 ocazie, avem<\/p><\/div><\/article><article class=\"post fusion-column column col col-lg-12 col-md-12 col-sm-12\"><div class=\"recent-posts-content\"><h3 class=\"\"><a href=\"https:\/\/ccisv.ro\/content\/forum-de-afaceri-romania-bulgaria-29-iunie-2017\/\">Forum de afaceri Rom\u00e2nia \u2013 Bulgaria, 29 iunie 2017<\/a><\/h3><p class=\"meta\"><span>iunie 22nd, 2017<\/span><span class=\"fusion-inline-sep\">|<\/span><\/p><p>Camera de Comer\u021b \u0219i Industrie a Rom\u00e2niei v\u0103 invit\u0103 s\u0103 participa\u021bi la forumul de afaceri Rom\u00e2nia \u2013 Bulgaria, organizat cu ocazia vizitei oficiale \u00een Rom\u00e2nia a pre\u0219edintelui Republicii Bulgaria, E.S. dl. Rumen Radev. Evenimentul va<\/p><\/div><\/article><article class=\"post fusion-column column col col-lg-12 col-md-12 col-sm-12\"><div class=\"recent-posts-content\"><h3 class=\"\"><a href=\"https:\/\/ccisv.ro\/content\/codecamp-pentru-prima-data-la-suceava-pe-24-iunie\/\">Codecamp pentru prima data la Suceava pe 24 iunie<\/a><\/h3><p class=\"meta\"><span>iunie 18th, 2017<\/span><span class=\"fusion-inline-sep\">|<\/span><\/p><p>Codecamp pentru prima data la Suceava pe 24 iunie! Codecamp este pentru prima data la Suceava, pe 24 iunie, la Universitatea Stefan cel Mare. Codecamp este probabil cea mai mare conferinta IT din Romania, iar<\/p><\/div><\/article><article class=\"post fusion-column column col col-lg-12 col-md-12 col-sm-12\"><div class=\"recent-posts-content\"><h3 class=\"\"><a href=\"https:\/\/ccisv.ro\/content\/cafeaua-cu-finantari-editia-a-x-a-29-iunie-2017\/\">Cafeaua cu finan\u021b\u0103ri, edi\u021bia a X- a, 29 iunie 2017<\/a><\/h3><p class=\"meta\"><span>iunie 8th, 2017<\/span><span class=\"fusion-inline-sep\">|<\/span><\/p><p>V\u0103 invit\u0103m la a X - a edi\u021bie Cafeaua cu finan\u021b\u0103ri ! C\u00e2nd: 29 iunie 2017, ultima Joi din luna, ora 16.30 Unde: la sediul Camerei de Comer\u021b \u0219i Industrie Suceava, etaj 2, sala 4<\/p><\/div><\/article><article class=\"post fusion-column column col col-lg-12 col-md-12 col-sm-12\"><div class=\"recent-posts-content\"><h3 class=\"\"><a href=\"https:\/\/ccisv.ro\/content\/salonul-auto-bucovina-15-18-iunie-2017\/\">Salonul Auto Bucovina &#8211; 15-18 iunie 2017<\/a><\/h3><p class=\"meta\"><span>mai 22nd, 2017<\/span><span class=\"fusion-inline-sep\">|<\/span><\/p><p>SALONUL AUTO BUCOVINA &amp; EXPO FINANCE Edi\u0163ia a XIV-a 15 - 18 iunie 2017 Stimate partener, Camera de Comer\u0163 \u015fi Industrie Suceava \u00een parteneriat cu Prim\u0103ria Municipiului Suceava organizeaz\u0103 cea de-a XIV-a edi\u0163ie a SALONULUI<\/p><\/div><\/article><article class=\"post fusion-column column col col-lg-12 col-md-12 col-sm-12\"><div class=\"recent-posts-content\"><h3 class=\"\"><a href=\"https:\/\/ccisv.ro\/content\/ceccar-suceava-seminar-privind-detasarea-delegarea-formularul-a1-22-23-mai-2017\/\">CECCAR Suceava: Seminar privind deta\u015farea, delegarea, formularul A1 &#8211; 22-23 Mai 2017<\/a><\/h3><p class=\"meta\"><span>mai 18th, 2017<\/span><span class=\"fusion-inline-sep\">|<\/span><\/p><p><\/p><\/div><\/article><article class=\"post fusion-column column col col-lg-12 col-md-12 col-sm-12\"><div class=\"recent-posts-content\"><h3 class=\"\"><a href=\"https:\/\/ccisv.ro\/content\/invitatie-afaceri-ro-suceava-19-mai-2017\/\">Invita\u021bie Afaceri.RO Suceava, 19 Mai 2017<\/a><\/h3><p class=\"meta\"><span>mai 11th, 2017<\/span><span class=\"fusion-inline-sep\">|<\/span><\/p><p>Tematici: Dezvoltarea \u0219i accelerarea afacerilor. Antreprenoriat. Finan\u021b\u0103ri. Conferin\u021ba Afaceri.RO Suceava, din 19 mai 2017, este un amplu eveniment de business care \u00ee\u0219i propune s\u0103 abordeze subiecte de interes pentru mediul antreprenorial: \u00a0modalit\u0103\u021bi de dezvoltare a<\/p><\/div><\/article><article class=\"post fusion-column column col col-lg-12 col-md-12 col-sm-12\"><div class=\"recent-posts-content\"><h3 class=\"\"><a href=\"https:\/\/ccisv.ro\/content\/cafeaua-cu-finantari-25-mai-2017\/\">Cafeaua cu finan\u021b\u0103ri &#8211; 25 mai 2017<\/a><\/h3><p class=\"meta\"><span>mai 4th, 2017<\/span><span class=\"fusion-inline-sep\">|<\/span><\/p><p>V\u0103 invit\u0103m la a X - a edi\u021bie Cafeaua cu finan\u021b\u0103ri ! \u00a0 C\u00e2nd: 25 mai 2017, ultima Joi din luna, ora 16.30 Unde: la sediul Camerei de Comer\u021b \u0219i Industrie Suceava, etaj 2, sala<\/p><\/div><\/article><article class=\"post fusion-column column col col-lg-12 col-md-12 col-sm-12\"><div class=\"recent-posts-content\"><h3 class=\"\"><a href=\"https:\/\/ccisv.ro\/content\/editia-de-primavara-2017-austrian-business-news\/\">Editia de primavara 2017- Austrian Business News<\/a><\/h3><p class=\"meta\"><span>aprilie 13th, 2017<\/span><span class=\"fusion-inline-sep\">|<\/span><\/p><p>Ambasada Austrie are placerea sa va informeze cu privire la editia de primavara 2017 - Austrian Business News, in care veti gasi informa\u021bii despre noutati economice relevante din Austria, evenimente viitoare, publicatii de interes precum<\/p><\/div><\/article><article class=\"post fusion-column column col col-lg-12 col-md-12 col-sm-12\"><div class=\"recent-posts-content\"><h3 class=\"\"><a href=\"https:\/\/ccisv.ro\/content\/invitatie-seminar-managementul-platilor-in-afacerile-internationale-minimizarea-riscurilor-exportatori-versus-importatori-11-12-mai-2017-bucuresti\/\">Invita\u021bie seminar ,,Managementul platilor in afacerile internationale: minimizarea riscurilor, exportatori versus importatori\u201d, 11 &#8211; 12 Mai 2017, Bucure\u0219ti<\/a><\/h3><p class=\"meta\"><span>aprilie 13th, 2017<\/span><span class=\"fusion-inline-sep\">|<\/span><\/p><p>Camera de Comer\u021b a Rom\u00e2niei \u00een parteneriat cu Institutul Bancar Rom\u00e2n organizeaz\u0103 ,,Managementul platilor in afacerile internationale: minimizarea riscurilor, exportatori versus importatori\u201d. Evenimentul va avea loc in perioada 11 \u2013 12 mai 2017, intre orele<\/p><\/div><\/article><article class=\"post fusion-column column col col-lg-12 col-md-12 col-sm-12\"><div class=\"recent-posts-content\"><h3 class=\"\"><a href=\"https:\/\/ccisv.ro\/content\/1-st-international-innovators-forum-digital-ukraine-switch-on-your-business-odessa-27th-of-april-2017\/\">1-st INTERNATIONAL INNOVATORS` FORUM DIGITAL UKRAINE: SWITCH ON YOUR BUSINESS, ODESSA, 27th of April 2017<\/a><\/h3><p class=\"meta\"><span>aprilie 13th, 2017<\/span><span class=\"fusion-inline-sep\">|<\/span><\/p><p>Sec\u0163ia economic\u0103 \u00een cadrul Ambasadei Ucrainei \u00een Rom\u00e2nia are onoarea de a comunica cu privire la desf\u0103\u0219urarea \u00een data de 27 aprilie 2017 la Odesa (Ucraina) a Forumului interna\u021bional a inovatorilor \u00abUcraina digital\u0103 - Switch<\/p><\/div><\/article><article class=\"post fusion-column column col col-lg-12 col-md-12 col-sm-12\"><div class=\"recent-posts-content\"><h3 class=\"\"><a href=\"https:\/\/ccisv.ro\/content\/cafeaua-cu-finantari-editia-a-x-a-27-aprilie-2017\/\">Cafeaua cu finan\u021b\u0103ri, edi\u021bia a X- a, 27 aprilie 2017<\/a><\/h3><p class=\"meta\"><span>aprilie 6th, 2017<\/span><span class=\"fusion-inline-sep\">|<\/span><\/p><p>V\u0103 invit\u0103m la a X - a edi\u021bie Cafeaua cu finan\u021b\u0103ri ! \u00a0 C\u00e2nd: 27 aprilie 2017, ultima Joi din luna, ora 16.30 Unde: la sediul Camerei de Comer\u021b \u0219i Industrie Suceava, etaj 2, sala<\/p><\/div><\/article><article class=\"post fusion-column column col col-lg-12 col-md-12 col-sm-12\"><div class=\"recent-posts-content\"><h3 class=\"\"><a href=\"https:\/\/ccisv.ro\/content\/seminar-de-informare-privind-programul-start-up-nation-romania\/\">Seminar de informare privind Programul Start-up Nation \u2013 Romania<\/a><\/h3><p class=\"meta\"><span>martie 16th, 2017<\/span><span class=\"fusion-inline-sep\">|<\/span><\/p><p>\u00a0Oficiul Teritorial pentru \u00centreprinderi Mici \u015fi Mijlocii \u015fi Coopera\u0163ie Ia\u0219i are pl\u0103cerea de a v\u0103 invita s\u0103 participa\u0163i la sesiunea de informare av\u00e2nd ca tem\u0103 Programul START-UP NATION - ROM\u00c2NIA. Evenimentul va avea loc miercuri,<\/p><\/div><\/article><article class=\"post fusion-column column col col-lg-12 col-md-12 col-sm-12\"><div class=\"recent-posts-content\"><h3 class=\"\"><a href=\"https:\/\/ccisv.ro\/content\/seminar-impactul-modificarilor-fiscale-in-2017\/\">Seminar Impactul modificarilor fiscale in 2017<\/a><\/h3><p class=\"meta\"><span>martie 16th, 2017<\/span><span class=\"fusion-inline-sep\">|<\/span><\/p><p>Camera de Comer\u021b \u0219i Industrie Suceava, CECCAR Suceava \u0219i Ordinul Consilierilor Juridici Suceava au pl\u0103cerea de a v\u0103 invita s\u0103 participa\u021bi la seminarul\u00a0 \u201cImpactul modific\u0103rilor fiscale \u00een 2017\u201d ce va avea loc vineri, 31 martie<\/p><\/div><\/article><article class=\"post fusion-column column col col-lg-12 col-md-12 col-sm-12\"><div class=\"recent-posts-content\"><h3 class=\"\"><a href=\"https:\/\/ccisv.ro\/content\/workshop-modalitati-de-aplicare-hg-9072016-26-aprilie-2017\/\">Workshop: Modalit\u0103\u0163i de aplicare HG 907\/2016, 26 aprilie 2017<\/a><\/h3><p class=\"meta\"><span>martie 9th, 2017<\/span><span class=\"fusion-inline-sep\">|<\/span><\/p><p>Formular participare HG 907<\/p><\/div><\/article><article class=\"post fusion-column column col col-lg-12 col-md-12 col-sm-12\"><div class=\"recent-posts-content\"><h3 class=\"\"><a href=\"https:\/\/ccisv.ro\/content\/cafeaua-cu-finantari-editia-a-x-a-30-martie\/\">Cafeaua cu finan\u021b\u0103ri \u2013 edi\u021bia a X-a, 30 martie<\/a><\/h3><p class=\"meta\"><span>martie 8th, 2017<\/span><span class=\"fusion-inline-sep\">|<\/span><\/p><p>V\u0103 invit\u0103m la a X - a edi\u021bie Cafeaua cu finan\u021b\u0103ri! \u00a0 C\u00e2nd: 30 martie 2017, ultima Joi din luna, ora 16.30 Unde: la sediul Camerei de Comer\u021b \u0219i Industrie Suceava, etaj 2, sala 4<\/p><\/div><\/article><article class=\"post fusion-column column col col-lg-12 col-md-12 col-sm-12\"><div class=\"recent-posts-content\"><h3 class=\"\"><a href=\"https:\/\/ccisv.ro\/content\/chestionar-acordul-economic-si-comercial-cuprinzator-intre-uniunea-europeana-si-canada-ceta\/\">Chestionar Acordul Economic \u0219i Comercial Cuprinz\u0103tor \u00eentre Uniunea European\u0103 \u0219i Canada (CETA)<\/a><\/h3><p class=\"meta\"><span>martie 2nd, 2017<\/span><span class=\"fusion-inline-sep\">|<\/span><\/p><p>Cu ocazia ratific\u0103rii Acordului Economic \u0219i Comercial Cuprinz\u0103tor dintre Uniunea European\u0103 \u0219i Canada (CETA) de c\u0103tre Parlamentul European \u00een data de 15 februarie, Camera de Comer\u021b \u0219i Industrie a Rom\u00e2niei \u00eempreun\u0103 cu Ambasada Canadei \u00een<\/p><\/div><\/article><article class=\"post fusion-column column col col-lg-12 col-md-12 col-sm-12\"><div class=\"recent-posts-content\"><h3 class=\"\"><a href=\"https:\/\/ccisv.ro\/content\/cafeaua-cu-finantari-editia-a-ix-a\/\">Cafeaua cu finan\u0163\u0103ri, edi\u0163ia a IX &#8211; a<\/a><\/h3><p class=\"meta\"><span>februarie 9th, 2017<\/span><span class=\"fusion-inline-sep\">|<\/span><\/p><p>V\u0103 invit\u0103m la a IX - a edi\u021bie Cafeaua cu finan\u021b\u0103ri! \u00a0 C\u00e2nd: 23 februarie 2017, ultima Joi din luna, ora 16.30 Unde: la sediul Camerei de Comer\u021b \u0219i Industrie Suceava, etaj 2, sala 4<\/p><\/div><\/article><article class=\"post fusion-column column col col-lg-12 col-md-12 col-sm-12\"><div class=\"recent-posts-content\"><h3 class=\"\"><a href=\"https:\/\/ccisv.ro\/content\/eveniment-de-informare-2-febr-suceava-programul-transnational-dunarea\/\">Eveniment de informare, 2 febr, Suceava, Programul Transnational Dunarea<\/a><\/h3><p class=\"meta\"><span>ianuarie 26th, 2017<\/span><span class=\"fusion-inline-sep\">|<\/span><\/p><p>In contextul lans\u0103rii celui de-al doilea apel de proiecte \u00een cadrul Programului Transna\u021bional Dun\u0103rea, Ministerul Dezvolt\u0103rii Regionale, Administra\u021biei Publice \u0219i Fondurilor Europene, \u00een calitate de Autoritate Na\u021bional\u0103 \u0219i Punct Na\u021bional de Contact, organizeaz\u0103 \u00een perioada<\/p><\/div><\/article><article class=\"post fusion-column column col col-lg-12 col-md-12 col-sm-12\"><div class=\"recent-posts-content\"><h3 class=\"\"><a href=\"https:\/\/ccisv.ro\/content\/invitatie-misiune-economica-statele-unite-ale-americii-21-aprilie-3-mai-2017\/\">Invita\u021bie Misiune economic\u0103 Statele Unite ale Americii, 21 aprilie &#8211; 3 mai  2017<\/a><\/h3><p class=\"meta\"><span>ianuarie 19th, 2017<\/span><span class=\"fusion-inline-sep\">|<\/span><\/p><p>Camera de Comer\u021b \u0219i Industrie Suceava \u00eempreun\u0103 cu Agen\u021bia BILCO TRADING organizeaz\u0103 \u00een perioada 21 aprilie \u2013 3 mai 2017 o Misiune Economic\u0103 \u00een Statele Unite ale Americii. Profit\u00e2nd de aceast\u0103 ocazie, avem deosebita pl\u0103cere<\/p><\/div><\/article><article class=\"post fusion-column column col col-lg-12 col-md-12 col-sm-12\"><div class=\"recent-posts-content\"><h3 class=\"\"><a href=\"https:\/\/ccisv.ro\/content\/invitatie-targul-de-nunti-2017\/\">Invita\u021bie T\u00e2rgul de Nun\u0163i 2017<\/a><\/h3><p class=\"meta\"><span>ianuarie 17th, 2017<\/span><span class=\"fusion-inline-sep\">|<\/span><\/p><p>Camera de Comer\u0163 \u015fi Industrie Suceava are pl\u0103cerea de a v\u0103 invita s\u0103 prezenta\u0163i oferta de produse \u015fi servicii a firmei Dumneavoastr\u0103 \u00een cadrul celei de a X-a edi\u0163ii a T\u00c2RGULUI DE NUN\u0162I BUCOVINA. Evenimentul<\/p><\/div><\/article><article class=\"post fusion-column column col col-lg-12 col-md-12 col-sm-12\"><div class=\"recent-posts-content\"><h3 class=\"\"><a href=\"https:\/\/ccisv.ro\/content\/invitatie-agro-expo-bucovina-2017\/\">Invita\u021bie AGRO EXPO BUCOVINA 2017<\/a><\/h3><p class=\"meta\"><span>ianuarie 17th, 2017<\/span><span class=\"fusion-inline-sep\">|<\/span><\/p><p>Camera de Comer\u0163 \u015fi Industrie Suceava \u00een parteneriat cu\u00a0 Consiliul Jude\u0163ean Suceava, Ministerul Agriculturii \u015fi Dezvolt\u0103rii Rurale, Institu\u0163ia Prefectului Suceava, Direc\u0163ia pentru Agricultur\u0103 \u015fi Dezvoltare Rural\u0103 Suceava au pl\u0103cerea s\u0103 v\u0103 invite s\u0103 participa\u0163i la<\/p><\/div><\/article><article class=\"post fusion-column column col col-lg-12 col-md-12 col-sm-12\"><div class=\"recent-posts-content\"><h3 class=\"\"><a href=\"https:\/\/ccisv.ro\/content\/misiune-economica-in-republica-moldova-la-chisinau-1-2-februarie-2017\/\">MISIUNE ECONOMICA IN REPUBLICA MOLDOVA, LA CHISINAU, 1-2 FEBRUARIE 2017<\/a><\/h3><p class=\"meta\"><span>ianuarie 12th, 2017<\/span><span class=\"fusion-inline-sep\">|<\/span><\/p><p>Camera de Comer\u0163, Industrie \u015fi Agricultur\u0103 Vaslui, sub egida Centrului Bilateral de Afaceri ROM\u00c2NIA-REPUBLICA MOLDOVA organizeaz\u0103 o misiune economic\u0103 la CHI\u015eIN\u0102U, cu prilejul expozi\u0163iei FABRICAT \u00ceN MOLDOVA\u00a0 (1-5 februarie 2017), cel mai mare eveniment comercial<\/p><\/div><\/article><article class=\"post fusion-column column col col-lg-12 col-md-12 col-sm-12\"><div class=\"recent-posts-content\"><h3 class=\"\"><a href=\"https:\/\/ccisv.ro\/content\/cafeaua-cu-finantari-editia-a-viii-a-26-ianuarie\/\">Cafeaua cu finan\u021b\u0103ri &#8211; edi\u021bia a VIII-a, 26 ianuarie<\/a><\/h3><p class=\"meta\"><span>ianuarie 10th, 2017<\/span><span class=\"fusion-inline-sep\">|<\/span><\/p><p>V\u0103 invit\u0103m la a VIII - a edi\u021bie Cafeaua cu finan\u021b\u0103ri ! \u00a0 C\u00e2nd: 26 ianuarie 2017, ultima Joi din luna, ora 16.30 Unde: la sediul Camerei de Comer\u021b \u0219i Industrie Suceava, etaj 2, sala<\/p><\/div><\/article><article class=\"post fusion-column column col col-lg-12 col-md-12 col-sm-12\"><div class=\"recent-posts-content\"><h3 class=\"\"><a href=\"https:\/\/ccisv.ro\/content\/fabricat-in-moldova-eveniment-expozitional\/\">,,FABRICAT IN MOLDOVA&#8221; &#8211; Eveniment expozitional<\/a><\/h3><p class=\"meta\"><span>ianuarie 5th, 2017<\/span><span class=\"fusion-inline-sep\">|<\/span><\/p><p>Dupa cum stiti, in perioada 1-5 februarie va avea loc expozitia nationala \u201eFabricat in Moldova\u201d, in cadrul Centrului expozitional Moldexpo din Chisinau, organizata de CCI RM. In cadrul acestei expozitii, a fost pusa la dispozitie<\/p><\/div><\/article><article class=\"post fusion-column column col col-lg-12 col-md-12 col-sm-12\"><div class=\"recent-posts-content\"><h3 class=\"\"><a href=\"https:\/\/ccisv.ro\/content\/fabricat-in-moldova-forum-trilateral-de-afaceri-republica-moldova-romania-ucraina\/\">,,FABRICAT IN MOLDOVA&#8221; &#8211; FORUM TRILATERAL DE AFACERI REPUBLICA MOLDOVA &#8211; ROMANIA \u2013 UCRAINA<\/a><\/h3><p class=\"meta\"><span>decembrie 22nd, 2016<\/span><span class=\"fusion-inline-sep\">|<\/span><\/p><p>In perioada 01 \u2013 05 februarie 2017, in Republica Moldova se va desfasura la Centrul Expozitional Moldexpo cea de-a XVI-a editie a expozitiei ,,Fabricat in Moldova\u201d, iar in data de 02 februarie 2017 va avea<\/p><\/div><\/article><article class=\"post fusion-column column col col-lg-12 col-md-12 col-sm-12\"><div class=\"recent-posts-content\"><h3 class=\"\"><a href=\"https:\/\/ccisv.ro\/content\/invitatie-eveniment-lansare-de-carte\/\">Invita\u0163ie eveniment &#8211; Lansare de carte<\/a><\/h3><p class=\"meta\"><span>noiembrie 24th, 2016<\/span><span class=\"fusion-inline-sep\">|<\/span><\/p><p>Facultatea de \u015etiin\u0163e Economice \u015fi Administra\u0163ie Public\u0103 din cadrul Universit\u0103\u0163ii \u201c\u015etefan cel Mare\u201d din Suceava, v\u0103 invit\u0103 s\u0103 participa\u0163i la evenimentul de lansare a c\u0103r\u021bilor \u201cG\u00e2ndirea strategic\u0103\u201d \u0219i \u201cA concepe, a redacta \u015fi a publica<\/p><\/div><\/article><article class=\"post fusion-column column col col-lg-12 col-md-12 col-sm-12\"><div class=\"recent-posts-content\"><h3 class=\"\"><a href=\"https:\/\/ccisv.ro\/content\/invitatie-expozitia-fabricat-in-moldova\/\">Invita\u021bie Expozi\u021bia ,,Fabricat \u00een Moldova&#8221;<\/a><\/h3><p class=\"meta\"><span>noiembrie 17th, 2016<\/span><span class=\"fusion-inline-sep\">|<\/span><\/p><p>Camera de Comert si Industrie a Romaniei are placerea de a va informa cu privire la organizarea expozitiei ,,Fabricat in Moldova\u201d, in perioada 25 \u2013 27 noiembrie 2016, la Palas Mall, Iasi. Totodata, va facem<\/p><\/div><\/article><article class=\"post fusion-column column col col-lg-12 col-md-12 col-sm-12\"><div class=\"recent-posts-content\"><h3 class=\"\"><a href=\"https:\/\/ccisv.ro\/content\/invitatie-perspectiva-unui-evaluator-seminar-pentru-imm-uri-22-noiembrie-2016\/\">Invita\u021bie Perspectiva unui evaluator &#8211; Seminar pentru IMM-uri, 22 noiembrie 2016<\/a><\/h3><p class=\"meta\"><span>noiembrie 10th, 2016<\/span><span class=\"fusion-inline-sep\">|<\/span><\/p><p>INVITATIE \u00a0SEMINAR Avand in vedere interesul crescut al IMM-urilor din Regiunea Nord-Est pentru programul Instrumentul pentru IMM-uri,\u00a0Agentia pentru Dezvoltare Regionala Nord-Est, organizeaza in perioada\u00a021-23 noiembrie 2016, o serie de 3 seminarii dedicate IMM-urilor inovative si<\/p><\/div><\/article><article class=\"post fusion-column column col col-lg-12 col-md-12 col-sm-12\"><div class=\"recent-posts-content\"><h3 class=\"\"><a href=\"https:\/\/ccisv.ro\/content\/cafeaua-cu-finantari-editia-a-viii-a-24-noiembrie\/\">Cafeaua cu finan\u021b\u0103ri &#8211; edi\u021bia a VIII-a, 24 noiembrie<\/a><\/h3><p class=\"meta\"><span>noiembrie 4th, 2016<\/span><span class=\"fusion-inline-sep\">|<\/span><\/p><p>V\u0103 invit\u0103m la a VIII - a edi\u021bie Cafeaua cu finan\u021b\u0103ri ! \u00a0 C\u00e2nd: 24 noiembrie 2016, ultima Joi din luna, ora 16.30 Unde: la sediul Camerei de Comer\u021b \u0219i Industrie Suceava, etaj 2, sala<\/p><\/div><\/article><article class=\"post fusion-column column col col-lg-12 col-md-12 col-sm-12\"><div class=\"recent-posts-content\"><h3 class=\"\"><a href=\"https:\/\/ccisv.ro\/content\/cci-suceava-a-organizat-gala-excelentei-in-afaceri-2016-topul-firmelor-2015\/\">CCI Suceava a organizat Gala Excelen\u021bei \u00een Afaceri 2016 &#8211; Topul Firmelor 2015<\/a><\/h3><p class=\"meta\"><span>noiembrie 3rd, 2016<\/span><span class=\"fusion-inline-sep\">|<\/span><\/p><p>Camera de Comer\u0163 \u015fi Industrie Suceava este de peste 25 de ani cea mai veche \u015fi cea mai reprezentativ\u0103 organiza\u0163ie a \u00eentreprinz\u0103torilor din jude\u0163ul Suceava, fiind singura organiza\u0163ie neguvernamental\u0103 de utilitate public\u0103, cu caracter autonom<\/p><\/div><\/article><article class=\"post fusion-column column col col-lg-12 col-md-12 col-sm-12\"><div class=\"recent-posts-content\"><h3 class=\"\"><a href=\"https:\/\/ccisv.ro\/content\/invitatie-accelerate-your-business-iasi-16-noiembrie\/\">Invita\u021bie &#8211; Accelerate Your Business, Ia\u0219i, 16 noiembrie<\/a><\/h3><p class=\"meta\"><span>noiembrie 3rd, 2016<\/span><span class=\"fusion-inline-sep\">|<\/span><\/p><p>Stimati membri, Avem placerea de a va informa cu privire la evenimentul \"Accelerate Your Business\", organizat de Microsoft Romania, in parteneriat cu Orange, care va avea loc in Iasi, Hotel International, pe 16 noiembrie, incepand<\/p><\/div><\/article><article class=\"post fusion-column column col col-lg-12 col-md-12 col-sm-12\"><div class=\"recent-posts-content\"><h3 class=\"\"><a href=\"https:\/\/ccisv.ro\/content\/invitatie-seminar-managementul-platilor-in-afaceri-internationale-minimizarea-riscurilor-exportatori-versus-importatori\/\">Invita\u021bie seminar &#8211; Managementul pl\u0103\u021bilor \u00een afaceri interna\u021bionale: minimizarea riscurilor, exportatori versus importatori<\/a><\/h3><p class=\"meta\"><span>noiembrie 3rd, 2016<\/span><span class=\"fusion-inline-sep\">|<\/span><\/p><p>Avem placerea de a va informa cu privire la organizarea Seminarului Managementul platilor in afaceri internationale: minimizarea riscurilor, exportatori versus importatori, care va avea loc in perioada 17 \u2013 18 noiembrie 2016, intre orele 09.00<\/p><\/div><\/article><article class=\"post fusion-column column col col-lg-12 col-md-12 col-sm-12\"><div class=\"recent-posts-content\"><h3 class=\"\"><a href=\"https:\/\/ccisv.ro\/content\/invitatie-forum-de-afaceri-romania-republica-islamica-iran\/\">Invita\u021bie &#8211; Forum de afaceri Rom\u00e2nia &#8211; Republica Islamic\u0103 Iran<\/a><\/h3><p class=\"meta\"><span>noiembrie 3rd, 2016<\/span><span class=\"fusion-inline-sep\">|<\/span><\/p><p>Stimati membri, Va transmitem invitatia prin care va informam cu privire la organizarea de catre CCIR, cu prilejul vizitei la Bucuresti a E.S. Mohammad Javad Zarif, Ministrul Afacerilor Externe al Republicii Islamice Iran, impreuna cu<\/p><\/div><\/article><article class=\"post fusion-column column col col-lg-12 col-md-12 col-sm-12\"><div class=\"recent-posts-content\"><h3 class=\"\"><a href=\"https:\/\/ccisv.ro\/content\/invitatie-misiune-economica-in-regatul-hasemit-al-iordaniei\/\">Invita\u021bie &#8211; Misiune economic\u0103 \u00een Regatul Hasemit al Iordaniei<\/a><\/h3><p class=\"meta\"><span>noiembrie 3rd, 2016<\/span><span class=\"fusion-inline-sep\">|<\/span><\/p><p>Stima\u021bi membri, Camera de Comert si Industrie a Romaniei are placerea de a va informa cu privire organizarea misunii economice, in perioada 15 \u2013 18 noiembrie 2016, in Regatul Hasemit al Iordaniei, actiune ce va<\/p><\/div><\/article><article class=\"post fusion-column column col col-lg-12 col-md-12 col-sm-12\"><div class=\"recent-posts-content\"><h3 class=\"\"><a href=\"https:\/\/ccisv.ro\/content\/cci-suceava-organizeaza-gala-excelentei-in-afaceri-2016\/\">CCI Suceava organizeaz\u0103 GALA EXCELEN\u021aEI \u00ceN AFACERI 2016<\/a><\/h3><p class=\"meta\"><span>octombrie 27th, 2016<\/span><span class=\"fusion-inline-sep\">|<\/span><\/p><p>\u00a0 Camera de Comer\u0163 \u015fi Industrie Suceava este de peste 25 de ani cea mai veche \u015fi cea mai reprezentativ\u0103 organiza\u0163ie a \u00eentreprinz\u0103torilor din jude\u0163ul Suceava, fiind singura organiza\u0163ie neguvernamental\u0103 de utilitate public\u0103, cu caracter<\/p><\/div><\/article><article class=\"post fusion-column column col col-lg-12 col-md-12 col-sm-12\"><div class=\"recent-posts-content\"><h3 class=\"\"><a href=\"https:\/\/ccisv.ro\/content\/invitatie-ar-medica-targ-international-de-medicina\/\">Invita\u021bie AR-MEDICA, T\u00e2rg interna\u021bional de medicin\u0103<\/a><\/h3><p class=\"meta\"><span>octombrie 27th, 2016<\/span><span class=\"fusion-inline-sep\">|<\/span><\/p><p>Stima\u021bi membri, Ne face o deosebit\u0103 pl\u0103cere s\u0103 v\u0103 inform\u0103m c\u0103 \u00een perioada 3 \u2013 5 noiembrie 2016, Camera de Comer\u0163, Industrie \u015fi Agricultur\u0103 a jude\u0163ului Arad organizeaz\u0103 edi\u021bia cu num\u0103rul 23 a celui mai<\/p><\/div><\/article><article class=\"post fusion-column column col col-lg-12 col-md-12 col-sm-12\"><div class=\"recent-posts-content\"><h3 class=\"\"><a href=\"https:\/\/ccisv.ro\/content\/invitatie-international-trade-fair-furnex-februarie-2017-cairo-international-convention-center\/\">Invita\u021bie International Trade Fair \u201cFURNEX\u201d &#8211; februarie 2017, Cairo International Convention Center<\/a><\/h3><p class=\"meta\"><span>octombrie 27th, 2016<\/span><span class=\"fusion-inline-sep\">|<\/span><\/p><p>The Economic and Commercial Office of the Embassy of the Arab Republic of Egypt presents its compliments and has the pleasure to invite you to attend the International Trade Fair \u201cFURNEX\u201d between 2 - 5<\/p><\/div><\/article><article class=\"post fusion-column column col col-lg-12 col-md-12 col-sm-12\"><div class=\"recent-posts-content\"><h3 class=\"\"><a href=\"https:\/\/ccisv.ro\/content\/invitatie-impreuna-impotriva-risipei-alimentare-impreuna-impotriva-saraciei\/\">Invita\u021bie &#8211; \u00cempreun\u0103 \u00eempotriva risipei alimentare, \u00eempreun\u0103 \u00eempotriva s\u0103r\u0103ciei<\/a><\/h3><p class=\"meta\"><span>octombrie 27th, 2016<\/span><span class=\"fusion-inline-sep\">|<\/span><\/p><p>Stimati membri, Camera de Comert si Industrie a Romaniei are placerea de a va informa cu privire la organizarea unei dezbateri publice cu tema ,,Impreuna impotriva risipei alimentare, impreuna impotriva saraciei\u201d, in parteneriat cu Asociatia<\/p><\/div><\/article><article class=\"post fusion-column column col col-lg-12 col-md-12 col-sm-12\"><div class=\"recent-posts-content\"><h3 class=\"\"><a href=\"https:\/\/ccisv.ro\/content\/invitatie-focus-grup-pentru-descoperire-antreprenoriala-in-domeniul-agro-alimentar\/\">Invita\u021bie &#8211; Focus grup pentru descoperire antreprenorial\u0103 \u00een domeniul agro-alimentar<\/a><\/h3><p class=\"meta\"><span>octombrie 24th, 2016<\/span><span class=\"fusion-inline-sep\">|<\/span><\/p><p>Stimata Doamna\/ Stimate Domn, Agen\u021bia pentru Dezvoltare Regional\u0103 Nord-Est, \u00eempreun\u0103 cu Comisia European\u0103 \u2013DG Centrul Comun de Cercetare (JRC), organizeaz\u0103, \u00een data de 26 octombrie 2016, la Suceava (Camera de Comert si Industrie Suceava), al<\/p><\/div><\/article><article class=\"post fusion-column column col col-lg-12 col-md-12 col-sm-12\"><div class=\"recent-posts-content\"><h3 class=\"\"><a href=\"https:\/\/ccisv.ro\/content\/invitatie-forum-ul-trilateral-romania-ucraina-republica-moldova\/\">Invita\u021bie Forum-ul trilateral Rom\u00e2nia &#8211; Ucraina &#8211; Republica Moldova<\/a><\/h3><p class=\"meta\"><span>octombrie 20th, 2016<\/span><span class=\"fusion-inline-sep\">|<\/span><\/p><p>Stimati membri, Va transmitem informa\u021bii cu privire la\u00a0organizarea forumului trilateral de la Cernauti, care va avea loc in perioada 01 \u2013 02 noiembrie 2016. Cei dintre dumneavoastr\u0103 care sunt interesati s\u0103 participe la acest eveniment<\/p><\/div><\/article><article class=\"post fusion-column column col col-lg-12 col-md-12 col-sm-12\"><div class=\"recent-posts-content\"><h3 class=\"\"><a href=\"https:\/\/ccisv.ro\/content\/invitatie-finante-manageriale-si-evaluarea-afacerii-in-setarea-strategiei-de-dezvoltare-a-firmei-reprogramat-in-perioada-14-15-noiembrie-2016\/\">Invita\u021bie &#8211; Finan\u021be manageriale \u0219i evaluarea afacerii \u00een setarea strategiei de dezvoltare a firmei, reprogramat \u00een perioada 14 &#8211; 15 noiembrie 2016<\/a><\/h3><p class=\"meta\"><span>octombrie 20th, 2016<\/span><span class=\"fusion-inline-sep\">|<\/span><\/p><p>Stimati membri, Revenim in atentia dumneavoastra cu precizarea ca seminarul ,,Finante manageriale si evaluarea afacerii in setarea strategiei de dezvoltare a firmei\u201d, organizat de Camera de Comert si Industrie a Romaniei in colaborare cu Institutul<\/p><\/div><\/article><article class=\"post fusion-column column col col-lg-12 col-md-12 col-sm-12\"><div class=\"recent-posts-content\"><h3 class=\"\"><a href=\"https:\/\/ccisv.ro\/content\/parteneriate-pentru-dezvoltarea-romaniei-potentialul-strategic-al-retelei-de-parcuri-si-de-terenuri-industriale\/\">Parteneriate pentru dezvoltarea Rom\u00e2niei. Poten\u021bialul strategic al re\u021belei de parcuri \u0219i de terenuri industriale<\/a><\/h3><p class=\"meta\"><span>octombrie 20th, 2016<\/span><span class=\"fusion-inline-sep\">|<\/span><\/p><p>Stimati membri, Va transmitem anexat, in amabila atentie a Domnului Presedinte, invitatia de particiapare la Forumul ,,Parteneriate pentru dezvoltarea Romaniei. Potentialul strategic al retelei de parcuri si de terenuri industriale\u201d, organizat de catre Camera de<\/p><\/div><\/article><article class=\"post fusion-column column col col-lg-12 col-md-12 col-sm-12\"><div class=\"recent-posts-content\"><h3 class=\"\"><a href=\"https:\/\/ccisv.ro\/content\/invitatie-forumul-virtual-us-eu-agro-finance-for-southeast-europe\/\">Invita\u021bie Forumul VIRTUAL US-EU AGRO-FINANCE FOR SOUTHEAST EUROPE<\/a><\/h3><p class=\"meta\"><span>octombrie 20th, 2016<\/span><span class=\"fusion-inline-sep\">|<\/span><\/p><p>Stimati membri, Camera de Comert si Industrie a Romaniei are placerea de a va invita la Forumul VIRTUAL US-EU AGRO-FINANCE FOR SOUTHEAST EUROPE, eveniment organizat de CCIR in parteneriat, alaturi de Romexpo SA, al Ambasadei<\/p><\/div><\/article><article class=\"post fusion-column column col col-lg-12 col-md-12 col-sm-12\"><div class=\"recent-posts-content\"><h3 class=\"\"><a href=\"https:\/\/ccisv.ro\/content\/invitatie-forumurile-de-afaceri-multisectoriale-la-amman-si-ierusalim\/\">Invita\u021bie Forumurile de afaceri multisectoriale, la Amman \u0219i Ierusalim<\/a><\/h3><p class=\"meta\"><span>octombrie 20th, 2016<\/span><span class=\"fusion-inline-sep\">|<\/span><\/p><p>Stimati membri, Camera de Comert si Industrie a Romaniei are placerea de a va informa cu privire organizarea misunilor economice, in perioada 15 \u2013 18 noiembrie 2016, in Regatul Hasemit al Iordaniei si Israel, actiune<\/p><\/div><\/article><article class=\"post fusion-column column col col-lg-12 col-md-12 col-sm-12\"><div class=\"recent-posts-content\"><h3 class=\"\"><a href=\"https:\/\/ccisv.ro\/content\/invitatie-forumului-investitional-international-dezvoltarea-potentialului-industrial-or-kamianets-podilskyi\/\">Invita\u021bie Forumului Investi\u021bional Interna\u021bional \u00abDezvoltarea poten\u021bialului industrial or. Kamianets-Podilskyi\u00bb<\/a><\/h3><p class=\"meta\"><span>octombrie 13th, 2016<\/span><span class=\"fusion-inline-sep\">|<\/span><\/p><p>Sec\u0163ia economic\u0103 \u00een cadrul Ambasadei Ucrainei \u00een Rom\u00e2nia V\u0103 prezint\u0103 salutul s\u0103u \u015fi are onoarea de a informa cu privire la organizarea \u00een perioada 10-11 noiembrie 2016 \u00een or. Kamianets-Podilskyi (regiunea Khmelnytskyi, Ucraina) a Forumului<\/p><\/div><\/article><article class=\"post fusion-column column col col-lg-12 col-md-12 col-sm-12\"><div class=\"recent-posts-content\"><h3 class=\"\"><a href=\"https:\/\/ccisv.ro\/content\/invitatie-cafeaua-cu-finantari-27-octombrie-2016\/\">Invita\u021bie Cafeaua cu finan\u021b\u0103ri, 27 octombrie 2016<\/a><\/h3><p class=\"meta\"><span>octombrie 6th, 2016<\/span><span class=\"fusion-inline-sep\">|<\/span><\/p><p>V\u0103 invit\u0103m la a VII - a edi\u021bie Cafeaua cu finan\u021b\u0103ri ! \u00a0 C\u00e2nd: 27 octombrie 2016, ultima Joi din luna, ora 16.30 Unde: la sediul Camerei de Comer\u021b \u0219i Industrie Suceava, etaj 2, sala<\/p><\/div><\/article><article class=\"post fusion-column column col col-lg-12 col-md-12 col-sm-12\"><div class=\"recent-posts-content\"><h3 class=\"\"><a href=\"https:\/\/ccisv.ro\/content\/invitatie-conferinta-probleme-dificile-de-drept-civil\/\">Invita\u021bie &#8211; Conferin\u021ba Probleme dificile de drept civil<\/a><\/h3><p class=\"meta\"><span>octombrie 6th, 2016<\/span><span class=\"fusion-inline-sep\">|<\/span><\/p><p>Stimati membri, Avem placerea de a va informa cu privire la organizarea Conferintei \u00a0Probleme dificile de drept civil, care va avea loc in data de 21 octombrie 2016, ora 10.00, de catre Societatea de Stiinte<\/p><\/div><\/article><article class=\"post fusion-column column col col-lg-12 col-md-12 col-sm-12\"><div class=\"recent-posts-content\"><h3 class=\"\"><a href=\"https:\/\/ccisv.ro\/content\/invitatie-forum-de-afaceri-india-europa-new-delhi\/\">Invita\u021bie Forum de afaceri India &#8211; Europa, New Delhi<\/a><\/h3><p class=\"meta\"><span>octombrie 6th, 2016<\/span><span class=\"fusion-inline-sep\">|<\/span><\/p><p>Stimati membri, Va transmitem , in amabila atentie, invitatia\u00a0prin care va informam cu privire la desfasurarea editiei a III-a a Forumului de afaceri India \u2013 Europa 29, la New Delhi, in perioada 08 \u2013 09<\/p><\/div><\/article><article class=\"post fusion-column column col col-lg-12 col-md-12 col-sm-12\"><div class=\"recent-posts-content\"><h3 class=\"\"><a href=\"https:\/\/ccisv.ro\/content\/invitatie-forum-de-afaceri-romania-china\/\">Invita\u021bie Forum de afaceri Rom\u00e2nia &#8211; China<\/a><\/h3><p class=\"meta\"><span>octombrie 6th, 2016<\/span><span class=\"fusion-inline-sep\">|<\/span><\/p><p>Stimati membri, Va transmitem, in amabila atentie, invitatia\u00a0cu privire la organizarea de catre CCIR in parteneriat cu Departamentul de Comert al Provinciei Guangdong, R.P.Chineza, a Forumului de Afaceri Romania \u2013 China, in data de 17<\/p><\/div><\/article><article class=\"post fusion-column column col col-lg-12 col-md-12 col-sm-12\"><div class=\"recent-posts-content\"><h3 class=\"\"><a href=\"https:\/\/ccisv.ro\/content\/invitatie-piata-de-craciun-26-noiembrie-03-decembrie-2016\/\">Invita\u021bie Pia\u021ba de Cr\u0103ciun, 26 noiembrie \u2013 03 decembrie 2016<\/a><\/h3><p class=\"meta\"><span>septembrie 29th, 2016<\/span><span class=\"fusion-inline-sep\">|<\/span><\/p><p>INVITA\u021aIE \u00a0 Stimat\u0103 Doamn\u0103\/Stimate Domnule Director General, \u00a0 \u00a0Camera de Comer\u021b \u0219i Industrie Suceava organizeaz\u0103 \u00een perioada 26 noiembrie \u2013 03 decembrie 2016 Pia\u021ba de Cr\u0103ciun PRAGA \u2013 BERLIN \u2013 VIENA \u2013 BUDAPESTA \u00a0 Profit\u00e2nd<\/p><\/div><\/article><article class=\"post fusion-column column col col-lg-12 col-md-12 col-sm-12\"><div class=\"recent-posts-content\"><h3 class=\"\"><a href=\"https:\/\/ccisv.ro\/content\/invitatie-dezbatere-oportunitati-de-afaceri-transfrontaliere-romania-ucraina\/\">Invita\u021bie dezbatere oportunit\u0103\u021bi de afaceri transfrontaliere Rom\u00e2nia &#8211; Ucraina<\/a><\/h3><p class=\"meta\"><span>septembrie 29th, 2016<\/span><span class=\"fusion-inline-sep\">|<\/span><\/p><p>Stima\u021bi membri, \u00a0 Av\u00e2nd \u00een vedere rolul \u0219i implicarea Camerei de Comer\u021b \u0219i Industrie Suceava \u00een\u00a0 reprezentarea, ap\u0103rarea \u015fi sus\u0163inerea intereselor membrilor s\u0103i \u015fi ale comunit\u0103\u0163ii de afaceri \u00een raport cu autorit\u0103\u0163ile publice \u015fi cu<\/p><\/div><\/article><article class=\"post fusion-column column col col-lg-12 col-md-12 col-sm-12\"><div class=\"recent-posts-content\"><h3 class=\"\"><a href=\"https:\/\/ccisv.ro\/content\/invitatie-seminar-importanta-conditiilor-de-livrare-incoterms-in-negocierea-contractelor-comerciale\/\">Invita\u021bie seminar &#8211; Importan\u021ba condi\u021biilor de livrare INCOTERMS \u00een negocierea contractelor comerciale<\/a><\/h3><p class=\"meta\"><span>septembrie 29th, 2016<\/span><span class=\"fusion-inline-sep\">|<\/span><\/p><p>Stimati membri, Avem placerea de a va informa cu privire la organizarea Seminarului Importanta conditiilor de livrare INCOTERMS in negocierea contractelor comerciale, care va avea loc in data de 28 octombrie 2016, intre orele 09.00<\/p><\/div><\/article><article class=\"post fusion-column column col col-lg-12 col-md-12 col-sm-12\"><div class=\"recent-posts-content\"><h3 class=\"\"><a href=\"https:\/\/ccisv.ro\/content\/invitatie-czech-investments-in-romania-roundtable\/\">Invita\u021bie &#8211; CZECH INVESTMENTS IN ROMANIA ROUNDTABLE<\/a><\/h3><p class=\"meta\"><span>septembrie 29th, 2016<\/span><span class=\"fusion-inline-sep\">|<\/span><\/p><p>Stima\u021bi membri, V\u0103 transmitem invita\u021bia la masa rotund\u0103 organizat\u0103 de Ambasada Rep. Cehe \u00eempreun\u0103 cu revista The Diplomat \u0219i Camera mixt\u0103 de comer\u021b ceho-rom\u00e2n\u0103 \u00een data de 13 octombrie 2016, pentru acei dintre dumneavoastr\u0103 care<\/p><\/div><\/article><article class=\"post fusion-column column col col-lg-12 col-md-12 col-sm-12\"><div class=\"recent-posts-content\"><h3 class=\"\"><a href=\"https:\/\/ccisv.ro\/content\/invitatie-seminar-dezvoltarea-plantatiilor-de-nuci-in-romania-cu-soiuri-franceze\/\">Invita\u021bie seminar- Dezvoltarea planta\u021biilor de nuci \u00een Rom\u00e2nia cu soiuri franceze<\/a><\/h3><p class=\"meta\"><span>septembrie 29th, 2016<\/span><span class=\"fusion-inline-sep\">|<\/span><\/p><p>Camera de Comer\u021b \u0219i Industrie Bra\u0219ov \u00eempreun\u0103 cu Pepinieres Coulie \u0219i compania BSI-SAS \u2013 Fran\u021ba, v\u0103 invit\u0103 s\u0103 participa\u021bi marti, 04.10.2016, orele 10.00, \u00een Sala de Conferin\u021be a CCI Bra\u0219ov, la o sesiune de informare<\/p><\/div><\/article><article class=\"post fusion-column column col col-lg-12 col-md-12 col-sm-12\"><div class=\"recent-posts-content\"><h3 class=\"\"><a href=\"https:\/\/ccisv.ro\/content\/curs-online-oferit-de-cor-bugetul-si-finantarea-ue-pentru-regiuni-si-orase\/\">Curs online oferit de CoR: &#8216;Bugetul \u0219i finan\u021barea UE pentru regiuni \u0219i ora\u0219e&#8217;<\/a><\/h3><p class=\"meta\"><span>septembrie 22nd, 2016<\/span><span class=\"fusion-inline-sep\">|<\/span><\/p><p>Comitetul European al Regiunilor (CoR) anunta lansarea unui nou curs online gratuit (MOOC - Massive Open Online Course) intitulat \u201cBugetul si finantarea UE pentru regiuni si orase\u201d. Cursul este primul de acest gen si are<\/p><\/div><\/article><article class=\"post fusion-column column col col-lg-12 col-md-12 col-sm-12\"><div class=\"recent-posts-content\"><h3 class=\"\"><a href=\"https:\/\/ccisv.ro\/content\/invitatie-forum-de-afaceri-bilateral-romania-slovacia\/\">Invita\u021bie Forum de Afaceri Bilateral Rom\u00e2nia \u2013 Slovacia<\/a><\/h3><p class=\"meta\"><span>septembrie 22nd, 2016<\/span><span class=\"fusion-inline-sep\">|<\/span><\/p><p>Va transmitem adresa \u00a0prin care va informam cu privire la organizarea, de catre CCIR in colaborare cu Slovac Investment and Trade Development Agency si Ministerul Economiei, Comertului si Relatiilor cu Mediul de Afaceri, a unui<\/p><\/div><\/article><article class=\"post fusion-column column col col-lg-12 col-md-12 col-sm-12\"><div class=\"recent-posts-content\"><h3 class=\"\"><a href=\"https:\/\/ccisv.ro\/content\/chestionar-identificarea-nevoilor-viitorilor-antreprenori\/\">Chestionar &#8211; Identificarea nevoilor viitorilor antreprenori<\/a><\/h3><p class=\"meta\"><span>septembrie 15th, 2016<\/span><span class=\"fusion-inline-sep\">|<\/span><\/p><p>Stimati membri, Camera de Comert si Industrie Neamt doreste sa continue \u00a0activitatea de asistenta \u0219i sprijin pentru start-up-uri \u00eenceput\u0103 anul trecut (www.antreprenoriatdesucces.ro) c\u00e2nd a fost acordat sprijin financiar nerambursabil pentru 48 de firme \u00een valoare<\/p><\/div><\/article><article class=\"post fusion-column column col col-lg-12 col-md-12 col-sm-12\"><div class=\"recent-posts-content\"><h3 class=\"\"><a href=\"https:\/\/ccisv.ro\/content\/romexpo-anunta-targul-de-turism-al-romaniei-expo-sport-si-tma-2017\/\">Romexpo anun\u021b\u0103 T\u00c2RGUL DE TURISM AL ROM\u00c2NIEI, EXPO SPORT \u0218I TMA 2017!<\/a><\/h3><p class=\"meta\"><span>septembrie 15th, 2016<\/span><span class=\"fusion-inline-sep\">|<\/span><\/p><p>Ne face o deosebita placere sa va informam ca Romexpo va organiza, in perioada 16 - 19 februarie 2017 urmatoarele evenimente: TARGUL DE TURISM AL ROMANIEI - editia de primavara \u2022 EXPO SPORT SI AGREMENT<\/p><\/div><\/article><article class=\"post fusion-column column col col-lg-12 col-md-12 col-sm-12\"><div class=\"recent-posts-content\"><h3 class=\"\"><a href=\"https:\/\/ccisv.ro\/content\/invitatie-forumului-economic-international-inovatii-investitii-initiativile-de-la-kharkiv\/\">Invita\u021bie Forumului Economic Interna\u021bional \u00abInova\u021bii. Investi\u021bii. Ini\u021biativile de la Kharkiv\u00bb<\/a><\/h3><p class=\"meta\"><span>septembrie 15th, 2016<\/span><span class=\"fusion-inline-sep\">|<\/span><\/p><p>Stima\u021bi membri, Sec\u0163ia economic\u0103 \u00een cadrul Ambasadei Ucrainei \u00een Rom\u00e2nia V\u0103 prezint\u0103 salutul s\u0103u \u015fi are onoarea de a informa cu privire la organizarea \u00een data de 23 septembrie 2016 \u00een or. Kharkiv (Ukraine) a<\/p><\/div><\/article><article class=\"post fusion-column column col col-lg-12 col-md-12 col-sm-12\"><div class=\"recent-posts-content\"><h3 class=\"\"><a href=\"https:\/\/ccisv.ro\/content\/cafeaua-cu-finantari-editia-a-vii-a-29-septembrie\/\">Cafeaua cu finan\u021b\u0103ri &#8211; edi\u021bia a VII-a, 29 septembrie<\/a><\/h3><p class=\"meta\"><span>septembrie 12th, 2016<\/span><span class=\"fusion-inline-sep\">|<\/span><\/p><p>V\u0103 invit\u0103m la a VII - a edi\u021bie Cafeaua cu finan\u021b\u0103ri! C\u00e2nd: 29 septembrie 2016, ultima Joi din luna, ora 16.30 Unde: la sediul Camerei de Comer\u021b \u0219i Industrie Suceava, etaj 2, sala 4 \u00a0<\/p><\/div><\/article><article class=\"post fusion-column column col col-lg-12 col-md-12 col-sm-12\"><div class=\"recent-posts-content\"><h3 class=\"\"><a href=\"https:\/\/ccisv.ro\/content\/invitatie-misiune-economica-marea-britanie-19-23-octombrie-2016\/\">Invita\u021bie Misiune Economic\u0103 Marea Britanie, 19 &#8211; 23 octombrie 2016<\/a><\/h3><p class=\"meta\"><span>septembrie 8th, 2016<\/span><span class=\"fusion-inline-sep\">|<\/span><\/p><p>Stimati membri, Camera de Comert si Industrie a Regiunii Unu Nord-Est anunta organizarea\u00a0misiunii economice \u00een Marea Britanie dedicat\u0103 valorific\u0103rii poten\u021bialului de import-export \u0219i atragerii de investi\u0163ii \u00een Regiunea Nord Est. Misiunea economic\u0103 se va desfasura<\/p><\/div><\/article><article class=\"post fusion-column column col col-lg-12 col-md-12 col-sm-12\"><div class=\"recent-posts-content\"><h3 class=\"\"><a href=\"https:\/\/ccisv.ro\/content\/invitatie-seminar-finante-manageriale-si-evaluarea-afacerii-in-setarea-strategiei-de-dezvoltare-a-firmei-2\/\">Invita\u021bie seminar &#8211; Finan\u021be manageriale \u0219i evaluarea afacerii \u00een setarea strategiei de dezvoltare a firmei<\/a><\/h3><p class=\"meta\"><span>septembrie 8th, 2016<\/span><span class=\"fusion-inline-sep\">|<\/span><\/p><p>Stimati membri, Avem placerea de a va informa cu privire la organizarea Seminarului Finante manageriale si evaluarea afacerii in setarea strategiei de dezvoltare a firmei, care va avea loc in perioada 26 \u2013 27 \u00a0septembrie<\/p><\/div><\/article><article class=\"post fusion-column column col col-lg-12 col-md-12 col-sm-12\"><div class=\"recent-posts-content\"><h3 class=\"\"><a href=\"https:\/\/ccisv.ro\/content\/invitatie-stadiul-privind-legislatia-din-domeniul-silvic-si-asigurarea-resurselor-de-masa-lemnoasa-pentru-producatorii-de-mobila\/\">Invita\u021bie &#8211; Stadiul privind legisla\u021bia din domeniul silvic \u0219i asigurarea resurselor de mas\u0103 lemnoas\u0103 pentru produc\u0103torii de mobil\u0103<\/a><\/h3><p class=\"meta\"><span>septembrie 8th, 2016<\/span><span class=\"fusion-inline-sep\">|<\/span><\/p><p>Stimati membri, Avem placerea de a va informa cu privire la organizarea Seminarului Stadiul privind legislatia din domeniul silvic si asigurarea resurselor de masa lemnoasa pentru producatorii de mobila, care va avea loc in data<\/p><\/div><\/article><article class=\"post fusion-column column col col-lg-12 col-md-12 col-sm-12\"><div class=\"recent-posts-content\"><h3 class=\"\"><a href=\"https:\/\/ccisv.ro\/content\/invitatie-conferinta-probleme-dificile-de-drept-comercial\/\">Invita\u021bie &#8211; Conferin\u021ba ,,Probleme dificile de drept comercial&#8221;<\/a><\/h3><p class=\"meta\"><span>septembrie 8th, 2016<\/span><span class=\"fusion-inline-sep\">|<\/span><\/p><p>Stimati membri, Camera de Comert si Industrie a Romaniei va adreseaza invitatia de a participa la Conferinta ,,Probleme dificile de drept comercial\u201d, organizata de Societatea de Stiinte Juridice, eveniment care va avea loc in data<\/p><\/div><\/article><article class=\"post fusion-column column col col-lg-12 col-md-12 col-sm-12\"><div class=\"recent-posts-content\"><h3 class=\"\"><a href=\"https:\/\/ccisv.ro\/content\/invitatie-seminar-de-afaceri-oportunitati-de-afaceri-in-shanghai\/\">Invita\u021bie seminar de afaceri &#8211; Oportunit\u0103\u021bi de afaceri \u00een Shanghai<\/a><\/h3><p class=\"meta\"><span>septembrie 8th, 2016<\/span><span class=\"fusion-inline-sep\">|<\/span><\/p><p>Va transmitem, in amabila atentie, invitatia\u00a0prin care va informam cu privire la organizarea, in parteneriat cu SCOFCOM (entitate responsabila cu implementarea legilor, politicilor, reglementarilor si masurilor privind comertul domestic si international in Shanghai) in data<\/p><\/div><\/article><article class=\"post fusion-column column col col-lg-12 col-md-12 col-sm-12\"><div class=\"recent-posts-content\"><h3 class=\"\"><a href=\"https:\/\/ccisv.ro\/content\/completare-chestionar-privind-studiul-eurochambres-economic-survery-2017\/\">Completare chestionar privind studiul Eurochambres Economic Survery 2017<\/a><\/h3><p class=\"meta\"><span>septembrie 1st, 2016<\/span><span class=\"fusion-inline-sep\">|<\/span><\/p><p>Stimati membri, Va rugam sa regasiti \u00a0solicitarea, in atentia c dumneavoastra, cat si chestionarul \u00a0Eurochambres Economic Survery 2017 ce trebuie completat si transmis Camerei de Comert si Industrie a Romaniei, la adresa de email: petru.saca@ccir.ro,<\/p><\/div><\/article><article class=\"post fusion-column column col col-lg-12 col-md-12 col-sm-12\"><div class=\"recent-posts-content\"><h3 class=\"\"><a href=\"https:\/\/ccisv.ro\/content\/invitatie-2-day-geothermal-workshop-reykjavik-iceland-nov-24-25-2016\/\">Invita\u021bie 2-day Geothermal Workshop, Reykjavik\/ Iceland, Nov. 24-25, 2016<\/a><\/h3><p class=\"meta\"><span>septembrie 1st, 2016<\/span><span class=\"fusion-inline-sep\">|<\/span><\/p><p>Stima\u021bi membri, V\u0103 trimitem anun\u021bul f\u0103cut de c\u0103tre autorit\u0103\u021bile islandeze referitor la organizarea unui seminar \u00een domeniul energiei geotermale, care va avea loc la Rykjavik \u00een perioada 24-25 noiembrie a.c. http:\/\/www.thinkgeoenergy.com\/2-day-geothermal-workshop-reykjavik-iceland-nov-24-25-2016\/ Sursa: Consulatul General al<\/p><\/div><\/article><article class=\"post fusion-column column col col-lg-12 col-md-12 col-sm-12\"><div class=\"recent-posts-content\"><h3 class=\"\"><a href=\"https:\/\/ccisv.ro\/content\/drumetie-pentru-o-noua-viata\/\">Drume\u0163ie pentru o nou\u0103 via\u0163\u0103<\/a><\/h3><p class=\"meta\"><span>august 31st, 2016<\/span><span class=\"fusion-inline-sep\">|<\/span><\/p><p>\u00a0 \u00a0 \u00a0 \u00a0<\/p><\/div><\/article><article class=\"post fusion-column column col col-lg-12 col-md-12 col-sm-12\"><div class=\"recent-posts-content\"><h3 class=\"\"><a href=\"https:\/\/ccisv.ro\/content\/invitatie-parlamentului-european-al-intreprinderilor-epe-2016\/\">Invita\u021bie Parlamentului European al \u00centreprinderilor &#8211; EPE 2016<\/a><\/h3><p class=\"meta\"><span>august 25th, 2016<\/span><span class=\"fusion-inline-sep\">|<\/span><\/p><p>Stima\u021bi membri, V\u0103 transmitem ata\u015fat adresa Camerei de Comer\u0163 \u015fi Industrie a Rom\u00e2niei nr. 7604\/24.08.2016, cu privire la cea de a IV-a edi\u0163ie a Parlamentului European al \u00centreprinderilor - EPE 2016, un eveniment organizat de<\/p><\/div><\/article><article class=\"post fusion-column column col col-lg-12 col-md-12 col-sm-12\"><div class=\"recent-posts-content\"><h3 class=\"\"><a href=\"https:\/\/ccisv.ro\/content\/invitatie-mobila-expo-mamaia\/\">Invita\u021bie &#8211; Mobila Expo, Mamaia<\/a><\/h3><p class=\"meta\"><span>august 25th, 2016<\/span><span class=\"fusion-inline-sep\">|<\/span><\/p><p>Stimati membri, In perioada 13-16 octombrie 2016 va avea loc, la Constan\u0163a, t\u00e2rgul de mobil\u0103 MOBILA EXPO ,eveniment ce se adreseaz\u0103 at\u00e2t publicului larg, c\u00e2t \u015fi, \u00een mod special, proprietarilor \u015fi managerilor unit\u0103\u0163ilor de turism<\/p><\/div><\/article><article class=\"post fusion-column column col col-lg-12 col-md-12 col-sm-12\"><div class=\"recent-posts-content\"><h3 class=\"\"><a href=\"https:\/\/ccisv.ro\/content\/cafeaua-cu-finantari-editia-a-vii-a-25-august\/\">Cafeaua cu finan\u021b\u0103ri &#8211; edi\u021bia a VII-a, 25 august<\/a><\/h3><p class=\"meta\"><span>august 18th, 2016<\/span><span class=\"fusion-inline-sep\">|<\/span><\/p><p>V\u0103 invit\u0103m la a VII - a edi\u021bie Cafeaua cu finan\u021b\u0103ri ! \u00a0 C\u00e2nd: 25 august 2016, ultima Joi din luna, ora 16.30 Unde: la sediul Camerei de Comer\u021b \u0219i Industrie Suceava, etaj 2, sala<\/p><\/div><\/article><article class=\"post fusion-column column col col-lg-12 col-md-12 col-sm-12\"><div class=\"recent-posts-content\"><h3 class=\"\"><a href=\"https:\/\/ccisv.ro\/content\/pozitia-camerei-de-comert-si-industrie-a-romaniei-privind-invatamantul-profesional-dual\/\">Pozi\u021bia Camerei de Comer\u021b \u0219i Industrie a Rom\u00e2niei privind \u00eenv\u0103\u021b\u0103m\u00e2ntul profesional dual<\/a><\/h3><p class=\"meta\"><span>august 18th, 2016<\/span><span class=\"fusion-inline-sep\">|<\/span><\/p><p>Stimati membri, Va informam cu privirea la intalnirea de lucru care a avut loc in data de 02 august 2016, la sediul Ministerului Educatiei Nationale si Cercetarii Stiintifice, unde au participat domnul Presedinte CCIR, Mihai<\/p><\/div><\/article><article class=\"post fusion-column column col col-lg-12 col-md-12 col-sm-12\"><div class=\"recent-posts-content\"><h3 class=\"\"><a href=\"https:\/\/ccisv.ro\/content\/invitatie-la-festivalul-picnic-cu-scofeturi-moldovenesti-27-28-august-2016\/\">Invita\u021bie la Festivalul \u201dPicnic cu scofeturi moldovene\u0219ti\u201d, 27 &#8211; 28 august 2016<\/a><\/h3><p class=\"meta\"><span>august 18th, 2016<\/span><span class=\"fusion-inline-sep\">|<\/span><\/p><p>ADR Nord-Est, \u00eempreun\u0103 cu Centrul Europe Direct Nord-Est, organizeaz\u0103 un festival intitulat Picnic cu Scofeturi Moldovene\u0219ti,\u00a0dedicat identific\u0103rii, promov\u0103rii \u0219i cunoa\u0219terii tradi\u021biilor culinare specifice Regiunii. Evenimentul face parte dintr-un plan de ac\u021biune al CEDNE, care urm\u0103re\u0219te<\/p><\/div><\/article><article class=\"post fusion-column column col col-lg-12 col-md-12 col-sm-12\"><div class=\"recent-posts-content\"><h3 class=\"\"><a href=\"https:\/\/ccisv.ro\/content\/invitatie-la-expozitia-internationala-agricultura-si-totul-despre-aceasta-dobrich-bulgaria\/\">Invita\u021bie la Expozi\u021bia Interna\u021bional\u0103 &#8222;Agricultura \u0219i totul despre aceasta\u201d &#8211; Dobrich, Bulgaria<\/a><\/h3><p class=\"meta\"><span>august 18th, 2016<\/span><span class=\"fusion-inline-sep\">|<\/span><\/p><p>INVITATIE A XXIV-a editie a Expozi\u021biei Interna\u021bionale \"Agricultura si totul despre aceasta\u201d Dobrich Bulgaria, 23-27 august 2016 Societatea de targuri si expozitii \u201eDobrich Fair\u2019 organizeaza in perioada 23-27 august a.c. cea de a XXIV-a editie<\/p><\/div><\/article><article class=\"post fusion-column column col col-lg-12 col-md-12 col-sm-12\"><div class=\"recent-posts-content\"><h3 class=\"\"><a href=\"https:\/\/ccisv.ro\/content\/romexpo-anunta-tibco-si-senior-expo-2017\/\">Romexpo anun\u021b\u0103 TIBCO \u0219i SENIOR EXPO 2017<\/a><\/h3><p class=\"meta\"><span>august 10th, 2016<\/span><span class=\"fusion-inline-sep\">|<\/span><\/p><p>Ne face placere sa va informam ca Romexpo va organiza, in perioada 25 \u2013 28 Mai 2017 urmatoarele evenimente: \u2022 TIBCO - Targ international de bunuri de larg consum \u2022 SENIOR EXPO - Targ dedicat<\/p><\/div><\/article><article class=\"post fusion-column column col col-lg-12 col-md-12 col-sm-12\"><div class=\"recent-posts-content\"><h3 class=\"\"><a href=\"https:\/\/ccisv.ro\/content\/romexpo-anunta-evenimentele-anului-2017\/\">Romexpo anun\u021b\u0103 evenimentele anului 2017<\/a><\/h3><p class=\"meta\"><span>august 4th, 2016<\/span><span class=\"fusion-inline-sep\">|<\/span><\/p><p>Evenimentele Romexpo din perioada 09-12 martie 2017 Ne face placere sa va informam ca Romexpo va organiza, in perioada 09 - 12 martie 2017 urmatoarele evenimente: \u2022 BUCHAREST PET EXHIBITION - Expozitie de animale de<\/p><\/div><\/article><article class=\"post fusion-column column col col-lg-12 col-md-12 col-sm-12\"><div class=\"recent-posts-content\"><h3 class=\"\"><a href=\"https:\/\/ccisv.ro\/content\/invitatie-logistica-in-domeniul-auto-si-alimentar-din-regiunea-dunarii\/\">Invita\u021bie ,,Logistica \u00een domeniul auto \u0219i alimentar din regiunea Dun\u0103rii&#8221;<\/a><\/h3><p class=\"meta\"><span>iulie 28th, 2016<\/span><span class=\"fusion-inline-sep\">|<\/span><\/p><p>Stimati membri, Va transmitem invitatia la Forumul ,,Logistica in domeniul auto si alimentar din regiunea Dunarii\u201d, care va avea loc in data de 13 septembrie 2016, la Viena, Austria, organizat de catre Camera Economica Federala,<\/p><\/div><\/article><article class=\"post fusion-column column col col-lg-12 col-md-12 col-sm-12\"><div class=\"recent-posts-content\"><h3 class=\"\"><a href=\"https:\/\/ccisv.ro\/content\/invitatie-destination-africa-2016-cairo-egypt\/\">Invita\u021bie \u201cDestination Africa 2016\u201d &#8211; Cairo, Egypt<\/a><\/h3><p class=\"meta\"><span>iulie 28th, 2016<\/span><span class=\"fusion-inline-sep\">|<\/span><\/p><p>The Commercial Office of the Embassy of the Arab Republic of Egypt presents its compliments and has the pleasure to invite you to attend the event \u201cDestination Africa 2016\u201d in Cairo, Egypt, organized in cooperation<\/p><\/div><\/article><article class=\"post fusion-column column col col-lg-12 col-md-12 col-sm-12\"><div class=\"recent-posts-content\"><h3 class=\"\"><a href=\"https:\/\/ccisv.ro\/content\/invitatie-congresul-international-de-mine-si-metalurgie-minemetal-2016\/\">Invita\u021bie Congresul Interna\u021bional de Mine \u0219i Metalurgie MINEMETAL 2016<\/a><\/h3><p class=\"meta\"><span>iulie 28th, 2016<\/span><span class=\"fusion-inline-sep\">|<\/span><\/p><p>Stimati membri, CCIR va informeaza cu privire la organizarea celui de al III-lea Congres International de Mine si Metalurgie MINEMETAL 2016, eveniment prilejuit de cea de-a 50 aniversare a crearii Centrului de Cercetari pentru Industria<\/p><\/div><\/article><article class=\"post fusion-column column col col-lg-12 col-md-12 col-sm-12\"><div class=\"recent-posts-content\"><h3 class=\"\"><a href=\"https:\/\/ccisv.ro\/content\/invitatie-dezbatere-prioritati-de-investitie-si-dezvoltare-a-judetului-suceava\/\">Invita\u021bie dezbatere priorit\u0103\u021bi de investi\u021bie \u0219i dezvoltare a jude\u021bului Suceava<\/a><\/h3><p class=\"meta\"><span>iulie 21st, 2016<\/span><span class=\"fusion-inline-sep\">|<\/span><\/p><p>Stima\u021bi membri, \u00a0 Av\u00e2nd \u00een vedere rolul \u0219i implicarea Camerei de Comer\u021b \u0219i Industrie Suceava \u00een\u00a0 reprezentarea, ap\u0103rarea \u015fi sus\u0163inerea intereselor membrilor s\u0103i \u015fi ale comunit\u0103\u0163ii de afaceri \u00een raport cu autorit\u0103\u0163ile publice \u015fi cu<\/p><\/div><\/article><article class=\"post fusion-column column col col-lg-12 col-md-12 col-sm-12\"><div class=\"recent-posts-content\"><h3 class=\"\"><a href=\"https:\/\/ccisv.ro\/content\/chestionar-referitor-la-parteneriatul-transatlantic-pentru-comert-si-investitii-ttip\/\">Chestionar referitor la Parteneriatul Transatlantic pentru Comer\u021b \u0219i Investi\u021bii (TTIP)<\/a><\/h3><p class=\"meta\"><span>iulie 21st, 2016<\/span><span class=\"fusion-inline-sep\">|<\/span><\/p><p>Stimati membri, Va transmitem anexat, in amabila atentie, adresa CCIR nr. 7150\/20.07.2016 prin care supunem atentiei pozitia Camerei de Comert si Industrie a Romaniei cu privire la Parteneriatul Transatlantic pentru Comert si Investitii (TTIP), cat<\/p><\/div><\/article><article class=\"post fusion-column column col col-lg-12 col-md-12 col-sm-12\"><div class=\"recent-posts-content\"><h3 class=\"\"><a href=\"https:\/\/ccisv.ro\/content\/invitatie-forumul-de-investitii-si-afaceri-din-argentina\/\">Invita\u021bie Forumul de Investi\u021bii \u0219i Afaceri din Argentina<\/a><\/h3><p class=\"meta\"><span>iulie 21st, 2016<\/span><span class=\"fusion-inline-sep\">|<\/span><\/p><p>Stimati membri, Ambasada Argentinei in Romania are placerea de a se adresa Dvs. cu scopul de a va aduce la cunostinta organizarea primei editii a \"FORUMULUI DE INVESTITII SI AFACERI DIN ARGENTINA\" ce va avea<\/p><\/div><\/article><article class=\"post fusion-column column col col-lg-12 col-md-12 col-sm-12\"><div class=\"recent-posts-content\"><h3 class=\"\"><a href=\"https:\/\/ccisv.ro\/content\/cci-suceava-anunta-lansarea-cursului-de-expert-achizitii-publice\/\">CCI Suceava anun\u021b\u0103 lansarea cursului de Expert Achizi\u021bii Publice<\/a><\/h3><p class=\"meta\"><span>iulie 18th, 2016<\/span><span class=\"fusion-inline-sep\">|<\/span><\/p><p>\u00a0 Formular de participare curs expert achizitii publice Invitatie curs expert achizitii publice<\/p><\/div><\/article><article class=\"post fusion-column column col col-lg-12 col-md-12 col-sm-12\"><div class=\"recent-posts-content\"><h3 class=\"\"><a href=\"https:\/\/ccisv.ro\/content\/invitatie-la-a-9-a-editie-a-targului-international-de-turism-marea-neagra-good-practices-for-tourism-all-year-round-13-15-octombrie-2016-varna\/\">Invita\u021bie la a 9-a edi\u021bie a T\u00e2rgului Interna\u021bional de Turism Marea Neagr\u0103 \u201eGood practices for tourism all year round\u201d 13-15 Octombrie 2016, Varna<\/a><\/h3><p class=\"meta\"><span>iulie 14th, 2016<\/span><span class=\"fusion-inline-sep\">|<\/span><\/p><p>Stimati membri, A 9-a editie a Targului International de Turism Marea Neagra \u201eGood practices for tourism all year round\u201d 13-15 Octombrie 2016, Varna Camera de Turism Varna cu sprijinul Ministerului Turismului si a Municipalitatii Varna,<\/p><\/div><\/article><article class=\"post fusion-column column col col-lg-12 col-md-12 col-sm-12\"><div class=\"recent-posts-content\"><h3 class=\"\"><a href=\"https:\/\/ccisv.ro\/content\/invitatie-forum-economic-redam-increderea-investitorilor-romani-si-italieni-in-economia-romaneasca-servicii-de-calitate-pentru-spitalele-din-romania\/\">Invita\u021bie forum economic &#8222;Redam \u00eencrederea investitorilor rom\u00e2ni \u0219i italieni \u00een economia romaneasca &#8211; Servicii de calitate pentru spitalele din Rom\u00e2nia&#8221;<\/a><\/h3><p class=\"meta\"><span>iulie 14th, 2016<\/span><span class=\"fusion-inline-sep\">|<\/span><\/p><p>Stimati membri, CCIRO Italia mentine programul forumurilor economice \u201cRedam increderea investitorilor romani si italieni in economia romaneasca\u201d pentru anul 2016, proiect realizat in colaborare cu Guvernul Romaniei conform memorandumului de colaborare dintre DIMMMAT si CCIRO<\/p><\/div><\/article><article class=\"post fusion-column column col col-lg-12 col-md-12 col-sm-12\"><div class=\"recent-posts-content\"><h3 class=\"\"><a href=\"https:\/\/ccisv.ro\/content\/invitatie-forumul-economic-automotive-and-food-logistics-in-the-danube-region\/\">Invita\u021bie Forumul economic &#8222;Automotive and Food Logistics in the Danube Region&#8221;<\/a><\/h3><p class=\"meta\"><span>iulie 14th, 2016<\/span><span class=\"fusion-inline-sep\">|<\/span><\/p><p>Stimati membri, Va aducem la cunostinta pe aceasta cale, ca in data de 13 septembrie 2016 va avea loc la Viena, Austria, Forumul economic \u201cAutomotive and Food Logistics in the Danube Region\u201d, organizat de Camera<\/p><\/div><\/article><article class=\"post fusion-column column col col-lg-12 col-md-12 col-sm-12\"><div class=\"recent-posts-content\"><h3 class=\"\"><a href=\"https:\/\/ccisv.ro\/content\/cafeaua-cu-finantari-editia-a-vi-a-28-iulie-2016\/\">Cafeaua cu finan\u021b\u0103ri, edi\u021bia a VI-a, 28 iulie 2016<\/a><\/h3><p class=\"meta\"><span>iulie 12th, 2016<\/span><span class=\"fusion-inline-sep\">|<\/span><\/p><p>V\u0103 invit\u0103m la a VI - a edi\u021bie Cafeaua cu finan\u021b\u0103ri ! \u00a0 C\u00e2nd: 28 iulie 2016, ultima Joi din luna, ora 16.30 Unde: la sediul Camerei de Comer\u021b \u0219i Industrie Suceava, etaj 2, sala<\/p><\/div><\/article><article class=\"post fusion-column column col col-lg-12 col-md-12 col-sm-12\"><div class=\"recent-posts-content\"><h3 class=\"\"><a href=\"https:\/\/ccisv.ro\/content\/invitatie-targul-national-agricultura-2016-braila\/\">Invita\u021bie T\u00e2rgul Na\u021bional AgriCultura 2016, Br\u0103ila<\/a><\/h3><p class=\"meta\"><span>iulie 7th, 2016<\/span><span class=\"fusion-inline-sep\">|<\/span><\/p><p>T\u00e2rgul AgriCultura, manifestare pe care Camera de Comert, Industrie si Agricultura Braila o organizeaza anual si care a ajuns la a XX-a editie, se bucura, de peste\u00a0 doua decenii, de recunoasterea specialistilor si firmelor din<\/p><\/div><\/article><article class=\"post fusion-column column col col-lg-12 col-md-12 col-sm-12\"><div class=\"recent-posts-content\"><h3 class=\"\"><a href=\"https:\/\/ccisv.ro\/content\/invitatie-forumul-de-afaceri-international-production-capacity-cooperation-romania-china\/\">Invita\u021bie Forumul de afaceri &#8211; ,,International Production Capacity Cooperation Romania &#8211; China&#8221;<\/a><\/h3><p class=\"meta\"><span>iulie 7th, 2016<\/span><span class=\"fusion-inline-sep\">|<\/span><\/p><p>Stimati membri, Va transmitem invitatia\u00a0cu privire la organizarea in data de 18 iulie 2016, incepand cu ora 15.00, la Amfiteatrul ,,Albastru\u201d, sediul CCIR Business Center, a Forumului de afaceri - ,,International Production Capacity Cooperation Romania<\/p><\/div><\/article><article class=\"post fusion-column column col col-lg-12 col-md-12 col-sm-12\"><div class=\"recent-posts-content\"><h3 class=\"\"><a href=\"https:\/\/ccisv.ro\/content\/invitatie-international-high-level-meeting-south-east-europe-co-modality-2016-plovdiv-bulgaria\/\">Invita\u021bie \u201eInternational High Level Meeting- South East Europe Co Modality 2016\u201d &#8211; Plovdiv, Bulgaria<\/a><\/h3><p class=\"meta\"><span>iulie 7th, 2016<\/span><span class=\"fusion-inline-sep\">|<\/span><\/p><p>A\u00a05-a Editie a \u201eInternational High Level Meeting- South East Europe Co Modality 2016\u201d 1-2 Septembrie 2016, Plovdiv, Bulgaria \u00a0 SPC Bulgaria, este organizatorul Reuniunii la nivel inalt \u201eSouth East Europe Co Modality 2016\u201d, care va<\/p><\/div><\/article><article class=\"post fusion-column column col col-lg-12 col-md-12 col-sm-12\"><div class=\"recent-posts-content\"><h3 class=\"\"><a href=\"https:\/\/ccisv.ro\/content\/invitatie-targul-international-msv-2016-brno-republica-ceha\/\">Invita\u021bie T\u00e2rgul Interna\u021bional MSV 2016 &#8211; Brno, Republica Ceh\u0103<\/a><\/h3><p class=\"meta\"><span>iulie 7th, 2016<\/span><span class=\"fusion-inline-sep\">|<\/span><\/p><p>Stimati membri, Va\u00a0ducem la cunostinta, spre informare, ca\u00a0in perioada 3-7.10.2016 se desfasoara a 58 editie a Targului international MSV 2016 de la Brno, Rep. Ceha. Participarea este in jur de 1600 de expozanti, dintre care<\/p><\/div><\/article><article class=\"post fusion-column column col col-lg-12 col-md-12 col-sm-12\"><div class=\"recent-posts-content\"><h3 class=\"\"><a href=\"https:\/\/ccisv.ro\/content\/31979\/\">Invita\u021bie &#8211; Salonul Interna\u021bional de Transport \u0219i Logistic\u0103 &#8211; TransLogistica 2016<\/a><\/h3><p class=\"meta\"><span>iunie 30th, 2016<\/span><span class=\"fusion-inline-sep\">|<\/span><\/p><p>Va transmitem\u00a0invitatia de a participa la \u00a0a 2-a editie a Salonului International de Transport si Logistica \u2013 TransLogistica 2016,\u00a0cel mai amplu eveniment dedicat transporturilor, logisticii si industriilor conexe din Romania si din regiune, se desfasoara<\/p><\/div><\/article><article class=\"post fusion-column column col col-lg-12 col-md-12 col-sm-12\"><div class=\"recent-posts-content\"><h3 class=\"\"><a href=\"https:\/\/ccisv.ro\/content\/invitatie-la-intalnirea-cu-producatorii-locali-06-iulie-2016\/\">Invita\u021bie la \u00eent\u00e2lnirea cu produc\u0103torii locali, 06 iulie 2016<\/a><\/h3><p class=\"meta\"><span>iunie 27th, 2016<\/span><span class=\"fusion-inline-sep\">|<\/span><\/p><p>Stima\u021bi membri, \u00a0 Camera de Comer\u021b \u0219i Industrie Suceava \u00eempreun\u0103 cu Auchan Rom\u00e2nia anun\u0163\u0103 lansarea unui proiect destinat produc\u0103torilor rom\u00e2ni, alimentari \u015fi nealimentari, prin care va pune la dispozi\u0163ia acestora re\u0163eaua sa de hipermarketuri pentru<\/p><\/div><\/article><article class=\"post fusion-column column col col-lg-12 col-md-12 col-sm-12\"><div class=\"recent-posts-content\"><h3 class=\"\"><a href=\"https:\/\/ccisv.ro\/content\/31950\/\">Invita\u021bie Misiune Economic\u0103 &#8211; R.S.Vietnam<\/a><\/h3><p class=\"meta\"><span>iunie 23rd, 2016<\/span><span class=\"fusion-inline-sep\">|<\/span><\/p><p>Stimati membri, Va transmitem invitatia\u00a0cu privire la organizarea in perioada 11-14 iulie 2016, de catre Camera de Comert s Industrie a Romaniei a Misiunii Economice in R.S.Vietnam, prilejuita si de vizita domnului Dacian Ciolos, Prim-Ministrul<\/p><\/div><\/article><article class=\"post fusion-column column col col-lg-12 col-md-12 col-sm-12\"><div class=\"recent-posts-content\"><h3 class=\"\"><a href=\"https:\/\/ccisv.ro\/content\/lansare-program-targuri-2017\/\">Lansare program t\u00e2rguri 2017<\/a><\/h3><p class=\"meta\"><span>iunie 23rd, 2016<\/span><span class=\"fusion-inline-sep\">|<\/span><\/p><p>Stimati membri, Romexpo SA are deosebita placere de a anunta lansarea programului expozitional 2017. PROGRAM EXPO 2017 Sursa: Romexpo SA<\/p><\/div><\/article><article class=\"post fusion-column column col col-lg-12 col-md-12 col-sm-12\"><div class=\"recent-posts-content\"><h3 class=\"\"><a href=\"https:\/\/ccisv.ro\/content\/fii-la-curent-cu-noutatile-din-lumea-auto-la-salonul-auto-bucovina-2016\/\">Fii la curent cu nout\u0103\u021bile din lumea auto la Salonul Auto Bucovina 2016<\/a><\/h3><p class=\"meta\"><span>iunie 16th, 2016<\/span><span class=\"fusion-inline-sep\">|<\/span><\/p><p>Esplanada Casei de Cultur\u0103 Suceava g\u0103zduie\u0219te, timp de trei zile, cea de-a XIII-a edi\u021bie a SALONULUI AUTO BUCOVINA 2016 \u0219i cea de-a IX-a edi\u021bie a EXPO FINANCE 2016 \u0219i este locul unde cei mai importan\u021bi<\/p><\/div><\/article><article class=\"post fusion-column column col col-lg-12 col-md-12 col-sm-12\"><div class=\"recent-posts-content\"><h3 class=\"\"><a href=\"https:\/\/ccisv.ro\/content\/planificare-organizare-misiune-economica-in-r-s-vietnam\/\">Planificare organizare misiune economic\u0103 \u00een R.S. Vietnam<\/a><\/h3><p class=\"meta\"><span>iunie 16th, 2016<\/span><span class=\"fusion-inline-sep\">|<\/span><\/p><p>Stimati membri, Va transmitem invitatia\u00a0cu privire la posibilitatea organizarii de catre Camera de Comert si Industrie a Romaiei a unei misiuni economice in R.S. Vietnam, actiune care va include un Forum de afaceri dedicat deschiderii<\/p><\/div><\/article><article class=\"post fusion-column column col col-lg-12 col-md-12 col-sm-12\"><div class=\"recent-posts-content\"><h3 class=\"\"><a href=\"https:\/\/ccisv.ro\/content\/invitatie-forumul-de-afaceri-romano-algerian\/\">Invita\u021bie Forumul de afaceri Rom\u00e2no &#8211; Algerian<\/a><\/h3><p class=\"meta\"><span>iunie 16th, 2016<\/span><span class=\"fusion-inline-sep\">|<\/span><\/p><p>Stimati membri, Va transmitem invitatia cu privire la organizarea in cursul lunii octombrie 2016, de catre Camera de Comert si Industrie a Romaniei, in colaborare cu Camera Algeiana de Comert si Industrie si Ministerul Economiei,<\/p><\/div><\/article><article class=\"post fusion-column column col col-lg-12 col-md-12 col-sm-12\"><div class=\"recent-posts-content\"><h3 class=\"\"><a href=\"https:\/\/ccisv.ro\/content\/invitatie-expozitia-internationala-dedicata-mineriei-argentina\/\">Invita\u021bie &#8211; Expozi\u021bia Interna\u021bional\u0103 dedicat\u0103 Mineriei, Argentina<\/a><\/h3><p class=\"meta\"><span>iunie 16th, 2016<\/span><span class=\"fusion-inline-sep\">|<\/span><\/p><p>Stimati membri, Ambasada Republicii Argentina in Romania are placerea de a informa asupra organizarii urmatorului eveniment dedicat mineriei. -a VI-a Expozitii Internationale, San Juan, Factor de Dezvoltare a Mineriei argentiniene. - Loc: Rastreador Calivar 239<\/p><\/div><\/article><article class=\"post fusion-column column col col-lg-12 col-md-12 col-sm-12\"><div class=\"recent-posts-content\"><h3 class=\"\"><a href=\"https:\/\/ccisv.ro\/content\/romexpo-anunta-targul-cadourilor-de-craciun-2\/\">Romexpo anun\u021b\u0103 T\u00e2rgul Cadourilor de Cr\u0103ciun<\/a><\/h3><p class=\"meta\"><span>iunie 16th, 2016<\/span><span class=\"fusion-inline-sep\">|<\/span><\/p><p>Ne face o deosebita placere sa va informam ca Romexpo va organiza, in perioada 07 \u2013 11 decembrie 2016 TARGUL CADOURILOR DE CRACIUN Targ de cadouri, decoratiuni si suveniruri In cadrul evenimentului sunt invitati sa<\/p><\/div><\/article><article class=\"post fusion-column column col col-lg-12 col-md-12 col-sm-12\"><div class=\"recent-posts-content\"><h3 class=\"\"><a href=\"https:\/\/ccisv.ro\/content\/invitatie-la-sesiunea-de-informare-por-2014-2020-2-1-a-microintreprinderi\/\">Invita\u021bie la sesiunea de informare POR 2014 &#8211; 2020, 2.1.A Micro\u00eentreprinderi<\/a><\/h3><p class=\"meta\"><span>iunie 13th, 2016<\/span><span class=\"fusion-inline-sep\">|<\/span><\/p><p>Stimati colaboratori, Agentia pentru Dezvoltare Regionala Nord-Est organizeza, in perioada 16 - 29 iunie 2016, trei sesiuni de informare cu privire la lansarea prioritatii de investi\u021bii 2.1. \u201dPromovarea spiritului antreprenorial, \u00een special prin facilitarea exploat\u0103rii<\/p><\/div><\/article><article class=\"post fusion-column column col col-lg-12 col-md-12 col-sm-12\"><div class=\"recent-posts-content\"><h3 class=\"\"><a href=\"https:\/\/ccisv.ro\/content\/oportunitate-erasmus-pentru-tineri-antreprenori\/\">Oportunitate Erasmus pentru Tineri Antreprenori<\/a><\/h3><p class=\"meta\"><span>iunie 9th, 2016<\/span><span class=\"fusion-inline-sep\">|<\/span><\/p><p>Camera de Comer\u021b \u0219i Industrie Suceava, \u00een cooperare cu USV, v\u0103 aduce la cuno\u0219tin\u021b\u0103 informa\u021bii despre\u00a0programul Erasmus pentru Tineri Antreprenori (EYE - Erasmus for Young Entrepreneurs) www.erasmus-entrepreneurs.eu Pute\u021bi beneficia de program dac\u0103 sunte\u021bi T\u00c2N\u0102R ANTREPRENOR<\/p><\/div><\/article><article class=\"post fusion-column column col col-lg-12 col-md-12 col-sm-12\"><div class=\"recent-posts-content\"><h3 class=\"\"><a href=\"https:\/\/ccisv.ro\/content\/alerta-inselatorie-european-business-number\/\">ALERT\u0102 \u00ceN\u0218EL\u0102TORIE EUROPEAN BUSINESS NUMBER<\/a><\/h3><p class=\"meta\"><span>iunie 9th, 2016<\/span><span class=\"fusion-inline-sep\">|<\/span><\/p><p>Stima\u021bi membri, Ne-a fost semnalat faptul c\u0103 o firm\u0103 membr\u0103 a CCI Suceava\u00a0a fost contactat\u0103 prin coresponden\u021b\u0103 de firma DAD - Deutscher Adressdienst GmbH (Alter Wall 65, 20457 Hamburg, Germania), care printr-o adres\u0103 aparent administrativ\u0103<\/p><\/div><\/article><article class=\"post fusion-column column col col-lg-12 col-md-12 col-sm-12\"><div class=\"recent-posts-content\"><h3 class=\"\"><a href=\"https:\/\/ccisv.ro\/content\/invitatie-forumul-de-afaceri-romania-liban-africa-02-04-octombrie-2016\/\">Invita\u021bie Forumul de afaceri ,,Rom\u00e2nia &#8211; Liban &#8211; Africa&#8221;, 02 &#8211; 04 octombrie 2016<\/a><\/h3><p class=\"meta\"><span>iunie 9th, 2016<\/span><span class=\"fusion-inline-sep\">|<\/span><\/p><p>Stimati membri, Va transmitem informatii\u00a0cu privire la organizarea in perioada 02 \u2013 04 octombrie 2016, de catre Camera de Comert si Industrie a Romaniei, in colaborare cu Ambasada Romaniei in Liban si Ministerul Economiei, Comertului<\/p><\/div><\/article><article class=\"post fusion-column column col col-lg-12 col-md-12 col-sm-12\"><div class=\"recent-posts-content\"><h3 class=\"\"><a href=\"https:\/\/ccisv.ro\/content\/invitatie-forumul-oportunitati-de-afaceri-romania-china\/\">Invita\u021bie Forumul ,,Oportunit\u0103\u021bi de Afaceri Rom\u00e2nia &#8211; China&#8221;<\/a><\/h3><p class=\"meta\"><span>iunie 9th, 2016<\/span><span class=\"fusion-inline-sep\">|<\/span><\/p><p>Stimati membri, Va transmitem invitatia de participare la Forumul ,,Oportunitati de Afaceri Romania \u2013 China\u201d, organizat in parteneriat cu Consiliul pentru Promovarea Comertului International din China, care va avea loc vineri, 17 iunie 2016, incepand<\/p><\/div><\/article><article class=\"post fusion-column column col col-lg-12 col-md-12 col-sm-12\"><div class=\"recent-posts-content\"><h3 class=\"\"><a href=\"https:\/\/ccisv.ro\/content\/invitatie-forum-romano-bulgar-15-16-iunie\/\">Invita\u021bie Forum rom\u00e2no &#8211; bulgar, 15 &#8211; 16 iunie<\/a><\/h3><p class=\"meta\"><span>iunie 9th, 2016<\/span><span class=\"fusion-inline-sep\">|<\/span><\/p><p>Stimati membri, Va transmitem invitatia de participare la Forumul romano \u2013 bulgar, organizat cu prilejul vizitei oficiale pe care Presedintele Klaus Johannis o va efectua in Bulgaria, in data de 15 \u2013 16 iunie 2016.<\/p><\/div><\/article><article class=\"post fusion-column column col col-lg-12 col-md-12 col-sm-12\"><div class=\"recent-posts-content\"><h3 class=\"\"><a href=\"https:\/\/ccisv.ro\/content\/31753\/\">Invita\u021bie ,,Romanian Riviera Hospitality Real Estate Expo-Conference&#8221;<\/a><\/h3><p class=\"meta\"><span>iunie 2nd, 2016<\/span><span class=\"fusion-inline-sep\">|<\/span><\/p><p>Stimati membri, Camera de Comert si Industrie a Romaniei are placerea de a va informa cu privire la Evenimentul ,,Romanian Riviera Hospitality Real Estate Expo-Conference\u201d, editie speciala dedicata Litoralului si Deltei Dunarii, care va avea<\/p><\/div><\/article><article class=\"post fusion-column column col col-lg-12 col-md-12 col-sm-12\"><div class=\"recent-posts-content\"><h3 class=\"\"><a href=\"https:\/\/ccisv.ro\/content\/invitatie-paper-me-pack2pack-si-tissue-me-cairo-egipt\/\">Invita\u021bie \u201dPaper ME\u201d, Pack2Pack\u201d \u0219i \u201cTissue ME\u201d &#8211; Cairo, Egipt<\/a><\/h3><p class=\"meta\"><span>iunie 2nd, 2016<\/span><span class=\"fusion-inline-sep\">|<\/span><\/p><p>The Commercial Office of the Embassy of the Arab Republic of Egypt presents its compliments and has the pleasure to invite your esteemed members to attend the Paper ME 2016, Pack2Pack 2016 and Tissue ME<\/p><\/div><\/article><article class=\"post fusion-column column col col-lg-12 col-md-12 col-sm-12\"><div class=\"recent-posts-content\"><h3 class=\"\"><a href=\"https:\/\/ccisv.ro\/content\/dezbatere-publica-optiunile-de-formare-profesionala-dupa-clasa-a-viii-a\/\">Dezbatere public\u0103 &#8211; Op\u021biunile de formare profesional\u0103 dup\u0103 clasa a VIII-a<\/a><\/h3><p class=\"meta\"><span>mai 26th, 2016<\/span><span class=\"fusion-inline-sep\">|<\/span><\/p><p>Stimati membri, Va transmitem anexat, in amabila atentie a Domnului Presedinte, Adresa CCIR nr. 5403\/26.05.2016 prin care va aducem la cunostinta faptul ca Ministerul Educatiei Nationale si Cercetarii Stiintifice si Centrul National de Dezvoltare a<\/p><\/div><\/article><article class=\"post fusion-column column col col-lg-12 col-md-12 col-sm-12\"><div class=\"recent-posts-content\"><h3 class=\"\"><a href=\"https:\/\/ccisv.ro\/content\/invitatie-forumul-economic-yambol-2016-20-21-iunie-2016\/\">Invita\u021bie &#8222;Forumul Economic Yambol 2016\u201d, 20-21 iunie 2016<\/a><\/h3><p class=\"meta\"><span>mai 26th, 2016<\/span><span class=\"fusion-inline-sep\">|<\/span><\/p><p>Stimati membri, In data de 20-21 iunie 2016, va avea loc la Centrul comunitar \"Saglasie din Yambol, Bulgaria \"Forumul Economic Yambol 2016\u201d, organizat de Municipalitatea Yambol, \u00een parteneriat cu Forumul Economic Bulgaria. La eveniment sunt<\/p><\/div><\/article><article class=\"post fusion-column column col col-lg-12 col-md-12 col-sm-12\"><div class=\"recent-posts-content\"><h3 class=\"\"><a href=\"https:\/\/ccisv.ro\/content\/invitatie-evenimente-internationale-ale-industriei-de-transport-rutier-t-festival-2016-27-29-mai-2016-bucuresti\/\">Invita\u021bie evenimente interna\u021bionale ale industriei de transport rutier &#038; T-Festival 2016, 27-29 mai 2016 Bucure\u0219ti<\/a><\/h3><p class=\"meta\"><span>mai 26th, 2016<\/span><span class=\"fusion-inline-sep\">|<\/span><\/p><p>Stimati membri, Camera de Comert si Industrie a Romaniei\u00a0 are placerea de a va informa cu privire la organizarea in perioada 27 - 29 mai in Bucuresti, la Romexpo si hotelul Pullman mai multe evenimente<\/p><\/div><\/article><article class=\"post fusion-column column col col-lg-12 col-md-12 col-sm-12\"><div class=\"recent-posts-content\"><h3 class=\"\"><a href=\"https:\/\/ccisv.ro\/content\/invitatie-indonesia-business-day-joint-business-support-program-de-sustinere-a-operatorilor-economici\/\">Invita\u021bie &#8222;Indonesia Business Day&#8221; &#8211; &#8222;Joint Business Support&#8221; &#8211; Program de sus\u021binere  a operatorilor economici<\/a><\/h3><p class=\"meta\"><span>mai 26th, 2016<\/span><span class=\"fusion-inline-sep\">|<\/span><\/p><p>Stimati membri, Avand in vedere importanta evenimentului pe care centrul USH Pro Business il organizeaza impreuna cu Ambasa Republicii Indonezia la Bucuresti, invitam membrii Camerei de Comert si Industrie, \u00a0in data de 30 mai 2016,<\/p><\/div><\/article><article class=\"post fusion-column column col col-lg-12 col-md-12 col-sm-12\"><div class=\"recent-posts-content\"><h3 class=\"\"><a href=\"https:\/\/ccisv.ro\/content\/invitatie-seminar-de-afaceri-romania-uzbekistan\/\">Invita\u021bie Seminar de afaceri Rom\u00e2nia &#8211; Uzbekistan<\/a><\/h3><p class=\"meta\"><span>mai 26th, 2016<\/span><span class=\"fusion-inline-sep\">|<\/span><\/p><p>Stimati membri, Va transmitem adresa CCIR nr.5172\/ 20.05.2016 prin care va informam cu privire la organizarea unui seminar de afaceri organizat de Camera de Comert si Industrie a Romaiei in parteneriat cu Camera de Comert<\/p><\/div><\/article><article class=\"post fusion-column column col col-lg-12 col-md-12 col-sm-12\"><div class=\"recent-posts-content\"><h3 class=\"\"><a href=\"https:\/\/ccisv.ro\/content\/chestionar-pentru-imm-uri-in-vederea-testarii-oportunitatii-realizarii-unei-scheme-pan-europene-de-schimb-de-antreprenori\/\">CHESTIONAR pentru IMM-uri \u00een vederea test\u0103rii oportunit\u0103\u021bii realiz\u0103rii unei scheme pan-europene de schimb de antreprenori<\/a><\/h3><p class=\"meta\"><span>mai 19th, 2016<\/span><span class=\"fusion-inline-sep\">|<\/span><\/p><p>Stima\u021bi membri, Consortiul format pentru implementarea proiectului european \u201cMobiliseSME\u201d (http:\/\/mobilisesme.eu\/index.php\/en\/home\/) \u2013 initiativa finantata prin programul Progress \u2013invita IMM-urile interesate sa participe la completarea unui chestionar privind posibilitatea crearii unei scheme pan-europene de schimb pentru antreprenori,<\/p><\/div><\/article><article class=\"post fusion-column column col col-lg-12 col-md-12 col-sm-12\"><div class=\"recent-posts-content\"><h3 class=\"\"><a href=\"https:\/\/ccisv.ro\/content\/invitatie-seminar-de-afaceri-07-iunie-2016-delegatie-taiwan\/\">Invita\u021bie seminar de afaceri, 07 iunie 2016 &#8211; delega\u021bie Taiwan<\/a><\/h3><p class=\"meta\"><span>mai 19th, 2016<\/span><span class=\"fusion-inline-sep\">|<\/span><\/p><p>Stimati membri, Camera de Comert si Industrie a Romaniei are placerea de a va informa cu privire la organizarea in data de 07 iunie 2016, in intervalul orar 10.00 \u2013 18.00, a unui seminar de<\/p><\/div><\/article><article class=\"post fusion-column column col col-lg-12 col-md-12 col-sm-12\"><div class=\"recent-posts-content\"><h3 class=\"\"><a href=\"https:\/\/ccisv.ro\/content\/nu-ratati-inscrierea-la-senior-expo-2016\/\">Nu rata\u021bi \u00eenscrierea la SENIOR EXPO 2016!<\/a><\/h3><p class=\"meta\"><span>mai 19th, 2016<\/span><span class=\"fusion-inline-sep\">|<\/span><\/p><p>Stimati membri, Prima editie a SENIOR EXPO va asteapta la ROMEXPO intre 2 si 5 iunie 2016! Pregatiti-va inca de acum ofertele pentru vizitatorii care vor veni la singurul targ din Romania dedicat seniorilor si<\/p><\/div><\/article><article class=\"post fusion-column column col col-lg-12 col-md-12 col-sm-12\"><div class=\"recent-posts-content\"><h3 class=\"\"><a href=\"https:\/\/ccisv.ro\/content\/romexpo-anunta-tib-expoenergie-si-inventika\/\">Romexpo anun\u021b\u0103 TIB, ExpoEnergiE \u0219i Inventika<\/a><\/h3><p class=\"meta\"><span>mai 19th, 2016<\/span><span class=\"fusion-inline-sep\">|<\/span><\/p><p>Stimati membri, Ne face placere sa va informam ca ROMEXPO organizeaza, in perioada 12 - 15 octombrie 2016, urmatoarele manifestari expozitionale: TIB - TargulTehnic International Bucuresti (editia a XXXXII - a) ExpoEnergiE - Targul International<\/p><\/div><\/article><article class=\"post fusion-column column col col-lg-12 col-md-12 col-sm-12\"><div class=\"recent-posts-content\"><h3 class=\"\"><a href=\"https:\/\/ccisv.ro\/content\/romexpo-anunta-denta-editia-de-toamna-2016\/\">Romexpo anun\u021b\u0103 DENTA \u2013 edi\u021bia de toamn\u0103 2016<\/a><\/h3><p class=\"meta\"><span>mai 19th, 2016<\/span><span class=\"fusion-inline-sep\">|<\/span><\/p><p>Stimati membri, Ne face placere sa va informam ca Romexpo organizeaza, in perioada in perioada 20-22 octombrie 2016, la cea de-a XXXIV-a editie DENTA - Expozitie internationala de produse si echipamente pentru medicina si tehnica<\/p><\/div><\/article><article class=\"post fusion-column column col col-lg-12 col-md-12 col-sm-12\"><div class=\"recent-posts-content\"><h3 class=\"\"><a href=\"https:\/\/ccisv.ro\/content\/romexpo-anunta-indagra-indagra-food-expo-drink-wine-si-romhotel-2016\/\">Romexpo anun\u021b\u0103 INDAGRA, INDAGRA FOOD, EXPO DRINK &#038; WINE \u0219i ROMHOTEL 2016<\/a><\/h3><p class=\"meta\"><span>mai 12th, 2016<\/span><span class=\"fusion-inline-sep\">|<\/span><\/p><p>Ne face placere sa va informam ca Romexpo organizeaza, in perioada 02 - 06 noiembrie 2016, urmatoarele manifestari expozitionale: INDAGRA (editia a XXI-a) - Targ international de produse si echipamente in domeniul agriculturii, horticulturii,viticulturii si<\/p><\/div><\/article><article class=\"post fusion-column column col col-lg-12 col-md-12 col-sm-12\"><div class=\"recent-posts-content\"><h3 class=\"\"><a href=\"https:\/\/ccisv.ro\/content\/invitatie-la-conferinta-progresiv-interactiv-pentru-comerciantii-si-distribuitorii-alimentari\/\">Invita\u021bie la conferin\u021ba Progresiv Interactiv &#8211; pentru comercian\u021bii \u0219i distribuitorii alimentari<\/a><\/h3><p class=\"meta\"><span>mai 12th, 2016<\/span><span class=\"fusion-inline-sep\">|<\/span><\/p><p>Stimati membri, Revista Progresiv invita distribuitorii de bunuri de larg consum si retailerii independenti din zona Moldovei la editia a 7-a a conferintei Progresiv Interactiv, care se va desfasura pe 17 mai la Hotel International<\/p><\/div><\/article><article class=\"post fusion-column column col col-lg-12 col-md-12 col-sm-12\"><div class=\"recent-posts-content\"><h3 class=\"\"><a href=\"https:\/\/ccisv.ro\/content\/invitatie-european-mining-business-forum-sofia-13-septembrie-2016\/\">Invita\u021bie European Mining Business Forum , Sofia, 13 Septembrie 2016<\/a><\/h3><p class=\"meta\"><span>mai 12th, 2016<\/span><span class=\"fusion-inline-sep\">|<\/span><\/p><p>Stimati membri, Camera pentru Minerit \u0219i Geologie, Ministerul Energiei \u0219i Asocia\u021bia european\u0103 a minelor, minereurilor \u0219i mineralelor industriale (Euromines) vor organiza in data de 13 septembrie 2016, la Hotel Hilton Sofia \u2013 Bulgaria, cea de<\/p><\/div><\/article><article class=\"post fusion-column column col col-lg-12 col-md-12 col-sm-12\"><div class=\"recent-posts-content\"><h3 class=\"\"><a href=\"https:\/\/ccisv.ro\/content\/invitatie-eveniment-economic-romania-kazakhstan\/\">Invita\u021bie eveniment economic Rom\u00e2nia &#8211; Kazakhstan<\/a><\/h3><p class=\"meta\"><span>mai 12th, 2016<\/span><span class=\"fusion-inline-sep\">|<\/span><\/p><p>Stimati membri, Camera Bilaterala de Comert si Industrie Romania Kazakhstan, CBCI ROKAZ\u00a0 si Ambasada Republicii Kazakhstan in Romania au placerea de a va invita luni, 16.05.2016, incepand cu ora 10.00 la un eveniment deosebit\u00a0 prilejuit<\/p><\/div><\/article><article class=\"post fusion-column column col col-lg-12 col-md-12 col-sm-12\"><div class=\"recent-posts-content\"><h3 class=\"\"><a href=\"https:\/\/ccisv.ro\/content\/caravana-judeteana-helpdesk-pentru-programul-operational-regional-2014-2020\/\">Caravana jude\u021bean\u0103 helpdesk pentru Programul Opera\u021bional Regional 2014 &#8211; 2020<\/a><\/h3><p class=\"meta\"><span>mai 12th, 2016<\/span><span class=\"fusion-inline-sep\">|<\/span><\/p><p>Stima\u021bi membri, Pe parcursul lunii mai expertii ADR Nord-Est vor fi prezenti in fiecare judet din Regiunea Nord-Est in cadrul unor evenimente judetene pentru acordarea de asistenta si informatii specializate privind prioritatile de investitii lansate<\/p><\/div><\/article><article class=\"post fusion-column column col col-lg-12 col-md-12 col-sm-12\"><div class=\"recent-posts-content\"><h3 class=\"\"><a href=\"https:\/\/ccisv.ro\/content\/invitatie-conferinta-intalniri-si-afaceri-16-17-mai-2016-riga\/\">Invita\u021bie &#8211; Conferin\u0163a \u00cent\u00e2lniri \u015fi Afaceri, 16-17 mai 2016, Riga<\/a><\/h3><p class=\"meta\"><span>mai 12th, 2016<\/span><span class=\"fusion-inline-sep\">|<\/span><\/p><p>Stima\u021bi membri, V\u0103 aducem la cuno\u015ftin\u0163\u0103 informa\u0163ii cu privire la Conferin\u0163a \u00cent\u00e2lniri \u015fi Afaceri din perioada 16-17 mai 2016. Mai multe detalii g\u0103si\u0163i \u00een documentele de mai jos. agenda-CEEC-TMM-05.04.2016 Practical-information-Business-delegations \u00a0 Sursa: Consiliul Jude\u0163ean Suceava<\/p><\/div><\/article><article class=\"post fusion-column column col col-lg-12 col-md-12 col-sm-12\"><div class=\"recent-posts-content\"><h3 class=\"\"><a href=\"https:\/\/ccisv.ro\/content\/invitatie-salonul-auto-bucovina-17-19-iunie-2016\/\">Invita\u021bie Salonul Auto Bucovina &#8211; 17 &#8211; 19 iunie 2016<\/a><\/h3><p class=\"meta\"><span>mai 5th, 2016<\/span><span class=\"fusion-inline-sep\">|<\/span><\/p><p>\u00a0 SALONUL AUTO BUCOVINA &amp; EXPO FINANCE Edi\u0163ia a XIII-a 17 - 19 iunie 2016 \u00a0 Stimate partener, Camera de Comer\u0163 \u015fi Industrie Suceava \u00een parteneriat cu Prim\u0103ria Municipiului Suceava organizeaz\u0103 cea de-a XIII-a edi\u0163ie<\/p><\/div><\/article><article class=\"post fusion-column column col col-lg-12 col-md-12 col-sm-12\"><div class=\"recent-posts-content\"><h3 class=\"\"><a href=\"https:\/\/ccisv.ro\/content\/invitatie-targuri-edu2job-si-transport-ar\/\">Invita\u021bie T\u00e2rguri &#8211; EDU2JOB \u0219i Transport-AR<\/a><\/h3><p class=\"meta\"><span>mai 5th, 2016<\/span><span class=\"fusion-inline-sep\">|<\/span><\/p><p>Camera de Comer\u0163, Industrie \u0219i Agricultur\u0103 a jude\u0163ului Arad organizeaz\u0103, \u00een perioada 12-13 mai 2016, cea de-a treia edi\u021bie a evenimentului interna\u021bional EDU2JOB \u015fi \u00een perioada 10-12 iunie 2016 cea de-a XXIII-a edi\u0163ie a t\u00e2rgului<\/p><\/div><\/article><article class=\"post fusion-column column col col-lg-12 col-md-12 col-sm-12\"><div class=\"recent-posts-content\"><h3 class=\"\"><a href=\"https:\/\/ccisv.ro\/content\/starea-mediului-economic-2015\/\">Starea Mediului Economic 2015<\/a><\/h3><p class=\"meta\"><span>aprilie 28th, 2016<\/span><span class=\"fusion-inline-sep\">|<\/span><\/p><p>\u00cen 2015, Rom\u00e2nia a \u00eenregistrat o cre\u015ftere economic\u0103 de 3,6%, un nivel foarte bun, iar prognoza pentru perioada urm\u0103toare preconizeaz\u0103 c\u0103 ritmul de cre\u015ftere se va intensifica pentru a atinge 4,2% \u00een 2016, ca r\u0103spuns<\/p><\/div><\/article><article class=\"post fusion-column column col col-lg-12 col-md-12 col-sm-12\"><div class=\"recent-posts-content\"><h3 class=\"\"><a href=\"https:\/\/ccisv.ro\/content\/romexpo-anunta-modexpo-si-cosmetics-beauty-hair-2016\/\">Romexpo anun\u021b\u0103 MODEXPO \u0219i COSMETICS BEAUTY HAIR 2016<\/a><\/h3><p class=\"meta\"><span>aprilie 28th, 2016<\/span><span class=\"fusion-inline-sep\">|<\/span><\/p><p>Stimati membri, Ne face placere sa va informam ca Romexpo organizeaza, in perioada 29 septembrie - 02 octombrie 2016, urmatoarele manifestari expozitionale: COSMETICS BEAUTY HAIR - Expozitie internationala de produse si echipamente pentru cosmetica, ingrijire<\/p><\/div><\/article><article class=\"post fusion-column column col col-lg-12 col-md-12 col-sm-12\"><div class=\"recent-posts-content\"><h3 class=\"\"><a href=\"https:\/\/ccisv.ro\/content\/invitatie-translogistica-2016\/\">Invita\u021bie TransLogistica 2016<\/a><\/h3><p class=\"meta\"><span>aprilie 28th, 2016<\/span><span class=\"fusion-inline-sep\">|<\/span><\/p><p>Avem placerea de va invita sa participati la cea de a doua editie a expozitiei internationale de transporturi si logistica -\u00a0\u00a0TransLogistica - \u00a0 International Transport &amp; Logistics Expo - care se va desfasura in perioada\u00a012<\/p><\/div><\/article><article class=\"post fusion-column column col col-lg-12 col-md-12 col-sm-12\"><div class=\"recent-posts-content\"><h3 class=\"\"><a href=\"https:\/\/ccisv.ro\/content\/invitatie-misiune-economica-beirut-liban\/\">Invita\u021bie Misiune Economic\u0103 Beirut &#8211; Liban<\/a><\/h3><p class=\"meta\"><span>aprilie 28th, 2016<\/span><span class=\"fusion-inline-sep\">|<\/span><\/p><p>Stimati membri, In perioada 25-27.09.2016, Camera de Comert si Industrie a Romaniei in colaborare cu Ambasada Romaniei in Liban si Ministerul Economiei, Comertului si Relatiilor cu Mediul de Afaceri, organizeaza o misiune economica prilejuita de<\/p><\/div><\/article><article class=\"post fusion-column column col col-lg-12 col-md-12 col-sm-12\"><div class=\"recent-posts-content\"><h3 class=\"\"><a href=\"https:\/\/ccisv.ro\/content\/invitatie-bursa-de-cooperare-romano-germana\/\">Invita\u021bie Bursa de Cooperare Rom\u00e2no &#8211; German\u0103<\/a><\/h3><p class=\"meta\"><span>aprilie 21st, 2016<\/span><span class=\"fusion-inline-sep\">|<\/span><\/p><p>Camera de Comert si Industrie Romano-Germana impreuna cu Ministerul Bavarez pentru Economie si Media, Energie si Tehnologie au placerea sa va invite sa participati la Bursa de Cooperare Romano - Germana ce se va desfasura<\/p><\/div><\/article><article class=\"post fusion-column column col col-lg-12 col-md-12 col-sm-12\"><div class=\"recent-posts-content\"><h3 class=\"\"><a href=\"https:\/\/ccisv.ro\/content\/lansare-bife-sim-2016\/\">Lansare BIFE-SIM 2016<\/a><\/h3><p class=\"meta\"><span>aprilie 21st, 2016<\/span><span class=\"fusion-inline-sep\">|<\/span><\/p><p>Ne face o deosebita placere sa va informam ca ROMEXPO in parteneriat strategic cu Asociatia Producatorilor de Mobila din Romania (APMR) si Camera de Comert si Industrie a Romaniei (CCIR) are placerea sa va invite<\/p><\/div><\/article><article class=\"post fusion-column column col col-lg-12 col-md-12 col-sm-12\"><div class=\"recent-posts-content\"><h3 class=\"\"><a href=\"https:\/\/ccisv.ro\/content\/lansare-targul-de-turism-al-romaniei-editia-de-toamna-2016\/\">Lansare T\u00e2rgul de Turism al Rom\u00e2niei edi\u021bia de toamn\u0103 2016<\/a><\/h3><p class=\"meta\"><span>aprilie 21st, 2016<\/span><span class=\"fusion-inline-sep\">|<\/span><\/p><p>Ne face o deosebita placere sa va informam ca ROMEXPO in parteneriat cu Camera de Comert si Industrie a Romaniei, ANAT- Asociatia Nationala a Agentiilor de Turism din Romania, FPTR - Federatia Patronatelor din Turismul<\/p><\/div><\/article><article class=\"post fusion-column column col col-lg-12 col-md-12 col-sm-12\"><div class=\"recent-posts-content\"><h3 class=\"\"><a href=\"https:\/\/ccisv.ro\/content\/invitatie-forumul-anual-al-strategiei-ue-pentru-marea-adriatica-si-regiunea-ionica-eusair-dubrovnik-12-13-mai-2016\/\">Invita\u021bie &#8211; Forumul anual al Strategiei UE pentru Marea Adriatic\u0103 \u0219i Regiunea Ionic\u0103 (EUSAIR) &#8211; Dubrovnik, 12-13 mai 2016<\/a><\/h3><p class=\"meta\"><span>aprilie 21st, 2016<\/span><span class=\"fusion-inline-sep\">|<\/span><\/p><p>Stimati membri, Camera de Comert si Industrie a Romaniei are placerea de a va informa cu privire la desfasurarea ,,Forumului anual al Strategiei UE pentru Marea Adriatica si Regiunea Ionica (EUSAIR) care va avea loc<\/p><\/div><\/article><article class=\"post fusion-column column col col-lg-12 col-md-12 col-sm-12\"><div class=\"recent-posts-content\"><h3 class=\"\"><a href=\"https:\/\/ccisv.ro\/content\/invitatie-managementul-platilor-in-afacerile-internationale-minimizarea-riscurilor-exportatori-versus-importatori\/\">Invita\u021bie &#8211; Managementul pl\u0103\u021bilor \u00een afacerile interna\u021bionale: minimizarea riscurilor, exportatori versus importatori<\/a><\/h3><p class=\"meta\"><span>aprilie 21st, 2016<\/span><span class=\"fusion-inline-sep\">|<\/span><\/p><p>Stimati membri, Camera de Comert si Industrie a Romaniei va adreseaza invitatia de a participa la Seminarul ,,Managementul platilor in afacerile internationale: minimizarea riscurilor, exportatori versus importatori\u201d, organizat in colaborare cu Institutul Bancar Roman \u2013IBR,<\/p><\/div><\/article><article class=\"post fusion-column column col col-lg-12 col-md-12 col-sm-12\"><div class=\"recent-posts-content\"><h3 class=\"\"><a href=\"https:\/\/ccisv.ro\/content\/invitatie-misiune-economica-in-minsk-belarus\/\">Invita\u021bie Misiune Economic\u0103 \u00een Minsk, Belarus<\/a><\/h3><p class=\"meta\"><span>aprilie 14th, 2016<\/span><span class=\"fusion-inline-sep\">|<\/span><\/p><p>Stima\u021bi membri, V\u0103 aducem la cuno\u0219tin\u021b\u0103 c\u0103 \u00een perioada 09 \u2013 14 mai 2016, CCI Bac\u0103u organizeaz\u0103\u00a0\u00eempreun\u0103 cu Ambasada Republicii Belarus \u00een Rom\u00e2nia, Centrul Enterprise Europe Network Bac\u0103u, Centrul Enterprise Europe Prahova \u0219i Centrul Enterprise<\/p><\/div><\/article><article class=\"post fusion-column column col col-lg-12 col-md-12 col-sm-12\"><div class=\"recent-posts-content\"><h3 class=\"\"><a href=\"https:\/\/ccisv.ro\/content\/afaceri-ro-suceava-08-aprilie-2016\/\">Afaceri.RO Suceava, 08 aprilie 2016<\/a><\/h3><p class=\"meta\"><span>aprilie 7th, 2016<\/span><span class=\"fusion-inline-sep\">|<\/span><\/p><p>\u00a0 Cum iti poti dezvolta afacerea in 2016 ? \u00a0 Au trecut doar 2 luni din 2016, iar scenariul pe care-l avem in fata ne arata ca vom avea parte de un an al provocarilor<\/p><\/div><\/article><article class=\"post fusion-column column col col-lg-12 col-md-12 col-sm-12\"><div class=\"recent-posts-content\"><h3 class=\"\"><a href=\"https:\/\/ccisv.ro\/content\/bursa-generala-a-locurilor-de-munca-suceava-14-aprilie-2016\/\">Bursa general\u0103 a locurilor de munc\u0103 &#8211; Suceava, 14 aprilie 2016<\/a><\/h3><p class=\"meta\"><span>aprilie 7th, 2016<\/span><span class=\"fusion-inline-sep\">|<\/span><\/p><p>Formular oferta bursa generala 2016<\/p><\/div><\/article><article class=\"post fusion-column column col col-lg-12 col-md-12 col-sm-12\"><div class=\"recent-posts-content\"><h3 class=\"\"><a href=\"https:\/\/ccisv.ro\/content\/premiile-pentru-promovarea-intreprinderilor-europene\/\">Premiile pentru Promovarea \u00centreprinderilor Europene<\/a><\/h3><p class=\"meta\"><span>aprilie 7th, 2016<\/span><span class=\"fusion-inline-sep\">|<\/span><\/p><p>Stima\u021bi membri, \u00cen fiecare an, Comisia European\u0103, prin intermediul DG \u00centreprinderi \u0219i Industrie, dore\u0219te s\u0103 premieze ini\u021biativele care faciliteaz\u0103 afacerile, precum \u0219i pe promotorii antreprenoriatului \u00een Uniunea European\u0103. \u00cen acest sens, la data de 22<\/p><\/div><\/article><article class=\"post fusion-column column col col-lg-12 col-md-12 col-sm-12\"><div class=\"recent-posts-content\"><h3 class=\"\"><a href=\"https:\/\/ccisv.ro\/content\/invitatie-seminarul-scheme-de-ajutor-de-stat-in-perioada-2014-2020-editia-a-ii-a\/\">Invita\u021bie Seminarul ,,Scheme de ajutor de stat \u00een perioada 2014-2020, edi\u021bia a II-a&#8221;<\/a><\/h3><p class=\"meta\"><span>aprilie 7th, 2016<\/span><span class=\"fusion-inline-sep\">|<\/span><\/p><p>Camera de Comert si Industrie a Romaniei va invita sa participati la Seminarul ,,Scheme de ajutor de stat in perioada 2014-2020, editia a II-a\u201d, eveniment organizat in parteneriat cu publicatia Legal Magazin, in data de<\/p><\/div><\/article><article class=\"post fusion-column column col col-lg-12 col-md-12 col-sm-12\"><div class=\"recent-posts-content\"><h3 class=\"\"><a href=\"https:\/\/ccisv.ro\/content\/invitatie-conferinta-probleme-dificile-de-drept-european\/\">Invita\u021bie Conferin\u021ba ,,Probleme dificile de Drept European&#8221;<\/a><\/h3><p class=\"meta\"><span>aprilie 7th, 2016<\/span><span class=\"fusion-inline-sep\">|<\/span><\/p><p>Camera de Comert si Industrie a Romaniei va adreseasa invitatia de a participa la Conferinta ,,Probleme dificile de Drept European\u201d, in parteneriat cu Juridice.ro, organizata de Societatea de Stiinte Juridice, eveniment care va avea loc<\/p><\/div><\/article><article class=\"post fusion-column column col col-lg-12 col-md-12 col-sm-12\"><div class=\"recent-posts-content\"><h3 class=\"\"><a href=\"https:\/\/ccisv.ro\/content\/invitatie-agroactiva-2016-argentina\/\">Invita\u021bie AGROACTIVA 2016 &#8211; Argentina<\/a><\/h3><p class=\"meta\"><span>martie 31st, 2016<\/span><span class=\"fusion-inline-sep\">|<\/span><\/p><p>Ambasada Republicii Argentina in Romania are placerea de a se adresa cu scopul de a va informa asupra organizarii de catre Agentia ProC\u00f3rdoba SEM a Rundei Internationale de Afaceri dedicate Utilajelor Agricole si Agro-pieselor de<\/p><\/div><\/article><article class=\"post fusion-column column col col-lg-12 col-md-12 col-sm-12\"><div class=\"recent-posts-content\"><h3 class=\"\"><a href=\"https:\/\/ccisv.ro\/content\/invitatie-istanbul-aymod-fair\/\">Invita\u021bie Istanbul Aymod Fair<\/a><\/h3><p class=\"meta\"><span>martie 31st, 2016<\/span><span class=\"fusion-inline-sep\">|<\/span><\/p><p>Stimati membri, Camera de Comert si Industrie a Romaniei are placerea sa va informeze cu privire la Targul de incaltaminte care va avea loc in perioada urmatoare in Istambul, Turcia. Relatii suplimentare cu privire la<\/p><\/div><\/article><article class=\"post fusion-column column col col-lg-12 col-md-12 col-sm-12\"><div class=\"recent-posts-content\"><h3 class=\"\"><a href=\"https:\/\/ccisv.ro\/content\/ghid-fiscal-2016\/\">Ghid fiscal 2016<\/a><\/h3><p class=\"meta\"><span>martie 24th, 2016<\/span><span class=\"fusion-inline-sep\">|<\/span><\/p><p>Stima\u021bi membri, Camera de Comer\u021b \u0219i Industrie Suceava v\u0103 prezint\u0103 Ghidul Fiscal 2016. Ghid fiscal 2016<\/p><\/div><\/article><article class=\"post fusion-column column col col-lg-12 col-md-12 col-sm-12\"><div class=\"recent-posts-content\"><h3 class=\"\"><a href=\"https:\/\/ccisv.ro\/content\/agro-expo-bucovina-2016-2\/\">Agro Expo Bucovina 2016 &#8211; program<\/a><\/h3><p class=\"meta\"><span>martie 24th, 2016<\/span><span class=\"fusion-inline-sep\">|<\/span><\/p><p>Agro Expo Bucovina 2016 \u00a0 \u00cen perioada 25 - 27 martie 2016 va avut loc cel mai mare \u015fi important eveniment agricol din zona Moldovei, T\u00e2rgul Agro Expo Bucovina. Cea de-a XIV-a edi\u0163ie a t\u00e2rgului<\/p><\/div><\/article><article class=\"post fusion-column column col col-lg-12 col-md-12 col-sm-12\"><div class=\"recent-posts-content\"><h3 class=\"\"><a href=\"https:\/\/ccisv.ro\/content\/invitatie-afaceri-ro-suceava-8-aprilie-2016\/\">Invita\u021bie Afaceri.RO Suceava, 8 aprilie 2016<\/a><\/h3><p class=\"meta\"><span>martie 24th, 2016<\/span><span class=\"fusion-inline-sep\">|<\/span><\/p><p>Tematici:\u00a0Finan\u021b\u0103ri. Dezvoltarea Afacerilor. Management financiar. Antreprenoriat. Conferin\u021ba Afaceri.RO Suceava, din 8 aprilie 2016, este un amplu eveniment de business care \u00ee\u0219i propune s\u0103 abordeze subiecte de interes pentru mediul antreprenorial: \u00a0modific\u0103rile codului fiscal, finan\u021b\u0103ri nerambursabile<\/p><\/div><\/article><article class=\"post fusion-column column col col-lg-12 col-md-12 col-sm-12\"><div class=\"recent-posts-content\"><h3 class=\"\"><a href=\"https:\/\/ccisv.ro\/content\/invitatie-conferinta-probleme-dificile-de-dreptul-muncii\/\">Invita\u021bie Conferin\u021ba ,,Probleme dificile de dreptul muncii\u201d<\/a><\/h3><p class=\"meta\"><span>martie 24th, 2016<\/span><span class=\"fusion-inline-sep\">|<\/span><\/p><p>Stima\u021bi membri, Camera de Comert si Industrie a Romaniei are placerea de a va invita sa participatI la conferinta cu tema ,,Probleme dificile de dreptul muncii\u201d, organizata de Societatea de Stiinte Juridice, in data de<\/p><\/div><\/article><article class=\"post fusion-column column col col-lg-12 col-md-12 col-sm-12\"><div class=\"recent-posts-content\"><h3 class=\"\"><a href=\"https:\/\/ccisv.ro\/content\/invitatie-sarajevo-business-forum-sbf-2016\/\">Invita\u021bie ,,Sarajevo Business Forum&#8221; (SBF 2016)<\/a><\/h3><p class=\"meta\"><span>martie 24th, 2016<\/span><span class=\"fusion-inline-sep\">|<\/span><\/p><p>Stimati membri, Va transmitem invitatia de a participa la cea\u00a0de a 7-a edi\u0163ii a ,,Sarajevo Business Forum\u201d (SBF 2016), care va avea loc \u00een perioada 04 mai \u2013 05 mai 2016, la Sarajevo. Pentru detalii<\/p><\/div><\/article><article class=\"post fusion-column column col col-lg-12 col-md-12 col-sm-12\"><div class=\"recent-posts-content\"><h3 class=\"\"><a href=\"https:\/\/ccisv.ro\/content\/invitatie-travel-fun-expo-turism\/\">Invita\u021bie \u201dTravel &#038; Fun &#8211; Expo Turism\u201d &#8211; Sf\u00e2ntu Gheorghe<\/a><\/h3><p class=\"meta\"><span>martie 24th, 2016<\/span><span class=\"fusion-inline-sep\">|<\/span><\/p><p>Stima\u021bi membri, V\u0103 transmitem materilul de promovare al \u201dTravel &amp; Fun - Expo Turism\u201d, t\u00e2rg organizat de CCI Covasna. http:\/\/www.ccicov.com\/ro\/evenimente\/1411-travel-fun-expo-turism\u00a0 Invitatie_Travel &amp; Fun - Expo Turism Sursa: CCI Covasna \u00a0<\/p><\/div><\/article><article class=\"post fusion-column column col col-lg-12 col-md-12 col-sm-12\"><div class=\"recent-posts-content\"><h3 class=\"\"><a href=\"https:\/\/ccisv.ro\/content\/invitatie-targul-primaverii-arad\/\">Invita\u021bie T\u00e2rgul Primaverii &#8211; Arad<\/a><\/h3><p class=\"meta\"><span>martie 24th, 2016<\/span><span class=\"fusion-inline-sep\">|<\/span><\/p><p>Stima\u021bi membri, V\u0103 transmitem materilul de promovare al T\u00e2rgului Prim\u0103verii, t\u00e2rg organizat de CCIA Arad. Prezentare targul Primaverii 2016 Sursa: CCIA Arad<\/p><\/div><\/article><article class=\"post fusion-column column col col-lg-12 col-md-12 col-sm-12\"><div class=\"recent-posts-content\"><h3 class=\"\"><a href=\"https:\/\/ccisv.ro\/content\/invitatie-salonul-international-al-sectorului-apa-si-irigatii-smagua-2016\/\">Invita\u021bie Salonul Interna\u021bional al sectorului apa \u0219i iriga\u021bii SMAGUA 2016<\/a><\/h3><p class=\"meta\"><span>martie 24th, 2016<\/span><span class=\"fusion-inline-sep\">|<\/span><\/p><p>Va transmitem anexat Nota de informare referitoare la desfasurarea Salonul interna\u021bional al sectorului apa si iriga\u021bii SMAGUA 2016 \u2013 Zaragoza, care a avut loc in perioada 08-11 martie 2016. Edi\u021bia viitoare a SMAGUA\u00a0 va avea<\/p><\/div><\/article><article class=\"post fusion-column column col col-lg-12 col-md-12 col-sm-12\"><div class=\"recent-posts-content\"><h3 class=\"\"><a href=\"https:\/\/ccisv.ro\/content\/invitatie-tibco-2016\/\">Invita\u021bie TIBCO 2016<\/a><\/h3><p class=\"meta\"><span>martie 24th, 2016<\/span><span class=\"fusion-inline-sep\">|<\/span><\/p><p>ROMEXPO va invita sa va inscrieti ca expozant la cea cea de-a XXXIII \u2013 a editie TIBCO - Targ international de bunuri de larg consum, ce va avea loc in perioada 2 \u2013 5 iunie<\/p><\/div><\/article><article class=\"post fusion-column column col col-lg-12 col-md-12 col-sm-12\"><div class=\"recent-posts-content\"><h3 class=\"\"><a href=\"https:\/\/ccisv.ro\/content\/invitatie-participare-food-africa-2016\/\">Invita\u021bie participare FOOD AFRICA 2016<\/a><\/h3><p class=\"meta\"><span>martie 24th, 2016<\/span><span class=\"fusion-inline-sep\">|<\/span><\/p><p>The Commercial Office of the Embassy of the Arab Republic of Egypt presents its compliments and has the pleasure to invite you to attend the Food Africa 2016 Exhibition, the international trade fair for food<\/p><\/div><\/article><article class=\"post fusion-column column col col-lg-12 col-md-12 col-sm-12\"><div class=\"recent-posts-content\"><h3 class=\"\"><a href=\"https:\/\/ccisv.ro\/content\/30530\/\">Invita\u021bie AGRO EXPO BUCOVINA 2016<\/a><\/h3><p class=\"meta\"><span>martie 17th, 2016<\/span><span class=\"fusion-inline-sep\">|<\/span><\/p><p>INVITA\u0162IE Camera de Comer\u0163 \u015fi Industrie Suceava \u00een parteneriat cu Iulius Mall Suceava, Prim\u0103ria Municipiului Suceava, Consiliul Jude\u0163ean Suceava, Institu\u0163ia Prefectului Suceava, Ministerul Agriculturii \u015fi Dezvolt\u0103rii Rurale, Direc\u0163ia pentru Agricultur\u0103 \u015fi Dezvoltare Rural\u0103 Suceava \u0219i<\/p><\/div><\/article><article class=\"post fusion-column column col col-lg-12 col-md-12 col-sm-12\"><div class=\"recent-posts-content\"><h3 class=\"\"><a href=\"https:\/\/ccisv.ro\/content\/invitatatie-la-evenimentul-foreign-corruption-practices-act-25-martie-2015\/\">Invitata\u021bie la evenimentul ,,Foreign Corruption Practices Act&#8221;, 25 martie 2015<\/a><\/h3><p class=\"meta\"><span>martie 17th, 2016<\/span><span class=\"fusion-inline-sep\">|<\/span><\/p><p>Stimati membri, Va transmitem atasat, in amabila atentie, invitatia la expunerea ,, Foreign Corruption Practices Act\u201d, organizata in colaborare cu Ambasada SUA la Bucuresti, care va avea loc in data de 25 martie 2016, incepand<\/p><\/div><\/article><article class=\"post fusion-column column col col-lg-12 col-md-12 col-sm-12\"><div class=\"recent-posts-content\"><h3 class=\"\"><a href=\"https:\/\/ccisv.ro\/content\/invitatie-intalniri-b2b-misiune-economica-turca-la-bucuresti\/\">Invita\u021bie \u00eent\u00e2lniri B2B &#8211; Misiune economic\u0103 turc\u0103 la Bucure\u0219ti<\/a><\/h3><p class=\"meta\"><span>martie 17th, 2016<\/span><span class=\"fusion-inline-sep\">|<\/span><\/p><p>Stimati membri, Dorim sa va informam despre misiunea economica turca \u00a0MUSIAD European Business Summit care are loc in Bucuresti, la Grand Rin Hotel ( Vitan ) in data de 21 Martie ac, orele 15:30-19:00. Industriasi,<\/p><\/div><\/article><article class=\"post fusion-column column col col-lg-12 col-md-12 col-sm-12\"><div class=\"recent-posts-content\"><h3 class=\"\"><a href=\"https:\/\/ccisv.ro\/content\/invitatie-de-vizitare-a-standului-mogilevliftmash-belarus\/\">Invita\u021bie de vizitare a standului Mogilevliftmash, Belarus<\/a><\/h3><p class=\"meta\"><span>martie 17th, 2016<\/span><span class=\"fusion-inline-sep\">|<\/span><\/p><p>Stima\u021bi membri, V\u0103 inform\u0103m c\u0103 produc\u0103torul de ascensoare \u201cMogilevliftmash\u201d va participa la T\u00e2rgul Interna\u0163ional \u201eConstruct Expo 2016\u201d www.constructexpo.ro \u00een perioada 7-10 aprilie a.c. Intreprinderea \u201cMogilevliftmash\u201d produce o gam\u0103 larg\u0103 de peste 95 de modele http:\/\/liftmach.by\/en\/catalog\/passenger-elevators\/:<\/p><\/div><\/article><article class=\"post fusion-column column col col-lg-12 col-md-12 col-sm-12\"><div class=\"recent-posts-content\"><h3 class=\"\"><a href=\"https:\/\/ccisv.ro\/content\/invitatie-forum-economic-it-summit-2016-05-06-aprilie-2016-linz-austria\/\">Invita\u021bie Forum economic IT SUMMIT 2016 &#8211; 05-06 aprilie 2016, Linz, Austria<\/a><\/h3><p class=\"meta\"><span>martie 10th, 2016<\/span><span class=\"fusion-inline-sep\">|<\/span><\/p><p>\u00cen perioada 5-6 Aprilie 2016 va avea loc la Linz, Austria, forumul economic cu participare interna\u0163ional\u0103 \u201cIT SUMMIT 2016\u201d. Manifestarea v\u0103 ofer\u0103 posibilitatea schimbului de idei, partaj\u0103rii solu\u0163iilor, serviciilor \u015fi produselor dumneavoastr\u0103 cu ceilal\u0163i participan\u0163i,<\/p><\/div><\/article><article class=\"post fusion-column column col col-lg-12 col-md-12 col-sm-12\"><div class=\"recent-posts-content\"><h3 class=\"\"><a href=\"https:\/\/ccisv.ro\/content\/invitatie-forumul-economic-din-minsk-belarus-12-mai-2016\/\">Invita\u021bie Forumul Economic din Minsk, Belarus, 12 mai 2016<\/a><\/h3><p class=\"meta\"><span>martie 10th, 2016<\/span><span class=\"fusion-inline-sep\">|<\/span><\/p><p>Stima\u021bi membri, Va transmitem invitatia si o serie de detalii referitoare la Forumul de afaceri din Minsk, eveniment ce isi doreste sa vina in sprijinul mediului de afaceri dintre cele doua state, punand la dispozitie<\/p><\/div><\/article><article class=\"post fusion-column column col col-lg-12 col-md-12 col-sm-12\"><div class=\"recent-posts-content\"><h3 class=\"\"><a href=\"https:\/\/ccisv.ro\/content\/invitatie-zilele-culturii-si-economiei-tunisiene\/\">Invita\u021bie Zilele Culturii \u0219i Economiei Tunisiene<\/a><\/h3><p class=\"meta\"><span>martie 10th, 2016<\/span><span class=\"fusion-inline-sep\">|<\/span><\/p><p>Stima\u021bi membri, Ambasada Tunisiei la Bucure\u0219ti v\u0103 invit\u0103, \u00een perioada 17 - 19 martie 2016, s\u0103 participa\u021bi la Zilele Culturii \u0219i Economiei Tunisiene. Invita\u021bia o pute\u021bi consulta \u00een documentul de mai jos. INVITATIE 01 001<\/p><\/div><\/article><article class=\"post fusion-column column col col-lg-12 col-md-12 col-sm-12\"><div class=\"recent-posts-content\"><h3 class=\"\"><a href=\"https:\/\/ccisv.ro\/content\/invitatie-misiune-economica-romano-bulgarateheran-28-31-mai-2016\/\">Invita\u021bie Misiune Economic\u0103 rom\u00e2no-bulgar\u0103,Teheran,  28-31 mai 2016<\/a><\/h3><p class=\"meta\"><span>martie 10th, 2016<\/span><span class=\"fusion-inline-sep\">|<\/span><\/p><p>Firma Bulexpo AA&amp;CO va\u00a0 organiza misiunea economica la Teheran \"Oportunit\u0103\u021bi de afaceri noi \u00een Iran\", cu participare extinsa a firmelor din Romania si Bulgaria, in perioada 28-31.05.2016. Pia\u021ba din Iran este interesant\u0103 de produse si<\/p><\/div><\/article><article class=\"post fusion-column column col col-lg-12 col-md-12 col-sm-12\"><div class=\"recent-posts-content\"><h3 class=\"\"><a href=\"https:\/\/ccisv.ro\/content\/invitatie-seminarul-impactul-incoterms-2010-asupra-contractelor-comerciale\/\">Invita\u021bie Seminarul \u201cImpactul INCOTERMS 2010 asupra contractelor comerciale\u201d<\/a><\/h3><p class=\"meta\"><span>martie 3rd, 2016<\/span><span class=\"fusion-inline-sep\">|<\/span><\/p><p>Stima\u021bi membri, Camera de Comert si Industrie a Romaniei organizeaza Seminarul \u201cImpactul INCOTERMS 2010 asupra contractelor comerciale\u201d, in colaborare cu Institutul Bancar Roman-IBR, eveniment care va avea loc in data de 28 martie 2016, intre<\/p><\/div><\/article><article class=\"post fusion-column column col col-lg-12 col-md-12 col-sm-12\"><div class=\"recent-posts-content\"><h3 class=\"\"><a href=\"https:\/\/ccisv.ro\/content\/invitatie-business-randez-vous-strawa-cehia\/\">Invita\u021bie Business randez-vous, Ostrawa, Cehia<\/a><\/h3><p class=\"meta\"><span>martie 3rd, 2016<\/span><span class=\"fusion-inline-sep\">|<\/span><\/p><p>Camera economic\u0103 a regiunii Moravskoslezska, organizeaz\u0103 la Ostrava, zona Doln\u00ed oblast V\u00edtkovice, \u00een data de 25.05.2016, o \u00eent\u00e2lnire interna\u0163ional\u0103 bilateral\u0103 intitulat\u0103 \u201eBusiness Rendez-Vous Ostrava 2016\". \u00a0Ac\u0163iunea este destinat\u0103 \u00eentreprinz\u0103torilor \u015fi cercet\u0103torilor, care sunt \u00een c\u0103utarea<\/p><\/div><\/article><article class=\"post fusion-column column col col-lg-12 col-md-12 col-sm-12\"><div class=\"recent-posts-content\"><h3 class=\"\"><a href=\"https:\/\/ccisv.ro\/content\/invitatie-eveniment-bilateral-romania-turcia\/\">Invita\u021bie eveniment bilateral Rom\u00e2nia &#8211; Turcia<\/a><\/h3><p class=\"meta\"><span>martie 3rd, 2016<\/span><span class=\"fusion-inline-sep\">|<\/span><\/p><p>Stima\u021bi membri, Prin amabilitatea Ambasadei Republicii Turcia \u00een Rom\u00e2nia v\u0103 transmitem anun\u021bul unui eveniment \u00a0care se va organiza la Bucure\u0219ti sub \u00eenaltul patronaj al Ambasadei. Gala din data de 21 martie 2016, orele 19, de<\/p><\/div><\/article><article class=\"post fusion-column column col col-lg-12 col-md-12 col-sm-12\"><div class=\"recent-posts-content\"><h3 class=\"\"><a href=\"https:\/\/ccisv.ro\/content\/30259\/\">CCI Suceava explic\u0103 modul \u00een care pot fi accesate finan\u021b\u0103rile \u00een mediul rural<\/a><\/h3><p class=\"meta\"><span>martie 2nd, 2016<\/span><span class=\"fusion-inline-sep\">|<\/span><\/p><p>Micro-\u00eentreprinderile \u0219i \u00eentreprinderile mici, \u00eentreprinderile neagricole mici existente \u0219i nou \u00eenfiin\u021bate, PFA \u0219i alte forme de organizare autorizate pot ob\u021bine, prin Programul Na\u021bional de Dezvoltare Rural\u0103 2014 \u2013 2020, fonduri de maximum 70.000 de euro,<\/p><\/div><\/article><article class=\"post fusion-column column col col-lg-12 col-md-12 col-sm-12\"><div class=\"recent-posts-content\"><h3 class=\"\"><a href=\"https:\/\/ccisv.ro\/content\/agro-expo-bucovina-2016\/\">AGRO EXPO BUCOVINA 2016<\/a><\/h3><p class=\"meta\"><span>februarie 25th, 2016<\/span><span class=\"fusion-inline-sep\">|<\/span><\/p><p>Invita\u0163ie \u00a0Stimate Partener, \u00a0Camera de Comer\u0163 \u015fi Industrie Suceava \u00een parteneriat cu\u00a0 Consiliul Jude\u0163ean Suceava, Ministerul Agriculturii \u015fi Dezvolt\u0103rii Rurale, Institu\u0163ia Prefectului Suceava, Direc\u0163ia pentru Agricultur\u0103 \u015fi Dezvoltare Rural\u0103 Suceava au pl\u0103cerea s\u0103 v\u0103 invite<\/p><\/div><\/article><article class=\"post fusion-column column col col-lg-12 col-md-12 col-sm-12\"><div class=\"recent-posts-content\"><h3 class=\"\"><a href=\"https:\/\/ccisv.ro\/content\/invitatie-targ-arpicultura-2016-arad\/\">Invita\u021bie t\u00e2rg A(R)picultura 2016 &#8211; Arad<\/a><\/h3><p class=\"meta\"><span>februarie 25th, 2016<\/span><span class=\"fusion-inline-sep\">|<\/span><\/p><p>Camera de Comer\u021b, Industrie \u0219i Agricultur\u0103 a jude\u021bului Arad, \u00een colaborare cu Asocia\u021bia Cresc\u0103torilor de Albine din Rom\u00e2nia, filiala Arad \u0219i cu sprijinul Asocia\u021biei Fermelor Apicole de Produc\u021bie \u0219i Reproduc\u021bie din Rom\u00e2nia, organizeaz\u0103 \u00een zilele<\/p><\/div><\/article><article class=\"post fusion-column column col col-lg-12 col-md-12 col-sm-12\"><div class=\"recent-posts-content\"><h3 class=\"\"><a href=\"https:\/\/ccisv.ro\/content\/invitatie-targ-confortconstructinstal-2016-arad\/\">Invita\u021bie t\u00e2rg ConfortConstruct&#038;Instal 2016 &#8211; Arad<\/a><\/h3><p class=\"meta\"><span>februarie 25th, 2016<\/span><span class=\"fusion-inline-sep\">|<\/span><\/p><p>Camera de Comer\u0163, Industrie \u015fi Agricultur\u0103 a jude\u0163ului Arad organizeaz\u0103 la EXPO Arad \u00een perioada 17-20 martie, a XXII-a edi\u0163ie a t\u00e2rgului interna\u0163ional Confort Construct &amp; Instal. \u00cen cadrul t\u00e2rgului vor fi prezente firme produc\u0103toare<\/p><\/div><\/article><article class=\"post fusion-column column col col-lg-12 col-md-12 col-sm-12\"><div class=\"recent-posts-content\"><h3 class=\"\"><a href=\"https:\/\/ccisv.ro\/content\/informare-misiuni-economice-si-comerciale-externe\/\">Informare Misiuni economice \u0219i comerciale externe<\/a><\/h3><p class=\"meta\"><span>februarie 25th, 2016<\/span><span class=\"fusion-inline-sep\">|<\/span><\/p><p>Stimati membri, Va transmitem informarea referitoare la desfasurarea misiunilor economice si comerciale externe care vor avea loc in perioada aprilie \u2013 iunie 2016. Informare CCIJ_Misiuni economice si comerciale externe Sursa: CCIR<\/p><\/div><\/article><article class=\"post fusion-column column col col-lg-12 col-md-12 col-sm-12\"><div class=\"recent-posts-content\"><h3 class=\"\"><a href=\"https:\/\/ccisv.ro\/content\/invitatie-de-aplicare-pentru-delegatie-bavaria-eficienta-energetica-in-constructii\/\">Invita\u021bie de aplicare pentru Delega\u021bie Bavaria: Eficien\u021ba Energetic\u0103 \u00een Construc\u021bii<\/a><\/h3><p class=\"meta\"><span>februarie 25th, 2016<\/span><span class=\"fusion-inline-sep\">|<\/span><\/p><p>Stimati membri, Avem placerea de a va face cunoscuta oportunitatea de participare a companiilor din industria constructiilor si a autoritatilor publice la misiunea economica \u201eTehnologii si procese moderne de constructii pentru eficienta energetica a cladirilor\u201d,<\/p><\/div><\/article><article class=\"post fusion-column column col col-lg-12 col-md-12 col-sm-12\"><div class=\"recent-posts-content\"><h3 class=\"\"><a href=\"https:\/\/ccisv.ro\/content\/invitatie-targul-hannover-messe-germania\/\">Invita\u021bie T\u00e2rgul Hannover Messe, Germania<\/a><\/h3><p class=\"meta\"><span>februarie 25th, 2016<\/span><span class=\"fusion-inline-sep\">|<\/span><\/p><p>Stimati membri, Camera de Comert si Industrie a Romaniei are placerea de a va informa cu privire la Targul Hannover Messe \u2013 targ mondial in domeniul tehnologiilor industriale, care va avea loc in perioada 25<\/p><\/div><\/article><article class=\"post fusion-column column col col-lg-12 col-md-12 col-sm-12\"><div class=\"recent-posts-content\"><h3 class=\"\"><a href=\"https:\/\/ccisv.ro\/content\/invitatie-international-procurement-seminar\/\">Invita\u021bie International Procurement Seminar<\/a><\/h3><p class=\"meta\"><span>februarie 25th, 2016<\/span><span class=\"fusion-inline-sep\">|<\/span><\/p><p>Stima\u021bi membri, V\u0103 trimitem\u00a0anun\u021bul f\u0103cut de c\u0103tre Camera de Comer\u021b Italiano-German\u0103 referitor la organizarea, \u00een perioada 5-16 noiembrie 2016 (la Bonn, Germania) a unui seminar interna\u021bional (IPS \u2013 International Procurement Seminar) dedicat oportunit\u0103\u021bilor de afaceri<\/p><\/div><\/article><article class=\"post fusion-column column col col-lg-12 col-md-12 col-sm-12\"><div class=\"recent-posts-content\"><h3 class=\"\"><a href=\"https:\/\/ccisv.ro\/content\/cafeaua-cu-finantari-editia-a-v-a-25-februarie\/\">Cafeaua cu finan\u021b\u0103ri &#8211; edi\u021bia a V-a &#8211; 25 februarie<\/a><\/h3><p class=\"meta\"><span>februarie 17th, 2016<\/span><span class=\"fusion-inline-sep\">|<\/span><\/p><p>V\u0103 invit\u0103m la a cincea edi\u021bie Cafeaua cu finan\u021b\u0103ri ! C\u00e2nd: 25 februarie 2016, ultima Joi din luna, ora 16.30 Unde: la sediul Camerei de Comer\u021b \u0219i Industrie Suceava, etaj 2, sala 4 Consultan\u021bii no\u0219tri<\/p><\/div><\/article><article class=\"post fusion-column column col col-lg-12 col-md-12 col-sm-12\"><div class=\"recent-posts-content\"><h3 class=\"\"><a href=\"https:\/\/ccisv.ro\/content\/targul-de-nunti-bucovina-2016-iulius-mall-suceava\/\">T\u00e2rgul de Nun\u021bi Bucovina 2016, Iulius Mall Suceava<\/a><\/h3><p class=\"meta\"><span>februarie 11th, 2016<\/span><span class=\"fusion-inline-sep\">|<\/span><\/p><p>Organizat de Camera de Comer\u021b \u0219i Industrie Suceava \u00een parteneriat cu Iulius Mall Suceava, T\u00e2rgul de Nun\u021bi Bucovina 2016 aflat la cea de a IX-a edi\u021bie reune\u0219te, \u00eentr-o atmosfer\u0103 de s\u0103rb\u0103toare, peste 30 de expozan\u021bi.<\/p><\/div><\/article><article class=\"post fusion-column column col col-lg-12 col-md-12 col-sm-12\"><div class=\"recent-posts-content\"><h3 class=\"\"><a href=\"https:\/\/ccisv.ro\/content\/informare-forum-bilateral-romania-turcia\/\">Informare Forum Bilateral Rom\u00e2nia &#8211; Turcia<\/a><\/h3><p class=\"meta\"><span>februarie 11th, 2016<\/span><span class=\"fusion-inline-sep\">|<\/span><\/p><p>Stima\u021bi membri, Prin amabilitatea Ambasadei Republicii Turcia \u00een Rom\u00e2nia v\u0103 transmitem anun\u021burile a dou\u0103 evenimente care se vor organiza la Bucure\u0219ti sub \u00eenaltul patronaj al Ambasadei. Gala din data de 21 martie 2016, orele 19,<\/p><\/div><\/article><article class=\"post fusion-column column col col-lg-12 col-md-12 col-sm-12\"><div class=\"recent-posts-content\"><h3 class=\"\"><a href=\"https:\/\/ccisv.ro\/content\/lansare-green-business-index-2016\/\">Lansare Green Business Index 2016<\/a><\/h3><p class=\"meta\"><span>februarie 11th, 2016<\/span><span class=\"fusion-inline-sep\">|<\/span><\/p><p>Stimata Doamna\/ Stimate Domn, Camera de Comert si Industrie a Romaniei are placerea de a va informa cu privire la lansarea Green Business Index 2016 (GBI), barometrul responsabilitatii fata de mediu al companiilor. Pana la<\/p><\/div><\/article><article class=\"post fusion-column column col col-lg-12 col-md-12 col-sm-12\"><div class=\"recent-posts-content\"><h3 class=\"\"><a href=\"https:\/\/ccisv.ro\/content\/invitation-to-visit-cairo-interleather-fair-03-06-03-2016\/\">Invitation to visit Cairo InterLeather Fair,  03 &#8211; 06.03.2016<\/a><\/h3><p class=\"meta\"><span>februarie 11th, 2016<\/span><span class=\"fusion-inline-sep\">|<\/span><\/p><p>Dear Sirs, \u00a0 The Commercial Office of the Embassy of the Arab Republic of Egypt presents its compliments and has the pleasure to invite you to attend Cairo Inter Leather Fair, that will be organized<\/p><\/div><\/article><article class=\"post fusion-column column col col-lg-12 col-md-12 col-sm-12\"><div class=\"recent-posts-content\"><h3 class=\"\"><a href=\"https:\/\/ccisv.ro\/content\/invitatie-targul-simac-tanning-tech-2016\/\">Invita\u021bie T\u00e2rgul SIMAC TANNING TECH 2016<\/a><\/h3><p class=\"meta\"><span>februarie 11th, 2016<\/span><span class=\"fusion-inline-sep\">|<\/span><\/p><p>Stimata Doamna Director \/ Stimate Domnule Director, ASSOMAC (Asociatia Italiana \u00a0a Producatorilor Italieni de Masini pentru Incaltaminte, Marochinarie si Tabacarie) organizeaza la Milano, in perioada 23 \u2013 25 februarie 2016 expozitia internationala SIMAC TANNING TECH,<\/p><\/div><\/article><article class=\"post fusion-column column col col-lg-12 col-md-12 col-sm-12\"><div class=\"recent-posts-content\"><h3 class=\"\"><a href=\"https:\/\/ccisv.ro\/content\/invitatie-expozitia-flora-burgas-2016-bulgaria\/\">Invita\u021bie Expozi\u021bia &#8222;Flora Burgas&#8221; 2016, Bulgaria<\/a><\/h3><p class=\"meta\"><span>februarie 11th, 2016<\/span><span class=\"fusion-inline-sep\">|<\/span><\/p><p>\"Flora Burgas\" 2016, Bulgaria Municipalitaea din Burgas va organiza in perioada 29.04-07.05.2016 cea de XXII editie a Expozi\u021biei Na\u021bionala a Florilor \"Flora Burgas\" 2016 cu participare internationala, avand ca deviza \u201e O viata colorata intr-un<\/p><\/div><\/article><article class=\"post fusion-column column col col-lg-12 col-md-12 col-sm-12\"><div class=\"recent-posts-content\"><h3 class=\"\"><a href=\"https:\/\/ccisv.ro\/content\/invitatie-la-forum-ul-economic-belaruso-roman-minsk-mai-2016\/\">Invita\u021bie la Forum-ul Economic Belaruso-Rom\u00e2n, Minsk mai 2016<\/a><\/h3><p class=\"meta\"><span>februarie 11th, 2016<\/span><span class=\"fusion-inline-sep\">|<\/span><\/p><p>I N V IT A \u0162 I E la Forumul Economic Belaruso-Rom\u00e2n\u00a0\u015fi Bursa de Contacte \u015fi Cooperare Minsk, 11-13 mai 2016 V\u0103 comunic\u0103m c\u0103 la data de 12 mai 2016 la Minsk va avea loc<\/p><\/div><\/article><article class=\"post fusion-column column col col-lg-12 col-md-12 col-sm-12\"><div class=\"recent-posts-content\"><h3 class=\"\"><a href=\"https:\/\/ccisv.ro\/content\/invitatie-webit-festival-bulgaria-aprilie-2016\/\">Invita\u021bie WEBIT. FESTIVAL, Bulgaria, aprilie 2016<\/a><\/h3><p class=\"meta\"><span>februarie 11th, 2016<\/span><span class=\"fusion-inline-sep\">|<\/span><\/p><p>WEBIT. FESTIVAL, Bulgaria - 19-21 aprilie 2016 Webit Congres Global, este organizatorul unuia din cele mai importante evenimente internationale in domeniul IT, WEBIT. FESTIVAL care urmeaza a avea loc la Sofia in perioada 19-21 aprilie<\/p><\/div><\/article><article class=\"post fusion-column column col col-lg-12 col-md-12 col-sm-12\"><div class=\"recent-posts-content\"><h3 class=\"\"><a href=\"https:\/\/ccisv.ro\/content\/invitatie-participare-centrallia-25-27-may-winnipeg-canada\/\">Invita\u021bie participare Centrallia 25-27 May Winnipeg &#8211; CANADA<\/a><\/h3><p class=\"meta\"><span>februarie 11th, 2016<\/span><span class=\"fusion-inline-sep\">|<\/span><\/p><p>Stimata Doamna\/ Stimate Domn, Camera de Comert si Idustrie a Romaniei are placerea de a va invita la evenimentul Centrallia 2016, eveniment care va avea loc la Winnipeg, Manitoba, Canada, in perioada 24 \u2013 28<\/p><\/div><\/article><article class=\"post fusion-column column col col-lg-12 col-md-12 col-sm-12\"><div class=\"recent-posts-content\"><h3 class=\"\"><a href=\"https:\/\/ccisv.ro\/content\/invitatie-styl-kabo-fashion-fairs-cehia\/\">Invita\u021bie STYL-KABO Fashion Fairs, Cehia<\/a><\/h3><p class=\"meta\"><span>februarie 11th, 2016<\/span><span class=\"fusion-inline-sep\">|<\/span><\/p><p>Visitor's Guide to STYL-KABO fashion fairs, February 2016 \u00a0Dear STYL and KABO visitors, have a look at the VISITOR'S GUIDE. You will be well oriented in the companies' offer and their collections which will be<\/p><\/div><\/article><article class=\"post fusion-column column col col-lg-12 col-md-12 col-sm-12\"><div class=\"recent-posts-content\"><h3 class=\"\"><a href=\"https:\/\/ccisv.ro\/content\/invitatie-sri-lanka-investment-and-business-conclave-2016\/\">Invita\u021bie Sri Lanka Investment and Business Conclave 2016<\/a><\/h3><p class=\"meta\"><span>februarie 4th, 2016<\/span><span class=\"fusion-inline-sep\">|<\/span><\/p><p>Stima\u021bi membri, Camera de Comer\u021b Ceylon organizeaz\u0103\u00a0un simpozion de afaceri \u00een Colombo, \u00een perioada 8-10 martie 2016. Mai jos reg\u0103si\u021bi\u00a0bro\u0219ura evenimentului, iar pentru mai multe detalii puteti consulta siteul http:\/\/www.invest-srilanka.lk\/ Conclave Brochure Overseas Sursa: Consulatul<\/p><\/div><\/article><article class=\"post fusion-column column col col-lg-12 col-md-12 col-sm-12\"><div class=\"recent-posts-content\"><h3 class=\"\"><a href=\"https:\/\/ccisv.ro\/content\/invitatie-conferinta-internationala-pe-problemele-turismului-medical-ucraina-2016\/\">Invita\u021bie Conferin\u0163a Interna\u0163ional\u0103 pe problemele turismului medical, Ucraina 2016<\/a><\/h3><p class=\"meta\"><span>februarie 4th, 2016<\/span><span class=\"fusion-inline-sep\">|<\/span><\/p><p>Stima\u021bi membri, Sec\u0163ia economic\u0103 \u00een cadrul Ambasadei Ucrainei \u00een Rom\u00e2nia V\u0103 prezint\u0103 salutul s\u0103u \u015fi are onoarea de a informa cu privire la organizarea \u00een perioda 17-18 martie 2016 la Lviv, Ucraina, a Conferin\u0163ei interna\u0163ionale<\/p><\/div><\/article><article class=\"post fusion-column column col col-lg-12 col-md-12 col-sm-12\"><div class=\"recent-posts-content\"><h3 class=\"\"><a href=\"https:\/\/ccisv.ro\/content\/preturile-de-transfer-o-provocare-actuala-pentru-grupurile-de-firme-comunicat-post-eveniment\/\">\u201ePre\u0163urile de transfer \u2013 o provocare actual\u0103 pentru grupurile de firme\u201d &#8211; comunicat post-eveniment<\/a><\/h3><p class=\"meta\"><span>ianuarie 28th, 2016<\/span><span class=\"fusion-inline-sep\">|<\/span><\/p><p>Ast\u0103zi, 28 ianuarie 2016, \u00eentre orele 10 \u015fi 14, la sediul Camerei de Comer\u0163 \u015fi Industrie Suceava a avut loc seminarul \u201ePre\u0163urile de transfer \u2013 o provocare actual\u0103 pentru grupurile de firme\u201d. Evenimentul, la care<\/p><\/div><\/article><article class=\"post fusion-column column col col-lg-12 col-md-12 col-sm-12\"><div class=\"recent-posts-content\"><h3 class=\"\"><a href=\"https:\/\/ccisv.ro\/content\/am-o-idee-am-si-o-afacere-workshop-pentru-startup-uri-organizat-de-adr-nord-est-si-cci-neamt\/\">\u201eAm o idee! \u2013 Am \u015fi o afacere?!\u201d- workshop pentru startup-uri organizat de ADR Nord-Est \u015fi CCI Neam\u0163<\/a><\/h3><p class=\"meta\"><span>ianuarie 28th, 2016<\/span><span class=\"fusion-inline-sep\">|<\/span><\/p><p>Agenda SEW Piatra Neamt RO Sursa:\u00a0Agentia pentru Dezvoltare Regionala Nord-Est<\/p><\/div><\/article><article class=\"post fusion-column column col col-lg-12 col-md-12 col-sm-12\"><div class=\"recent-posts-content\"><h3 class=\"\"><a href=\"https:\/\/ccisv.ro\/content\/invitatie-misiune-economica-chisinau\/\">Invita\u0163ie Misiune Economic\u0103 Chi\u015fin\u0103u<\/a><\/h3><p class=\"meta\"><span>ianuarie 28th, 2016<\/span><span class=\"fusion-inline-sep\">|<\/span><\/p><p>Stimati membri, Camera de Comert, Industrie si Agricultur\u0103 Vaslui, sub patronajul Centrului Bilateral de Afaceri Romania-Moldova, organizeaz\u0103, in data de 3 februarie 2016, o misiune economic\u0103 la Chisinau, in vederea \u00eent\u0103ririi cooper\u0103rii \u00een domeniile economic<\/p><\/div><\/article><article class=\"post fusion-column column col col-lg-12 col-md-12 col-sm-12\"><div class=\"recent-posts-content\"><h3 class=\"\"><a href=\"https:\/\/ccisv.ro\/content\/invitatie-expozitia-realinvest-romexpo-7-10-aprilie-2016\/\">Invita\u0163ie Expozitia REALINVEST &#8211; Romexpo 7-10 aprilie 2016<\/a><\/h3><p class=\"meta\"><span>ianuarie 28th, 2016<\/span><span class=\"fusion-inline-sep\">|<\/span><\/p><p>Stimati membri, In perioada\u00a07- 10 aprilie 2016\u00a0\u00a0se organizeaz\u0103 prima editie a Salonului de Real Estate, Asset Management si Investitii - Bucuresti -REALINVEST 2016. Reunind cei mai puternici jucatori de pe piata, proprietarii, investitorii, dezvoltatorii, consultantii<\/p><\/div><\/article><article class=\"post fusion-column column col col-lg-12 col-md-12 col-sm-12\"><div class=\"recent-posts-content\"><h3 class=\"\"><a href=\"https:\/\/ccisv.ro\/content\/invitatie-international-food-festival-bulgaria\/\">Invita\u0163ie International Food Festival Bulgaria<\/a><\/h3><p class=\"meta\"><span>ianuarie 28th, 2016<\/span><span class=\"fusion-inline-sep\">|<\/span><\/p><p>Stimati membri, Ministerul Turismului bulgar in cooperare cu firma GTC Bulgaria vor organiza International Food Festival, unde sunt invitate sa participe institutii si firme cu activitate de turism si alimentatie publica, precum si bucatari sefi<\/p><\/div><\/article><article class=\"post fusion-column column col col-lg-12 col-md-12 col-sm-12\"><div class=\"recent-posts-content\"><h3 class=\"\"><a href=\"https:\/\/ccisv.ro\/content\/invitatie-salonul-international-al-agriculturii-maroc\/\">Invita\u0163ie Salonul Interna\u0163ional al Agriculturii Maroc<\/a><\/h3><p class=\"meta\"><span>ianuarie 28th, 2016<\/span><span class=\"fusion-inline-sep\">|<\/span><\/p><p>Stimati membri, In perioada 26 aprilie \u2013 01 mai 2016, sub Inaltul Patronaj al Majestatii Sale Regele Mohammed al VI-lea al Marocului si sub egida Ministerului Agriculturii si Pescuitului, se va organiza in Maroc, la<\/p><\/div><\/article><article class=\"post fusion-column column col col-lg-12 col-md-12 col-sm-12\"><div class=\"recent-posts-content\"><h3 class=\"\"><a href=\"https:\/\/ccisv.ro\/content\/invitatie-forum-economic-romano-ungar-ccir-business-center\/\">Invita\u0163ie Forum Economic Rom\u00e2no &#8211; Ungar, CCIR Business Center<\/a><\/h3><p class=\"meta\"><span>ianuarie 28th, 2016<\/span><span class=\"fusion-inline-sep\">|<\/span><\/p><p>Stima\u0163i membri, \u00cen ziua de 11 februarie a.c., la sediul Camerei de Comer\u0163 si Industrie a Rom\u00e2niei \u2013 CCIR Business Center (Blvd. Octavian Goga, nr. 2, sector 3, Bucure\u015fti), va avea loc un Forum Economic<\/p><\/div><\/article><article class=\"post fusion-column column col col-lg-12 col-md-12 col-sm-12\"><div class=\"recent-posts-content\"><h3 class=\"\"><a href=\"https:\/\/ccisv.ro\/content\/invitatie-suez-canal-conference-egipt\/\">Invita\u0163ie Suez Canal Conference, Egipt<\/a><\/h3><p class=\"meta\"><span>ianuarie 28th, 2016<\/span><span class=\"fusion-inline-sep\">|<\/span><\/p><p>The Commercial Office of the Embassy of the Arab Republic of Egypt presents its compliments and has the pleasure to invite you to attend SUEZ CANAL CONFERENCE that will be organized between 22.02 \u2013 24.02.2016,<\/p><\/div><\/article><article class=\"post fusion-column column col col-lg-12 col-md-12 col-sm-12\"><div class=\"recent-posts-content\"><h3 class=\"\"><a href=\"https:\/\/ccisv.ro\/content\/invitatie-preturile-de-transfer-o-provocare-actuala-pentru-grupurile-de-firme\/\">Invita\u0163ie seminar &#8211; Pre\u0163urile de transfer \u2013 o provocare actual\u0103 pentru grupurile de firme<\/a><\/h3><p class=\"meta\"><span>ianuarie 21st, 2016<\/span><span class=\"fusion-inline-sep\">|<\/span><\/p><p><\/p><\/div><\/article><article class=\"post fusion-column column col col-lg-12 col-md-12 col-sm-12\"><div class=\"recent-posts-content\"><h3 class=\"\"><a href=\"https:\/\/ccisv.ro\/content\/seminar-impactul-modificarilor-legislative-din-domeniul-fiscal-si-financiar-contabil-asupra-mediului-de-afaceri-27-ianuarie-2016\/\">Seminar ,,Impactul modific\u0103rilor legislative din domeniul fiscal \u015fi financiar &#8211; contabil asupra mediului de afaceri&quot;, 27 ianuarie 2016<\/a><\/h3><p class=\"meta\"><span>ianuarie 21st, 2016<\/span><span class=\"fusion-inline-sep\">|<\/span><\/p><p>Stimati membri, Permiteti-ne sa va informam ca CCIR organizeaza seminarul cu tema ,,Impactul modificarilor legislative din domeniul fiscal si financiar \u2013 contabil asupra mediului de afaceri\u201d. Acest eveniment este organizat cu sprijinul Ministerului Finantelor Publice<\/p><\/div><\/article><article class=\"post fusion-column column col col-lg-12 col-md-12 col-sm-12\"><div class=\"recent-posts-content\"><h3 class=\"\"><a href=\"https:\/\/ccisv.ro\/content\/lista-manifestarilor-expozitionale-ucraina-2016\/\">Lista manifest\u0103rilor expozi\u0163ionale &#8211; Ucraina 2016<\/a><\/h3><p class=\"meta\"><span>ianuarie 21st, 2016<\/span><span class=\"fusion-inline-sep\">|<\/span><\/p><p>Stima\u0163i membri, V\u0103 transmitem lista t\u00e2rgurilor \u015fi expozi\u0163iilor ce se vor organiza pe parcursul anului 2016 \u00een Ucraina. Manifestari expozitionale Ucraina Sursa: Ambasada Ucrainei \u00een Rom\u00e2nia<\/p><\/div><\/article><article class=\"post fusion-column column col col-lg-12 col-md-12 col-sm-12\"><div class=\"recent-posts-content\"><h3 class=\"\"><a href=\"https:\/\/ccisv.ro\/content\/invitatie-fruit-logistica-fair-berlin-vizitare-pavilionul-egiptului\/\">Invita\u0163ie FRUIT LOGISTICA FAIR, Berlin &#8211; vizitare pavilionul Egiptului<\/a><\/h3><p class=\"meta\"><span>ianuarie 21st, 2016<\/span><span class=\"fusion-inline-sep\">|<\/span><\/p><p>The Commercial Office of the Embassy of the Arab Republic of Egypt presents its compliments and has the pleasure to invite you to attend the International Trade Fair for Fruit and Vegetable Marketing - FRUIT<\/p><\/div><\/article><article class=\"post fusion-column column col col-lg-12 col-md-12 col-sm-12\"><div class=\"recent-posts-content\"><h3 class=\"\"><a href=\"https:\/\/ccisv.ro\/content\/invitatii-evenimente-de-business-in-taiwan\/\">Invita\u0163ii evenimente de business \u00een Taiwan<\/a><\/h3><p class=\"meta\"><span>ianuarie 14th, 2016<\/span><span class=\"fusion-inline-sep\">|<\/span><\/p><p>Stimati membri, Avand in vedere interesul tot mai crescut al firmelor din Romania privind mediul de afaceri din Taiwan va trimitem o serie de materiale de promovare si de prezentare a unora dintre evenimentele de<\/p><\/div><\/article><article class=\"post fusion-column column col col-lg-12 col-md-12 col-sm-12\"><div class=\"recent-posts-content\"><h3 class=\"\"><a href=\"https:\/\/ccisv.ro\/content\/romexpo-anunta-tibco-si-kidex-2016\/\">Romexpo anun\u0163\u0103 TIBCO \u015fi KIDEX 2016<\/a><\/h3><p class=\"meta\"><span>ianuarie 14th, 2016<\/span><span class=\"fusion-inline-sep\">|<\/span><\/p><p>Stimati membri, Va rog sa regasiti anexat scrisoarea care anunta editia 2016 a urmatoarelor evenimente ce se vor organiza in perioada 2 \u2013 5 iunie 2016, in vederea diseminarii informatiilor in randul membrilor si partenerilor<\/p><\/div><\/article><article class=\"post fusion-column column col col-lg-12 col-md-12 col-sm-12\"><div class=\"recent-posts-content\"><h3 class=\"\"><a href=\"https:\/\/ccisv.ro\/content\/invitatie-targul-de-turism-vacanta-constanta-11-13-martie-2016\/\">Invita\u0163ie T\u00e2rgul de Turism Vacan\u0163a &#8211; Constan\u0163a, 11-13 martie 2016<\/a><\/h3><p class=\"meta\"><span>ianuarie 14th, 2016<\/span><span class=\"fusion-inline-sep\">|<\/span><\/p><p>Stima\u0163i membri, Avem deosebita pl\u0103cere de a v\u0103 invita s\u0103 participa\u0163i la a VIII-a edi\u0163ie a T\u00e2rgului de Turism \u201cVACAN\u0162A\u201d Constan\u0163a 2016, desf\u0103\u015furat \u00een perioada 11-13 martie 2016, la Maritimo Shopping Center. Evenimentul este organizat<\/p><\/div><\/article><article class=\"post fusion-column column col col-lg-12 col-md-12 col-sm-12\"><div class=\"recent-posts-content\"><h3 class=\"\"><a href=\"https:\/\/ccisv.ro\/content\/invitatie-salonul-international-aeronautic-aeroexpo-marrakech-maroc-27-30-aprilie-2016\/\">Invita\u0163ie Salonul Interna\u0163ional Aeronautic ,,AEROEXPO&quot; , Marrakech, Maroc, 27 &#8211; 30 aprilie 2016<\/a><\/h3><p class=\"meta\"><span>ianuarie 14th, 2016<\/span><span class=\"fusion-inline-sep\">|<\/span><\/p><p>Stimati membri, Camera de Comert si Industrie a Romaniei are placerea de a va informa cu privire la organizarea celei de-a V-a editii a Salonului International Aeronautic ,,AEROEXPO\u201d la Marrakech, Maroc, in perioada 27 \u2013<\/p><\/div><\/article><article class=\"post fusion-column column col col-lg-12 col-md-12 col-sm-12\"><div class=\"recent-posts-content\"><h3 class=\"\"><a href=\"https:\/\/ccisv.ro\/content\/invitatie-cairo-international-fair-cif-16-25-03-2016-cairo-egypt\/\">Invita\u0163ie Cairo International Fair (CIF), 16-25.03.2016, Cairo, Egypt<\/a><\/h3><p class=\"meta\"><span>ianuarie 14th, 2016<\/span><span class=\"fusion-inline-sep\">|<\/span><\/p><p>The Commercial Office of the Embassy of the Arab Republic of Egypt presents its compliments and has the pleasure to invite your esteemed members to attend or visit Cairo International Fair (CIF), that will be<\/p><\/div><\/article><article class=\"post fusion-column column col col-lg-12 col-md-12 col-sm-12\"><div class=\"recent-posts-content\"><h3 class=\"\"><a href=\"https:\/\/ccisv.ro\/content\/invitatie-egymedica-fair-cairo-5-7-mai-2016\/\">Invita\u0163ie EGYMEDICA FAIR, CAIRO 5-7 mai 2016<\/a><\/h3><p class=\"meta\"><span>ianuarie 14th, 2016<\/span><span class=\"fusion-inline-sep\">|<\/span><\/p><p>The Commercial Office of the Embassy of the Arab Republic of Egypt presents its compliments and has the pleasure to invite you to attend the International Medical &amp; Pharmaceutical Exhibition in Cairo, Egypt - EgyMedica,<\/p><\/div><\/article><article class=\"post fusion-column column col col-lg-12 col-md-12 col-sm-12\"><div class=\"recent-posts-content\"><h3 class=\"\"><a href=\"https:\/\/ccisv.ro\/content\/cafeaua-cu-finantari-a-4-a-editie-28-ianuarie-2016\/\">Cafeaua cu finan\u0163\u0103ri &#8211; a 4-a edi\u0163ie &#8211; 28 ianuarie 2016<\/a><\/h3><p class=\"meta\"><span>ianuarie 12th, 2016<\/span><span class=\"fusion-inline-sep\">|<\/span><\/p><p>V\u0103 invit\u0103m la a IV-a edi\u0163ie Cafeaua cu finan\u0163\u0103ri ! \u00a0C\u00e2nd: 28 ianuarie 2016, ultima Joi din luna, ora 16.30 Unde: la sediul Camerei de Comer\u0163 \u015fi Industrie Suceava, etaj 2, sala 4 Consultan\u0163ii no\u015ftri<\/p><\/div><\/article><article class=\"post fusion-column column col col-lg-12 col-md-12 col-sm-12\"><div class=\"recent-posts-content\"><h3 class=\"\"><a href=\"https:\/\/ccisv.ro\/content\/invitatie-la-targul-de-nunti-bucovina-2016-12-14-februarie\/\">Invita\u0163ie la T\u00e2rgul de Nun\u0163i Bucovina 2016 &#8211; 12-14 februarie<\/a><\/h3><p class=\"meta\"><span>ianuarie 11th, 2016<\/span><span class=\"fusion-inline-sep\">|<\/span><\/p><p>\u00a0 T\u00c2RGUL DE NUN\u0162I BUCOVINA Edi\u0163ia a IX-a 12-14 februarie 2016 \u00a0Stimate partener, Camera de Comer\u0163 \u015fi Industrie Suceava are pl\u0103cerea de a v\u0103 invita s\u0103 prezenta\u0163i oferta de produse \u015fi servicii a firmei Dumneavoastr\u0103<\/p><\/div><\/article><article class=\"post fusion-column column col col-lg-12 col-md-12 col-sm-12\"><div class=\"recent-posts-content\"><h3 class=\"\"><a href=\"https:\/\/ccisv.ro\/content\/invitatie-misiune-economica-singapore-10-23-martie-2016\/\">Invita\u0163ie Misiune Economic\u0103 Singapore, Malaysia \u015fi Thailanda, martie 2016<\/a><\/h3><p class=\"meta\"><span>ianuarie 7th, 2016<\/span><span class=\"fusion-inline-sep\">|<\/span><\/p><p>Informatii utile Misiune Economica Program detaliat Misiune Singapore<\/p><\/div><\/article><article class=\"post fusion-column column col col-lg-12 col-md-12 col-sm-12\"><div class=\"recent-posts-content\"><h3 class=\"\"><a href=\"https:\/\/ccisv.ro\/content\/informare-evenimente-internationale-care-vor-avea-loc-in-perioada-urmatoare\/\">Informare &#8211; evenimente interna\u0163ionale care vor avea loc \u00een perioada urm\u0103toare<\/a><\/h3><p class=\"meta\"><span>ianuarie 7th, 2016<\/span><span class=\"fusion-inline-sep\">|<\/span><\/p><p>Stimati membri, Camera de Comert si Industrie a Romaniei va informeaza cu privire la evenimentele internationale din Europa, Orientul Mijlociu si America de Sud care vor fi organizate in perioada urmatoare, precum si a unor<\/p><\/div><\/article><article class=\"post fusion-column column col col-lg-12 col-md-12 col-sm-12\"><div class=\"recent-posts-content\"><h3 class=\"\"><a href=\"https:\/\/ccisv.ro\/content\/invitatie-de-participare-la-conferinta-probleme-dificile-de-drept-fiscal\/\">Invita\u0163ie de participare la Conferin\u0163a Probleme dificile de drept fiscal<\/a><\/h3><p class=\"meta\"><span>ianuarie 7th, 2016<\/span><span class=\"fusion-inline-sep\">|<\/span><\/p><p>Stimati membri, Camera de Comert si Industrie a Romaniei are placerea de a va invita sa participati la Conferinta \u201cProbleme dificile de drept fiscal\u201d, eveniment organizat in parteneriat cu Juridice.ro care va avea loc in<\/p><\/div><\/article><article class=\"post fusion-column column col col-lg-12 col-md-12 col-sm-12\"><div class=\"recent-posts-content\"><h3 class=\"\"><a href=\"https:\/\/ccisv.ro\/content\/salariul-minim-sondaj-public-lansat-de-ministerul-economiei\/\">Salariul minim: sondaj public lansat de Ministerul Economiei<\/a><\/h3><p class=\"meta\"><span>ianuarie 7th, 2016<\/span><span class=\"fusion-inline-sep\">|<\/span><\/p><p>Stimati membri, Ministerul Economiei, Comertului si Relatiilor cu Mediul de Afaceri intra intr-un dialog direct cu actorii economici, dupa consultarile, in mod particular, cu organizatiile reprezentative ale mediului de business si ale IMM-urilor lansand, public,<\/p><\/div><\/article><article class=\"post fusion-column column col col-lg-12 col-md-12 col-sm-12\"><div class=\"recent-posts-content\"><h3 class=\"\"><a href=\"https:\/\/ccisv.ro\/content\/rezultatele-sedintei-adunarii-generale-a-membrilor-cci-suceava\/\">Comunicat &#8211; Adunarea General\u0103 a Membrilor CCI Suceava<\/a><\/h3><p class=\"meta\"><span>decembrie 17th, 2015<\/span><span class=\"fusion-inline-sep\">|<\/span><\/p><p>Stima\u0163i membri, Mar\u0163i, 15 decembrie 2015, la sediul Camerei de Comer\u0163 \u015fi Industrie Suceava a avut loc Adunarea General\u0103 a Membrilor. Adunarea General\u0103 a fost statutar convocat\u0103, Camera \u00eenregistr\u00e2nd un num\u0103r de 318 membri cu<\/p><\/div><\/article><article class=\"post fusion-column column col col-lg-12 col-md-12 col-sm-12\"><div class=\"recent-posts-content\"><h3 class=\"\"><a href=\"https:\/\/ccisv.ro\/content\/certificate-constatatoare-online\/\">Certificate constatatoare online<\/a><\/h3><p class=\"meta\"><span>decembrie 17th, 2015<\/span><span class=\"fusion-inline-sep\">|<\/span><\/p><p>Nu mai trebuie s\u0103 v\u0103 deplasa\u0163i p\u00e2n\u0103 la sediul ORC pentru ob\u0163inerea certificatelor constatatoare, de acum le pute\u0163i ob\u0163ine de la Camera de Comer\u0163 \u015fi Industrie Suceava \u00een varianta online. Certificatele constatatoare online\u00a0cuprind informa\u0163ii privind<\/p><\/div><\/article><article class=\"post fusion-column column col col-lg-12 col-md-12 col-sm-12\"><div class=\"recent-posts-content\"><h3 class=\"\"><a href=\"https:\/\/ccisv.ro\/content\/sr-en-iso-90002015-sisteme-de-management-al-calitatii-principii-fundamentale-si-vocabular\/\">SR EN ISO 9000:2015, Sisteme de management al calit\u0103\u0163ii.  Principii fundamentale \u015fi vocabular<\/a><\/h3><p class=\"meta\"><span>decembrie 17th, 2015<\/span><span class=\"fusion-inline-sep\">|<\/span><\/p><p>Standardul furnizeaz\u0103 conceptele fundamentale, principiile \u015fi vocabularul pentru sistemele de management al calit\u0103\u0163ii \u015fi constituie baza pentru alte standarde referitoare la SMC, fiind destinat implement\u0103rii eficace \u015fi eficiente a unui SMC. Standardul se utilizeaz\u0103 \u00eempreun\u0103<\/p><\/div><\/article><article class=\"post fusion-column column col col-lg-12 col-md-12 col-sm-12\"><div class=\"recent-posts-content\"><h3 class=\"\"><a href=\"https:\/\/ccisv.ro\/content\/lansare-construct-expo-ambient-expo-romtherm-romenvirotec-mobila-expo-expo-flowers-garden-antique-marqet-targul-de-produse-traditionale\/\">Lansare Construct Expo, Ambient Expo, Romtherm, Romenvirotec, Mobila Expo, Expo Flowers&amp; Garden, Antique Marqet &amp; T\u00e2rgul de Produse Tradi\u0163ionale<\/a><\/h3><p class=\"meta\"><span>decembrie 17th, 2015<\/span><span class=\"fusion-inline-sep\">|<\/span><\/p><p>Stima\u0163i membri, Va rugam sa gasiti scrisoarea \u00a0de lansare a targurilor Construct Expo, Ambient Expo, Expo Flowers &amp; Garden,\u00a0 Romtherm, Romenvirotec, Mobila Expo, Antique Marqet &amp; Targul de Produse Traditionale 2016. suceava Sursa: ROMEXPO SA<\/p><\/div><\/article><article class=\"post fusion-column column col col-lg-12 col-md-12 col-sm-12\"><div class=\"recent-posts-content\"><h3 class=\"\"><a href=\"https:\/\/ccisv.ro\/content\/lansare-bucharest-pet-exhibition-si-primavara-la-romexpo\/\">Lansare BUCHAREST PET EXHIBITION \u015fi PRIM\u0102VARA LA ROMEXPO<\/a><\/h3><p class=\"meta\"><span>decembrie 17th, 2015<\/span><span class=\"fusion-inline-sep\">|<\/span><\/p><p>Stimati membri, Ne face placere sa va informam ca Romexpo va organiza, in perioada 04-06 martie 2016 urmatoarele evenimente: BUCHAREST PET EXHIBITION - Expozitiei de animale de companie PRIMAVARA LA ROMEXPO - Targ de bunuri<\/p><\/div><\/article><article class=\"post fusion-column column col col-lg-12 col-md-12 col-sm-12\"><div class=\"recent-posts-content\"><h3 class=\"\"><a href=\"https:\/\/ccisv.ro\/content\/lansare-targul-de-turism-al-romaniei-nautic-expo-expo-sport-si-agrement-si-tma-2016\/\">Lansare T\u00c2RGUL DE TURISM AL ROM\u00c2NIEI, NAUTIC EXPO, EXPO SPORT \u015eI AGREMENT \u015fi TMA 2016<\/a><\/h3><p class=\"meta\"><span>decembrie 17th, 2015<\/span><span class=\"fusion-inline-sep\">|<\/span><\/p><p>Stimati membri, Va rugam sa gasiti \u00a0scrisoarea \u00a0de lansare\u00a0 a Targului de Turism al Romaniei, Nautic Expo, Expo Sport si Agrement si TMA 2016. suceava Sursa: ROMEXPO<\/p><\/div><\/article><article class=\"post fusion-column column col col-lg-12 col-md-12 col-sm-12\"><div class=\"recent-posts-content\"><h3 class=\"\"><a href=\"https:\/\/ccisv.ro\/content\/targuri-in-germania-2016\/\">T\u00e2rguri \u00een Germania 2016<\/a><\/h3><p class=\"meta\"><span>decembrie 17th, 2015<\/span><span class=\"fusion-inline-sep\">|<\/span><\/p><p>Stimati membri, Camera de Comert si Industrie Romano-Germana (AHK Romania) reprezinta doua societati de targuri din Germania, \u00a0Messe Berlin si Deutsche Messe (Hanovra), cat si targurile Spielwarenmesse N\u00fcrnberg (Targul de jucarii) si Expo Real M\u00fcnchen.<\/p><\/div><\/article><article class=\"post fusion-column column col col-lg-12 col-md-12 col-sm-12\"><div class=\"recent-posts-content\"><h3 class=\"\"><a href=\"https:\/\/ccisv.ro\/content\/evenimente-internationale-organizate-in-perioada-urmatoare-3\/\">Evenimente interna\u0163ionale organizate \u00een perioada urm\u0103toare<\/a><\/h3><p class=\"meta\"><span>decembrie 17th, 2015<\/span><span class=\"fusion-inline-sep\">|<\/span><\/p><p>Stimati membri, Camera de Comert si Industrie a Romaniei are placerea de a va transmite lista evenimentelor internationale din Europa, care vor fi organizate in perioada urmatoare, precum si a unor oportunitati de afaceri. Anexa<\/p><\/div><\/article><article class=\"post fusion-column column col col-lg-12 col-md-12 col-sm-12\"><div class=\"recent-posts-content\"><h3 class=\"\"><a href=\"https:\/\/ccisv.ro\/content\/manifestari-expozitionale-austria-2016-2017\/\">Manifest\u0103ri expozi\u0163ionale Austria 2016-2017<\/a><\/h3><p class=\"meta\"><span>decembrie 17th, 2015<\/span><span class=\"fusion-inline-sep\">|<\/span><\/p><p>Stima\u0163i membri, V\u0103 remitem o list\u0103 a principalelor manifest\u0103ri expozi\u0163ionale ce vor avea loc \u00een Austria \u00een cursul anului 2016 \u015fi 2017. Targuri 2016-2017 Austria Sursa: BPCE Viena<\/p><\/div><\/article><article class=\"post fusion-column column col col-lg-12 col-md-12 col-sm-12\"><div class=\"recent-posts-content\"><h3 class=\"\"><a href=\"https:\/\/ccisv.ro\/content\/convocare-adunarea-generala-a-membrilor-cci-suceava-15-decembrie-2015-2\/\">Convocare ADUNAREA GENERAL\u0102 A MEMBRILOR CCI SUCEAVA, 15 decembrie 2015<\/a><\/h3><p class=\"meta\"><span>decembrie 14th, 2015<\/span><span class=\"fusion-inline-sep\">|<\/span><\/p><p>Punctul 11 - Tarife \u015fi taxe servicii CCI Suceava Punctul 10 - Regulamentul de arbitraj al CA CCI SV si a normelor privind taxele Punctul 9 - Modificarea Statutului CCI SV Punctul 8 - Plan<\/p><\/div><\/article><article class=\"post fusion-column column col col-lg-12 col-md-12 col-sm-12\"><div class=\"recent-posts-content\"><h3 class=\"\"><a href=\"https:\/\/ccisv.ro\/content\/sr-en-iso-140012015-sisteme-de-management-de-mediu-cerinte-cu-ghid-de-utilizare\/\">SR EN ISO 14001:2015 &#8211; Sisteme de management  de mediu. Cerin\u0163e cu ghid de utilizare<\/a><\/h3><p class=\"meta\"><span>decembrie 10th, 2015<\/span><span class=\"fusion-inline-sep\">|<\/span><\/p><p>SR EN ISO 14001:2015 - Sisteme de management de mediu. Cerin\u0163e cu ghid de utilizare V\u0103 inform\u0103m c\u0103 la Centru Zonal de Informare ASRO din cadrul Camerei de Comer\u0163 \u015fi Industrie Suceava este disponibil, la<\/p><\/div><\/article><article class=\"post fusion-column column col col-lg-12 col-md-12 col-sm-12\"><div class=\"recent-posts-content\"><h3 class=\"\"><a href=\"https:\/\/ccisv.ro\/content\/targuri-si-expozitii-europa\/\">T\u00e2rguri \u015fi expozi\u0163ii &#8211; Europa<\/a><\/h3><p class=\"meta\"><span>decembrie 10th, 2015<\/span><span class=\"fusion-inline-sep\">|<\/span><\/p><p>Stima\u0163i membri, V\u0103 transmitem programul t\u00e2rgurilor \u015fi expozi\u0163iilor pentru anul 2016 din mai multe \u0163\u0103ri europene. T\u00e2rguri \u015fi expozi\u0163ii Austria T\u00e2rguri \u015fi expozi\u0163ii Fran\u0163a T\u00e2rguri \u015fi expozi\u0163ii Polonia T\u00e2rguri \u015fi expozi\u0163ii Portugalia T\u00e2rguri \u015fi expozi\u0163ii<\/p><\/div><\/article><article class=\"post fusion-column column col col-lg-12 col-md-12 col-sm-12\"><div class=\"recent-posts-content\"><h3 class=\"\"><a href=\"https:\/\/ccisv.ro\/content\/invitatie-graintech-egypt-2016\/\">Invita\u0163ie GrainTech Egypt 2016<\/a><\/h3><p class=\"meta\"><span>decembrie 10th, 2015<\/span><span class=\"fusion-inline-sep\">|<\/span><\/p><p>The Economic and Commercial Office of the Embassy of the Arab Republic of Egypt presents its compliments and has the pleasure to invite your esteemed members to attend the 16th International Exhibition for Grain Industries<\/p><\/div><\/article><article class=\"post fusion-column column col col-lg-12 col-md-12 col-sm-12\"><div class=\"recent-posts-content\"><h3 class=\"\"><a href=\"https:\/\/ccisv.ro\/content\/invitation-to-free-webinar-december-16th-2015-at-900-est-1500-cet\/\">INVITATION TO FREE WEBINAR &#8211; DECEMBER 16th, 2015 at 9:00 EST (15:00 CET)<\/a><\/h3><p class=\"meta\"><span>decembrie 10th, 2015<\/span><span class=\"fusion-inline-sep\">|<\/span><\/p><p>*** TO REGISTER FOR THIS FREE WEBINAR, PLEASE CLICK\u00a0HERE\u00a0*** Sursa: Consulatul General al Rom\u00e2niei la New York<\/p><\/div><\/article><article class=\"post fusion-column column col col-lg-12 col-md-12 col-sm-12\"><div class=\"recent-posts-content\"><h3 class=\"\"><a href=\"https:\/\/ccisv.ro\/content\/calendar-evenimente-romexpo-2\/\">Calendar evenimente ROMEXPO<\/a><\/h3><p class=\"meta\"><span>decembrie 3rd, 2015<\/span><span class=\"fusion-inline-sep\">|<\/span><\/p><p>Buna ziua, Va transmitem, din partea Romexpo S.A. calendarul evenimentelor care se desfasoara la Romexpo in perioada 30 noiembrie \u2013 6 decembrie. Evenimente Romexpo - 30.11 - 06.12.2015 Sursa: ROMEXPO SA<\/p><\/div><\/article><article class=\"post fusion-column column col col-lg-12 col-md-12 col-sm-12\"><div class=\"recent-posts-content\"><h3 class=\"\"><a href=\"https:\/\/ccisv.ro\/content\/invitatie-expozitia-internationala-freskon-2016\/\">Invita\u0163ie Expozi\u0163ia Interna\u0163ional\u0103 FRESKON 2016<\/a><\/h3><p class=\"meta\"><span>decembrie 3rd, 2015<\/span><span class=\"fusion-inline-sep\">|<\/span><\/p><p>Stimati membri, Va informam ca in perioada 21-23 Aprilie 2016,\u00a0va avea loc Expozitia Internationala de Fructe si Legume Proaspate, la Centrul International \u201cHELEXPO\u201d din Salonic. In cadrul expozitiei, organizatorul ofera posibilitatea gazduirii reprezentantilor a 5<\/p><\/div><\/article><article class=\"post fusion-column column col col-lg-12 col-md-12 col-sm-12\"><div class=\"recent-posts-content\"><h3 class=\"\"><a href=\"https:\/\/ccisv.ro\/content\/invitatie-expokos-2016-balkans-gate\/\">Invita\u0163ie Expokos 2016 &#8211; Balkans Gate<\/a><\/h3><p class=\"meta\"><span>decembrie 3rd, 2015<\/span><span class=\"fusion-inline-sep\">|<\/span><\/p><p>Dear Madam\/Sir, Expokos is a special opportunity, complemented with the additional conference focused on western Balkan enterprises, will guarantee further attention and the presence of numerous visitors. Given the latest events taking place in our<\/p><\/div><\/article><article class=\"post fusion-column column col col-lg-12 col-md-12 col-sm-12\"><div class=\"recent-posts-content\"><h3 class=\"\"><a href=\"https:\/\/ccisv.ro\/content\/program-expozitional-helexpo-2016\/\">Program expozi\u0163ional HELEXPO &#8211; 2016<\/a><\/h3><p class=\"meta\"><span>decembrie 3rd, 2015<\/span><span class=\"fusion-inline-sep\">|<\/span><\/p><p>Stimati membri, Va trimitem alaturat programul oficial expozitiilor care va desfasura in Grecia, organizatorul principal este \u201cHELEXPO\u201d Agentia Nationala de Expozitii din Grecia. calendar 2016_210\u03a7280_BI_2_11_thea Sursa:\u00a0Ambasada Republicii Elene la Bucuresti<\/p><\/div><\/article><article class=\"post fusion-column column col col-lg-12 col-md-12 col-sm-12\"><div class=\"recent-posts-content\"><h3 class=\"\"><a href=\"https:\/\/ccisv.ro\/content\/invitatie-seminar-eupf-pe-tema-achizitiilor-onu-new-york-29-februarie-1-martie-2016\/\">Invita\u0163ie Seminar EUPF pe tema achizi\u0163iilor ONU, New York, 29 februarie-1 martie 2016<\/a><\/h3><p class=\"meta\"><span>decembrie 3rd, 2015<\/span><span class=\"fusion-inline-sep\">|<\/span><\/p><p>Stimati membri, In perioada 29 februarie-1 martie 2016 se va desf\u0103\u015fura la New York, la Bohemian National Hall, cea de-a XIII-a edi\u0163ie a Seminarului EUPF (European Procurement Forum), pe tema achizi\u0163iilor ONU, la care sunt<\/p><\/div><\/article><article class=\"post fusion-column column col col-lg-12 col-md-12 col-sm-12\"><div class=\"recent-posts-content\"><h3 class=\"\"><a href=\"https:\/\/ccisv.ro\/content\/convocare-adunarea-generala-a-membrilor-cci-suceava-15-decembrie-2015\/\">Convocare ADUNAREA GENERAL\u0102 A MEMBRILOR CCI SUCEAVA, 15 decembrie 2015<\/a><\/h3><p class=\"meta\"><span>noiembrie 27th, 2015<\/span><span class=\"fusion-inline-sep\">|<\/span><\/p><p>Convocator 15 decembrie 2015 Punctul 1 - RA al CCI Suceava mai 2012 - noiembrie 2015 Punctul 5 - Depunere candidatura colegiul de conducere Punctul 6 - Depunere candidatura presedinte Punctul 8 - Plan de<\/p><\/div><\/article><article class=\"post fusion-column column col col-lg-12 col-md-12 col-sm-12\"><div class=\"recent-posts-content\"><h3 class=\"\"><a href=\"https:\/\/ccisv.ro\/content\/invitatie-targul-international-pentru-industria-alimentaradetrop-boutique-si-targul-international-artozyma\/\">Invita\u0163ie &#8211; T\u00e2rgul Interna\u0163ional pentru Industria Alimentar\u0103&quot;DETROP-BOUTIQUE&quot; \u015fi T\u00e2rgul Interna\u0163ional \u201cARTOZYMA\u201d<\/a><\/h3><p class=\"meta\"><span>noiembrie 26th, 2015<\/span><span class=\"fusion-inline-sep\">|<\/span><\/p><p>Stimati membri, Va informam ca in perioada 26 Februarie - 29 Februarie 2016, la Centrul International \u201cHELEXPO\u201d din Salonic,va avea loc cea de-a 26a editie a Targului International pentru Industria Alimentara \"DETROP-BOUTIQUE\" (produse alimentare,bauturi,vinuri,delicatese,utilaje, echipamente<\/p><\/div><\/article><article class=\"post fusion-column column col col-lg-12 col-md-12 col-sm-12\"><div class=\"recent-posts-content\"><h3 class=\"\"><a href=\"https:\/\/ccisv.ro\/content\/conferinta-economica-din-bekescsaba-26-11-2015-2\/\">Conferin\u0163\u0103 economic\u0103 din B\u00e9k\u00e9scsaba 26.11.2015.<\/a><\/h3><p class=\"meta\"><span>noiembrie 26th, 2015<\/span><span class=\"fusion-inline-sep\">|<\/span><\/p><p>Stima\u0163i membri, Dorim s\u0103 v\u0103 in\u015ftiin\u0163\u0103m din nou pe Dumneavoastr\u0103 c\u0103, Sec\u0163iunea Maghiar\u0103-Rom\u00e2n\u0103 al CCI Ungar\u0103, Autoguvernarea Ora\u015fului B\u00e9k\u00e9scsaba \u00eenpreun\u0103 cu Camera de Comer\u0163 \u015fi Industrie al jude\u0163ului B\u00e9k\u00e9s va organiza o Conferin\u0163\u0103 Economic\u0103 de<\/p><\/div><\/article><article class=\"post fusion-column column col col-lg-12 col-md-12 col-sm-12\"><div class=\"recent-posts-content\"><h3 class=\"\"><a href=\"https:\/\/ccisv.ro\/content\/informare-evenimente-internationale-organizate-in-perioada-urmatoare\/\">Informare evenimente interna\u0163ionale organizate \u00een perioada urm\u0103toare<\/a><\/h3><p class=\"meta\"><span>noiembrie 26th, 2015<\/span><span class=\"fusion-inline-sep\">|<\/span><\/p><p>Stimati membri, Camera de Comert si Industrie a Romaniei are placerea de a va aduce la cunostinta lista evenimentelor internationale din Europa, Asia de Sud si de Est, Orientul Apropiat si Mojlociu, care vor fi<\/p><\/div><\/article><article class=\"post fusion-column column col col-lg-12 col-md-12 col-sm-12\"><div class=\"recent-posts-content\"><h3 class=\"\"><a href=\"https:\/\/ccisv.ro\/content\/invitatie-conferinta-schemele-de-ajutor-de-stat-in-perioada-2014-2020\/\">Invita\u0163ie Conferin\u0163\u0103 &#8211; Schemele de ajutor de stat \u00een perioada 2014-2020<\/a><\/h3><p class=\"meta\"><span>noiembrie 20th, 2015<\/span><span class=\"fusion-inline-sep\">|<\/span><\/p><p>Stimati membri, Camera de Comert si Industrie a Romaniei are placerea de a va invita sa participati la conferinta \u201cSchemele de ajutor de stat in perioada 2014-2020\u201d, eveniment ce va avea loc in data de<\/p><\/div><\/article><article class=\"post fusion-column column col col-lg-12 col-md-12 col-sm-12\"><div class=\"recent-posts-content\"><h3 class=\"\"><a href=\"https:\/\/ccisv.ro\/content\/invitatie-conferinta-schemele-de-ajutor-de-stat-in-perioada-2014-2020-2\/\">Invita\u0163ie Conferin\u0163\u0103 &#8211; Schemele de ajutor de stat \u00een perioada 2014-2020<\/a><\/h3><p class=\"meta\"><span>noiembrie 19th, 2015<\/span><span class=\"fusion-inline-sep\">|<\/span><\/p><p>Stimati membri, Camera de Comert si Industrie a Romaniei are placerea de a va invita sa participati la conferinta \u201cSchemele de ajutor de stat in perioada 2014-2020\u201d, eveniment ce va avea loc in data de<\/p><\/div><\/article><article class=\"post fusion-column column col col-lg-12 col-md-12 col-sm-12\"><div class=\"recent-posts-content\"><h3 class=\"\"><a href=\"https:\/\/ccisv.ro\/content\/invitatie-de-participare-seminar-impactul-incoterms-2010-asupra-contractelor\/\">Invita\u0163ie de participare &#8211; Seminar Impactul INCOTERMS 2010 asupra contractelor<\/a><\/h3><p class=\"meta\"><span>noiembrie 19th, 2015<\/span><span class=\"fusion-inline-sep\">|<\/span><\/p><p>Stimati membri, Camera de Comert si Industrie a Romaniei are placerea de a va invita sa participati la seminarul \u201cImpactul INCOTERMS 2010 asupra contractelor \u201d. Evenimentul va fi organizat in data de 23 noiembrie 2015<\/p><\/div><\/article><article class=\"post fusion-column column col col-lg-12 col-md-12 col-sm-12\"><div class=\"recent-posts-content\"><h3 class=\"\"><a href=\"https:\/\/ccisv.ro\/content\/forum-romano-ucrainean-tendinte-actuale-ale-colaborarii-transfrontaliere-romano-ucrainene-aspecte-privind-implementarea-programului-operational-comun-romania-ucraina-2014\/\">Forum rom\u00e2no-ucrainean &#8211; \u201dTendin\u0163e actuale ale colabor\u0103rii transfrontaliere rom\u00e2no-ucrainene \u2013 aspecte privind implementarea Programului Opera\u0163ional Comun Rom\u00e2nia\u2013Ucraina, 2014\u20132020\u201d<\/a><\/h3><p class=\"meta\"><span>noiembrie 19th, 2015<\/span><span class=\"fusion-inline-sep\">|<\/span><\/p><p>Forum rom\u00e2no-ucrainean cu tema: \u201dTendin\u0163e actuale ale colabor\u0103rii transfrontaliere rom\u00e2no-ucrainene \u2013 aspecte privind implementarea Programului Opera\u0163ional Comun Rom\u00e2nia\u2013Ucraina, 2014\u20132020\u201d Ivano Frankivsc (Ucraina), 27 noiembrie 2015, \u00een intervalul orar 09.00-15.30 Locul desf\u0103\u015fur\u0103rii: Sala de Conferin\u0163e a<\/p><\/div><\/article><article class=\"post fusion-column column col col-lg-12 col-md-12 col-sm-12\"><div class=\"recent-posts-content\"><h3 class=\"\"><a href=\"https:\/\/ccisv.ro\/content\/invitatie-conferinta-regionala-regio-investitiile-pentru-dezvoltare-locala-continua-25-noiembrie-2015-piatra-neamt\/\">Invita\u0163ie Conferin\u0163a regional\u0103 &quot;REGIO &#8211; investi\u0163iile pentru dezvoltare local\u0103 continu\u0103!&quot;, 25 noiembrie 2015, Piatra Neam\u0163<\/a><\/h3><p class=\"meta\"><span>noiembrie 19th, 2015<\/span><span class=\"fusion-inline-sep\">|<\/span><\/p><p>Stimati membri, Agentia pentru Dezvoltare Regionala Nord-Est va invita miercuri, 25 noiembrie 2015, la Conferinta regionala \u201cREGIO \u2013 investitiile pentru dezvoltare locala continua!\u201d care va avea loc la Piatra-Neamt, incepand cu ora 10:00, in Sala<\/p><\/div><\/article><\/section><div class=\"fusion-infinite-scroll-trigger\"><\/div><div class=\"pagination infinite-scroll clearfix\" style=\"display:none;\"><span class=\"current\">1<\/span><a href=\"https:\/\/ccisv.ro\/content\/wp-json\/wp\/v2\/pages\/43240\/page\/2\/\" class=\"inactive\">2<\/a><a class=\"pagination-next\" rel=\"next\" href=\"https:\/\/ccisv.ro\/content\/wp-json\/wp\/v2\/pages\/43240\/page\/2\/\"><span class=\"page-text\">Next<\/span><span class=\"page-next\"><\/span><\/a><\/div><div class=\"fusion-clearfix\"><\/div><\/div><div class=\"fusion-clearfix\"><\/div><\/div><\/div><\/div><\/div>\n","protected":false},"excerpt":{"rendered":"","protected":false},"author":5,"featured_media":0,"parent":0,"menu_order":0,"comment_status":"closed","ping_status":"closed","template":"100-width.php","meta":{"footnotes":""},"class_list":["post-43240","page","type-page","status-publish","hentry"],"_links":{"self":[{"href":"https:\/\/ccisv.ro\/content\/wp-json\/wp\/v2\/pages\/43240","targetHints":{"allow":["GET"]}}],"collection":[{"href":"https:\/\/ccisv.ro\/content\/wp-json\/wp\/v2\/pages"}],"about":[{"href":"https:\/\/ccisv.ro\/content\/wp-json\/wp\/v2\/types\/page"}],"author":[{"embeddable":true,"href":"https:\/\/ccisv.ro\/content\/wp-json\/wp\/v2\/users\/5"}],"replies":[{"embeddable":true,"href":"https:\/\/ccisv.ro\/content\/wp-json\/wp\/v2\/comments?post=43240"}],"version-history":[{"count":6,"href":"https:\/\/ccisv.ro\/content\/wp-json\/wp\/v2\/pages\/43240\/revisions"}],"predecessor-version":[{"id":51980,"href":"https:\/\/ccisv.ro\/content\/wp-json\/wp\/v2\/pages\/43240\/revisions\/51980"}],"wp:attachment":[{"href":"https:\/\/ccisv.ro\/content\/wp-json\/wp\/v2\/media?parent=43240"}],"curies":[{"name":"wp","href":"https:\/\/api.w.org\/{rel}","templated":true}]}}